{"id":3140,"date":"2022-02-03T15:55:21","date_gmt":"2022-02-03T15:55:21","guid":{"rendered":"https:\/\/kristall.ch\/project\/linedance-propose\/"},"modified":"2026-05-01T08:35:24","modified_gmt":"2026-05-01T08:35:24","slug":"linedance-propose","status":"publish","type":"project","link":"https:\/\/kristall.ch\/fr\/project\/linedance-propose\/","title":{"rendered":"Offres de line dance"},"content":{"rendered":"<p>[et_pb_section fb_built=\u00a0\u00bb1&Prime; _builder_version=\u00a0\u00bb4.16&Prime; _module_preset=\u00a0\u00bbdefault\u00a0\u00bb width=\u00a0\u00bb100%\u00a0\u00bb custom_padding=\u00a0\u00bb0px||0px|||\u00a0\u00bb global_colors_info=\u00a0\u00bb{}\u00a0\u00bb theme_builder_area=\u00a0\u00bbpost_content\u00a0\u00bb][et_pb_row _builder_version=\u00a0\u00bb4.16&Prime; _module_preset=\u00a0\u00bbdefault\u00a0\u00bb width=\u00a0\u00bb100%\u00a0\u00bb global_colors_info=\u00a0\u00bb{}\u00a0\u00bb theme_builder_area=\u00a0\u00bbpost_content\u00a0\u00bb][et_pb_column type=\u00a0\u00bb4_4&Prime; _builder_version=\u00a0\u00bb4.16&Prime; _module_preset=\u00a0\u00bbdefault\u00a0\u00bb global_colors_info=\u00a0\u00bb{}\u00a0\u00bb theme_builder_area=\u00a0\u00bbpost_content\u00a0\u00bb][et_pb_text _builder_version=\u00a0\u00bb4.16&Prime; text_font=\u00a0\u00bbOpen Sans||||||||\u00a0\u00bb text_text_color=\u00a0\u00bb#000000&Prime; text_font_size=\u00a0\u00bb18px\u00a0\u00bb text_line_height=\u00a0\u00bb1.8em\u00a0\u00bb header_font=\u00a0\u00bbPoppins|600|||||||\u00a0\u00bb header_font_size=\u00a0\u00bb57px\u00a0\u00bb header_2_font=\u00a0\u00bbPoppins|600|||||||\u00a0\u00bb header_2_text_color=\u00a0\u00bb#FF5E14&Prime; header_2_font_size=\u00a0\u00bb49px\u00a0\u00bb width=\u00a0\u00bb100%\u00a0\u00bb custom_padding=\u00a0\u00bb42px||42px||true|false\u00a0\u00bb global_colors_info=\u00a0\u00bb{}\u00a0\u00bb theme_builder_area=\u00a0\u00bbpost_content\u00a0\u00bb]<\/p>\n<p>Tu es passionn\u00e9(e) de danse en ligne ? Tu es \u00e0 la recherche de vacances de danse en ligne au c\u0153ur des plus hauts sommets des montagnes suisses ?<\/p>\n<p>Rosine Breuer, l&rsquo;h\u00f4tesse de l&rsquo;h\u00f4tel, est une danseuse en ligne passionn\u00e9e. En collaboration avec diff\u00e9rents professeurs de toute la Suisse, elle propose des cours de line dance et des vacances passionnantes \u00e0 Saas-Almagell.<\/p>\n<p>[\/et_pb_text][\/et_pb_column][\/et_pb_row][et_pb_row column_structure=\u00a0\u00bb1_2,1_2&Prime; _builder_version=\u00a0\u00bb4.16&Prime; _module_preset=\u00a0\u00bbdefault\u00a0\u00bb width=\u00a0\u00bb100%\u00a0\u00bb custom_padding=\u00a0\u00bb||4px|||\u00a0\u00bb global_colors_info=\u00a0\u00bb{}\u00a0\u00bb theme_builder_area=\u00a0\u00bbpost_content\u00a0\u00bb][et_pb_column type=\u00a0\u00bb1_2&Prime; _builder_version=\u00a0\u00bb4.16&Prime; _module_preset=\u00a0\u00bbdefault\u00a0\u00bb global_colors_info=\u00a0\u00bb{}\u00a0\u00bb theme_builder_area=\u00a0\u00bbpost_content\u00a0\u00bb][et_pb_image src=\u00a0\u00bbhttps:\/\/bunny-wp-pullzone-hbbchuml4b.b-cdn.net\/wp-content\/uploads\/2022\/02\/IMG_2731-scaled.avif\u00a0\u00bb title_text=\u00a0\u00bbH\u00f4tel Kristall-Saphir Saas-Almagell Salle de danse Tango Saas-Fee\/Saastal\u00a0\u00bb _builder_version=\u00a0\u00bb4.16&Prime; _module_preset=\u00a0\u00bbdefault\u00a0\u00bb global_colors_info=\u00a0\u00bb{}\u00a0\u00bb theme_builder_area=\u00a0\u00bbpost_content\u00a0\u00bb][\/et_pb_image][et_pb_image src=\u00a0\u00bbhttps:\/\/bunny-wp-pullzone-hbbchuml4b.b-cdn.net\/wp-content\/uploads\/2021\/01\/raum2.avif\u00a0\u00bb title_text=\u00a0\u00bbchambre2&Prime; _builder_version=\u00a0\u00bb4.16&Prime; _module_preset=\u00a0\u00bbdefault\u00a0\u00bb global_colors_info=\u00a0\u00bb{}\u00a0\u00bb theme_builder_area=\u00a0\u00bbpost_content\u00a0\u00bb][\/et_pb_image][\/et_pb_column][et_pb_column type=\u00a0\u00bb1_2&Prime; _builder_version=\u00a0\u00bb4.16&Prime; _module_preset=\u00a0\u00bbdefault\u00a0\u00bb global_colors_info=\u00a0\u00bb{}\u00a0\u00bb theme_builder_area=\u00a0\u00bbpost_content\u00a0\u00bb][et_pb_text _builder_version=\u00a0\u00bb4.16&Prime; _module_preset=\u00a0\u00bbdefault\u00a0\u00bb text_font=\u00a0\u00bbOpen Sans||||||||\u00a0\u00bb text_text_color=\u00a0\u00bb#000000&Prime; text_font_size=\u00a0\u00bb18px\u00a0\u00bb text_line_height=\u00a0\u00bb1.8em\u00a0\u00bb text_orientation=\u00a0\u00bbleft\u00a0\u00bb global_colors_info=\u00a0\u00bb{}\u00a0\u00bb theme_builder_area=\u00a0\u00bbpost_content\u00a0\u00bb]<\/p>\n<div id=\"listing_page_introduction\" class=\"introduction\">Voici les points forts de l&rsquo;h\u00f4tel Kristall-Saphir :<\/div>\n<div class=\"introduction\"><strong><\/strong><\/div>\n<ul>\n<li class=\"introduction\">Deux <strong>salles de danse<\/strong> (dont l&rsquo;une vient d&rsquo;\u00eatre r\u00e9nov\u00e9e)<\/li>\n<li class=\"introduction\">Deux <strong>professeurs de line dance<\/strong> form\u00e9s pour chaque cours<\/li>\n<li class=\"introduction\">Deux niveaux : <strong>Improver &amp; Intermediate<\/strong><\/li>\n<li class=\"introduction\"><strong>Deux heures de cours de Line Dance<\/strong> par jour et par niveau<\/li>\n<li class=\"introduction\">Tous les jours, <strong>Wish- &amp; Dance Night<\/strong> apr\u00e8s le d\u00eener<\/li>\n<li class=\"introduction\"> <strong>Activit\u00e9s de loisirs<\/strong> vari\u00e9es l&rsquo;apr\u00e8s-midi &amp; randonn\u00e9es guid\u00e9es<\/li>\n<li class=\"introduction\"><strong>SaastalCard<\/strong>: Utilisation gratuite des bus de la Poste, ainsi qu&rsquo;en \u00e9t\u00e9, utilisation gratuite des remont\u00e9es m\u00e9caniques jusqu&rsquo;\u00e0 3&rsquo;200 m d&rsquo;altitude (plus d&rsquo;infos <a href=\"https:\/\/www.saas-fee.ch\/de\/saastalcard\">ICI<\/a>)<\/li>\n<\/ul>\n<p>[\/et_pb_text][\/et_pb_column][\/et_pb_row][et_pb_row _builder_version=\u00a0\u00bb4.16&Prime; _module_preset=\u00a0\u00bbdefault\u00a0\u00bb width=\u00a0\u00bb100%\u00a0\u00bb custom_padding=\u00a0\u00bb|0px||||\u00a0\u00bb global_colors_info=\u00a0\u00bb{}\u00a0\u00bb theme_builder_area=\u00a0\u00bbpost_content\u00a0\u00bb][et_pb_column type=\u00a0\u00bb4_4&Prime; _builder_version=\u00a0\u00bb4.16&Prime; _module_preset=\u00a0\u00bbdefault\u00a0\u00bb global_colors_info=\u00a0\u00bb{}\u00a0\u00bb theme_builder_area=\u00a0\u00bbpost_content\u00a0\u00bb][et_pb_text _builder_version=\u00a0\u00bb4.16&Prime; text_font=\u00a0\u00bbOpen Sans|700|||||||\u00a0\u00bb text_text_color=\u00a0\u00bb#3a596b\u00a0\u00bb text_font_size=\u00a0\u00bb40px\u00a0\u00bb text_line_height=\u00a0\u00bb1.4em\u00a0\u00bb header_font=\u00a0\u00bbPoppins|600|||||||\u00a0\u00bb header_font_size=\u00a0\u00bb57px\u00a0\u00bb header_2_font=\u00a0\u00bbPoppins|600|||||||\u00a0\u00bb header_2_text_color=\u00a0\u00bb#FF5E14&Prime; header_2_font_size=\u00a0\u00bb49px\u00a0\u00bb width=\u00a0\u00bb100%\u00a0\u00bb custom_padding=\u00a0\u00bb0px||0px||true|false\u00a0\u00bb global_colors_info=\u00a0\u00bb{}\u00a0\u00bb theme_builder_area=\u00a0\u00bbpost_content\u00a0\u00bb]<\/p>\n<p>Ce sont nos offres :<\/p>\n<p>[\/et_pb_text][\/et_pb_column][\/et_pb_row][et_pb_row column_structure=\u00a0\u00bb1_4,1_4,1_4,1_4&Prime; _builder_version=\u00a0\u00bb4.16&Prime; _module_preset=\u00a0\u00bbdefault\u00a0\u00bb width=\u00a0\u00bb100%\u00a0\u00bb custom_padding=\u00a0\u00bb||0px|||\u00a0\u00bb global_colors_info=\u00a0\u00bb{}\u00a0\u00bb theme_builder_area=\u00a0\u00bbpost_content\u00a0\u00bb][et_pb_column type=\u00a0\u00bb1_4&Prime; _builder_version=\u00a0\u00bb4.16&Prime; _module_preset=\u00a0\u00bbdefault\u00a0\u00bb global_colors_info=\u00a0\u00bb{}\u00a0\u00bb theme_builder_area=\u00a0\u00bbpost_content\u00a0\u00bb][et_pb_blurb title=\u00a0\u00bb22 &#8211; 24 mai 2026&Prime; url=\u00a0\u00bbhttps:\/\/kristall.ch\/fr\/\u00a0\u00bb image=\u00a0\u00bbhttps:\/\/bunny-wp-pullzone-hbbchuml4b.b-cdn.net\/wp-content\/uploads\/2022\/11\/Andika-Jordan-e1667835184992-150&#215;150.avif\u00a0\u00bb _builder_version=\u00a0\u00bb4.27.4&Prime; _module_preset=\u00a0\u00bbdefault\u00a0\u00bb header_font=\u00a0\u00bbOpen Sans|800|||||||\u00a0\u00bb header_text_color=\u00a0\u00bb#000000&Prime; body_font=\u00a0\u00bbOpen Sans||||||||\u00a0\u00bb body_text_color=\u00a0\u00bb#000000&Prime; body_font_size=\u00a0\u00bb16px\u00a0\u00bb link_option_url=\u00a0\u00bbhttps:\/\/kristall.ch\/fr\/\u00a0\u00bb global_colors_info=\u00a0\u00bb{}\u00a0\u00bb theme_builder_area=\u00a0\u00bbpost_content\u00a0\u00bb]<\/p>\n<p>Vacances de Line Dance avec Andika Jordan et Eveline Burgener.<\/p>\n<p>[\/et_pb_blurb][\/et_pb_column][et_pb_column type=\u00a0\u00bb1_4&Prime; _builder_version=\u00a0\u00bb4.18.0&Prime; _module_preset=\u00a0\u00bbdefault\u00a0\u00bb global_colors_info=\u00a0\u00bb{}\u00a0\u00bb theme_builder_area=\u00a0\u00bbpost_content\u00a0\u00bb][et_pb_blurb title=\u00a0\u00bb29 &#8211; 31 mai 2026&Prime; url=\u00a0\u00bbhttps:\/\/kristall.ch\/fr\/\u00a0\u00bb image=\u00a0\u00bbhttps:\/\/bunny-wp-pullzone-hbbchuml4b.b-cdn.net\/wp-content\/uploads\/2023\/04\/Bild1-150&#215;150.avif\u00a0\u00bb _builder_version=\u00a0\u00bb4.27.4&Prime; _module_preset=\u00a0\u00bbdefault\u00a0\u00bb header_font=\u00a0\u00bbOpen Sans|800|||||||\u00a0\u00bb header_text_color=\u00a0\u00bb#000000&Prime; body_font=\u00a0\u00bbOpen Sans||||||||\u00a0\u00bb body_text_color=\u00a0\u00bb#000000&Prime; body_font_size=\u00a0\u00bb16px\u00a0\u00bb link_option_url=\u00a0\u00bbhttps:\/\/kristall.ch\/fr\/\u00a0\u00bb global_colors_info=\u00a0\u00bb{}\u00a0\u00bb theme_builder_area=\u00a0\u00bbpost_content\u00a0\u00bb]<\/p>\n<p>Week-end de danse en ligne avec Elfi Jost &amp; Rosine Breuer.  <\/p>\n<p>[\/et_pb_blurb][\/et_pb_column][et_pb_column type=\u00a0\u00bb1_4&Prime; _builder_version=\u00a0\u00bb4.16&Prime; _module_preset=\u00a0\u00bbdefault\u00a0\u00bb global_colors_info=\u00a0\u00bb{}\u00a0\u00bb theme_builder_area=\u00a0\u00bbpost_content\u00a0\u00bb][et_pb_blurb title=\u00a0\u00bb4 &#8211; 7 juin 2026&Prime; url=\u00a0\u00bbhttps:\/\/kristall.ch\/fr\/line-dance-du-4-au-7-juin-2026-saas96\/\u00a0\u00bb image=\u00a0\u00bbhttps:\/\/bunny-wp-pullzone-hbbchuml4b.b-cdn.net\/wp-content\/uploads\/2025\/03\/Karin-Muentener-1-150&#215;150.avif\u00a0\u00bb _builder_version=\u00a0\u00bb4.27.4&Prime; _module_preset=\u00a0\u00bbdefault\u00a0\u00bb header_font=\u00a0\u00bbOpen Sans|800|||||||\u00a0\u00bb header_text_color=\u00a0\u00bb#000000&Prime; body_font=\u00a0\u00bbOpen Sans||||||||\u00a0\u00bb body_text_color=\u00a0\u00bb#000000&Prime; body_font_size=\u00a0\u00bb16px\u00a0\u00bb link_option_url=\u00a0\u00bbhttps:\/\/kristall.ch\/fr\/line-dance-du-4-au-7-juin-2026-saas96\/\u00a0\u00bb global_colors_info=\u00a0\u00bb{}\u00a0\u00bb theme_builder_area=\u00a0\u00bbpost_content\u00a0\u00bb]<\/p>\n<p>Week-end de danse en ligne avec Karin M\u00fcntener et Rosine Breuer. COMPLET<\/p>\n<p>[\/et_pb_blurb][\/et_pb_column][et_pb_column type=\u00a0\u00bb1_4&Prime; _builder_version=\u00a0\u00bb4.16&Prime; _module_preset=\u00a0\u00bbdefault\u00a0\u00bb global_colors_info=\u00a0\u00bb{}\u00a0\u00bb theme_builder_area=\u00a0\u00bbpost_content\u00a0\u00bb][et_pb_blurb title=\u00a0\u00bb18 &#8211; 23 juillet 2026&Prime; url=\u00a0\u00bbhttps:\/\/kristall.ch\/fr\/vacances-de-danse-en-ligne-saas98\/\u00a0\u00bb image=\u00a0\u00bbhttps:\/\/bunny-wp-pullzone-hbbchuml4b.b-cdn.net\/wp-content\/uploads\/2021\/02\/20240713_121850-150&#215;150.avif\u00a0\u00bb _builder_version=\u00a0\u00bb4.27.5&Prime; _module_preset=\u00a0\u00bbdefault\u00a0\u00bb header_font=\u00a0\u00bbOpen Sans|800|||||||\u00a0\u00bb header_text_color=\u00a0\u00bb#000000&Prime; body_font=\u00a0\u00bbOpen Sans||||||||\u00a0\u00bb body_text_color=\u00a0\u00bb#000000&Prime; body_font_size=\u00a0\u00bb16px\u00a0\u00bb link_option_url=\u00a0\u00bbhttps:\/\/kristall.ch\/fr\/vacances-de-danse-en-ligne-saas98\/\u00a0\u00bb global_colors_info=\u00a0\u00bb{}\u00a0\u00bb theme_builder_area=\u00a0\u00bbpost_content\u00a0\u00bb]<\/p>\n<p>Vacances de Line Dance avec Jens Pinkert et Eveline Burgener.<\/p>\n<p>[\/et_pb_blurb][\/et_pb_column][\/et_pb_row][et_pb_row column_structure=\u00a0\u00bb1_4,1_4,1_4,1_4&Prime; _builder_version=\u00a0\u00bb4.16&Prime; _module_preset=\u00a0\u00bbdefault\u00a0\u00bb width=\u00a0\u00bb100%\u00a0\u00bb custom_padding=\u00a0\u00bb||0px|||\u00a0\u00bb global_colors_info=\u00a0\u00bb{}\u00a0\u00bb theme_builder_area=\u00a0\u00bbpost_content\u00a0\u00bb][et_pb_column type=\u00a0\u00bb1_4&Prime; _builder_version=\u00a0\u00bb4.16&Prime; _module_preset=\u00a0\u00bbdefault\u00a0\u00bb global_colors_info=\u00a0\u00bb{}\u00a0\u00bb theme_builder_area=\u00a0\u00bbpost_content\u00a0\u00bb][et_pb_blurb title=\u00a0\u00bb2 &#8211; 7 ao\u00fbt 2026&Prime; url=\u00a0\u00bbhttps:\/\/kristall.ch\/fr\/\u00a0\u00bb image=\u00a0\u00bbhttps:\/\/bunny-wp-pullzone-hbbchuml4b.b-cdn.net\/wp-content\/uploads\/2021\/02\/Schuler-Jeannette-150&#215;150.avif\u00a0\u00bb _builder_version=\u00a0\u00bb4.27.4&Prime; _module_preset=\u00a0\u00bbdefault\u00a0\u00bb header_font=\u00a0\u00bbOpen Sans|800|||||||\u00a0\u00bb header_text_color=\u00a0\u00bb#000000&Prime; body_font=\u00a0\u00bbOpen Sans||||||||\u00a0\u00bb body_text_color=\u00a0\u00bb#000000&Prime; body_font_size=\u00a0\u00bb16px\u00a0\u00bb link_option_url=\u00a0\u00bbhttps:\/\/kristall.ch\/fr\/\u00a0\u00bb global_colors_info=\u00a0\u00bb{}\u00a0\u00bb theme_builder_area=\u00a0\u00bbpost_content\u00a0\u00bb]<\/p>\n<p>Vacances de Line Dance avec Jeannette Schuler et Rosine Breuer. COMPLET<\/p>\n<p>[\/et_pb_blurb][\/et_pb_column][et_pb_column type=\u00a0\u00bb1_4&Prime; _builder_version=\u00a0\u00bb4.16&Prime; _module_preset=\u00a0\u00bbdefault\u00a0\u00bb global_colors_info=\u00a0\u00bb{}\u00a0\u00bb theme_builder_area=\u00a0\u00bbpost_content\u00a0\u00bb][et_pb_blurb title=\u00a0\u00bb11 &#8211; 13 septembre 2026&Prime; url=\u00a0\u00bbhttps:\/\/kristall.ch\/fr\/vacances-de-danse-en-ligne-saas100\/\u00a0\u00bb image=\u00a0\u00bbhttps:\/\/bunny-wp-pullzone-hbbchuml4b.b-cdn.net\/wp-content\/uploads\/2023\/11\/Eveline-Burgener-I-2022-150&#215;150.avif\u00a0\u00bb _builder_version=\u00a0\u00bb4.27.4&Prime; _module_preset=\u00a0\u00bbdefault\u00a0\u00bb header_font=\u00a0\u00bbOpen Sans|800|||||||\u00a0\u00bb header_text_color=\u00a0\u00bb#000000&Prime; body_font=\u00a0\u00bbOpen Sans||||||||\u00a0\u00bb body_text_color=\u00a0\u00bb#000000&Prime; body_font_size=\u00a0\u00bb16px\u00a0\u00bb link_option_url=\u00a0\u00bbhttps:\/\/kristall.ch\/fr\/vacances-de-danse-en-ligne-saas100\/\u00a0\u00bb global_colors_info=\u00a0\u00bb{}\u00a0\u00bb theme_builder_area=\u00a0\u00bbpost_content\u00a0\u00bb]<\/p>\n<p>Week-end de danse en ligne avec Eveline Burgener et Rosine Breuer.<\/p>\n<p>[\/et_pb_blurb][\/et_pb_column][et_pb_column type=\u00a0\u00bb1_4&Prime; _builder_version=\u00a0\u00bb4.16&Prime; _module_preset=\u00a0\u00bbdefault\u00a0\u00bb global_colors_info=\u00a0\u00bb{}\u00a0\u00bb theme_builder_area=\u00a0\u00bbpost_content\u00a0\u00bb][et_pb_blurb title=\u00a0\u00bb20. &#8211; 25.9.2026&Prime; url=\u00a0\u00bbhttps:\/\/kristall.ch\/line-dance-saas103\/\u00a0\u00bb image=\u00a0\u00bbhttps:\/\/bunny-wp-pullzone-hbbchuml4b.b-cdn.net\/wp-content\/uploads\/2021\/02\/Teacher-Vroni-Heidi-Rosine-150&#215;150.avif\u00a0\u00bb _builder_version=\u00a0\u00bb4.27.0&Prime; _module_preset=\u00a0\u00bbdefault\u00a0\u00bb header_font=\u00a0\u00bbOpen Sans|800|||||||\u00a0\u00bb header_text_color=\u00a0\u00bb#000000&Prime; body_font=\u00a0\u00bbOpen Sans||||||||\u00a0\u00bb body_text_color=\u00a0\u00bb#000000&Prime; body_font_size=\u00a0\u00bb16px\u00a0\u00bb link_option_url=\u00a0\u00bbhttps:\/\/kristall.ch\/line-dance-saas103\/\u00a0\u00bb global_colors_info=\u00a0\u00bb{}\u00a0\u00bb theme_builder_area=\u00a0\u00bbpost_content\u00a0\u00bb]<\/p>\n<p>Vacances de Line Dance avec Veronika Szente et Heidi Stammherr. COMPLET<\/p>\n<p>[\/et_pb_blurb][\/et_pb_column][et_pb_column type=\u00a0\u00bb1_4&Prime; _builder_version=\u00a0\u00bb4.16&Prime; _module_preset=\u00a0\u00bbdefault\u00a0\u00bb global_colors_info=\u00a0\u00bb{}\u00a0\u00bb theme_builder_area=\u00a0\u00bbpost_content\u00a0\u00bb][et_pb_blurb title=\u00a0\u00bb2 &#8211; 4 octobre 2026&Prime; url=\u00a0\u00bbhttps:\/\/kristall.ch\/fr\/vacances-de-danse-en-ligne-saas102\/\u00a0\u00bb image=\u00a0\u00bbhttps:\/\/bunny-wp-pullzone-hbbchuml4b.b-cdn.net\/wp-content\/uploads\/2025\/11\/Anita-und-Kuno-150&#215;150.avif\u00a0\u00bb _builder_version=\u00a0\u00bb4.27.4&Prime; _module_preset=\u00a0\u00bbdefault\u00a0\u00bb header_font=\u00a0\u00bbOpen Sans|800|||||||\u00a0\u00bb header_text_color=\u00a0\u00bb#000000&Prime; body_font=\u00a0\u00bbOpen Sans||||||||\u00a0\u00bb body_text_color=\u00a0\u00bb#000000&Prime; body_font_size=\u00a0\u00bb16px\u00a0\u00bb link_option_url=\u00a0\u00bbhttps:\/\/kristall.ch\/fr\/vacances-de-danse-en-ligne-saas102\/\u00a0\u00bb global_colors_info=\u00a0\u00bb{}\u00a0\u00bb theme_builder_area=\u00a0\u00bbpost_content\u00a0\u00bb]<\/p>\n<p>Week-end de line dance avec Anita Stampfli et Kuno Tschui.<\/p>\n<p>[\/et_pb_blurb][\/et_pb_column][\/et_pb_row][et_pb_row column_structure=\u00a0\u00bb1_4,1_4,1_4,1_4&Prime; _builder_version=\u00a0\u00bb4.16&Prime; _module_preset=\u00a0\u00bbdefault\u00a0\u00bb width=\u00a0\u00bb100%\u00a0\u00bb custom_padding=\u00a0\u00bb||0px|||\u00a0\u00bb global_colors_info=\u00a0\u00bb{}\u00a0\u00bb theme_builder_area=\u00a0\u00bbpost_content\u00a0\u00bb][et_pb_column type=\u00a0\u00bb1_4&Prime; _builder_version=\u00a0\u00bb4.16&Prime; _module_preset=\u00a0\u00bbdefault\u00a0\u00bb global_colors_info=\u00a0\u00bb{}\u00a0\u00bb theme_builder_area=\u00a0\u00bbpost_content\u00a0\u00bb][et_pb_blurb title=\u00a0\u00bb4 &#8211; 10 octobre 2026&Prime; url=\u00a0\u00bbhttps:\/\/kristall.ch\/fr\/vacances-de-danse-en-ligne-saas105\/\u00a0\u00bb image=\u00a0\u00bbhttps:\/\/bunny-wp-pullzone-hbbchuml4b.b-cdn.net\/wp-content\/uploads\/2022\/11\/Andika-Jordan-e1667835184992-150&#215;150.avif\u00a0\u00bb _builder_version=\u00a0\u00bb4.27.4&Prime; _module_preset=\u00a0\u00bbdefault\u00a0\u00bb header_font=\u00a0\u00bbOpen Sans|800|||||||\u00a0\u00bb header_text_color=\u00a0\u00bb#000000&Prime; body_font=\u00a0\u00bbOpen Sans||||||||\u00a0\u00bb body_text_color=\u00a0\u00bb#000000&Prime; body_font_size=\u00a0\u00bb16px\u00a0\u00bb link_option_url=\u00a0\u00bbhttps:\/\/kristall.ch\/fr\/vacances-de-danse-en-ligne-saas105\/\u00a0\u00bb global_colors_info=\u00a0\u00bb{}\u00a0\u00bb theme_builder_area=\u00a0\u00bbpost_content\u00a0\u00bb]<\/p>\n<p>Vacances de Line Dance avec Andika Jordan et Eveline Burgener.<\/p>\n<p>[\/et_pb_blurb][\/et_pb_column][et_pb_column type=\u00a0\u00bb1_4&Prime; _builder_version=\u00a0\u00bb4.16&Prime; _module_preset=\u00a0\u00bbdefault\u00a0\u00bb global_colors_info=\u00a0\u00bb{}\u00a0\u00bb theme_builder_area=\u00a0\u00bbpost_content\u00a0\u00bb][et_pb_blurb title=\u00a0\u00bb25 &#8211; 30 janvier 2027&Prime; url=\u00a0\u00bbhttps:\/\/kristall.ch\/fr\/vacances-de-danse-en-ligne-saas106\/\u00a0\u00bb image=\u00a0\u00bbhttps:\/\/bunny-wp-pullzone-hbbchuml4b.b-cdn.net\/wp-content\/uploads\/2022\/03\/Linedance-Teacher-Saas-Almagell-Saas-Fee-Saastal-150&#215;150.avif\u00a0\u00bb alt=\u00a0\u00bbRandonn\u00e9e de je\u00fbne H\u00f4tel Kristall-Saphir Saas-Almagell\u00a0\u00bb _builder_version=\u00a0\u00bb4.27.5&Prime; _module_preset=\u00a0\u00bbdefault\u00a0\u00bb header_font=\u00a0\u00bbOpen Sans|800|||||||\u00a0\u00bb header_text_color=\u00a0\u00bb#000000&Prime; body_font=\u00a0\u00bbOpen Sans||||||||\u00a0\u00bb body_text_color=\u00a0\u00bb#000000&Prime; body_font_size=\u00a0\u00bb16px\u00a0\u00bb global_colors_info=\u00a0\u00bb{}\u00a0\u00bb theme_builder_area=\u00a0\u00bbpost_content\u00a0\u00bb]<\/p>\n<p>Vacances de Line Dance avec Monika Ottiger et Marcel Rohrer. LISTE D&rsquo;ATTENTE<\/p>\n<p>&nbsp;<\/p>\n<p>[\/et_pb_blurb][\/et_pb_column][et_pb_column type=\u00a0\u00bb1_4&Prime; _builder_version=\u00a0\u00bb4.16&Prime; _module_preset=\u00a0\u00bbdefault\u00a0\u00bb global_colors_info=\u00a0\u00bb{}\u00a0\u00bb theme_builder_area=\u00a0\u00bbpost_content\u00a0\u00bb][et_pb_blurb title=\u00a0\u00bb12 &#8211; 14 mars 2027&Prime; image=\u00a0\u00bbhttps:\/\/bunny-wp-pullzone-hbbchuml4b.b-cdn.net\/wp-content\/uploads\/2022\/04\/Linedance-Weekend-Saas-Almagell-Teacher-Bild-150&#215;150.avif\u00a0\u00bb alt=\u00a0\u00bbSalle de s\u00e9minaire Kristall\u00a0\u00bb _builder_version=\u00a0\u00bb4.27.6&Prime; _module_preset=\u00a0\u00bbdefault\u00a0\u00bb header_font=\u00a0\u00bbOpen Sans|800|||||||\u00a0\u00bb header_text_color=\u00a0\u00bb#000000&Prime; body_font=\u00a0\u00bbOpen Sans||||||||\u00a0\u00bb body_text_color=\u00a0\u00bb#000000&Prime; body_font_size=\u00a0\u00bb16px\u00a0\u00bb global_colors_info=\u00a0\u00bb{}\u00a0\u00bb theme_builder_area=\u00a0\u00bbpost_content\u00a0\u00bb]<\/p>\n<p>Week-end de danse en ligne avec Carmela de Rosa &amp; Bruno B\u00f6hm. LISTE D&rsquo;ATTENTE<\/p>\n<p>[\/et_pb_blurb][\/et_pb_column][et_pb_column type=\u00a0\u00bb1_4&Prime; _builder_version=\u00a0\u00bb4.16&Prime; _module_preset=\u00a0\u00bbdefault\u00a0\u00bb global_colors_info=\u00a0\u00bb{}\u00a0\u00bb theme_builder_area=\u00a0\u00bbpost_content\u00a0\u00bb][et_pb_blurb title=\u00a0\u00bb16 &#8211; 21 mars 2027&Prime; url=\u00a0\u00bbhttps:\/\/kristall.ch\/fr\/vacances-de-danse-en-ligne-saas108\/\u00a0\u00bb image=\u00a0\u00bbhttps:\/\/bunny-wp-pullzone-hbbchuml4b.b-cdn.net\/wp-content\/uploads\/2025\/03\/Jose-und-Dana-150&#215;150.avif\u00a0\u00bb alt=\u00a0\u00bbSalle multifonctionnelle avec piste de danse\u00a0\u00bb _builder_version=\u00a0\u00bb4.27.6&Prime; _module_preset=\u00a0\u00bbdefault\u00a0\u00bb header_font=\u00a0\u00bbOpen Sans|800|||||||\u00a0\u00bb header_text_color=\u00a0\u00bb#000000&Prime; body_font=\u00a0\u00bbOpen Sans||||||||\u00a0\u00bb body_text_color=\u00a0\u00bb#000000&Prime; body_font_size=\u00a0\u00bb16px\u00a0\u00bb global_colors_info=\u00a0\u00bb{}\u00a0\u00bb theme_builder_area=\u00a0\u00bbpost_content\u00a0\u00bb]<\/p>\n<p>Semaine de la danse en ligne avec Dana Bangerter &amp; Jos\u00e9 Prieto. LISTE D&rsquo;ATTENTE  <\/p>\n<p>[\/et_pb_blurb][\/et_pb_column][\/et_pb_row][et_pb_row _builder_version=\u00a0\u00bb4.16&Prime; _module_preset=\u00a0\u00bbdefault\u00a0\u00bb global_colors_info=\u00a0\u00bb{}\u00a0\u00bb theme_builder_area=\u00a0\u00bbpost_content\u00a0\u00bb][et_pb_column type=\u00a0\u00bb4_4&Prime; _builder_version=\u00a0\u00bb4.16&Prime; _module_preset=\u00a0\u00bbdefault\u00a0\u00bb global_colors_info=\u00a0\u00bb{}\u00a0\u00bb theme_builder_area=\u00a0\u00bbpost_content\u00a0\u00bb][et_pb_text _builder_version=\u00a0\u00bb4.16&Prime; text_font=\u00a0\u00bbOpen Sans|700|||||||\u00a0\u00bb text_text_color=\u00a0\u00bb#3a596b\u00a0\u00bb text_font_size=\u00a0\u00bb40px\u00a0\u00bb text_line_height=\u00a0\u00bb1.4em\u00a0\u00bb header_font=\u00a0\u00bbPoppins|600|||||||\u00a0\u00bb header_font_size=\u00a0\u00bb57px\u00a0\u00bb header_2_font=\u00a0\u00bbPoppins|600|||||||\u00a0\u00bb header_2_text_color=\u00a0\u00bb#FF5E14&Prime; header_2_font_size=\u00a0\u00bb49px\u00a0\u00bb custom_padding=\u00a0\u00bb0px|39px|0px|46px|true|false\u00a0\u00bb global_colors_info=\u00a0\u00bb{}\u00a0\u00bb theme_builder_area=\u00a0\u00bbpost_content\u00a0\u00bb]<\/p>\n<p>Contacte-nous maintenant !<\/p>\n<p>[\/et_pb_text][et_pb_contact_form _builder_version=\u00a0\u00bb4.16&Prime; _module_preset=\u00a0\u00bbdefault\u00a0\u00bb _unique_id=\u00a0\u00bb634a744c-d9c5-4cb6-8e41-a70fb621d37f\u00a0\u00bb global_colors_info=\u00a0\u00bb{}\u00a0\u00bb theme_builder_area=\u00a0\u00bbpost_content\u00a0\u00bb][et_pb_contact_field field_id=\u00a0\u00bbName\u00a0\u00bb field_title=\u00a0\u00bbNom\u00a0\u00bb _builder_version=\u00a0\u00bb4.16&Prime; global_colors_info=\u00a0\u00bb{}\u00a0\u00bb button_text_size__hover_enabled=\u00a0\u00bboff\u00a0\u00bb button_one_text_size__hover_enabled=\u00a0\u00bboff\u00a0\u00bb button_two_text_size__hover_enabled=\u00a0\u00bboff\u00a0\u00bb button_text_color__hover_enabled=\u00a0\u00bboff\u00a0\u00bb button_one_text_color__hover_enabled=\u00a0\u00bboff\u00a0\u00bb button_two_text_color__hover_enabled=\u00a0\u00bboff\u00a0\u00bb button_border_width__hover_enabled=\u00a0\u00bboff\u00a0\u00bb button_one_border_width__hover_enabled=\u00a0\u00bboff\u00a0\u00bb button_two_border_width__hover_enabled=\u00a0\u00bboff\u00a0\u00bb button_border_color__hover_enabled=\u00a0\u00bboff\u00a0\u00bb button_one_border_color__hover_enabled=\u00a0\u00bboff\u00a0\u00bb button_two_border_color__hover_enabled=\u00a0\u00bboff\u00a0\u00bb button_border_radius__hover_enabled=\u00a0\u00bboff\u00a0\u00bb button_one_border_radius__hover_enabled=\u00a0\u00bboff\u00a0\u00bb button_two_border_radius__hover_enabled=\u00a0\u00bboff\u00a0\u00bb button_letter_spacing__hover_enabled=\u00a0\u00bboff\u00a0\u00bb button_one_letter_spacing__hover_enabled=\u00a0\u00bboff\u00a0\u00bb button_two_letter_spacing__hover_enabled=\u00a0\u00bboff\u00a0\u00bb button_bg_color__hover_enabled=\u00a0\u00bboff\u00a0\u00bb button_one_bg_color__hover_enabled=\u00a0\u00bboff\u00a0\u00bb button_two_bg_color__hover_enabled=\u00a0\u00bboff\u00a0\u00bb theme_builder_area=\u00a0\u00bbpost_content\u00a0\u00bb][\/et_pb_contact_field][et_pb_contact_field field_id=\u00a0\u00bbEmail\u00a0\u00bb field_title=\u00a0\u00bbAdresse \u00e9lectronique\u00a0\u00bb field_type=\u00a0\u00bbemail\u00a0\u00bb _builder_version=\u00a0\u00bb4.16&Prime; global_colors_info=\u00a0\u00bb{}\u00a0\u00bb button_text_size__hover_enabled=\u00a0\u00bboff\u00a0\u00bb button_one_text_size__hover_enabled=\u00a0\u00bboff\u00a0\u00bb button_two_text_size__hover_enabled=\u00a0\u00bboff\u00a0\u00bb button_text_color__hover_enabled=\u00a0\u00bboff\u00a0\u00bb button_one_text_color__hover_enabled=\u00a0\u00bboff\u00a0\u00bb button_two_text_color__hover_enabled=\u00a0\u00bboff\u00a0\u00bb button_border_width__hover_enabled=\u00a0\u00bboff\u00a0\u00bb button_one_border_width__hover_enabled=\u00a0\u00bboff\u00a0\u00bb button_two_border_width__hover_enabled=\u00a0\u00bboff\u00a0\u00bb button_border_color__hover_enabled=\u00a0\u00bboff\u00a0\u00bb button_one_border_color__hover_enabled=\u00a0\u00bboff\u00a0\u00bb button_two_border_color__hover_enabled=\u00a0\u00bboff\u00a0\u00bb button_border_radius__hover_enabled=\u00a0\u00bboff\u00a0\u00bb button_one_border_radius__hover_enabled=\u00a0\u00bboff\u00a0\u00bb button_two_border_radius__hover_enabled=\u00a0\u00bboff\u00a0\u00bb button_letter_spacing__hover_enabled=\u00a0\u00bboff\u00a0\u00bb button_one_letter_spacing__hover_enabled=\u00a0\u00bboff\u00a0\u00bb button_two_letter_spacing__hover_enabled=\u00a0\u00bboff\u00a0\u00bb button_bg_color__hover_enabled=\u00a0\u00bboff\u00a0\u00bb button_one_bg_color__hover_enabled=\u00a0\u00bboff\u00a0\u00bb button_two_bg_color__hover_enabled=\u00a0\u00bboff\u00a0\u00bb theme_builder_area=\u00a0\u00bbpost_content\u00a0\u00bb][\/et_pb_contact_field][et_pb_contact_field field_id=\u00a0\u00bbMessage\u00a0\u00bb field_title=\u00a0\u00bbMessage\u00a0\u00bb field_type=\u00a0\u00bbtext\u00a0\u00bb fullwidth_field=\u00a0\u00bbon\u00a0\u00bb _builder_version=\u00a0\u00bb4.16&Prime; global_colors_info=\u00a0\u00bb{}\u00a0\u00bb button_text_size__hover_enabled=\u00a0\u00bboff\u00a0\u00bb button_one_text_size__hover_enabled=\u00a0\u00bboff\u00a0\u00bb button_two_text_size__hover_enabled=\u00a0\u00bboff\u00a0\u00bb button_text_color__hover_enabled=\u00a0\u00bboff\u00a0\u00bb button_one_text_color__hover_enabled=\u00a0\u00bboff\u00a0\u00bb button_two_text_color__hover_enabled=\u00a0\u00bboff\u00a0\u00bb button_border_width__hover_enabled=\u00a0\u00bboff\u00a0\u00bb button_one_border_width__hover_enabled=\u00a0\u00bboff\u00a0\u00bb button_two_border_width__hover_enabled=\u00a0\u00bboff\u00a0\u00bb button_border_color__hover_enabled=\u00a0\u00bboff\u00a0\u00bb button_one_border_color__hover_enabled=\u00a0\u00bboff\u00a0\u00bb button_two_border_color__hover_enabled=\u00a0\u00bboff\u00a0\u00bb button_border_radius__hover_enabled=\u00a0\u00bboff\u00a0\u00bb button_one_border_radius__hover_enabled=\u00a0\u00bboff\u00a0\u00bb button_two_border_radius__hover_enabled=\u00a0\u00bboff\u00a0\u00bb button_letter_spacing__hover_enabled=\u00a0\u00bboff\u00a0\u00bb button_one_letter_spacing__hover_enabled=\u00a0\u00bboff\u00a0\u00bb button_two_letter_spacing__hover_enabled=\u00a0\u00bboff\u00a0\u00bb button_bg_color__hover_enabled=\u00a0\u00bboff\u00a0\u00bb button_one_bg_color__hover_enabled=\u00a0\u00bboff\u00a0\u00bb button_two_bg_color__hover_enabled=\u00a0\u00bboff\u00a0\u00bb theme_builder_area=\u00a0\u00bbpost_content\u00a0\u00bb][\/et_pb_contact_field][\/et_pb_contact_form][\/et_pb_column][\/et_pb_row][\/et_pb_section]<\/p>\n","protected":false},"excerpt":{"rendered":"<p>Tu es passionn\u00e9(e) de danse en ligne ? Tu es \u00e0 la recherche de vacances de danse en ligne au c\u0153ur des plus hauts sommets des montagnes suisses ? Rosine Breuer, l&rsquo;h\u00f4tesse de l&rsquo;h\u00f4tel, est une danseuse en ligne passionn\u00e9e. En collaboration avec diff\u00e9rents professeurs de toute la Suisse, elle propose des cours de line [&hellip;]<\/p>\n","protected":false},"author":1,"featured_media":2262,"template":"","meta":{"_et_pb_use_builder":"on","_et_pb_old_content":"","_et_gb_content_width":"","footnotes":""},"project_category":[39,37,43],"project_tag":[],"class_list":["post-3140","project","type-project","status-publish","has-post-thumbnail","hentry","project_category-danse","project_category-ete","project_category-hiver"],"yoast_head":"<!-- This site is optimized with the Yoast SEO plugin v27.5 - https:\/\/yoast.com\/product\/yoast-seo-wordpress\/ -->\n<title>Offres de line dance - Hotel Kristall-Saphir Saas-Almagell<\/title>\n<meta name=\"description\" content=\"Tu es passionn\u00e9(e) de danse en ligne ? Tu es \u00e0 la recherche de vacances de danse en ligne au c\u0153ur des plus hautes montagnes des Alpes suisses ?\" \/>\n<meta name=\"robots\" content=\"index, follow, max-snippet:-1, max-image-preview:large, max-video-preview:-1\" \/>\n<link rel=\"canonical\" href=\"https:\/\/kristall.ch\/fr\/project\/linedance-propose\/\" \/>\n<meta property=\"og:locale\" content=\"fr_FR\" \/>\n<meta property=\"og:type\" content=\"article\" \/>\n<meta property=\"og:title\" content=\"Offres de line dance - Hotel Kristall-Saphir Saas-Almagell\" \/>\n<meta property=\"og:description\" content=\"Tu es passionn\u00e9(e) de danse en ligne ? Tu es \u00e0 la recherche de vacances de danse en ligne au c\u0153ur des plus hautes montagnes des Alpes suisses ?\" \/>\n<meta property=\"og:url\" content=\"https:\/\/kristall.ch\/fr\/project\/linedance-propose\/\" \/>\n<meta property=\"og:site_name\" content=\"Kristall-Saphir\" \/>\n<meta property=\"article:modified_time\" content=\"2026-05-01T08:35:24+00:00\" \/>\n<meta property=\"og:image\" content=\"https:\/\/kristall.ch\/wp-content\/uploads\/2021\/01\/Linedance-oben-top.avif\" \/>\n\t<meta property=\"og:image:width\" content=\"1600\" \/>\n\t<meta property=\"og:image:height\" content=\"1200\" \/>\n\t<meta property=\"og:image:type\" content=\"image\/jpeg\" \/>\n<meta name=\"twitter:card\" content=\"summary_large_image\" \/>\n<meta name=\"twitter:label1\" content=\"Dur\u00e9e de lecture estim\u00e9e\" \/>\n\t<meta name=\"twitter:data1\" content=\"5 minutes\" \/>\n<script type=\"application\/ld+json\" class=\"yoast-schema-graph\">{\"@context\":\"https:\\\/\\\/schema.org\",\"@graph\":[{\"@type\":\"WebPage\",\"@id\":\"https:\\\/\\\/kristall.ch\\\/fr\\\/project\\\/linedance-propose\\\/\",\"url\":\"https:\\\/\\\/kristall.ch\\\/fr\\\/project\\\/linedance-propose\\\/\",\"name\":\"Offres de line dance - Hotel Kristall-Saphir Saas-Almagell\",\"isPartOf\":{\"@id\":\"https:\\\/\\\/kristall.ch\\\/#website\"},\"primaryImageOfPage\":{\"@id\":\"https:\\\/\\\/kristall.ch\\\/fr\\\/project\\\/linedance-propose\\\/#primaryimage\"},\"image\":{\"@id\":\"https:\\\/\\\/kristall.ch\\\/fr\\\/project\\\/linedance-propose\\\/#primaryimage\"},\"thumbnailUrl\":\"https:\\\/\\\/kristall.ch\\\/wp-content\\\/uploads\\\/2021\\\/01\\\/Linedance-oben-top.avif\",\"datePublished\":\"2022-02-03T15:55:21+00:00\",\"dateModified\":\"2026-05-01T08:35:24+00:00\",\"description\":\"Tu es passionn\u00e9(e) de danse en ligne ? Tu es \u00e0 la recherche de vacances de danse en ligne au c\u0153ur des plus hautes montagnes des Alpes suisses ?\",\"breadcrumb\":{\"@id\":\"https:\\\/\\\/kristall.ch\\\/fr\\\/project\\\/linedance-propose\\\/#breadcrumb\"},\"inLanguage\":\"fr-FR\",\"potentialAction\":[{\"@type\":\"ReadAction\",\"target\":[\"https:\\\/\\\/kristall.ch\\\/fr\\\/project\\\/linedance-propose\\\/\"]}]},{\"@type\":\"ImageObject\",\"inLanguage\":\"fr-FR\",\"@id\":\"https:\\\/\\\/kristall.ch\\\/fr\\\/project\\\/linedance-propose\\\/#primaryimage\",\"url\":\"https:\\\/\\\/kristall.ch\\\/wp-content\\\/uploads\\\/2021\\\/01\\\/Linedance-oben-top.avif\",\"contentUrl\":\"https:\\\/\\\/kristall.ch\\\/wp-content\\\/uploads\\\/2021\\\/01\\\/Linedance-oben-top.avif\",\"width\":1600,\"height\":1200},{\"@type\":\"BreadcrumbList\",\"@id\":\"https:\\\/\\\/kristall.ch\\\/fr\\\/project\\\/linedance-propose\\\/#breadcrumb\",\"itemListElement\":[{\"@type\":\"ListItem\",\"position\":1,\"name\":\"Home\",\"item\":\"https:\\\/\\\/kristall.ch\\\/\"},{\"@type\":\"ListItem\",\"position\":2,\"name\":\"Projekte\",\"item\":\"https:\\\/\\\/kristall.ch\\\/project\\\/\"},{\"@type\":\"ListItem\",\"position\":3,\"name\":\"Offres de line dance\"}]},{\"@type\":\"WebSite\",\"@id\":\"https:\\\/\\\/kristall.ch\\\/#website\",\"url\":\"https:\\\/\\\/kristall.ch\\\/\",\"name\":\"Kristall-Saphir\",\"description\":\"Das Hotel in Saas-Almagell\",\"potentialAction\":[{\"@type\":\"SearchAction\",\"target\":{\"@type\":\"EntryPoint\",\"urlTemplate\":\"https:\\\/\\\/kristall.ch\\\/?s={search_term_string}\"},\"query-input\":{\"@type\":\"PropertyValueSpecification\",\"valueRequired\":true,\"valueName\":\"search_term_string\"}}],\"inLanguage\":\"fr-FR\"}]}<\/script>\n<!-- \/ Yoast SEO plugin. -->","yoast_head_json":{"title":"Offres de line dance - Hotel Kristall-Saphir Saas-Almagell","description":"Tu es passionn\u00e9(e) de danse en ligne ? Tu es \u00e0 la recherche de vacances de danse en ligne au c\u0153ur des plus hautes montagnes des Alpes suisses ?","robots":{"index":"index","follow":"follow","max-snippet":"max-snippet:-1","max-image-preview":"max-image-preview:large","max-video-preview":"max-video-preview:-1"},"canonical":"https:\/\/kristall.ch\/fr\/project\/linedance-propose\/","og_locale":"fr_FR","og_type":"article","og_title":"Offres de line dance - Hotel Kristall-Saphir Saas-Almagell","og_description":"Tu es passionn\u00e9(e) de danse en ligne ? Tu es \u00e0 la recherche de vacances de danse en ligne au c\u0153ur des plus hautes montagnes des Alpes suisses ?","og_url":"https:\/\/kristall.ch\/fr\/project\/linedance-propose\/","og_site_name":"Kristall-Saphir","article_modified_time":"2026-05-01T08:35:24+00:00","og_image":[{"width":1600,"height":1200,"url":"https:\/\/kristall.ch\/wp-content\/uploads\/2021\/01\/Linedance-oben-top.avif","type":"image\/jpeg"}],"twitter_card":"summary_large_image","twitter_misc":{"Dur\u00e9e de lecture estim\u00e9e":"5 minutes"},"schema":{"@context":"https:\/\/schema.org","@graph":[{"@type":"WebPage","@id":"https:\/\/kristall.ch\/fr\/project\/linedance-propose\/","url":"https:\/\/kristall.ch\/fr\/project\/linedance-propose\/","name":"Offres de line dance - Hotel Kristall-Saphir Saas-Almagell","isPartOf":{"@id":"https:\/\/kristall.ch\/#website"},"primaryImageOfPage":{"@id":"https:\/\/kristall.ch\/fr\/project\/linedance-propose\/#primaryimage"},"image":{"@id":"https:\/\/kristall.ch\/fr\/project\/linedance-propose\/#primaryimage"},"thumbnailUrl":"https:\/\/kristall.ch\/wp-content\/uploads\/2021\/01\/Linedance-oben-top.avif","datePublished":"2022-02-03T15:55:21+00:00","dateModified":"2026-05-01T08:35:24+00:00","description":"Tu es passionn\u00e9(e) de danse en ligne ? Tu es \u00e0 la recherche de vacances de danse en ligne au c\u0153ur des plus hautes montagnes des Alpes suisses ?","breadcrumb":{"@id":"https:\/\/kristall.ch\/fr\/project\/linedance-propose\/#breadcrumb"},"inLanguage":"fr-FR","potentialAction":[{"@type":"ReadAction","target":["https:\/\/kristall.ch\/fr\/project\/linedance-propose\/"]}]},{"@type":"ImageObject","inLanguage":"fr-FR","@id":"https:\/\/kristall.ch\/fr\/project\/linedance-propose\/#primaryimage","url":"https:\/\/kristall.ch\/wp-content\/uploads\/2021\/01\/Linedance-oben-top.avif","contentUrl":"https:\/\/kristall.ch\/wp-content\/uploads\/2021\/01\/Linedance-oben-top.avif","width":1600,"height":1200},{"@type":"BreadcrumbList","@id":"https:\/\/kristall.ch\/fr\/project\/linedance-propose\/#breadcrumb","itemListElement":[{"@type":"ListItem","position":1,"name":"Home","item":"https:\/\/kristall.ch\/"},{"@type":"ListItem","position":2,"name":"Projekte","item":"https:\/\/kristall.ch\/project\/"},{"@type":"ListItem","position":3,"name":"Offres de line dance"}]},{"@type":"WebSite","@id":"https:\/\/kristall.ch\/#website","url":"https:\/\/kristall.ch\/","name":"Kristall-Saphir","description":"Das Hotel in Saas-Almagell","potentialAction":[{"@type":"SearchAction","target":{"@type":"EntryPoint","urlTemplate":"https:\/\/kristall.ch\/?s={search_term_string}"},"query-input":{"@type":"PropertyValueSpecification","valueRequired":true,"valueName":"search_term_string"}}],"inLanguage":"fr-FR"}]}},"_links":{"self":[{"href":"https:\/\/kristall.ch\/fr\/wp-json\/wp\/v2\/project\/3140","targetHints":{"allow":["GET"]}}],"collection":[{"href":"https:\/\/kristall.ch\/fr\/wp-json\/wp\/v2\/project"}],"about":[{"href":"https:\/\/kristall.ch\/fr\/wp-json\/wp\/v2\/types\/project"}],"author":[{"embeddable":true,"href":"https:\/\/kristall.ch\/fr\/wp-json\/wp\/v2\/users\/1"}],"version-history":[{"count":0,"href":"https:\/\/kristall.ch\/fr\/wp-json\/wp\/v2\/project\/3140\/revisions"}],"wp:featuredmedia":[{"embeddable":true,"href":"https:\/\/kristall.ch\/fr\/wp-json\/wp\/v2\/media\/2262"}],"wp:attachment":[{"href":"https:\/\/kristall.ch\/fr\/wp-json\/wp\/v2\/media?parent=3140"}],"wp:term":[{"taxonomy":"project_category","embeddable":true,"href":"https:\/\/kristall.ch\/fr\/wp-json\/wp\/v2\/project_category?post=3140"},{"taxonomy":"project_tag","embeddable":true,"href":"https:\/\/kristall.ch\/fr\/wp-json\/wp\/v2\/project_tag?post=3140"}],"curies":[{"name":"wp","href":"https:\/\/api.w.org\/{rel}","templated":true}]}}