{"id":3128,"date":"2022-02-03T15:55:20","date_gmt":"2022-02-03T15:55:20","guid":{"rendered":"https:\/\/kristall.ch\/project\/semaine-saaser-hit-forfait-de-ski-inclus\/"},"modified":"2026-04-07T12:25:16","modified_gmt":"2026-04-07T12:25:16","slug":"semaine-saaser-hit-forfait-de-ski-inclus","status":"publish","type":"project","link":"https:\/\/kristall.ch\/fr\/project\/semaine-saaser-hit-forfait-de-ski-inclus\/","title":{"rendered":"Semaine Winter Hit &#8211; H\u00f4tel et forfait de ski en un seul paquet"},"content":{"rendered":"<p>[et_pb_section fb_built=\u00a0\u00bb1&Prime; admin_label=\u00a0\u00bbsection\u00a0\u00bb _builder_version=\u00a0\u00bb4.16&Prime; custom_margin=\u00a0\u00bb|-57px||-57px|false|false\u00a0\u00bb custom_padding=\u00a0\u00bb|||0px|false|false\u00a0\u00bb global_colors_info=\u00a0\u00bb{}\u00a0\u00bb theme_builder_area=\u00a0\u00bbpost_content\u00a0\u00bb][et_pb_row _builder_version=\u00a0\u00bb4.27.4&Prime; _module_preset=\u00a0\u00bbdefault\u00a0\u00bb custom_padding=\u00a0\u00bb1px|||||\u00a0\u00bb global_colors_info=\u00a0\u00bb{}\u00a0\u00bb theme_builder_area=\u00a0\u00bbpost_content\u00a0\u00bb][et_pb_column type=\u00a0\u00bb4_4&Prime; _builder_version=\u00a0\u00bb4.27.4&Prime; _module_preset=\u00a0\u00bbdefault\u00a0\u00bb global_colors_info=\u00a0\u00bb{}\u00a0\u00bb theme_builder_area=\u00a0\u00bbpost_content\u00a0\u00bb][et_pb_cta title=\u00a0\u00bb7 nuits avec demi-pension &amp; forfait de ski de 6 jours\u00a0\u00bb button_url=\u00a0\u00bbhttps:\/\/kristall.officialbookings.com\/package\/WINTERHIT_\u00a0\u00bb url_new_window=\u00a0\u00bbon\u00a0\u00bb button_text=\u00a0\u00bbR\u00e9server\u00a0\u00bb button_text_last_edited=\u00a0\u00bboff|desktop\u00a0\u00bb _builder_version=\u00a0\u00bb4.27.4&Prime; header_font=\u00a0\u00bbOpen Sans|700|||||||\u00a0\u00bb header_text_color=\u00a0\u00bb#ffffff\u00a0\u00bb header_font_size=\u00a0\u00bb40px\u00a0\u00bb header_line_height=\u00a0\u00bb1.4em\u00a0\u00bb body_font=\u00a0\u00bbOpen Sans|500|||||||\u00a0\u00bb body_text_color=\u00a0\u00bbrgba(255,255,255,0.81)\u00a0\u00bb body_font_size=\u00a0\u00bb16px\u00a0\u00bb body_line_height=\u00a0\u00bb1.9em\u00a0\u00bb background_color=\u00a0\u00bb#3a596b\u00a0\u00bb custom_button=\u00a0\u00bbon\u00a0\u00bb button_text_size=\u00a0\u00bb15px\u00a0\u00bb button_text_color=\u00a0\u00bb#000000&Prime; button_bg_color=\u00a0\u00bb#ffffff\u00a0\u00bb button_border_width=\u00a0\u00bb14px\u00a0\u00bb button_border_color=\u00a0\u00bb#ffffff\u00a0\u00bb button_border_radius=\u00a0\u00bb0px\u00a0\u00bb button_letter_spacing=\u00a0\u00bb1px\u00a0\u00bb button_font=\u00a0\u00bbOpen Sans||||||||\u00a0\u00bb text_orientation=\u00a0\u00bbleft\u00a0\u00bb max_width_last_edited=\u00a0\u00bboff|desktop\u00a0\u00bb module_alignment=\u00a0\u00bbright\u00a0\u00bb custom_padding=\u00a0\u00bb100px|70px|100px|70px\u00a0\u00bb custom_padding_tablet=\u00a0\u00bb\u00a0\u00bb custom_padding_phone=\u00a0\u00bb30px|18px|30px|18px\u00a0\u00bb custom_padding_last_edited=\u00a0\u00bbon|phone\u00a0\u00bb animation_style=\u00a0\u00bbslide\u00a0\u00bb animation_direction=\u00a0\u00bbleft\u00a0\u00bb animation_delay=\u00a0\u00bb400ms\u00a0\u00bb header_font_size_tablet=\u00a0\u00bb\u00a0\u00bb header_font_size_phone=\u00a0\u00bb25px\u00a0\u00bb header_font_size_last_edited=\u00a0\u00bbon|phone\u00a0\u00bb button_text_color_hover=\u00a0\u00bb#ffffff\u00a0\u00bb button_border_color_hover=\u00a0\u00bb#3FA2F7 \u00a0\u00bb button_border_radius_hover=\u00a0\u00bb5px\u00a0\u00bb button_letter_spacing_hover=\u00a0\u00bb4px\u00a0\u00bb button_bg_color_hover=\u00a0\u00bb#3FA2F7 \u00a0\u00bb global_colors_info=\u00a0\u00bb{}\u00a0\u00bb button_text_size__hover_enabled=\u00a0\u00bboff\u00a0\u00bb button_one_text_size__hover_enabled=\u00a0\u00bboff\u00a0\u00bb button_two_text_size__hover_enabled=\u00a0\u00bboff\u00a0\u00bb button_text_color__hover_enabled=\u00a0\u00bbon|hover\u00a0\u00bb button_text_color__hover=\u00a0\u00bb#ffffff\u00a0\u00bb button_one_text_color__hover_enabled=\u00a0\u00bboff\u00a0\u00bb button_two_text_color__hover_enabled=\u00a0\u00bboff\u00a0\u00bb button_border_width__hover_enabled=\u00a0\u00bboff\u00a0\u00bb button_one_border_width__hover_enabled=\u00a0\u00bboff\u00a0\u00bb button_two_border_width__hover_enabled=\u00a0\u00bboff\u00a0\u00bb button_border_color__hover_enabled=\u00a0\u00bbon\u00a0\u00bb button_border_color__hover=\u00a0\u00bb#739fb6&Prime; button_one_border_color__hover_enabled=\u00a0\u00bboff\u00a0\u00bb button_two_border_color__hover_enabled=\u00a0\u00bboff\u00a0\u00bb button_border_radius__hover_enabled=\u00a0\u00bboff\u00a0\u00bb button_border_radius__hover=\u00a0\u00bb5px\u00a0\u00bb button_one_border_radius__hover_enabled=\u00a0\u00bboff\u00a0\u00bb button_two_border_radius__hover_enabled=\u00a0\u00bboff\u00a0\u00bb button_letter_spacing__hover_enabled=\u00a0\u00bbon\u00a0\u00bb button_letter_spacing__hover=\u00a0\u00bb2px\u00a0\u00bb button_one_letter_spacing__hover_enabled=\u00a0\u00bboff\u00a0\u00bb button_two_letter_spacing__hover_enabled=\u00a0\u00bboff\u00a0\u00bb button_bg_color__hover_enabled=\u00a0\u00bbon\u00a0\u00bb button_bg_color__hover=\u00a0\u00bb#739fb6&Prime; button_one_bg_color__hover_enabled=\u00a0\u00bboff\u00a0\u00bb button_two_bg_color__hover_enabled=\u00a0\u00bboff\u00a0\u00bb button_bg_enable_color__hover=\u00a0\u00bbon\u00a0\u00bb theme_builder_area=\u00a0\u00bbpost_content\u00a0\u00bb]<\/p>\n<p>\u00e0 partir de CHF 1&rsquo;167.00 par personne<\/p>\n<p><span class=\"OYPEnA font-feature-liga-off font-feature-clig-off font-feature-calt-off text-decoration-none text-strikethrough-none\">Vivez les vacances d&rsquo;hiver comme elles doivent l&rsquo;\u00eatre : <\/span><strong><span class=\"OYPEnA font-feature-liga-off font-feature-clig-off font-feature-calt-off text-decoration-none text-strikethrough-none\">actives<\/span><\/strong><span class=\"OYPEnA font-feature-liga-off font-feature-clig-off font-feature-calt-off text-decoration-none text-strikethrough-none\"> sur des pistes parfaitement pr\u00e9par\u00e9es et <\/span><strong><span class=\"OYPEnA font-feature-liga-off font-feature-clig-off font-feature-calt-off text-decoration-none text-strikethrough-none\">avec plaisir<\/span><\/strong><span class=\"OYPEnA font-feature-liga-off font-feature-clig-off font-feature-calt-off text-decoration-none text-strikethrough-none\">  dans une atmosph\u00e8re d\u00e9tendue. \u00c0 l&rsquo;h\u00f4tel Kristall-Saphir de Saas-Almagell, nous associons la libert\u00e9 sportive aux plaisirs culinaires et \u00e0 un v\u00e9ritable moment de bien-\u00eatre &#8211; pour les clients qui aiment bouger, mais qui aiment tout autant se reposer.<\/span><\/p>\n<p class=\"cvGsUA direction-ltr align-justify para-style-body\"><span class=\"OYPEnA font-feature-liga-off font-feature-clig-off font-feature-calt-off text-decoration-none text-strikethrough-none\">Notre package \u00ab\u00a0Magie hivernale\u00a0\u00bb pour vous :<\/span><\/p>\n<p class=\"cvGsUA direction-ltr align-justify para-style-body\"><strong><span class=\"OYPEnA font-feature-liga-off font-feature-clig-off font-feature-calt-off text-decoration-none text-strikethrough-none\">\u2714 Forfait de ski de 6 jours au choix <\/span><\/strong><span class=\"OYPEnA font-feature-liga-off font-feature-clig-off font-feature-calt-off text-decoration-none text-strikethrough-none\">pour tous les domaines skiables de la vall\u00e9e de Saas : Saas-Almagell, Saas-Fee, Saas-Grund &#8211; utilisable de mani\u00e8re tr\u00e8s flexible de d\u00e9cembre 2026 \u00e0 avril 2027 !<\/span><\/p>\n<p class=\"cvGsUA direction-ltr align-justify para-style-body\"><strong><span class=\"OYPEnA font-feature-liga-off font-feature-clig-off font-feature-calt-off text-decoration-none text-strikethrough-none\">\u2714 7 nuit\u00e9es en demi-pension :<\/span><\/strong><span class=\"OYPEnA font-feature-liga-off font-feature-clig-off font-feature-calt-off text-decoration-none text-strikethrough-none\"> Profitez de notre copieux buffet de petit-d\u00e9jeuner et d&rsquo;un d\u00e9licieux menu du soir \u00e0 4 plats.<\/span><\/p>\n<p class=\"cvGsUA direction-ltr align-justify para-style-body\"><strong><span class=\"OYPEnA font-feature-liga-off font-feature-clig-off font-feature-calt-off text-decoration-none text-strikethrough-none\">\u2714 Le plaisir de l&rsquo;apr\u00e8s-midi :<\/span><\/strong><span class=\"OYPEnA font-feature-liga-off font-feature-clig-off font-feature-calt-off text-decoration-none text-strikethrough-none\"> Caf\u00e9, th\u00e9 &amp; g\u00e2teaux tous les jours de 15h00 \u00e0 17h00<\/span><\/p>\n<p class=\"cvGsUA direction-ltr align-justify para-style-body\"><strong><span class=\"OYPEnA font-feature-liga-off font-feature-clig-off font-feature-calt-off text-decoration-none text-strikethrough-none\">\u2714 SaastalCard incluse :<\/span><\/strong><span class=\"OYPEnA font-feature-liga-off font-feature-clig-off font-feature-calt-off text-decoration-none text-strikethrough-none\"> Skibus &amp; car postal inclus et beaucoup d&rsquo;autres r\u00e9ductions dans la r\u00e9gion de vacances Saas-Fee\/Vall\u00e9e de Saas (plus d&rsquo;infos <a href=\"https:\/\/www.saas-fee.ch\/de\/saastalcard\/saastalcard-im-winter\" target=\"_blank\" rel=\"noopener\">ICI<\/a>)<\/span><\/p>\n<p class=\"cvGsUA direction-ltr align-justify para-style-body\"><strong><span class=\"OYPEnA font-feature-liga-off font-feature-clig-off font-feature-calt-off text-decoration-none text-strikethrough-none\">\u2714 Le plaisir \u00e0 l&rsquo;\u00e9tat pur<\/span><\/strong><span class=\"OYPEnA font-feature-liga-off font-feature-clig-off font-feature-calt-off text-decoration-none text-strikethrough-none\"> <strong> dans notre petite zone de d\u00e9tente :<\/strong> sauna, bain de vapeur et tepidarium sont \u00e0 votre disposition gratuitement (baignoire \u00e0 remous avec suppl\u00e9ment). Gardez la forme ! Acc\u00e8s \u00e0 la salle de fitness de l&rsquo;\u00e9tablissement. <\/span><\/p>\n<p class=\"cvGsUA direction-ltr align-justify para-style-body\"><strong><span class=\"OYPEnA font-feature-liga-off font-feature-clig-off font-feature-calt-off text-decoration-none text-strikethrough-none\">\u2714 parking &amp; taxe de s\u00e9jour inclus<\/span><\/strong><span class=\"OYPEnA font-feature-liga-off font-feature-clig-off font-feature-calt-off text-decoration-none text-strikethrough-none\"> &#8211; pas de frais cach\u00e9s.<\/span><\/p>\n<p>[\/et_pb_cta][\/et_pb_column][\/et_pb_row][et_pb_row column_structure=\u00a0\u00bb1_3,1_3,1_3&Prime; _builder_version=\u00a0\u00bb4.27.4&Prime; _module_preset=\u00a0\u00bbdefault\u00a0\u00bb global_colors_info=\u00a0\u00bb{}\u00a0\u00bb theme_builder_area=\u00a0\u00bbpost_content\u00a0\u00bb][et_pb_column type=\u00a0\u00bb1_3&Prime; _builder_version=\u00a0\u00bb4.27.4&Prime; _module_preset=\u00a0\u00bbdefault\u00a0\u00bb global_colors_info=\u00a0\u00bb{}\u00a0\u00bb theme_builder_area=\u00a0\u00bbpost_content\u00a0\u00bb][et_pb_image src=\u00a0\u00bbhttps:\/\/kristall.ch\/wp-content\/uploads\/2023\/02\/69_Hotel-Kristall_Jan-2023_puzzlemedia.ch_-scaled.avif\u00a0\u00bb title_text=\u00a0\u00bbH\u00f4tel Kristall\u00a0\u00bb align_tablet=\u00a0\u00bbcenter\u00a0\u00bb align_phone=\u00a0\u00bb\u00a0\u00bb align_last_edited=\u00a0\u00bbon|desktop\u00a0\u00bb _builder_version=\u00a0\u00bb4.20.4&Prime; custom_margin=\u00a0\u00bb||||false|false\u00a0\u00bb animation_style=\u00a0\u00bbslide\u00a0\u00bb animation_direction=\u00a0\u00bbright\u00a0\u00bb animation_delay=\u00a0\u00bb400ms\u00a0\u00bb box_shadow_style=\u00a0\u00bbpreset1&Prime; box_shadow_blur=\u00a0\u00bb80px\u00a0\u00bb box_shadow_spread=\u00a0\u00bb42px\u00a0\u00bb box_shadow_color=\u00a0\u00bbrgba(0,0,0,0.08)\u00a0\u00bb global_colors_info=\u00a0\u00bb{}\u00a0\u00bb theme_builder_area=\u00a0\u00bbpost_content\u00a0\u00bb][\/et_pb_image][\/et_pb_column][et_pb_column type=\u00a0\u00bb1_3&Prime; _builder_version=\u00a0\u00bb4.27.4&Prime; _module_preset=\u00a0\u00bbdefault\u00a0\u00bb global_colors_info=\u00a0\u00bb{}\u00a0\u00bb theme_builder_area=\u00a0\u00bbpost_content\u00a0\u00bb][et_pb_image src=\u00a0\u00bbhttps:\/\/kristall.ch\/wp-content\/uploads\/2023\/02\/43_Hotel-Kristall_Jan-2023_puzzlemedia.ch_-scaled.jpg\u00a0\u00bb title_text=\u00a0\u00bbH\u00f4tel Kristall\u00a0\u00bb align_tablet=\u00a0\u00bbcenter\u00a0\u00bb align_phone=\u00a0\u00bb\u00a0\u00bb align_last_edited=\u00a0\u00bbon|desktop\u00a0\u00bb _builder_version=\u00a0\u00bb4.20.4&Prime; custom_margin=\u00a0\u00bb||||false|false\u00a0\u00bb animation_style=\u00a0\u00bbslide\u00a0\u00bb animation_direction=\u00a0\u00bbright\u00a0\u00bb animation_delay=\u00a0\u00bb400ms\u00a0\u00bb box_shadow_style=\u00a0\u00bbpreset1&Prime; box_shadow_blur=\u00a0\u00bb80px\u00a0\u00bb box_shadow_spread=\u00a0\u00bb42px\u00a0\u00bb box_shadow_color=\u00a0\u00bbrgba(0,0,0,0.08)\u00a0\u00bb global_colors_info=\u00a0\u00bb{}\u00a0\u00bb theme_builder_area=\u00a0\u00bbpost_content\u00a0\u00bb][\/et_pb_image][\/et_pb_column][et_pb_column type=\u00a0\u00bb1_3&Prime; _builder_version=\u00a0\u00bb4.27.4&Prime; _module_preset=\u00a0\u00bbdefault\u00a0\u00bb global_colors_info=\u00a0\u00bb{}\u00a0\u00bb theme_builder_area=\u00a0\u00bbpost_content\u00a0\u00bb][et_pb_image src=\u00a0\u00bbhttps:\/\/kristall.ch\/wp-content\/uploads\/2021\/12\/Kristall-Saphir-Saal.avif\u00a0\u00bb title_text=\u00a0\u00bbSalle de saphir en cristal\u00a0\u00bb align_tablet=\u00a0\u00bbcenter\u00a0\u00bb align_phone=\u00a0\u00bb\u00a0\u00bb align_last_edited=\u00a0\u00bbon|desktop\u00a0\u00bb _builder_version=\u00a0\u00bb4.27.4&Prime; custom_margin=\u00a0\u00bb||||false|false\u00a0\u00bb animation_style=\u00a0\u00bbslide\u00a0\u00bb animation_direction=\u00a0\u00bbright\u00a0\u00bb animation_delay=\u00a0\u00bb400ms\u00a0\u00bb box_shadow_style=\u00a0\u00bbpreset1&Prime; box_shadow_blur=\u00a0\u00bb80px\u00a0\u00bb box_shadow_spread=\u00a0\u00bb42px\u00a0\u00bb box_shadow_color=\u00a0\u00bbrgba(0,0,0,0.08)\u00a0\u00bb global_colors_info=\u00a0\u00bb{}\u00a0\u00bb theme_builder_area=\u00a0\u00bbpost_content\u00a0\u00bb][\/et_pb_image][\/et_pb_column][\/et_pb_row][et_pb_row _builder_version=\u00a0\u00bb4.27.4&Prime; _module_preset=\u00a0\u00bbdefault\u00a0\u00bb global_colors_info=\u00a0\u00bb{}\u00a0\u00bb theme_builder_area=\u00a0\u00bbpost_content\u00a0\u00bb][et_pb_column type=\u00a0\u00bb4_4&Prime; _builder_version=\u00a0\u00bb4.27.4&Prime; _module_preset=\u00a0\u00bbdefault\u00a0\u00bb global_colors_info=\u00a0\u00bb{}\u00a0\u00bb theme_builder_area=\u00a0\u00bbpost_content\u00a0\u00bb][et_pb_button button_url=\u00a0\u00bbhttps:\/\/kristall.ch\/wp-content\/uploads\/2026\/04\/Flyer-Winter-Hit-Woche.pdf\u00a0\u00bb url_new_window=\u00a0\u00bbon\u00a0\u00bb button_text=\u00a0\u00bbInfos en PDF\u00a0\u00bb _builder_version=\u00a0\u00bb4.27.6&Prime; _module_preset=\u00a0\u00bbdefault\u00a0\u00bb button_text_color=\u00a0\u00bb#FFFFFF\u00a0\u00bb button_bg_color=\u00a0\u00bb#3a596b\u00a0\u00bb button_border_radius=\u00a0\u00bb10px\u00a0\u00bb button_font=\u00a0\u00bbArial|600|||||||\u00a0\u00bb background_layout=\u00a0\u00bbdark\u00a0\u00bb global_colors_info=\u00a0\u00bb{}\u00a0\u00bb button_bg_color__hover_enabled=\u00a0\u00bbon|hover\u00a0\u00bb button_bg_color__hover=\u00a0\u00bb#739fb6&Prime; button_bg_enable_color__hover=\u00a0\u00bbon\u00a0\u00bb theme_builder_area=\u00a0\u00bbpost_content\u00a0\u00bb][\/et_pb_button][\/et_pb_column][\/et_pb_row][et_pb_row _builder_version=\u00a0\u00bb4.16&Prime; _module_preset=\u00a0\u00bbdefault\u00a0\u00bb global_colors_info=\u00a0\u00bb{}\u00a0\u00bb theme_builder_area=\u00a0\u00bbpost_content\u00a0\u00bb][et_pb_column type=\u00a0\u00bb4_4&Prime; _builder_version=\u00a0\u00bb4.16&Prime; _module_preset=\u00a0\u00bbdefault\u00a0\u00bb global_colors_info=\u00a0\u00bb{}\u00a0\u00bb theme_builder_area=\u00a0\u00bbpost_content\u00a0\u00bb][et_pb_text _builder_version=\u00a0\u00bb4.16&Prime; text_font=\u00a0\u00bbOpen Sans|700|||||||\u00a0\u00bb text_text_color=\u00a0\u00bb#3a596b\u00a0\u00bb text_font_size=\u00a0\u00bb40px\u00a0\u00bb text_line_height=\u00a0\u00bb1.4em\u00a0\u00bb header_font=\u00a0\u00bbPoppins|600|||||||\u00a0\u00bb header_font_size=\u00a0\u00bb57px\u00a0\u00bb header_2_font=\u00a0\u00bbPoppins|600|||||||\u00a0\u00bb header_2_text_color=\u00a0\u00bb#FF5E14&Prime; header_2_font_size=\u00a0\u00bb49px\u00a0\u00bb custom_padding=\u00a0\u00bb0px|39px|0px|46px|true|false\u00a0\u00bb global_colors_info=\u00a0\u00bb{}\u00a0\u00bb theme_builder_area=\u00a0\u00bbpost_content\u00a0\u00bb]<\/p>\n<p>Contactez-nous d\u00e8s maintenant !<\/p>\n<p>[\/et_pb_text][et_pb_contact_form _builder_version=\u00a0\u00bb4.16&Prime; _module_preset=\u00a0\u00bbdefault\u00a0\u00bb _unique_id=\u00a0\u00bb2382b51c-8e75-4e49-b971-82f25db2c0cb\u00a0\u00bb global_colors_info=\u00a0\u00bb{}\u00a0\u00bb theme_builder_area=\u00a0\u00bbpost_content\u00a0\u00bb][et_pb_contact_field field_id=\u00a0\u00bbName\u00a0\u00bb field_title=\u00a0\u00bbNom\u00a0\u00bb _builder_version=\u00a0\u00bb4.16&Prime; global_colors_info=\u00a0\u00bb{}\u00a0\u00bb button_text_size__hover_enabled=\u00a0\u00bboff\u00a0\u00bb button_one_text_size__hover_enabled=\u00a0\u00bboff\u00a0\u00bb button_two_text_size__hover_enabled=\u00a0\u00bboff\u00a0\u00bb button_text_color__hover_enabled=\u00a0\u00bboff\u00a0\u00bb button_one_text_color__hover_enabled=\u00a0\u00bboff\u00a0\u00bb button_two_text_color__hover_enabled=\u00a0\u00bboff\u00a0\u00bb button_border_width__hover_enabled=\u00a0\u00bboff\u00a0\u00bb button_one_border_width__hover_enabled=\u00a0\u00bboff\u00a0\u00bb button_two_border_width__hover_enabled=\u00a0\u00bboff\u00a0\u00bb button_border_color__hover_enabled=\u00a0\u00bboff\u00a0\u00bb button_one_border_color__hover_enabled=\u00a0\u00bboff\u00a0\u00bb button_two_border_color__hover_enabled=\u00a0\u00bboff\u00a0\u00bb button_border_radius__hover_enabled=\u00a0\u00bboff\u00a0\u00bb button_one_border_radius__hover_enabled=\u00a0\u00bboff\u00a0\u00bb button_two_border_radius__hover_enabled=\u00a0\u00bboff\u00a0\u00bb button_letter_spacing__hover_enabled=\u00a0\u00bboff\u00a0\u00bb button_one_letter_spacing__hover_enabled=\u00a0\u00bboff\u00a0\u00bb button_two_letter_spacing__hover_enabled=\u00a0\u00bboff\u00a0\u00bb button_bg_color__hover_enabled=\u00a0\u00bboff\u00a0\u00bb button_one_bg_color__hover_enabled=\u00a0\u00bboff\u00a0\u00bb button_two_bg_color__hover_enabled=\u00a0\u00bboff\u00a0\u00bb theme_builder_area=\u00a0\u00bbpost_content\u00a0\u00bb][\/et_pb_contact_field][et_pb_contact_field field_id=\u00a0\u00bbEmail\u00a0\u00bb field_title=\u00a0\u00bbAdresse \u00e9lectronique\u00a0\u00bb field_type=\u00a0\u00bbemail\u00a0\u00bb _builder_version=\u00a0\u00bb4.16&Prime; global_colors_info=\u00a0\u00bb{}\u00a0\u00bb button_text_size__hover_enabled=\u00a0\u00bboff\u00a0\u00bb button_one_text_size__hover_enabled=\u00a0\u00bboff\u00a0\u00bb button_two_text_size__hover_enabled=\u00a0\u00bboff\u00a0\u00bb button_text_color__hover_enabled=\u00a0\u00bboff\u00a0\u00bb button_one_text_color__hover_enabled=\u00a0\u00bboff\u00a0\u00bb button_two_text_color__hover_enabled=\u00a0\u00bboff\u00a0\u00bb button_border_width__hover_enabled=\u00a0\u00bboff\u00a0\u00bb button_one_border_width__hover_enabled=\u00a0\u00bboff\u00a0\u00bb button_two_border_width__hover_enabled=\u00a0\u00bboff\u00a0\u00bb button_border_color__hover_enabled=\u00a0\u00bboff\u00a0\u00bb button_one_border_color__hover_enabled=\u00a0\u00bboff\u00a0\u00bb button_two_border_color__hover_enabled=\u00a0\u00bboff\u00a0\u00bb button_border_radius__hover_enabled=\u00a0\u00bboff\u00a0\u00bb button_one_border_radius__hover_enabled=\u00a0\u00bboff\u00a0\u00bb button_two_border_radius__hover_enabled=\u00a0\u00bboff\u00a0\u00bb button_letter_spacing__hover_enabled=\u00a0\u00bboff\u00a0\u00bb button_one_letter_spacing__hover_enabled=\u00a0\u00bboff\u00a0\u00bb button_two_letter_spacing__hover_enabled=\u00a0\u00bboff\u00a0\u00bb button_bg_color__hover_enabled=\u00a0\u00bboff\u00a0\u00bb button_one_bg_color__hover_enabled=\u00a0\u00bboff\u00a0\u00bb button_two_bg_color__hover_enabled=\u00a0\u00bboff\u00a0\u00bb theme_builder_area=\u00a0\u00bbpost_content\u00a0\u00bb][\/et_pb_contact_field][et_pb_contact_field field_id=\u00a0\u00bbMessage\u00a0\u00bb field_title=\u00a0\u00bbMessage\u00a0\u00bb field_type=\u00a0\u00bbtext\u00a0\u00bb fullwidth_field=\u00a0\u00bbon\u00a0\u00bb _builder_version=\u00a0\u00bb4.16&Prime; global_colors_info=\u00a0\u00bb{}\u00a0\u00bb button_text_size__hover_enabled=\u00a0\u00bboff\u00a0\u00bb button_one_text_size__hover_enabled=\u00a0\u00bboff\u00a0\u00bb button_two_text_size__hover_enabled=\u00a0\u00bboff\u00a0\u00bb button_text_color__hover_enabled=\u00a0\u00bboff\u00a0\u00bb button_one_text_color__hover_enabled=\u00a0\u00bboff\u00a0\u00bb button_two_text_color__hover_enabled=\u00a0\u00bboff\u00a0\u00bb button_border_width__hover_enabled=\u00a0\u00bboff\u00a0\u00bb button_one_border_width__hover_enabled=\u00a0\u00bboff\u00a0\u00bb button_two_border_width__hover_enabled=\u00a0\u00bboff\u00a0\u00bb button_border_color__hover_enabled=\u00a0\u00bboff\u00a0\u00bb button_one_border_color__hover_enabled=\u00a0\u00bboff\u00a0\u00bb button_two_border_color__hover_enabled=\u00a0\u00bboff\u00a0\u00bb button_border_radius__hover_enabled=\u00a0\u00bboff\u00a0\u00bb button_one_border_radius__hover_enabled=\u00a0\u00bboff\u00a0\u00bb button_two_border_radius__hover_enabled=\u00a0\u00bboff\u00a0\u00bb button_letter_spacing__hover_enabled=\u00a0\u00bboff\u00a0\u00bb button_one_letter_spacing__hover_enabled=\u00a0\u00bboff\u00a0\u00bb button_two_letter_spacing__hover_enabled=\u00a0\u00bboff\u00a0\u00bb button_bg_color__hover_enabled=\u00a0\u00bboff\u00a0\u00bb button_one_bg_color__hover_enabled=\u00a0\u00bboff\u00a0\u00bb button_two_bg_color__hover_enabled=\u00a0\u00bboff\u00a0\u00bb theme_builder_area=\u00a0\u00bbpost_content\u00a0\u00bb][\/et_pb_contact_field][\/et_pb_contact_form][\/et_pb_column][\/et_pb_row][\/et_pb_section]<\/p>\n","protected":false},"excerpt":{"rendered":"<p>\u00e0 partir de CHF 1&rsquo;167.00 par personne Vivez les vacances d&rsquo;hiver comme elles doivent l&rsquo;\u00eatre : actives sur des pistes parfaitement pr\u00e9par\u00e9es et avec plaisir dans une atmosph\u00e8re d\u00e9tendue. \u00c0 l&rsquo;h\u00f4tel Kristall-Saphir de Saas-Almagell, nous associons la libert\u00e9 sportive aux plaisirs culinaires et \u00e0 un v\u00e9ritable moment de bien-\u00eatre &#8211; pour les clients qui aiment [&hellip;]<\/p>\n","protected":false},"author":2,"featured_media":14355,"template":"","meta":{"_et_pb_use_builder":"on","_et_pb_old_content":"","_et_gb_content_width":"","footnotes":""},"project_category":[43],"project_tag":[],"class_list":["post-3128","project","type-project","status-publish","has-post-thumbnail","hentry","project_category-hiver"],"yoast_head":"<!-- This site is optimized with the Yoast SEO plugin v27.5 - https:\/\/yoast.com\/product\/yoast-seo-wordpress\/ -->\n<title>Semaine Winter Hit - H\u00f4tel et forfait de ski en un seul paquet - H\u00f4tel Kristall-Saphir Saas-Fee\/Vall\u00e9e de Saas<\/title>\n<meta name=\"description\" content=\"La magie de l&#039;hiver en toute s\u00e9curit\u00e9 ! R\u00e9servez d\u00e8s maintenant pour 7 nuits en demi-pension et recevez en m\u00eame temps le forfait de ski ! Forfait de ski Saas-Fee\/Vall\u00e9e de Saas\" \/>\n<meta name=\"robots\" content=\"index, follow, max-snippet:-1, max-image-preview:large, max-video-preview:-1\" \/>\n<link rel=\"canonical\" href=\"https:\/\/kristall.ch\/fr\/project\/semaine-saaser-hit-forfait-de-ski-inclus\/\" \/>\n<meta property=\"og:locale\" content=\"fr_FR\" \/>\n<meta property=\"og:type\" content=\"article\" \/>\n<meta property=\"og:title\" content=\"Semaine Winter Hit - H\u00f4tel et forfait de ski en un seul paquet - H\u00f4tel Kristall-Saphir Saas-Fee\/Vall\u00e9e de Saas\" \/>\n<meta property=\"og:description\" content=\"La magie de l&#039;hiver en toute s\u00e9curit\u00e9 ! R\u00e9servez d\u00e8s maintenant pour 7 nuits en demi-pension et recevez en m\u00eame temps le forfait de ski ! Forfait de ski Saas-Fee\/Vall\u00e9e de Saas\" \/>\n<meta property=\"og:url\" content=\"https:\/\/kristall.ch\/fr\/project\/semaine-saaser-hit-forfait-de-ski-inclus\/\" \/>\n<meta property=\"og:site_name\" content=\"Kristall-Saphir\" \/>\n<meta property=\"article:modified_time\" content=\"2026-04-07T12:25:16+00:00\" \/>\n<meta property=\"og:image\" content=\"https:\/\/kristall.ch\/wp-content\/uploads\/2021\/12\/Ski-Saas-Fee-\u00a9SaastalTourismusAG-AmarcsterMedia.avif\" \/>\n\t<meta property=\"og:image:width\" content=\"1920\" \/>\n\t<meta property=\"og:image:height\" content=\"1280\" \/>\n\t<meta property=\"og:image:type\" content=\"image\/jpeg\" \/>\n<meta name=\"twitter:card\" content=\"summary_large_image\" \/>\n<meta name=\"twitter:label1\" content=\"Dur\u00e9e de lecture estim\u00e9e\" \/>\n\t<meta name=\"twitter:data1\" content=\"9 minutes\" \/>\n<script type=\"application\/ld+json\" class=\"yoast-schema-graph\">{\"@context\":\"https:\\\/\\\/schema.org\",\"@graph\":[{\"@type\":\"WebPage\",\"@id\":\"https:\\\/\\\/kristall.ch\\\/fr\\\/project\\\/semaine-saaser-hit-forfait-de-ski-inclus\\\/\",\"url\":\"https:\\\/\\\/kristall.ch\\\/fr\\\/project\\\/semaine-saaser-hit-forfait-de-ski-inclus\\\/\",\"name\":\"Semaine Winter Hit - H\u00f4tel et forfait de ski en un seul paquet - H\u00f4tel Kristall-Saphir Saas-Fee\\\/Vall\u00e9e de Saas\",\"isPartOf\":{\"@id\":\"https:\\\/\\\/kristall.ch\\\/#website\"},\"primaryImageOfPage\":{\"@id\":\"https:\\\/\\\/kristall.ch\\\/fr\\\/project\\\/semaine-saaser-hit-forfait-de-ski-inclus\\\/#primaryimage\"},\"image\":{\"@id\":\"https:\\\/\\\/kristall.ch\\\/fr\\\/project\\\/semaine-saaser-hit-forfait-de-ski-inclus\\\/#primaryimage\"},\"thumbnailUrl\":\"https:\\\/\\\/kristall.ch\\\/wp-content\\\/uploads\\\/2021\\\/12\\\/Ski-Saas-Fee-\u00a9SaastalTourismusAG-AmarcsterMedia.avif\",\"datePublished\":\"2022-02-03T15:55:20+00:00\",\"dateModified\":\"2026-04-07T12:25:16+00:00\",\"description\":\"La magie de l'hiver en toute s\u00e9curit\u00e9 ! R\u00e9servez d\u00e8s maintenant pour 7 nuits en demi-pension et recevez en m\u00eame temps le forfait de ski ! Forfait de ski Saas-Fee\\\/Vall\u00e9e de Saas\",\"breadcrumb\":{\"@id\":\"https:\\\/\\\/kristall.ch\\\/fr\\\/project\\\/semaine-saaser-hit-forfait-de-ski-inclus\\\/#breadcrumb\"},\"inLanguage\":\"fr-FR\",\"potentialAction\":[{\"@type\":\"ReadAction\",\"target\":[\"https:\\\/\\\/kristall.ch\\\/fr\\\/project\\\/semaine-saaser-hit-forfait-de-ski-inclus\\\/\"]}]},{\"@type\":\"ImageObject\",\"inLanguage\":\"fr-FR\",\"@id\":\"https:\\\/\\\/kristall.ch\\\/fr\\\/project\\\/semaine-saaser-hit-forfait-de-ski-inclus\\\/#primaryimage\",\"url\":\"https:\\\/\\\/kristall.ch\\\/wp-content\\\/uploads\\\/2021\\\/12\\\/Ski-Saas-Fee-\u00a9SaastalTourismusAG-AmarcsterMedia.avif\",\"contentUrl\":\"https:\\\/\\\/kristall.ch\\\/wp-content\\\/uploads\\\/2021\\\/12\\\/Ski-Saas-Fee-\u00a9SaastalTourismusAG-AmarcsterMedia.avif\",\"width\":1920,\"height\":1280},{\"@type\":\"BreadcrumbList\",\"@id\":\"https:\\\/\\\/kristall.ch\\\/fr\\\/project\\\/semaine-saaser-hit-forfait-de-ski-inclus\\\/#breadcrumb\",\"itemListElement\":[{\"@type\":\"ListItem\",\"position\":1,\"name\":\"Home\",\"item\":\"https:\\\/\\\/kristall.ch\\\/\"},{\"@type\":\"ListItem\",\"position\":2,\"name\":\"Projekte\",\"item\":\"https:\\\/\\\/kristall.ch\\\/project\\\/\"},{\"@type\":\"ListItem\",\"position\":3,\"name\":\"Semaine Winter Hit &#8211; H\u00f4tel et forfait de ski en un seul paquet\"}]},{\"@type\":\"WebSite\",\"@id\":\"https:\\\/\\\/kristall.ch\\\/#website\",\"url\":\"https:\\\/\\\/kristall.ch\\\/\",\"name\":\"Kristall-Saphir\",\"description\":\"Das Hotel in Saas-Almagell\",\"potentialAction\":[{\"@type\":\"SearchAction\",\"target\":{\"@type\":\"EntryPoint\",\"urlTemplate\":\"https:\\\/\\\/kristall.ch\\\/?s={search_term_string}\"},\"query-input\":{\"@type\":\"PropertyValueSpecification\",\"valueRequired\":true,\"valueName\":\"search_term_string\"}}],\"inLanguage\":\"fr-FR\"}]}<\/script>\n<!-- \/ Yoast SEO plugin. -->","yoast_head_json":{"title":"Semaine Winter Hit - H\u00f4tel et forfait de ski en un seul paquet - H\u00f4tel Kristall-Saphir Saas-Fee\/Vall\u00e9e de Saas","description":"La magie de l'hiver en toute s\u00e9curit\u00e9 ! R\u00e9servez d\u00e8s maintenant pour 7 nuits en demi-pension et recevez en m\u00eame temps le forfait de ski ! Forfait de ski Saas-Fee\/Vall\u00e9e de Saas","robots":{"index":"index","follow":"follow","max-snippet":"max-snippet:-1","max-image-preview":"max-image-preview:large","max-video-preview":"max-video-preview:-1"},"canonical":"https:\/\/kristall.ch\/fr\/project\/semaine-saaser-hit-forfait-de-ski-inclus\/","og_locale":"fr_FR","og_type":"article","og_title":"Semaine Winter Hit - H\u00f4tel et forfait de ski en un seul paquet - H\u00f4tel Kristall-Saphir Saas-Fee\/Vall\u00e9e de Saas","og_description":"La magie de l'hiver en toute s\u00e9curit\u00e9 ! R\u00e9servez d\u00e8s maintenant pour 7 nuits en demi-pension et recevez en m\u00eame temps le forfait de ski ! Forfait de ski Saas-Fee\/Vall\u00e9e de Saas","og_url":"https:\/\/kristall.ch\/fr\/project\/semaine-saaser-hit-forfait-de-ski-inclus\/","og_site_name":"Kristall-Saphir","article_modified_time":"2026-04-07T12:25:16+00:00","og_image":[{"width":1920,"height":1280,"url":"https:\/\/kristall.ch\/wp-content\/uploads\/2021\/12\/Ski-Saas-Fee-\u00a9SaastalTourismusAG-AmarcsterMedia.avif","type":"image\/jpeg"}],"twitter_card":"summary_large_image","twitter_misc":{"Dur\u00e9e de lecture estim\u00e9e":"9 minutes"},"schema":{"@context":"https:\/\/schema.org","@graph":[{"@type":"WebPage","@id":"https:\/\/kristall.ch\/fr\/project\/semaine-saaser-hit-forfait-de-ski-inclus\/","url":"https:\/\/kristall.ch\/fr\/project\/semaine-saaser-hit-forfait-de-ski-inclus\/","name":"Semaine Winter Hit - H\u00f4tel et forfait de ski en un seul paquet - H\u00f4tel Kristall-Saphir Saas-Fee\/Vall\u00e9e de Saas","isPartOf":{"@id":"https:\/\/kristall.ch\/#website"},"primaryImageOfPage":{"@id":"https:\/\/kristall.ch\/fr\/project\/semaine-saaser-hit-forfait-de-ski-inclus\/#primaryimage"},"image":{"@id":"https:\/\/kristall.ch\/fr\/project\/semaine-saaser-hit-forfait-de-ski-inclus\/#primaryimage"},"thumbnailUrl":"https:\/\/kristall.ch\/wp-content\/uploads\/2021\/12\/Ski-Saas-Fee-\u00a9SaastalTourismusAG-AmarcsterMedia.avif","datePublished":"2022-02-03T15:55:20+00:00","dateModified":"2026-04-07T12:25:16+00:00","description":"La magie de l'hiver en toute s\u00e9curit\u00e9 ! R\u00e9servez d\u00e8s maintenant pour 7 nuits en demi-pension et recevez en m\u00eame temps le forfait de ski ! Forfait de ski Saas-Fee\/Vall\u00e9e de Saas","breadcrumb":{"@id":"https:\/\/kristall.ch\/fr\/project\/semaine-saaser-hit-forfait-de-ski-inclus\/#breadcrumb"},"inLanguage":"fr-FR","potentialAction":[{"@type":"ReadAction","target":["https:\/\/kristall.ch\/fr\/project\/semaine-saaser-hit-forfait-de-ski-inclus\/"]}]},{"@type":"ImageObject","inLanguage":"fr-FR","@id":"https:\/\/kristall.ch\/fr\/project\/semaine-saaser-hit-forfait-de-ski-inclus\/#primaryimage","url":"https:\/\/kristall.ch\/wp-content\/uploads\/2021\/12\/Ski-Saas-Fee-\u00a9SaastalTourismusAG-AmarcsterMedia.avif","contentUrl":"https:\/\/kristall.ch\/wp-content\/uploads\/2021\/12\/Ski-Saas-Fee-\u00a9SaastalTourismusAG-AmarcsterMedia.avif","width":1920,"height":1280},{"@type":"BreadcrumbList","@id":"https:\/\/kristall.ch\/fr\/project\/semaine-saaser-hit-forfait-de-ski-inclus\/#breadcrumb","itemListElement":[{"@type":"ListItem","position":1,"name":"Home","item":"https:\/\/kristall.ch\/"},{"@type":"ListItem","position":2,"name":"Projekte","item":"https:\/\/kristall.ch\/project\/"},{"@type":"ListItem","position":3,"name":"Semaine Winter Hit &#8211; H\u00f4tel et forfait de ski en un seul paquet"}]},{"@type":"WebSite","@id":"https:\/\/kristall.ch\/#website","url":"https:\/\/kristall.ch\/","name":"Kristall-Saphir","description":"Das Hotel in Saas-Almagell","potentialAction":[{"@type":"SearchAction","target":{"@type":"EntryPoint","urlTemplate":"https:\/\/kristall.ch\/?s={search_term_string}"},"query-input":{"@type":"PropertyValueSpecification","valueRequired":true,"valueName":"search_term_string"}}],"inLanguage":"fr-FR"}]}},"_links":{"self":[{"href":"https:\/\/kristall.ch\/fr\/wp-json\/wp\/v2\/project\/3128","targetHints":{"allow":["GET"]}}],"collection":[{"href":"https:\/\/kristall.ch\/fr\/wp-json\/wp\/v2\/project"}],"about":[{"href":"https:\/\/kristall.ch\/fr\/wp-json\/wp\/v2\/types\/project"}],"author":[{"embeddable":true,"href":"https:\/\/kristall.ch\/fr\/wp-json\/wp\/v2\/users\/2"}],"version-history":[{"count":0,"href":"https:\/\/kristall.ch\/fr\/wp-json\/wp\/v2\/project\/3128\/revisions"}],"wp:featuredmedia":[{"embeddable":true,"href":"https:\/\/kristall.ch\/fr\/wp-json\/wp\/v2\/media\/14355"}],"wp:attachment":[{"href":"https:\/\/kristall.ch\/fr\/wp-json\/wp\/v2\/media?parent=3128"}],"wp:term":[{"taxonomy":"project_category","embeddable":true,"href":"https:\/\/kristall.ch\/fr\/wp-json\/wp\/v2\/project_category?post=3128"},{"taxonomy":"project_tag","embeddable":true,"href":"https:\/\/kristall.ch\/fr\/wp-json\/wp\/v2\/project_tag?post=3128"}],"curies":[{"name":"wp","href":"https:\/\/api.w.org\/{rel}","templated":true}]}}