{"id":19098,"date":"2026-04-23T09:23:39","date_gmt":"2026-04-23T09:23:39","guid":{"rendered":"https:\/\/kristall.ch\/wp-global-styles-divi\/"},"modified":"2026-04-23T12:19:14","modified_gmt":"2026-04-23T12:19:14","slug":"nuit-suisse-de-la-randonnee","status":"publish","type":"project","link":"https:\/\/kristall.ch\/fr\/project\/nuit-suisse-de-la-randonnee\/","title":{"rendered":"Nuit suisse de la randonn\u00e9e 27. &#8211; 28. juin 2026"},"content":{"rendered":"<p>[et_pb_section fb_built=\u00a0\u00bb1&Prime; admin_label=\u00a0\u00bbsection\u00a0\u00bb _builder_version=\u00a0\u00bb4.16&Prime; custom_margin=\u00a0\u00bb|-57px||-57px|false|false\u00a0\u00bb custom_padding=\u00a0\u00bb|||0px|false|false\u00a0\u00bb global_colors_info=\u00a0\u00bb{}\u00a0\u00bb theme_builder_area=\u00a0\u00bbpost_content\u00a0\u00bb][et_pb_row use_custom_gutter=\u00a0\u00bbon\u00a0\u00bb gutter_width=\u00a0\u00bb1&Prime; admin_label=\u00a0\u00bbTittle Row\u00a0\u00bb _builder_version=\u00a0\u00bb4.16&Prime; custom_padding=\u00a0\u00bb0|0px|0px|0px|false|false\u00a0\u00bb global_colors_info=\u00a0\u00bb{}\u00a0\u00bb theme_builder_area=\u00a0\u00bbpost_content\u00a0\u00bb][et_pb_column type=\u00a0\u00bb4_4&Prime; _builder_version=\u00a0\u00bb4.16&Prime; custom_padding=\u00a0\u00bb|||\u00a0\u00bb custom_padding_tablet=\u00a0\u00bb\u00a0\u00bb custom_padding_phone=\u00a0\u00bb||||false|false\u00a0\u00bb custom_padding_last_edited=\u00a0\u00bbon|phone\u00a0\u00bb global_colors_info=\u00a0\u00bb{}\u00a0\u00bb custom_padding__hover=\u00a0\u00bb|||\u00a0\u00bb theme_builder_area=\u00a0\u00bbpost_content\u00a0\u00bb][et_pb_cta title=\u00a0\u00bbRandonn\u00e9e nocturne \u00e0 la pleine lune vers le Jazzil\u00fccke\u00a0\u00bb url_new_window=\u00a0\u00bbon\u00a0\u00bb button_text_last_edited=\u00a0\u00bboff|desktop\u00a0\u00bb _builder_version=\u00a0\u00bb4.27.6&Prime; header_font=\u00a0\u00bbOpen Sans|700|||||||\u00a0\u00bb header_text_color=\u00a0\u00bb#ffffff\u00a0\u00bb header_font_size=\u00a0\u00bb40px\u00a0\u00bb header_line_height=\u00a0\u00bb1.4em\u00a0\u00bb body_font=\u00a0\u00bbOpen Sans|500|||||||\u00a0\u00bb body_text_color=\u00a0\u00bb#FFFFFF\u00a0\u00bb body_font_size=\u00a0\u00bb16px\u00a0\u00bb body_line_height=\u00a0\u00bb1.9em\u00a0\u00bb background_color=\u00a0\u00bb#3a596b\u00a0\u00bb custom_button=\u00a0\u00bbon\u00a0\u00bb button_text_size=\u00a0\u00bb15px\u00a0\u00bb button_text_color=\u00a0\u00bb#000000&Prime; button_bg_color=\u00a0\u00bb#ffffff\u00a0\u00bb button_border_width=\u00a0\u00bb14px\u00a0\u00bb button_border_color=\u00a0\u00bb#ffffff\u00a0\u00bb button_border_radius=\u00a0\u00bb0px\u00a0\u00bb button_letter_spacing=\u00a0\u00bb1px\u00a0\u00bb button_font=\u00a0\u00bbOpen Sans||||||||\u00a0\u00bb text_orientation=\u00a0\u00bbleft\u00a0\u00bb max_width_last_edited=\u00a0\u00bboff|desktop\u00a0\u00bb module_alignment=\u00a0\u00bbright\u00a0\u00bb min_height=\u00a0\u00bb1198.6px\u00a0\u00bb custom_padding=\u00a0\u00bb31px|70px|27px|70px||\u00a0\u00bb custom_padding_tablet=\u00a0\u00bb\u00a0\u00bb custom_padding_phone=\u00a0\u00bb30px|18px|30px|18px\u00a0\u00bb custom_padding_last_edited=\u00a0\u00bbon|phone\u00a0\u00bb animation_style=\u00a0\u00bbslide\u00a0\u00bb animation_direction=\u00a0\u00bbleft\u00a0\u00bb animation_delay=\u00a0\u00bb400ms\u00a0\u00bb header_font_size_tablet=\u00a0\u00bb\u00a0\u00bb header_font_size_phone=\u00a0\u00bb25px\u00a0\u00bb header_font_size_last_edited=\u00a0\u00bbon|phone\u00a0\u00bb button_text_color_hover=\u00a0\u00bb#ffffff\u00a0\u00bb button_border_color_hover=\u00a0\u00bb#3FA2F7 \u00a0\u00bb button_border_radius_hover=\u00a0\u00bb5px\u00a0\u00bb button_letter_spacing_hover=\u00a0\u00bb4px\u00a0\u00bb button_bg_color_hover=\u00a0\u00bb#3FA2F7 \u00a0\u00bb global_module=\u00a0\u00bb19125&Prime; global_colors_info=\u00a0\u00bb{}\u00a0\u00bb button_text_size__hover_enabled=\u00a0\u00bboff\u00a0\u00bb button_one_text_size__hover_enabled=\u00a0\u00bboff\u00a0\u00bb button_two_text_size__hover_enabled=\u00a0\u00bboff\u00a0\u00bb button_text_color__hover_enabled=\u00a0\u00bbon|hover\u00a0\u00bb button_text_color__hover=\u00a0\u00bb#ffffff\u00a0\u00bb button_one_text_color__hover_enabled=\u00a0\u00bboff\u00a0\u00bb button_two_text_color__hover_enabled=\u00a0\u00bboff\u00a0\u00bb button_border_width__hover_enabled=\u00a0\u00bboff\u00a0\u00bb button_one_border_width__hover_enabled=\u00a0\u00bboff\u00a0\u00bb button_two_border_width__hover_enabled=\u00a0\u00bboff\u00a0\u00bb button_border_color__hover_enabled=\u00a0\u00bbon\u00a0\u00bb button_border_color__hover=\u00a0\u00bb#739fb6&Prime; button_one_border_color__hover_enabled=\u00a0\u00bboff\u00a0\u00bb button_two_border_color__hover_enabled=\u00a0\u00bboff\u00a0\u00bb button_border_radius__hover_enabled=\u00a0\u00bboff\u00a0\u00bb button_border_radius__hover=\u00a0\u00bb5px\u00a0\u00bb button_one_border_radius__hover_enabled=\u00a0\u00bboff\u00a0\u00bb button_two_border_radius__hover_enabled=\u00a0\u00bboff\u00a0\u00bb button_letter_spacing__hover_enabled=\u00a0\u00bbon\u00a0\u00bb button_letter_spacing__hover=\u00a0\u00bb2px\u00a0\u00bb button_one_letter_spacing__hover_enabled=\u00a0\u00bboff\u00a0\u00bb button_two_letter_spacing__hover_enabled=\u00a0\u00bboff\u00a0\u00bb button_bg_color__hover_enabled=\u00a0\u00bbon\u00a0\u00bb button_bg_color__hover=\u00a0\u00bb#739fb6&Prime; button_one_bg_color__hover_enabled=\u00a0\u00bboff\u00a0\u00bb button_two_bg_color__hover_enabled=\u00a0\u00bboff\u00a0\u00bb button_bg_enable_color__hover=\u00a0\u00bbon\u00a0\u00bb theme_builder_area=\u00a0\u00bbpost_content\u00a0\u00bb]<\/p>\n<p><strong>Une exp\u00e9rience inoubliable dans la nature<\/strong><br \/>D\u00e9couvre la magie des montagnes valaisannes la nuit : \u00c0 la lumi\u00e8re de la pleine lune, ce circuit impressionnant vous emm\u00e8ne \u00e0 travers des hautes vall\u00e9es sauvages, par des cols historiques et vers un point culminant spectaculaire &#8211; le lever du soleil dans la Jazzil\u00fccke avec une vue d\u00e9gag\u00e9e vers l&rsquo;est.<\/p>\n<p><strong>Description de l&rsquo;itin\u00e9raire<\/strong><br \/>De Saas-Almagell, le chemin monte vers Furggstalden et continue dans la vall\u00e9e isol\u00e9e de Furgg. Le chemin se d\u00e9roule agr\u00e9ablement au fond de la vall\u00e9e et permet de s&rsquo;immerger tranquillement dans le monde nocturne de la montagne.<br \/>Au col d&rsquo;Antrona, on atteint la fronti\u00e8re italo-suisse. Le chemin continue \u00e0 monter sur de vastes dalles rocheuses et m\u00e8ne &#8211; en partie de mani\u00e8re expos\u00e9e et s\u00e9curis\u00e9e par des cordes de maintien &#8211; \u00e0 la Jazzil\u00fccke. Ici, il faut absolument avoir le pied s\u00fbr et ne pas \u00eatre sujet au vertige. Avec un peu de chance, on peut observer en chemin des bouquetins ou des chamois qui se montrent dans le silence de la nuit et du petit matin.    <\/p>\n<p>Apr\u00e8s environ 5\u00bd heures de marche, nous atteignons le point culminant de la randonn\u00e9e : le lever du soleil sur la Jazzil\u00fccke &#8211; un moment inoubliable, bien au-dessus des Alpes. Derri\u00e8re la Jazzil\u00fccke s&rsquo;ouvre la vall\u00e9e originelle de l&rsquo;Ofental. Le chemin descend par des pentes rocailleuses puis par un large fond de vall\u00e9e avec un ruisseau bruyant jusqu&rsquo;au barrage de Mattmark.  <\/p>\n<p><strong>Ce qui vous attend :<\/strong><br \/>&#8211; 22:30 Accueil au bar de l&rsquo;h\u00f4tel Kristall-Saphir<br \/>&#8211; 23:00 D\u00e9part de Saas-Almagell<br \/>&#8211; 04:00 Col de l&rsquo;Antrona<br \/>&#8211; 05:40 Lever de soleil Jazzl\u00fccke<br \/>&#8211; 06:00 Caf\u00e9 et croissants<br \/>&#8211; 06:30 D\u00e9part<br \/>&#8211; 09:00 Retour depuis le barrage de Mattmark<br \/>&#8211; 09:30 Petit d\u00e9jeuner \u00e0 l&rsquo;h\u00f4tel Kristall-Saphir<\/p>\n<p>Difficult\u00e9 : T3+ \/ Max. 20 personnes<br \/>\u00c9quipement : v\u00eatements tr\u00e8s chauds de haute montagne, gants, bonnet, protection contre la pluie, chaussures de montagne solides avec semelle Vibram, lampe frontale <\/p>\n<p>Prix : Sans nuit\u00e9e : CHF 80.00 (y compris guide de randonn\u00e9e, trajets en bus, caf\u00e9 &amp; croissants, buffet petit-d\u00e9jeuner)<\/p>\n<p>[\/et_pb_cta][\/et_pb_column][\/et_pb_row][et_pb_row _builder_version=\u00a0\u00bb4.23.1&Prime; _module_preset=\u00a0\u00bbdefault\u00a0\u00bb global_colors_info=\u00a0\u00bb{}\u00a0\u00bb theme_builder_area=\u00a0\u00bbpost_content\u00a0\u00bb][et_pb_column type=\u00a0\u00bb4_4&Prime; _builder_version=\u00a0\u00bb4.23.1&Prime; _module_preset=\u00a0\u00bbdefault\u00a0\u00bb global_colors_info=\u00a0\u00bb{}\u00a0\u00bb theme_builder_area=\u00a0\u00bbpost_content\u00a0\u00bb][et_pb_button button_url=\u00a0\u00bbhttps:\/\/kristall.ch\/wp-content\/uploads\/2026\/04\/Schweizer-Wandernacht-2026-FR.pdf\u00a0\u00bb url_new_window=\u00a0\u00bbon\u00a0\u00bb button_text=\u00a0\u00bbInformations en PDF\u00a0\u00bb _builder_version=\u00a0\u00bb4.27.6&Prime; _module_preset=\u00a0\u00bbdefault\u00a0\u00bb button_text_color=\u00a0\u00bb#FFFFFF\u00a0\u00bb button_bg_color=\u00a0\u00bb#3a596b\u00a0\u00bb button_border_radius=\u00a0\u00bb10px\u00a0\u00bb button_font=\u00a0\u00bbArial|600|||||||\u00a0\u00bb background_layout=\u00a0\u00bbdark\u00a0\u00bb hover_enabled=\u00a0\u00bb0&Prime; global_colors_info=\u00a0\u00bb{}\u00a0\u00bb button_bg_color__hover_enabled=\u00a0\u00bbon|hover\u00a0\u00bb button_bg_color__hover=\u00a0\u00bb#739fb6&Prime; button_bg_enable_color__hover=\u00a0\u00bbon\u00a0\u00bb theme_builder_area=\u00a0\u00bbpost_content\u00a0\u00bb sticky_enabled=\u00a0\u00bb0&Prime;][\/et_pb_button][\/et_pb_column][\/et_pb_row][et_pb_row column_structure=\u00a0\u00bb1_2,1_2&Prime; _builder_version=\u00a0\u00bb4.16&Prime; _module_preset=\u00a0\u00bbdefault\u00a0\u00bb custom_margin=\u00a0\u00bb1px|auto||auto||\u00a0\u00bb custom_padding=\u00a0\u00bb||0px|||\u00a0\u00bb global_colors_info=\u00a0\u00bb{}\u00a0\u00bb theme_builder_area=\u00a0\u00bbpost_content\u00a0\u00bb][et_pb_column type=\u00a0\u00bb1_2&Prime; _builder_version=\u00a0\u00bb4.16&Prime; _module_preset=\u00a0\u00bbdefault\u00a0\u00bb global_colors_info=\u00a0\u00bb{}\u00a0\u00bb theme_builder_area=\u00a0\u00bbpost_content\u00a0\u00bb][et_pb_image src=\u00a0\u00bbhttps:\/\/kristall.ch\/wp-content\/uploads\/2023\/03\/Bild1.jpg\u00a0\u00bb title_text=\u00a0\u00bbImage1&Prime; _builder_version=\u00a0\u00bb4.20.0&Prime; _module_preset=\u00a0\u00bbdefault\u00a0\u00bb custom_padding=\u00a0\u00bb125px|||||\u00a0\u00bb global_colors_info=\u00a0\u00bb{}\u00a0\u00bb theme_builder_area=\u00a0\u00bbpost_content\u00a0\u00bb][\/et_pb_image][\/et_pb_column][et_pb_column type=\u00a0\u00bb1_2&Prime; _builder_version=\u00a0\u00bb4.16&Prime; _module_preset=\u00a0\u00bbdefault\u00a0\u00bb global_colors_info=\u00a0\u00bb{}\u00a0\u00bb theme_builder_area=\u00a0\u00bbpost_content\u00a0\u00bb][et_pb_text _builder_version=\u00a0\u00bb4.20.4&Prime; header_font=\u00a0\u00bbOpen Sans|700|||||||\u00a0\u00bb header_text_color=\u00a0\u00bb#3a596b\u00a0\u00bb header_font_size=\u00a0\u00bb40px\u00a0\u00bb header_2_font=\u00a0\u00bbDancing Script|600|||||||\u00a0\u00bb header_2_text_color=\u00a0\u00bb#3a596b\u00a0\u00bb header_3_font=\u00a0\u00bbDancing Script|600|||||||\u00a0\u00bb header_3_text_color=\u00a0\u00bb#3a596b\u00a0\u00bb header_3_font_size=\u00a0\u00bb60px\u00a0\u00bb custom_margin=\u00a0\u00bb0px||50px||false|false\u00a0\u00bb custom_padding=\u00a0\u00bb55px|||||\u00a0\u00bb global_colors_info=\u00a0\u00bb{}\u00a0\u00bb theme_builder_area=\u00a0\u00bbpost_content\u00a0\u00bb]<\/p>\n<h1><span style=\"font-family: 'Dancing Script', handwriting;font-size: 50px\">Votre guide de randonn\u00e9e<br \/>Dominic Anthamatten<\/span><\/h1>\n<p>[\/et_pb_text][et_pb_text _builder_version=\u00a0\u00bb4.20.4&Prime; text_font=\u00a0\u00bbOpen Sans||||||||\u00a0\u00bb text_text_color=\u00a0\u00bb#000000&Prime; text_line_height=\u00a0\u00bb1.8em\u00a0\u00bb header_font=\u00a0\u00bbPoppins|600|||||||\u00a0\u00bb header_font_size=\u00a0\u00bb57px\u00a0\u00bb header_2_font=\u00a0\u00bbPoppins|600|||||||\u00a0\u00bb header_2_text_color=\u00a0\u00bb#FF5E14&Prime; header_2_font_size=\u00a0\u00bb49px\u00a0\u00bb min_height=\u00a0\u00bb89.4px\u00a0\u00bb custom_margin=\u00a0\u00bb-44px||-44px||true|false\u00a0\u00bb custom_padding=\u00a0\u00bb42px|12px|42px|24px|true|false\u00a0\u00bb global_colors_info=\u00a0\u00bb{}\u00a0\u00bb theme_builder_area=\u00a0\u00bbpost_content\u00a0\u00bb]<\/p>\n<p style=\"text-align: left\">Accompagnateur de randonn\u00e9e dipl\u00f4m\u00e9 ASAM \/ SWL avec brevet f\u00e9d\u00e9ral Brevet f\u00e9d\u00e9ral et reconnaissance internationale UIMLA<\/p>\n<p style=\"text-align: left\">Pour moi, la randonn\u00e9e ne se r\u00e9sume pas \u00e0 gravir une montagne marquante ou \u00e0 faire le tour d&rsquo;un lac. Pour moi, la randonn\u00e9e est synonyme d&rsquo;exp\u00e9rience de la beaut\u00e9 du paysage suisse, de la nature et de la culture, d&rsquo;\u00e9merveillement sans cesse renouvel\u00e9 et de compr\u00e9hension toujours plus grande.<\/p>\n<p style=\"text-align: left\">J&rsquo;aime travailler avec les gens et leur transmettre de nouvelles connaissances. J&rsquo;y apprends souvent moi-m\u00eame de nouvelles choses, que ce soit des participants ou de la nature elle-m\u00eame. Pour moi, c&rsquo;est toujours fascinant et durable.<\/p>\n<table class=\"alignleft\" style=\"border-collapse: collapse;width: 100%\" border=\"1\">\n<tbody>\n<tr>\n<td style=\"width: 33.3333%\"><img loading=\"lazy\" decoding=\"async\" class=\"wp-image-10199 alignnone size-medium\" src=\"https:\/\/kristall.ch\/wp-content\/uploads\/2023\/04\/logo-asam-300x215.png\" alt=\"\" width=\"300\" height=\"215\"><\/td>\n<td style=\"width: 33.3333%\"><img loading=\"lazy\" decoding=\"async\" class=\"wp-image-10202 alignnone size-medium\" src=\"https:\/\/kristall.ch\/wp-content\/uploads\/2023\/04\/swissmountainleader-300x164.png\" alt=\"\" width=\"300\" height=\"164\"><\/td>\n<td style=\"width: 33.3333%\"><img loading=\"lazy\" decoding=\"async\" class=\"wp-image-10205 alignnone size-medium\" src=\"https:\/\/kristall.ch\/wp-content\/uploads\/2023\/04\/uimla-300x300.png\" alt=\"\" width=\"300\" height=\"300\"><\/td>\n<\/tr>\n<\/tbody>\n<\/table>\n<p style=\"text-align: left\">[\/et_pb_text][\/et_pb_column][\/et_pb_row][et_pb_row _builder_version=\u00a0\u00bb4.16&Prime; _module_preset=\u00a0\u00bbdefault\u00a0\u00bb custom_padding=\u00a0\u00bb0px|||||\u00a0\u00bb global_colors_info=\u00a0\u00bb{}\u00a0\u00bb theme_builder_area=\u00a0\u00bbpost_content\u00a0\u00bb][et_pb_column type=\u00a0\u00bb4_4&Prime; _builder_version=\u00a0\u00bb4.16&Prime; _module_preset=\u00a0\u00bbdefault\u00a0\u00bb global_colors_info=\u00a0\u00bb{}\u00a0\u00bb theme_builder_area=\u00a0\u00bbpost_content\u00a0\u00bb][et_pb_text _builder_version=\u00a0\u00bb4.16&Prime; text_font=\u00a0\u00bbOpen Sans|700|||||||\u00a0\u00bb text_text_color=\u00a0\u00bb#3a596b\u00a0\u00bb text_font_size=\u00a0\u00bb40px\u00a0\u00bb text_line_height=\u00a0\u00bb1.4em\u00a0\u00bb header_font=\u00a0\u00bbPoppins|600|||||||\u00a0\u00bb header_font_size=\u00a0\u00bb57px\u00a0\u00bb header_2_font=\u00a0\u00bbPoppins|600|||||||\u00a0\u00bb header_2_text_color=\u00a0\u00bb#FF5E14&Prime; header_2_font_size=\u00a0\u00bb49px\u00a0\u00bb custom_padding=\u00a0\u00bb0px|12px|0px|13px|true|false\u00a0\u00bb global_colors_info=\u00a0\u00bb{}\u00a0\u00bb theme_builder_area=\u00a0\u00bbpost_content\u00a0\u00bb]<\/p>\n<p>Inscrivez-vous d\u00e8s maintenant !<\/p>\n<p>[\/et_pb_text][et_pb_contact_form _builder_version=\u00a0\u00bb4.16&Prime; _module_preset=\u00a0\u00bbdefault\u00a0\u00bb _unique_id=\u00a0\u00bb2382b51c-8e75-4e49-b971-82f25db2c0cb\u00a0\u00bb global_colors_info=\u00a0\u00bb{}\u00a0\u00bb theme_builder_area=\u00a0\u00bbpost_content\u00a0\u00bb][et_pb_contact_field field_id=\u00a0\u00bbName\u00a0\u00bb field_title=\u00a0\u00bbNom\u00a0\u00bb _builder_version=\u00a0\u00bb4.16&Prime; global_colors_info=\u00a0\u00bb{}\u00a0\u00bb button_text_size__hover_enabled=\u00a0\u00bboff\u00a0\u00bb button_one_text_size__hover_enabled=\u00a0\u00bboff\u00a0\u00bb button_two_text_size__hover_enabled=\u00a0\u00bboff\u00a0\u00bb button_text_color__hover_enabled=\u00a0\u00bboff\u00a0\u00bb button_one_text_color__hover_enabled=\u00a0\u00bboff\u00a0\u00bb button_two_text_color__hover_enabled=\u00a0\u00bboff\u00a0\u00bb button_border_width__hover_enabled=\u00a0\u00bboff\u00a0\u00bb button_one_border_width__hover_enabled=\u00a0\u00bboff\u00a0\u00bb button_two_border_width__hover_enabled=\u00a0\u00bboff\u00a0\u00bb button_border_color__hover_enabled=\u00a0\u00bboff\u00a0\u00bb button_one_border_color__hover_enabled=\u00a0\u00bboff\u00a0\u00bb button_two_border_color__hover_enabled=\u00a0\u00bboff\u00a0\u00bb button_border_radius__hover_enabled=\u00a0\u00bboff\u00a0\u00bb button_one_border_radius__hover_enabled=\u00a0\u00bboff\u00a0\u00bb button_two_border_radius__hover_enabled=\u00a0\u00bboff\u00a0\u00bb button_letter_spacing__hover_enabled=\u00a0\u00bboff\u00a0\u00bb button_one_letter_spacing__hover_enabled=\u00a0\u00bboff\u00a0\u00bb button_two_letter_spacing__hover_enabled=\u00a0\u00bboff\u00a0\u00bb button_bg_color__hover_enabled=\u00a0\u00bboff\u00a0\u00bb button_one_bg_color__hover_enabled=\u00a0\u00bboff\u00a0\u00bb button_two_bg_color__hover_enabled=\u00a0\u00bboff\u00a0\u00bb theme_builder_area=\u00a0\u00bbpost_content\u00a0\u00bb][\/et_pb_contact_field][et_pb_contact_field field_id=\u00a0\u00bbEmail\u00a0\u00bb field_title=\u00a0\u00bbAdresse \u00e9lectronique\u00a0\u00bb field_type=\u00a0\u00bbemail\u00a0\u00bb _builder_version=\u00a0\u00bb4.16&Prime; global_colors_info=\u00a0\u00bb{}\u00a0\u00bb button_text_size__hover_enabled=\u00a0\u00bboff\u00a0\u00bb button_one_text_size__hover_enabled=\u00a0\u00bboff\u00a0\u00bb button_two_text_size__hover_enabled=\u00a0\u00bboff\u00a0\u00bb button_text_color__hover_enabled=\u00a0\u00bboff\u00a0\u00bb button_one_text_color__hover_enabled=\u00a0\u00bboff\u00a0\u00bb button_two_text_color__hover_enabled=\u00a0\u00bboff\u00a0\u00bb button_border_width__hover_enabled=\u00a0\u00bboff\u00a0\u00bb button_one_border_width__hover_enabled=\u00a0\u00bboff\u00a0\u00bb button_two_border_width__hover_enabled=\u00a0\u00bboff\u00a0\u00bb button_border_color__hover_enabled=\u00a0\u00bboff\u00a0\u00bb button_one_border_color__hover_enabled=\u00a0\u00bboff\u00a0\u00bb button_two_border_color__hover_enabled=\u00a0\u00bboff\u00a0\u00bb button_border_radius__hover_enabled=\u00a0\u00bboff\u00a0\u00bb button_one_border_radius__hover_enabled=\u00a0\u00bboff\u00a0\u00bb button_two_border_radius__hover_enabled=\u00a0\u00bboff\u00a0\u00bb button_letter_spacing__hover_enabled=\u00a0\u00bboff\u00a0\u00bb button_one_letter_spacing__hover_enabled=\u00a0\u00bboff\u00a0\u00bb button_two_letter_spacing__hover_enabled=\u00a0\u00bboff\u00a0\u00bb button_bg_color__hover_enabled=\u00a0\u00bboff\u00a0\u00bb button_one_bg_color__hover_enabled=\u00a0\u00bboff\u00a0\u00bb button_two_bg_color__hover_enabled=\u00a0\u00bboff\u00a0\u00bb theme_builder_area=\u00a0\u00bbpost_content\u00a0\u00bb][\/et_pb_contact_field][et_pb_contact_field field_id=\u00a0\u00bbMessage\u00a0\u00bb field_title=\u00a0\u00bbMessage\u00a0\u00bb field_type=\u00a0\u00bbtext\u00a0\u00bb fullwidth_field=\u00a0\u00bbon\u00a0\u00bb _builder_version=\u00a0\u00bb4.16&Prime; global_colors_info=\u00a0\u00bb{}\u00a0\u00bb button_text_size__hover_enabled=\u00a0\u00bboff\u00a0\u00bb button_one_text_size__hover_enabled=\u00a0\u00bboff\u00a0\u00bb button_two_text_size__hover_enabled=\u00a0\u00bboff\u00a0\u00bb button_text_color__hover_enabled=\u00a0\u00bboff\u00a0\u00bb button_one_text_color__hover_enabled=\u00a0\u00bboff\u00a0\u00bb button_two_text_color__hover_enabled=\u00a0\u00bboff\u00a0\u00bb button_border_width__hover_enabled=\u00a0\u00bboff\u00a0\u00bb button_one_border_width__hover_enabled=\u00a0\u00bboff\u00a0\u00bb button_two_border_width__hover_enabled=\u00a0\u00bboff\u00a0\u00bb button_border_color__hover_enabled=\u00a0\u00bboff\u00a0\u00bb button_one_border_color__hover_enabled=\u00a0\u00bboff\u00a0\u00bb button_two_border_color__hover_enabled=\u00a0\u00bboff\u00a0\u00bb button_border_radius__hover_enabled=\u00a0\u00bboff\u00a0\u00bb button_one_border_radius__hover_enabled=\u00a0\u00bboff\u00a0\u00bb button_two_border_radius__hover_enabled=\u00a0\u00bboff\u00a0\u00bb button_letter_spacing__hover_enabled=\u00a0\u00bboff\u00a0\u00bb button_one_letter_spacing__hover_enabled=\u00a0\u00bboff\u00a0\u00bb button_two_letter_spacing__hover_enabled=\u00a0\u00bboff\u00a0\u00bb button_bg_color__hover_enabled=\u00a0\u00bboff\u00a0\u00bb button_one_bg_color__hover_enabled=\u00a0\u00bboff\u00a0\u00bb button_two_bg_color__hover_enabled=\u00a0\u00bboff\u00a0\u00bb theme_builder_area=\u00a0\u00bbpost_content\u00a0\u00bb][\/et_pb_contact_field][\/et_pb_contact_form][\/et_pb_column][\/et_pb_row][\/et_pb_section]<\/p>\n","protected":false},"excerpt":{"rendered":"<p>Une exp\u00e9rience inoubliable dans la natureD\u00e9couvre la magie des montagnes valaisannes la nuit : \u00c0 la lumi\u00e8re de la pleine lune, ce circuit impressionnant vous emm\u00e8ne \u00e0 travers des hautes vall\u00e9es sauvages, par des cols historiques et vers un point culminant spectaculaire &#8211; le lever du soleil dans la Jazzil\u00fccke avec une vue d\u00e9gag\u00e9e vers [&hellip;]<\/p>\n","protected":false},"author":4,"featured_media":19093,"template":"","meta":{"_et_pb_use_builder":"on","_et_pb_old_content":"","_et_gb_content_width":"","footnotes":""},"project_category":[37],"project_tag":[],"class_list":["post-19098","project","type-project","status-publish","has-post-thumbnail","hentry","project_category-ete"],"yoast_head":"<!-- This site is optimized with the Yoast SEO plugin v27.4 - https:\/\/yoast.com\/product\/yoast-seo-wordpress\/ -->\n<title>Nuit suisse de la randonn\u00e9e 27. - 28. juin 2026<\/title>\n<meta name=\"description\" content=\"D\u00e9couvre la magie de la montagne de nuit : \u00c0 la lumi\u00e8re de la pleine lune, ce circuit impressionnant vous emm\u00e8ne \u00e0 travers des hautes vall\u00e9es sauvages, par des cols historiques et vers un point culminant spectaculaire - le lever du soleil dans la Jazzil\u00fccke avec une vue d\u00e9gag\u00e9e vers l&#039;est.\" \/>\n<meta name=\"robots\" content=\"index, follow, max-snippet:-1, max-image-preview:large, max-video-preview:-1\" \/>\n<link rel=\"canonical\" href=\"https:\/\/kristall.ch\/fr\/project\/nuit-suisse-de-la-randonnee\/\" \/>\n<meta property=\"og:locale\" content=\"fr_FR\" \/>\n<meta property=\"og:type\" content=\"article\" \/>\n<meta property=\"og:title\" content=\"Nuit suisse de la randonn\u00e9e 27. - 28. juin 2026\" \/>\n<meta property=\"og:description\" content=\"D\u00e9couvre la magie de la montagne de nuit : \u00c0 la lumi\u00e8re de la pleine lune, ce circuit impressionnant vous emm\u00e8ne \u00e0 travers des hautes vall\u00e9es sauvages, par des cols historiques et vers un point culminant spectaculaire - le lever du soleil dans la Jazzil\u00fccke avec une vue d\u00e9gag\u00e9e vers l&#039;est.\" \/>\n<meta property=\"og:url\" content=\"https:\/\/kristall.ch\/fr\/project\/nuit-suisse-de-la-randonnee\/\" \/>\n<meta property=\"og:site_name\" content=\"Kristall-Saphir\" \/>\n<meta property=\"article:modified_time\" content=\"2026-04-23T12:19:14+00:00\" \/>\n<meta name=\"twitter:card\" content=\"summary_large_image\" \/>\n<meta name=\"twitter:label1\" content=\"Dur\u00e9e de lecture estim\u00e9e\" \/>\n\t<meta name=\"twitter:data1\" content=\"4 minutes\" \/>\n<script type=\"application\/ld+json\" class=\"yoast-schema-graph\">{\"@context\":\"https:\\\/\\\/schema.org\",\"@graph\":[{\"@type\":\"WebPage\",\"@id\":\"https:\\\/\\\/kristall.ch\\\/fr\\\/project\\\/nuit-suisse-de-la-randonnee\\\/\",\"url\":\"https:\\\/\\\/kristall.ch\\\/fr\\\/project\\\/nuit-suisse-de-la-randonnee\\\/\",\"name\":\"Nuit suisse de la randonn\u00e9e 27. - 28. juin 2026\",\"isPartOf\":{\"@id\":\"https:\\\/\\\/kristall.ch\\\/#website\"},\"primaryImageOfPage\":{\"@id\":\"https:\\\/\\\/kristall.ch\\\/fr\\\/project\\\/nuit-suisse-de-la-randonnee\\\/#primaryimage\"},\"image\":{\"@id\":\"https:\\\/\\\/kristall.ch\\\/fr\\\/project\\\/nuit-suisse-de-la-randonnee\\\/#primaryimage\"},\"thumbnailUrl\":\"https:\\\/\\\/kristall.ch\\\/wp-content\\\/uploads\\\/2023\\\/04\\\/Hoch-im-Saastal.avif\",\"datePublished\":\"2026-04-23T09:23:39+00:00\",\"dateModified\":\"2026-04-23T12:19:14+00:00\",\"description\":\"D\u00e9couvre la magie de la montagne de nuit : \u00c0 la lumi\u00e8re de la pleine lune, ce circuit impressionnant vous emm\u00e8ne \u00e0 travers des hautes vall\u00e9es sauvages, par des cols historiques et vers un point culminant spectaculaire - le lever du soleil dans la Jazzil\u00fccke avec une vue d\u00e9gag\u00e9e vers l'est.\",\"breadcrumb\":{\"@id\":\"https:\\\/\\\/kristall.ch\\\/fr\\\/project\\\/nuit-suisse-de-la-randonnee\\\/#breadcrumb\"},\"inLanguage\":\"fr-FR\",\"potentialAction\":[{\"@type\":\"ReadAction\",\"target\":[\"https:\\\/\\\/kristall.ch\\\/fr\\\/project\\\/nuit-suisse-de-la-randonnee\\\/\"]}]},{\"@type\":\"ImageObject\",\"inLanguage\":\"fr-FR\",\"@id\":\"https:\\\/\\\/kristall.ch\\\/fr\\\/project\\\/nuit-suisse-de-la-randonnee\\\/#primaryimage\",\"url\":\"https:\\\/\\\/kristall.ch\\\/wp-content\\\/uploads\\\/2023\\\/04\\\/Hoch-im-Saastal.avif\",\"contentUrl\":\"https:\\\/\\\/kristall.ch\\\/wp-content\\\/uploads\\\/2023\\\/04\\\/Hoch-im-Saastal.avif\",\"width\":1946,\"height\":1360},{\"@type\":\"BreadcrumbList\",\"@id\":\"https:\\\/\\\/kristall.ch\\\/fr\\\/project\\\/nuit-suisse-de-la-randonnee\\\/#breadcrumb\",\"itemListElement\":[{\"@type\":\"ListItem\",\"position\":1,\"name\":\"Home\",\"item\":\"https:\\\/\\\/kristall.ch\\\/\"},{\"@type\":\"ListItem\",\"position\":2,\"name\":\"Projekte\",\"item\":\"https:\\\/\\\/kristall.ch\\\/project\\\/\"},{\"@type\":\"ListItem\",\"position\":3,\"name\":\"Nuit suisse de la randonn\u00e9e 27. &#8211; 28. juin 2026\"}]},{\"@type\":\"WebSite\",\"@id\":\"https:\\\/\\\/kristall.ch\\\/#website\",\"url\":\"https:\\\/\\\/kristall.ch\\\/\",\"name\":\"Kristall-Saphir\",\"description\":\"Das Hotel in Saas-Almagell\",\"potentialAction\":[{\"@type\":\"SearchAction\",\"target\":{\"@type\":\"EntryPoint\",\"urlTemplate\":\"https:\\\/\\\/kristall.ch\\\/?s={search_term_string}\"},\"query-input\":{\"@type\":\"PropertyValueSpecification\",\"valueRequired\":true,\"valueName\":\"search_term_string\"}}],\"inLanguage\":\"fr-FR\"}]}<\/script>\n<!-- \/ Yoast SEO plugin. -->","yoast_head_json":{"title":"Nuit suisse de la randonn\u00e9e 27. - 28. juin 2026","description":"D\u00e9couvre la magie de la montagne de nuit : \u00c0 la lumi\u00e8re de la pleine lune, ce circuit impressionnant vous emm\u00e8ne \u00e0 travers des hautes vall\u00e9es sauvages, par des cols historiques et vers un point culminant spectaculaire - le lever du soleil dans la Jazzil\u00fccke avec une vue d\u00e9gag\u00e9e vers l'est.","robots":{"index":"index","follow":"follow","max-snippet":"max-snippet:-1","max-image-preview":"max-image-preview:large","max-video-preview":"max-video-preview:-1"},"canonical":"https:\/\/kristall.ch\/fr\/project\/nuit-suisse-de-la-randonnee\/","og_locale":"fr_FR","og_type":"article","og_title":"Nuit suisse de la randonn\u00e9e 27. - 28. juin 2026","og_description":"D\u00e9couvre la magie de la montagne de nuit : \u00c0 la lumi\u00e8re de la pleine lune, ce circuit impressionnant vous emm\u00e8ne \u00e0 travers des hautes vall\u00e9es sauvages, par des cols historiques et vers un point culminant spectaculaire - le lever du soleil dans la Jazzil\u00fccke avec une vue d\u00e9gag\u00e9e vers l'est.","og_url":"https:\/\/kristall.ch\/fr\/project\/nuit-suisse-de-la-randonnee\/","og_site_name":"Kristall-Saphir","article_modified_time":"2026-04-23T12:19:14+00:00","twitter_card":"summary_large_image","twitter_misc":{"Dur\u00e9e de lecture estim\u00e9e":"4 minutes"},"schema":{"@context":"https:\/\/schema.org","@graph":[{"@type":"WebPage","@id":"https:\/\/kristall.ch\/fr\/project\/nuit-suisse-de-la-randonnee\/","url":"https:\/\/kristall.ch\/fr\/project\/nuit-suisse-de-la-randonnee\/","name":"Nuit suisse de la randonn\u00e9e 27. - 28. juin 2026","isPartOf":{"@id":"https:\/\/kristall.ch\/#website"},"primaryImageOfPage":{"@id":"https:\/\/kristall.ch\/fr\/project\/nuit-suisse-de-la-randonnee\/#primaryimage"},"image":{"@id":"https:\/\/kristall.ch\/fr\/project\/nuit-suisse-de-la-randonnee\/#primaryimage"},"thumbnailUrl":"https:\/\/kristall.ch\/wp-content\/uploads\/2023\/04\/Hoch-im-Saastal.avif","datePublished":"2026-04-23T09:23:39+00:00","dateModified":"2026-04-23T12:19:14+00:00","description":"D\u00e9couvre la magie de la montagne de nuit : \u00c0 la lumi\u00e8re de la pleine lune, ce circuit impressionnant vous emm\u00e8ne \u00e0 travers des hautes vall\u00e9es sauvages, par des cols historiques et vers un point culminant spectaculaire - le lever du soleil dans la Jazzil\u00fccke avec une vue d\u00e9gag\u00e9e vers l'est.","breadcrumb":{"@id":"https:\/\/kristall.ch\/fr\/project\/nuit-suisse-de-la-randonnee\/#breadcrumb"},"inLanguage":"fr-FR","potentialAction":[{"@type":"ReadAction","target":["https:\/\/kristall.ch\/fr\/project\/nuit-suisse-de-la-randonnee\/"]}]},{"@type":"ImageObject","inLanguage":"fr-FR","@id":"https:\/\/kristall.ch\/fr\/project\/nuit-suisse-de-la-randonnee\/#primaryimage","url":"https:\/\/kristall.ch\/wp-content\/uploads\/2023\/04\/Hoch-im-Saastal.avif","contentUrl":"https:\/\/kristall.ch\/wp-content\/uploads\/2023\/04\/Hoch-im-Saastal.avif","width":1946,"height":1360},{"@type":"BreadcrumbList","@id":"https:\/\/kristall.ch\/fr\/project\/nuit-suisse-de-la-randonnee\/#breadcrumb","itemListElement":[{"@type":"ListItem","position":1,"name":"Home","item":"https:\/\/kristall.ch\/"},{"@type":"ListItem","position":2,"name":"Projekte","item":"https:\/\/kristall.ch\/project\/"},{"@type":"ListItem","position":3,"name":"Nuit suisse de la randonn\u00e9e 27. &#8211; 28. juin 2026"}]},{"@type":"WebSite","@id":"https:\/\/kristall.ch\/#website","url":"https:\/\/kristall.ch\/","name":"Kristall-Saphir","description":"Das Hotel in Saas-Almagell","potentialAction":[{"@type":"SearchAction","target":{"@type":"EntryPoint","urlTemplate":"https:\/\/kristall.ch\/?s={search_term_string}"},"query-input":{"@type":"PropertyValueSpecification","valueRequired":true,"valueName":"search_term_string"}}],"inLanguage":"fr-FR"}]}},"_links":{"self":[{"href":"https:\/\/kristall.ch\/fr\/wp-json\/wp\/v2\/project\/19098","targetHints":{"allow":["GET"]}}],"collection":[{"href":"https:\/\/kristall.ch\/fr\/wp-json\/wp\/v2\/project"}],"about":[{"href":"https:\/\/kristall.ch\/fr\/wp-json\/wp\/v2\/types\/project"}],"author":[{"embeddable":true,"href":"https:\/\/kristall.ch\/fr\/wp-json\/wp\/v2\/users\/4"}],"version-history":[{"count":0,"href":"https:\/\/kristall.ch\/fr\/wp-json\/wp\/v2\/project\/19098\/revisions"}],"wp:featuredmedia":[{"embeddable":true,"href":"https:\/\/kristall.ch\/fr\/wp-json\/wp\/v2\/media\/19093"}],"wp:attachment":[{"href":"https:\/\/kristall.ch\/fr\/wp-json\/wp\/v2\/media?parent=19098"}],"wp:term":[{"taxonomy":"project_category","embeddable":true,"href":"https:\/\/kristall.ch\/fr\/wp-json\/wp\/v2\/project_category?post=19098"},{"taxonomy":"project_tag","embeddable":true,"href":"https:\/\/kristall.ch\/fr\/wp-json\/wp\/v2\/project_tag?post=19098"}],"curies":[{"name":"wp","href":"https:\/\/api.w.org\/{rel}","templated":true}]}}