{"id":17930,"date":"2025-10-27T14:24:41","date_gmt":"2025-10-27T14:24:41","guid":{"rendered":"https:\/\/kristall.ch\/?post_type=project&#038;p=17930"},"modified":"2025-10-27T15:04:53","modified_gmt":"2025-10-27T15:04:53","slug":"semaine-dactivite-et-de-plaisir-a-lhotel-kristall-saphir-24-30-mai-2026","status":"publish","type":"project","link":"https:\/\/kristall.ch\/fr\/project\/semaine-dactivite-et-de-plaisir-a-lhotel-kristall-saphir-24-30-mai-2026\/","title":{"rendered":"Semaine d&rsquo;activit\u00e9 et de plaisir \u00e0 l&rsquo;h\u00f4tel Kristall-Saphir &#8211; 24 &#8211; 30 mai 2026"},"content":{"rendered":"<p>[et_pb_section fb_built=\u00a0\u00bb1&Prime; admin_label=\u00a0\u00bbsection\u00a0\u00bb _builder_version=\u00a0\u00bb4.16&Prime; custom_margin=\u00a0\u00bb|-57px||-57px|false|false\u00a0\u00bb custom_padding=\u00a0\u00bb|||0px|false|false\u00a0\u00bb global_colors_info=\u00a0\u00bb{}\u00a0\u00bb][et_pb_row _builder_version=\u00a0\u00bb4.27.4&Prime; _module_preset=\u00a0\u00bbdefault\u00a0\u00bb custom_padding=\u00a0\u00bb1px|||||\u00a0\u00bb global_colors_info=\u00a0\u00bb{}\u00a0\u00bb][et_pb_column type=\u00a0\u00bb4_4&Prime; _builder_version=\u00a0\u00bb4.27.4&Prime; _module_preset=\u00a0\u00bbdefault\u00a0\u00bb global_colors_info=\u00a0\u00bb{}\u00a0\u00bb][et_pb_text _builder_version=\u00a0\u00bb4.27.4&Prime; text_font=\u00a0\u00bbOpen Sans||||||||\u00a0\u00bb text_text_color=\u00a0\u00bb#000000&Prime; text_line_height=\u00a0\u00bb1.8em\u00a0\u00bb header_font=\u00a0\u00bbPoppins|600|||||||\u00a0\u00bb header_font_size=\u00a0\u00bb57px\u00a0\u00bb header_2_font=\u00a0\u00bbPoppins|600|||||||\u00a0\u00bb header_2_text_color=\u00a0\u00bb#FF5E14&Prime; header_2_font_size=\u00a0\u00bb49px\u00a0\u00bb custom_margin=\u00a0\u00bb0px||0px|0px|true|false\u00a0\u00bb custom_padding=\u00a0\u00bb0px|0px|45px|0px|false|false\u00a0\u00bb global_colors_info=\u00a0\u00bb{}\u00a0\u00bb]<\/p>\n<p><strong>\ud83c\udf04Envie<\/strong><strong>de montagne, de culture et de bonne cuisine ?<br \/><\/strong>Alors venez participer \u00e0 la semaine active et gourmande \u00e0 l&rsquo;h\u00f4tel Kristall-Saphir !<br \/>Que vous restiez deux jours ou toute la semaine, nous vous ferons d\u00e9couvrir les plus beaux aspects de la vall\u00e9e de Saas et de la r\u00e9gion. Avec des randonn\u00e9es, des excursions \u00e0 Zermatt et \u00e0 Lo\u00e8che, des repas raffin\u00e9s et des histoires passionnantes. <\/p>\n<p>[\/et_pb_text][et_pb_cta title=\u00a0\u00bbCes points forts vous attendent :\u00a0\u00bb button_url=\u00a0\u00bbhttps:\/\/kristall.officialbookings.com\/package\/GWW\u00a0\u00bb url_new_window=\u00a0\u00bbon\u00a0\u00bb button_text=\u00a0\u00bbR\u00e9server\u00a0\u00bb button_text_last_edited=\u00a0\u00bboff|desktop\u00a0\u00bb _builder_version=\u00a0\u00bb4.27.4&Prime; header_font=\u00a0\u00bbOpen Sans|700|||||||\u00a0\u00bb header_text_color=\u00a0\u00bb#ffffff\u00a0\u00bb header_font_size=\u00a0\u00bb40px\u00a0\u00bb header_line_height=\u00a0\u00bb1.4em\u00a0\u00bb body_font=\u00a0\u00bbOpen Sans|500|||||||\u00a0\u00bb body_text_color=\u00a0\u00bbrgba(255,255,255,0.81)\u00a0\u00bb body_font_size=\u00a0\u00bb16px\u00a0\u00bb body_line_height=\u00a0\u00bb1.9em\u00a0\u00bb background_color=\u00a0\u00bb#3a596b\u00a0\u00bb custom_button=\u00a0\u00bbon\u00a0\u00bb button_text_size=\u00a0\u00bb15px\u00a0\u00bb button_text_color=\u00a0\u00bb#000000&Prime; button_bg_color=\u00a0\u00bb#ffffff\u00a0\u00bb button_border_width=\u00a0\u00bb14px\u00a0\u00bb button_border_color=\u00a0\u00bb#ffffff\u00a0\u00bb button_border_radius=\u00a0\u00bb0px\u00a0\u00bb button_letter_spacing=\u00a0\u00bb1px\u00a0\u00bb button_font=\u00a0\u00bbOpen Sans||||||||\u00a0\u00bb text_orientation=\u00a0\u00bbleft\u00a0\u00bb max_width_last_edited=\u00a0\u00bboff|desktop\u00a0\u00bb module_alignment=\u00a0\u00bbright\u00a0\u00bb custom_padding=\u00a0\u00bb100px|70px|100px|70px\u00a0\u00bb custom_padding_tablet=\u00a0\u00bb\u00a0\u00bb custom_padding_phone=\u00a0\u00bb30px|18px|30px|18px\u00a0\u00bb custom_padding_last_edited=\u00a0\u00bbon|phone\u00a0\u00bb animation_style=\u00a0\u00bbslide\u00a0\u00bb animation_direction=\u00a0\u00bbleft\u00a0\u00bb animation_delay=\u00a0\u00bb400ms\u00a0\u00bb header_font_size_tablet=\u00a0\u00bb\u00a0\u00bb header_font_size_phone=\u00a0\u00bb25px\u00a0\u00bb header_font_size_last_edited=\u00a0\u00bbon|phone\u00a0\u00bb button_text_color_hover=\u00a0\u00bb#ffffff\u00a0\u00bb button_border_color_hover=\u00a0\u00bb#3FA2F7 \u00a0\u00bb button_border_radius_hover=\u00a0\u00bb5px\u00a0\u00bb button_letter_spacing_hover=\u00a0\u00bb4px\u00a0\u00bb button_bg_color_hover=\u00a0\u00bb#3FA2F7 \u00a0\u00bb global_colors_info=\u00a0\u00bb{}\u00a0\u00bb button_text_size__hover_enabled=\u00a0\u00bboff\u00a0\u00bb button_one_text_size__hover_enabled=\u00a0\u00bboff\u00a0\u00bb button_two_text_size__hover_enabled=\u00a0\u00bboff\u00a0\u00bb button_text_color__hover_enabled=\u00a0\u00bbon|hover\u00a0\u00bb button_text_color__hover=\u00a0\u00bb#ffffff\u00a0\u00bb button_one_text_color__hover_enabled=\u00a0\u00bboff\u00a0\u00bb button_two_text_color__hover_enabled=\u00a0\u00bboff\u00a0\u00bb button_border_width__hover_enabled=\u00a0\u00bboff\u00a0\u00bb button_one_border_width__hover_enabled=\u00a0\u00bboff\u00a0\u00bb button_two_border_width__hover_enabled=\u00a0\u00bboff\u00a0\u00bb button_border_color__hover_enabled=\u00a0\u00bbon\u00a0\u00bb button_border_color__hover=\u00a0\u00bb#739fb6&Prime; button_one_border_color__hover_enabled=\u00a0\u00bboff\u00a0\u00bb button_two_border_color__hover_enabled=\u00a0\u00bboff\u00a0\u00bb button_border_radius__hover_enabled=\u00a0\u00bboff\u00a0\u00bb button_border_radius__hover=\u00a0\u00bb5px\u00a0\u00bb button_one_border_radius__hover_enabled=\u00a0\u00bboff\u00a0\u00bb button_two_border_radius__hover_enabled=\u00a0\u00bboff\u00a0\u00bb button_letter_spacing__hover_enabled=\u00a0\u00bbon\u00a0\u00bb button_letter_spacing__hover=\u00a0\u00bb2px\u00a0\u00bb button_one_letter_spacing__hover_enabled=\u00a0\u00bboff\u00a0\u00bb button_two_letter_spacing__hover_enabled=\u00a0\u00bboff\u00a0\u00bb button_bg_color__hover_enabled=\u00a0\u00bbon\u00a0\u00bb button_bg_color__hover=\u00a0\u00bb#739fb6&Prime; button_one_bg_color__hover_enabled=\u00a0\u00bboff\u00a0\u00bb button_two_bg_color__hover_enabled=\u00a0\u00bboff\u00a0\u00bb button_bg_enable_color__hover=\u00a0\u00bbon\u00a0\u00bb]<\/p>\n<p data-start=\"129\" data-end=\"291\">\ud83c\udf04 <strong data-start=\"129\" data-end=\"153\">Actif &amp; D\u00e9couverte<\/strong><br data-start=\"153\" data-end=\"156\">Explorez la vall\u00e9e de Saas avec des randonn\u00e9es guid\u00e9es, des histoires passionnantes et des vues panoramiques impressionnantes sur les sommets de 4000 m\u00e8tres.<\/p>\n<p data-start=\"293\" data-end=\"445\">\ud83c\udf77 <strong data-start=\"293\" data-end=\"315\">Plaisir &amp; culture<\/strong><br data-start=\"315\" data-end=\"318\">D\u00e9couvrez l&rsquo;authentique art culinaire valaisan &#8211; des sp\u00e9cialit\u00e9s traditionnelles de Saas \u00e0 la d\u00e9gustation de vin dans la ville de Lo\u00e8che.<\/p>\n<p data-start=\"447\" data-end=\"618\"><strong data-start=\"447\" data-end=\"476\">\ud83c\udfd4\ufe0f Excursions avec vue<\/strong><br data-start=\"476\" data-end=\"479\">Visitez les plus beaux endroits de la r\u00e9gion &#8211; Zermatt, Gornergrat et Hannig &#8211; et profitez de vues inoubliables sur le Cervin.<\/p>\n<h2 class=\"et_pb_module_header et-fb-editable-element et-fb-editable-element__editing\" contenteditable=\"true\" data-shortcode-id=\"0.0.0.0-1758611113109\" data-quickaccess-id=\"header\">Inclus dans le paquet :<\/h2>\n<p><strong data-start=\"1018\" data-end=\"1070\">\u2714 <\/strong><strong>Randonn\u00e9e ou excursion guid\u00e9e tous les jours<\/strong> <strong>avec les h\u00f4tes<br \/><\/strong><strong style=\"font-size: 16px;\"><strong data-start=\"1018\" data-end=\"1070\">\u2714 <\/strong>Nuit\u00e9e dans la cat\u00e9gorie de chambre de votre choix<br \/><\/strong><strong style=\"font-size: 16px;\"><strong data-start=\"1018\" data-end=\"1070\">\u2714 <\/strong>Demi-pension<\/strong><span style=\"font-size: 16px;\">  (buffet petit-d\u00e9jeuner et menu culinaire du soir \u00e0 4 plats avec plat principal au choix), th\u00e9 de randonn\u00e9e et panier-repas, caf\u00e9\/th\u00e9 et g\u00e2teaux (15:00 h &#8211; 17:00 h)<br \/><\/span><span style=\"font-size: 16px;\"><strong data-start=\"1018\" data-end=\"1070\">\u2714 <\/strong>Acc\u00e8s \u00e0 notre espace d\u00e9tente avec sauna, hammam, tepidarium, salle de fitness (bain \u00e0 remous et massage payants)<br \/><\/span><strong style=\"font-size: 16px;\"><strong data-start=\"1018\" data-end=\"1070\">\u2714 <\/strong>Le parking, la SaastalCard et les taxes de s\u00e9jour sont inclus dans ce forfait !<\/strong><\/p>\n<h2 class=\"et_pb_module_header et-fb-editable-element et-fb-editable-element__editing\" contenteditable=\"true\" data-shortcode-id=\"0.0.0.0-1758611113109\" data-quickaccess-id=\"header\"><strong> \ud83d\udcdd Voici comment fonctionne la r\u00e9servation<\/strong>:<\/h2>\n<p><strong data-start=\"1018\" data-end=\"1070\">\u2714 <\/strong>R\u00e9servation flexible \u00e0 partir de 2 nuits &#8211; selon votre emploi du temps<br \/><strong data-start=\"1018\" data-end=\"1070\">\u2714 <\/strong>R\u00e9servation en ligne, par e-mail ou par t\u00e9l\u00e9phone<br \/><strong data-start=\"1018\" data-end=\"1070\">\u2714 <\/strong>D\u00e9cider spontan\u00e9ment sur place si vous participez \u00e0 une excursion ou si vous sautez une journ\u00e9e<\/p>\n<p><strong><\/strong><strong><br \/><\/strong><\/p>\n<p>[\/et_pb_cta][\/et_pb_column][\/et_pb_row][et_pb_row _builder_version=\u00a0\u00bb4.27.4&Prime; _module_preset=\u00a0\u00bbdefault\u00a0\u00bb global_colors_info=\u00a0\u00bb{}\u00a0\u00bb][et_pb_column type=\u00a0\u00bb4_4&Prime; _builder_version=\u00a0\u00bb4.27.4&Prime; _module_preset=\u00a0\u00bbdefault\u00a0\u00bb global_colors_info=\u00a0\u00bb{}\u00a0\u00bb][et_pb_text _builder_version=\u00a0\u00bb4.27.4&Prime; text_font=\u00a0\u00bbOpen Sans|700|||||||\u00a0\u00bb text_text_color=\u00a0\u00bb#3a596b\u00a0\u00bb text_font_size=\u00a0\u00bb40px\u00a0\u00bb text_line_height=\u00a0\u00bb1.4em\u00a0\u00bb header_font=\u00a0\u00bbPoppins|600|||||||\u00a0\u00bb header_font_size=\u00a0\u00bb57px\u00a0\u00bb header_2_font=\u00a0\u00bbPoppins|600|||||||\u00a0\u00bb header_2_text_color=\u00a0\u00bb#FF5E14&Prime; header_2_font_size=\u00a0\u00bb49px\u00a0\u00bb custom_margin=\u00a0\u00bb0px||0px||true|false\u00a0\u00bb custom_padding=\u00a0\u00bb0px|0px|0px|0px|true|false\u00a0\u00bb global_colors_info=\u00a0\u00bb{}\u00a0\u00bb]<\/p>\n<p><strong>\ud83d\uddd3\ufe0f<\/strong><strong> Programme hebdomadaire &#8211; Semaine active et de plaisir<\/strong><\/p>\n<p>[\/et_pb_text][et_pb_text _builder_version=\u00a0\u00bb4.27.4&Prime; text_font=\u00a0\u00bbOpen Sans||||||||\u00a0\u00bb text_text_color=\u00a0\u00bb#000000&Prime; text_line_height=\u00a0\u00bb1.8em\u00a0\u00bb header_font=\u00a0\u00bbPoppins|600|||||||\u00a0\u00bb header_font_size=\u00a0\u00bb57px\u00a0\u00bb header_2_font=\u00a0\u00bbPoppins|600|||||||\u00a0\u00bb header_2_text_color=\u00a0\u00bb#FF5E14&Prime; header_2_font_size=\u00a0\u00bb49px\u00a0\u00bb custom_margin=\u00a0\u00bb0px||0px|0px|true|false\u00a0\u00bb custom_padding=\u00a0\u00bb0px|0px|0px|0px|true|false\u00a0\u00bb global_colors_info=\u00a0\u00bb{}\u00a0\u00bb]<\/p>\n<p><strong><\/strong><\/p>\n<p data-start=\"241\" data-end=\"423\"><strong data-start=\"241\" data-end=\"284\">Dimanche 24 mai &#8211; Arriv\u00e9e &amp; bienvenue<\/strong><br data-start=\"284\" data-end=\"287\">Arriv\u00e9e individuelle et ap\u00e9ritif de bienvenue chaleureux \u00e0 l&rsquo;h\u00f4tel <strong data-start=\"349\" data-end=\"368\">Kristall-Saphir<\/strong>.<br data-start=\"369\" data-end=\"372\">Un d\u00e9but d\u00e9tendu pour une semaine riche en exp\u00e9riences !<\/p>\n<hr data-start=\"425\" data-end=\"428\">\n<p data-start=\"430\" data-end=\"692\"><strong data-start=\"430\" data-end=\"475\">Lundi 25 mai &#8211; D\u00e9couvrir Saas-Almagell<\/strong><br data-start=\"475\" data-end=\"478\">Visite guid\u00e9e du village avec des aper\u00e7us passionnants sur l&rsquo;histoire de la vall\u00e9e de Saas.<br data-start=\"554\" data-end=\"557\">Randonn\u00e9e agr\u00e9able le long du <strong data-start=\"602\" data-end=\"627\">chemin<\/strong> idyllique <strong data-start=\"602\" data-end=\"627\">des bisses d&rsquo;Almagell<\/strong>.<br data-start=\"628\" data-end=\"631\"><strong data-start=\"631\" data-end=\"645\">Point fort :<\/strong> menu du soir avec de d\u00e9licieuses <strong data-start=\"667\" data-end=\"691\">sp\u00e9cialit\u00e9s de Saas<\/strong>.<\/p>\n<hr data-start=\"694\" data-end=\"697\">\n<p data-start=\"699\" data-end=\"907\"><strong data-start=\"699\" data-end=\"755\">Mardi 26 mai &#8211; Culinaire &amp; culturel \u00e0 Lo\u00e8che Ville<\/strong><br data-start=\"755\" data-end=\"758\">Profitez d&rsquo;une charmante visite guid\u00e9e de la ville et visitez les vignobles ensoleill\u00e9s.<br data-start=\"837\" data-end=\"840\"><strong data-start=\"840\" data-end=\"854\">Point fort :<\/strong> d\u00e9gustation de <strong data-start=\"873\" data-end=\"891\">vins valaisans<\/strong> nobles directement sur place.<\/p>\n<hr data-start=\"909\" data-end=\"912\">\n<p data-start=\"914\" data-end=\"1126\"><strong data-start=\"914\" data-end=\"973\">Mercredi 27 mai &#8211; L&rsquo;air des hauteurs sur le Hannig (Saas-Fee)<\/strong><br data-start=\"973\" data-end=\"976\">Randonn\u00e9e sur le <strong data-start=\"994\" data-end=\"1004\">Hannig<\/strong> avec retour par le pittoresque <strong data-start=\"1038\" data-end=\"1051\">sentier du soleil<\/strong>.<br data-start=\"1052\" data-end=\"1055\"><strong data-start=\"1055\" data-end=\"1069\">Point fort :<\/strong> <strong data-start=\"1086\" data-end=\"1125\">vue panoramique<\/strong> inoubliable <strong data-start=\"1086\" data-end=\"1125\">sur les sommets de 4000 m\u00e8tres<\/strong>.<\/p>\n<hr data-start=\"1128\" data-end=\"1131\">\n<p data-start=\"1133\" data-end=\"1374\"><strong data-start=\"1133\" data-end=\"1179\">Jeudi 28 mai &#8211; Zermatt &amp; Gornergrat<\/strong><br data-start=\"1179\" data-end=\"1182\">Excursion d&rsquo;une journ\u00e9e \u00e0 <strong data-start=\"1200\" data-end=\"1211\">Zermatt<\/strong>, visite du mus\u00e9e comprise.<br data-start=\"1236\" data-end=\"1239\"><strong data-start=\"1239\" data-end=\"1253\">Point fort :<\/strong> <strong data-start=\"1270\" data-end=\"1295\">vue<\/strong> \u00e0 couper le souffle <strong data-start=\"1270\" data-end=\"1295\">sur le Cervin<\/strong>.<br data-start=\"1296\" data-end=\"1299\"><em data-start=\"1299\" data-end=\"1374\">Remarque : le trajet en t\u00e9l\u00e9ph\u00e9rique du Gornergrat n&rsquo;est pas compris dans le prix.<\/em><\/p>\n<hr data-start=\"1376\" data-end=\"1379\">\n<p data-start=\"1381\" data-end=\"1583\"><strong data-start=\"1381\" data-end=\"1436\">Vendredi 29 mai &#8211; Sur les traces de nos anc\u00eatres<\/strong><br data-start=\"1436\" data-end=\"1439\">Randonn\u00e9e historique en direction <strong data-start=\"1470\" data-end=\"1481\">de Stalden<\/strong> le long de l&rsquo;ancien chemin de la vall\u00e9e.<br data-start=\"1508\" data-end=\"1511\"><strong data-start=\"1511\" data-end=\"1525\">Point fort :<\/strong> visite des impressionnantes <strong data-start=\"1559\" data-end=\"1582\">centrales \u00e9lectriques de Mattmark<\/strong>.<\/p>\n<hr data-start=\"1585\" data-end=\"1588\">\n<p data-start=\"1590\" data-end=\"1750\"><strong data-start=\"1590\" data-end=\"1638\">Samedi 30 mai &#8211; D\u00e9part ou prolongation<\/strong><br data-start=\"1638\" data-end=\"1641\">D\u00e9part individuel ou possibilit\u00e9 de <strong data-start=\"1683\" data-end=\"1715\">prolonger le s\u00e9jour<\/strong> pour encore plus de d\u00e9tente dans la vall\u00e9e de Saas.<\/p>\n<p>&nbsp;<\/p>\n<p>[\/et_pb_text][\/et_pb_column][\/et_pb_row][et_pb_row column_structure=\u00a0\u00bb1_3,1_3,1_3&Prime; _builder_version=\u00a0\u00bb4.27.4&Prime; _module_preset=\u00a0\u00bbdefault\u00a0\u00bb custom_margin=\u00a0\u00bb1px|auto||auto||\u00a0\u00bb custom_padding=\u00a0\u00bb2px||0px|||\u00a0\u00bb global_colors_info=\u00a0\u00bb{}\u00a0\u00bb][et_pb_column type=\u00a0\u00bb1_3&Prime; _builder_version=\u00a0\u00bb4.27.4&Prime; _module_preset=\u00a0\u00bbdefault\u00a0\u00bb global_colors_info=\u00a0\u00bb{}\u00a0\u00bb][et_pb_image src=\u00a0\u00bbhttps:\/\/kristall.ch\/wp-content\/uploads\/2025\/10\/Zermatt-Hotel-Kristall-Saphir-Saas-Almagell-e1761313152669.avif\u00a0\u00bb title_text=\u00a0\u00bbZermatt H\u00f4tel Kristall-Saphir Saas-Almagell\u00a0\u00bb align=\u00a0\u00bbcenter\u00a0\u00bb align_tablet=\u00a0\u00bbcenter\u00a0\u00bb align_phone=\u00a0\u00bb\u00a0\u00bb align_last_edited=\u00a0\u00bbon|desktop\u00a0\u00bb _builder_version=\u00a0\u00bb4.27.4&Prime; max_height=\u00a0\u00bb250px\u00a0\u00bb custom_margin=\u00a0\u00bb||||false|false\u00a0\u00bb animation_style=\u00a0\u00bbslide\u00a0\u00bb animation_direction=\u00a0\u00bbright\u00a0\u00bb animation_delay=\u00a0\u00bb400ms\u00a0\u00bb box_shadow_style=\u00a0\u00bbpreset1&Prime; box_shadow_blur=\u00a0\u00bb80px\u00a0\u00bb box_shadow_spread=\u00a0\u00bb42px\u00a0\u00bb box_shadow_color=\u00a0\u00bbrgba(0,0,0,0.08)\u00a0\u00bb global_colors_info=\u00a0\u00bb{}\u00a0\u00bb][\/et_pb_image][\/et_pb_column][et_pb_column type=\u00a0\u00bb1_3&Prime; _builder_version=\u00a0\u00bb4.27.4&Prime; _module_preset=\u00a0\u00bbdefault\u00a0\u00bb global_colors_info=\u00a0\u00bb{}\u00a0\u00bb][et_pb_image src=\u00a0\u00bbhttps:\/\/kristall.ch\/wp-content\/uploads\/2025\/10\/Trauben-Hotel-Kristall-Saphir.avif\u00a0\u00bb title_text=\u00a0\u00bbRaisins H\u00f4tel Cristal-Saphir\u00a0\u00bb align=\u00a0\u00bbcenter\u00a0\u00bb align_tablet=\u00a0\u00bbcenter\u00a0\u00bb align_phone=\u00a0\u00bb\u00a0\u00bb align_last_edited=\u00a0\u00bbon|desktop\u00a0\u00bb _builder_version=\u00a0\u00bb4.27.4&Prime; max_height=\u00a0\u00bb250px\u00a0\u00bb custom_margin=\u00a0\u00bb||||false|false\u00a0\u00bb animation_style=\u00a0\u00bbslide\u00a0\u00bb animation_direction=\u00a0\u00bbright\u00a0\u00bb animation_delay=\u00a0\u00bb400ms\u00a0\u00bb box_shadow_style=\u00a0\u00bbpreset1&Prime; box_shadow_blur=\u00a0\u00bb80px\u00a0\u00bb box_shadow_spread=\u00a0\u00bb42px\u00a0\u00bb box_shadow_color=\u00a0\u00bbrgba(0,0,0,0.08)\u00a0\u00bb global_colors_info=\u00a0\u00bb{}\u00a0\u00bb][\/et_pb_image][\/et_pb_column][et_pb_column type=\u00a0\u00bb1_3&Prime; _builder_version=\u00a0\u00bb4.27.4&Prime; _module_preset=\u00a0\u00bbdefault\u00a0\u00bb global_colors_info=\u00a0\u00bb{}\u00a0\u00bb][et_pb_image src=\u00a0\u00bbhttps:\/\/kristall.ch\/wp-content\/uploads\/2024\/04\/0061__DSC3496_HotelKristall_puzzlemedia.ch_-scaled.avif\u00a0\u00bb title_text=\u00a0\u00bbH\u00f4tel Kristall\u00a0\u00bb align=\u00a0\u00bbcenter\u00a0\u00bb align_tablet=\u00a0\u00bbcenter\u00a0\u00bb align_phone=\u00a0\u00bb\u00a0\u00bb align_last_edited=\u00a0\u00bbon|desktop\u00a0\u00bb _builder_version=\u00a0\u00bb4.27.4&Prime; max_height=\u00a0\u00bb250px\u00a0\u00bb custom_margin=\u00a0\u00bb||||false|false\u00a0\u00bb animation_style=\u00a0\u00bbslide\u00a0\u00bb animation_direction=\u00a0\u00bbright\u00a0\u00bb animation_delay=\u00a0\u00bb400ms\u00a0\u00bb box_shadow_style=\u00a0\u00bbpreset1&Prime; box_shadow_blur=\u00a0\u00bb80px\u00a0\u00bb box_shadow_spread=\u00a0\u00bb42px\u00a0\u00bb box_shadow_color=\u00a0\u00bbrgba(0,0,0,0.08)\u00a0\u00bb global_colors_info=\u00a0\u00bb{}\u00a0\u00bb][\/et_pb_image][\/et_pb_column][\/et_pb_row][et_pb_row _builder_version=\u00a0\u00bb4.27.4&Prime; _module_preset=\u00a0\u00bbdefault\u00a0\u00bb global_colors_info=\u00a0\u00bb{}\u00a0\u00bb][et_pb_column type=\u00a0\u00bb4_4&Prime; _builder_version=\u00a0\u00bb4.27.4&Prime; _module_preset=\u00a0\u00bbdefault\u00a0\u00bb global_colors_info=\u00a0\u00bb{}\u00a0\u00bb][et_pb_text _builder_version=\u00a0\u00bb4.27.4&Prime; text_font=\u00a0\u00bbOpen Sans|700|||||||\u00a0\u00bb text_text_color=\u00a0\u00bb#3a596b\u00a0\u00bb text_font_size=\u00a0\u00bb40px\u00a0\u00bb text_line_height=\u00a0\u00bb1.4em\u00a0\u00bb header_font=\u00a0\u00bbPoppins|600|||||||\u00a0\u00bb header_font_size=\u00a0\u00bb57px\u00a0\u00bb header_2_font=\u00a0\u00bbPoppins|600|||||||\u00a0\u00bb header_2_text_color=\u00a0\u00bb#FF5E14&Prime; header_2_font_size=\u00a0\u00bb49px\u00a0\u00bb custom_margin=\u00a0\u00bb0px||0px||true|false\u00a0\u00bb custom_padding=\u00a0\u00bb0px|0px|0px|0px|true|false\u00a0\u00bb global_colors_info=\u00a0\u00bb{}\u00a0\u00bb]<\/p>\n<p>Votre guide de randonn\u00e9e :<\/p>\n<p>[\/et_pb_text][\/et_pb_column][\/et_pb_row][et_pb_row column_structure=\u00a0\u00bb1_2,1_2&Prime; _builder_version=\u00a0\u00bb4.24.3&Prime; _module_preset=\u00a0\u00bbdefault\u00a0\u00bb global_colors_info=\u00a0\u00bb{}\u00a0\u00bb][et_pb_column type=\u00a0\u00bb1_2&Prime; _builder_version=\u00a0\u00bb4.24.3&Prime; _module_preset=\u00a0\u00bbdefault\u00a0\u00bb global_colors_info=\u00a0\u00bb{}\u00a0\u00bb][et_pb_image src=\u00a0\u00bbhttps:\/\/kristall.ch\/wp-content\/uploads\/2023\/03\/Bild1.avif\u00a0\u00bb title_text=\u00a0\u00bbImage1&Prime; _builder_version=\u00a0\u00bb4.24.3&Prime; _module_preset=\u00a0\u00bbdefault\u00a0\u00bb global_colors_info=\u00a0\u00bb{}\u00a0\u00bb][\/et_pb_image][\/et_pb_column][et_pb_column type=\u00a0\u00bb1_2&Prime; _builder_version=\u00a0\u00bb4.24.3&Prime; _module_preset=\u00a0\u00bbdefault\u00a0\u00bb global_colors_info=\u00a0\u00bb{}\u00a0\u00bb][et_pb_text _builder_version=\u00a0\u00bb4.24.3&Prime; text_font=\u00a0\u00bbOpen Sans||||||||\u00a0\u00bb text_text_color=\u00a0\u00bb#000000&Prime; text_line_height=\u00a0\u00bb1.8em\u00a0\u00bb header_font=\u00a0\u00bbPoppins|600|||||||\u00a0\u00bb header_font_size=\u00a0\u00bb57px\u00a0\u00bb header_2_font=\u00a0\u00bbPoppins|600|||||||\u00a0\u00bb header_2_text_color=\u00a0\u00bb#FF5E14&Prime; header_2_font_size=\u00a0\u00bb49px\u00a0\u00bb custom_margin=\u00a0\u00bb6px||6px|0px|true|false\u00a0\u00bb custom_padding=\u00a0\u00bb42px|8px|42px|8px|true|false\u00a0\u00bb global_colors_info=\u00a0\u00bb{}\u00a0\u00bb]<strong>Dominic Anthamatten<\/strong><\/p>\n<p>&nbsp;<\/p>\n<p>Accompagnateur de randonn\u00e9e dipl\u00f4m\u00e9 ASAM \/ SWL avec brevet f\u00e9d\u00e9ral Brevet f\u00e9d\u00e9ral et reconnaissance internationale UIMLA<\/p>\n<p>Pour moi, la randonn\u00e9e ne se r\u00e9sume pas \u00e0 gravir une montagne marquante ou \u00e0 faire le tour d&rsquo;un lac. Pour moi, la randonn\u00e9e est synonyme d&rsquo;exp\u00e9rience de la beaut\u00e9 du paysage suisse, de la nature et de la culture, d&rsquo;\u00e9merveillement sans cesse renouvel\u00e9 et de compr\u00e9hension toujours plus grande.<\/p>\n<p>J&rsquo;aime travailler avec les gens et leur transmettre de nouvelles connaissances. J&rsquo;y apprends souvent moi-m\u00eame de nouvelles choses, que ce soit des participants ou de la nature elle-m\u00eame. Pour moi, c&rsquo;est toujours fascinant et durable.<br \/>\n[\/et_pb_text][\/et_pb_column][\/et_pb_row][et_pb_row _builder_version=\u00a0\u00bb4.27.4&Prime; _module_preset=\u00a0\u00bbdefault\u00a0\u00bb global_colors_info=\u00a0\u00bb{}\u00a0\u00bb][et_pb_column type=\u00a0\u00bb4_4&Prime; _builder_version=\u00a0\u00bb4.27.4&Prime; _module_preset=\u00a0\u00bbdefault\u00a0\u00bb global_colors_info=\u00a0\u00bb{}\u00a0\u00bb][et_pb_text _builder_version=\u00a0\u00bb4.27.4&Prime; text_font=\u00a0\u00bbOpen Sans|700|||||||\u00a0\u00bb text_text_color=\u00a0\u00bb#3a596b\u00a0\u00bb text_font_size=\u00a0\u00bb40px\u00a0\u00bb text_line_height=\u00a0\u00bb1.4em\u00a0\u00bb header_font=\u00a0\u00bbPoppins|600|||||||\u00a0\u00bb header_font_size=\u00a0\u00bb57px\u00a0\u00bb header_2_font=\u00a0\u00bbPoppins|600|||||||\u00a0\u00bb header_2_text_color=\u00a0\u00bb#FF5E14&Prime; header_2_font_size=\u00a0\u00bb49px\u00a0\u00bb custom_margin=\u00a0\u00bb0px||0px||true|false\u00a0\u00bb custom_padding=\u00a0\u00bb0px|0px|0px|0px|true|false\u00a0\u00bb global_colors_info=\u00a0\u00bb{}\u00a0\u00bb]<\/p>\n<p data-start=\"3069\" data-end=\"3199\">R\u00e9servez d\u00e8s maintenant &#8211; les places sont limit\u00e9es !<\/p>\n<p>[\/et_pb_text][et_pb_text _builder_version=\u00a0\u00bb4.27.4&Prime; text_font=\u00a0\u00bbOpen Sans||||||||\u00a0\u00bb text_text_color=\u00a0\u00bb#000000&Prime; text_line_height=\u00a0\u00bb1.8em\u00a0\u00bb header_font=\u00a0\u00bbPoppins|600|||||||\u00a0\u00bb header_font_size=\u00a0\u00bb57px\u00a0\u00bb header_2_font=\u00a0\u00bbPoppins|600|||||||\u00a0\u00bb header_2_text_color=\u00a0\u00bb#FF5E14&Prime; header_2_font_size=\u00a0\u00bb49px\u00a0\u00bb custom_margin=\u00a0\u00bb0px||0px|0px|true|false\u00a0\u00bb custom_padding=\u00a0\u00bb0px|0px|2px|0px|false|false\u00a0\u00bb global_colors_info=\u00a0\u00bb{}\u00a0\u00bb]<\/p>\n<p data-start=\"2442\" data-end=\"2547\">Passez quelques jours de nature, de gastronomie et de plaisir dans l&rsquo;une des plus belles r\u00e9gions de Suisse.<br \/>\ud83d\udc49 <strong data-start=\"2552\" data-end=\"2645\">R\u00e9servez d\u00e8s maintenant votre place pour la semaine de plaisir et de randonn\u00e9e \u00e0 l&rsquo;h\u00f4tel Kristall-Saphir !<\/strong><\/p>\n<p data-start=\"3201\" data-end=\"3235\">\n<p>[\/et_pb_text][et_pb_button button_url=\u00a0\u00bbhttps:\/\/kristall.officialbookings.com\/package\/GWW\u00a0\u00bb url_new_window=\u00a0\u00bbon\u00a0\u00bb button_text=\u00a0\u00bbR\u00e9servez maintenant\u00a0\u00bb _builder_version=\u00a0\u00bb4.27.4&Prime; _module_preset=\u00a0\u00bbdefault\u00a0\u00bb button_text_color=\u00a0\u00bb#FFFFFF\u00a0\u00bb button_bg_color=\u00a0\u00bb#3a596b\u00a0\u00bb button_border_radius=\u00a0\u00bb10px\u00a0\u00bb button_font=\u00a0\u00bbArial|600|||||||\u00a0\u00bb background_layout=\u00a0\u00bbdark\u00a0\u00bb global_colors_info=\u00a0\u00bb{}\u00a0\u00bb button_bg_color__hover_enabled=\u00a0\u00bbon|hover\u00a0\u00bb button_bg_color__hover=\u00a0\u00bb#739fb6&Prime; button_bg_enable_color__hover=\u00a0\u00bbon\u00a0\u00bb][\/et_pb_button][\/et_pb_column][\/et_pb_row][et_pb_row _builder_version=\u00a0\u00bb4.16&Prime; _module_preset=\u00a0\u00bbdefault\u00a0\u00bb global_colors_info=\u00a0\u00bb{}\u00a0\u00bb][et_pb_column type=\u00a0\u00bb4_4&Prime; _builder_version=\u00a0\u00bb4.16&Prime; _module_preset=\u00a0\u00bbdefault\u00a0\u00bb global_colors_info=\u00a0\u00bb{}\u00a0\u00bb][et_pb_text _builder_version=\u00a0\u00bb4.16&Prime; text_font=\u00a0\u00bbOpen Sans|700|||||||\u00a0\u00bb text_text_color=\u00a0\u00bb#3a596b\u00a0\u00bb text_font_size=\u00a0\u00bb40px\u00a0\u00bb text_line_height=\u00a0\u00bb1.4em\u00a0\u00bb header_font=\u00a0\u00bbPoppins|600|||||||\u00a0\u00bb header_font_size=\u00a0\u00bb57px\u00a0\u00bb header_2_font=\u00a0\u00bbPoppins|600|||||||\u00a0\u00bb header_2_text_color=\u00a0\u00bb#FF5E14&Prime; header_2_font_size=\u00a0\u00bb49px\u00a0\u00bb custom_padding=\u00a0\u00bb0px|39px|0px|46px|true|false\u00a0\u00bb global_colors_info=\u00a0\u00bb{}\u00a0\u00bb]Contactez-nous d\u00e8s maintenant ![\/et_pb_text][et_pb_contact_form _builder_version=\u00a0\u00bb4.16&Prime; _module_preset=\u00a0\u00bbdefault\u00a0\u00bb _unique_id=\u00a0\u00bb2382b51c-8e75-4e49-b971-82f25db2c0cb\u00a0\u00bb global_colors_info=\u00a0\u00bb{}\u00a0\u00bb][et_pb_contact_field field_id=\u00a0\u00bbName\u00a0\u00bb field_title=\u00a0\u00bbNom\u00a0\u00bb _builder_version=\u00a0\u00bb4.16&Prime; global_colors_info=\u00a0\u00bb{}\u00a0\u00bb button_text_size__hover_enabled=\u00a0\u00bboff\u00a0\u00bb button_one_text_size__hover_enabled=\u00a0\u00bboff\u00a0\u00bb button_two_text_size__hover_enabled=\u00a0\u00bboff\u00a0\u00bb button_text_color__hover_enabled=\u00a0\u00bboff\u00a0\u00bb button_one_text_color__hover_enabled=\u00a0\u00bboff\u00a0\u00bb button_two_text_color__hover_enabled=\u00a0\u00bboff\u00a0\u00bb button_border_width__hover_enabled=\u00a0\u00bboff\u00a0\u00bb button_one_border_width__hover_enabled=\u00a0\u00bboff\u00a0\u00bb button_two_border_width__hover_enabled=\u00a0\u00bboff\u00a0\u00bb button_border_color__hover_enabled=\u00a0\u00bboff\u00a0\u00bb button_one_border_color__hover_enabled=\u00a0\u00bboff\u00a0\u00bb button_two_border_color__hover_enabled=\u00a0\u00bboff\u00a0\u00bb button_border_radius__hover_enabled=\u00a0\u00bboff\u00a0\u00bb button_one_border_radius__hover_enabled=\u00a0\u00bboff\u00a0\u00bb button_two_border_radius__hover_enabled=\u00a0\u00bboff\u00a0\u00bb button_letter_spacing__hover_enabled=\u00a0\u00bboff\u00a0\u00bb button_one_letter_spacing__hover_enabled=\u00a0\u00bboff\u00a0\u00bb button_two_letter_spacing__hover_enabled=\u00a0\u00bboff\u00a0\u00bb button_bg_color__hover_enabled=\u00a0\u00bboff\u00a0\u00bb button_one_bg_color__hover_enabled=\u00a0\u00bboff\u00a0\u00bb button_two_bg_color__hover_enabled=\u00a0\u00bboff\u00a0\u00bb][\/et_pb_contact_field][et_pb_contact_field field_id=\u00a0\u00bbEmail\u00a0\u00bb field_title=\u00a0\u00bbAdresse \u00e9lectronique\u00a0\u00bb field_type=\u00a0\u00bbemail\u00a0\u00bb _builder_version=\u00a0\u00bb4.16&Prime; global_colors_info=\u00a0\u00bb{}\u00a0\u00bb button_text_size__hover_enabled=\u00a0\u00bboff\u00a0\u00bb button_one_text_size__hover_enabled=\u00a0\u00bboff\u00a0\u00bb button_two_text_size__hover_enabled=\u00a0\u00bboff\u00a0\u00bb button_text_color__hover_enabled=\u00a0\u00bboff\u00a0\u00bb button_one_text_color__hover_enabled=\u00a0\u00bboff\u00a0\u00bb button_two_text_color__hover_enabled=\u00a0\u00bboff\u00a0\u00bb button_border_width__hover_enabled=\u00a0\u00bboff\u00a0\u00bb button_one_border_width__hover_enabled=\u00a0\u00bboff\u00a0\u00bb button_two_border_width__hover_enabled=\u00a0\u00bboff\u00a0\u00bb button_border_color__hover_enabled=\u00a0\u00bboff\u00a0\u00bb button_one_border_color__hover_enabled=\u00a0\u00bboff\u00a0\u00bb button_two_border_color__hover_enabled=\u00a0\u00bboff\u00a0\u00bb button_border_radius__hover_enabled=\u00a0\u00bboff\u00a0\u00bb button_one_border_radius__hover_enabled=\u00a0\u00bboff\u00a0\u00bb button_two_border_radius__hover_enabled=\u00a0\u00bboff\u00a0\u00bb button_letter_spacing__hover_enabled=\u00a0\u00bboff\u00a0\u00bb button_one_letter_spacing__hover_enabled=\u00a0\u00bboff\u00a0\u00bb button_two_letter_spacing__hover_enabled=\u00a0\u00bboff\u00a0\u00bb button_bg_color__hover_enabled=\u00a0\u00bboff\u00a0\u00bb button_one_bg_color__hover_enabled=\u00a0\u00bboff\u00a0\u00bb button_two_bg_color__hover_enabled=\u00a0\u00bboff\u00a0\u00bb][\/et_pb_contact_field][et_pb_contact_field field_id=\u00a0\u00bbMessage\u00a0\u00bb field_title=\u00a0\u00bbMessage\u00a0\u00bb field_type=\u00a0\u00bbtext\u00a0\u00bb fullwidth_field=\u00a0\u00bbon\u00a0\u00bb _builder_version=\u00a0\u00bb4.16&Prime; global_colors_info=\u00a0\u00bb{}\u00a0\u00bb button_text_size__hover_enabled=\u00a0\u00bboff\u00a0\u00bb button_one_text_size__hover_enabled=\u00a0\u00bboff\u00a0\u00bb button_two_text_size__hover_enabled=\u00a0\u00bboff\u00a0\u00bb button_text_color__hover_enabled=\u00a0\u00bboff\u00a0\u00bb button_one_text_color__hover_enabled=\u00a0\u00bboff\u00a0\u00bb button_two_text_color__hover_enabled=\u00a0\u00bboff\u00a0\u00bb button_border_width__hover_enabled=\u00a0\u00bboff\u00a0\u00bb button_one_border_width__hover_enabled=\u00a0\u00bboff\u00a0\u00bb button_two_border_width__hover_enabled=\u00a0\u00bboff\u00a0\u00bb button_border_color__hover_enabled=\u00a0\u00bboff\u00a0\u00bb button_one_border_color__hover_enabled=\u00a0\u00bboff\u00a0\u00bb button_two_border_color__hover_enabled=\u00a0\u00bboff\u00a0\u00bb button_border_radius__hover_enabled=\u00a0\u00bboff\u00a0\u00bb button_one_border_radius__hover_enabled=\u00a0\u00bboff\u00a0\u00bb button_two_border_radius__hover_enabled=\u00a0\u00bboff\u00a0\u00bb button_letter_spacing__hover_enabled=\u00a0\u00bboff\u00a0\u00bb button_one_letter_spacing__hover_enabled=\u00a0\u00bboff\u00a0\u00bb button_two_letter_spacing__hover_enabled=\u00a0\u00bboff\u00a0\u00bb button_bg_color__hover_enabled=\u00a0\u00bboff\u00a0\u00bb button_one_bg_color__hover_enabled=\u00a0\u00bboff\u00a0\u00bb button_two_bg_color__hover_enabled=\u00a0\u00bboff\u00a0\u00bb][\/et_pb_contact_field][\/et_pb_contact_form][\/et_pb_column][\/et_pb_row][\/et_pb_section]<\/p>\n","protected":false},"excerpt":{"rendered":"<p>\ud83c\udf04Enviede montagne, de culture et de bonne cuisine ?Alors venez participer \u00e0 la semaine active et gourmande \u00e0 l&rsquo;h\u00f4tel Kristall-Saphir !Que vous restiez deux jours ou toute la semaine, nous vous ferons d\u00e9couvrir les plus beaux aspects de la vall\u00e9e de Saas et de la r\u00e9gion. Avec des randonn\u00e9es, des excursions \u00e0 Zermatt et \u00e0 [&hellip;]<\/p>\n","protected":false},"author":4,"featured_media":17931,"template":"","meta":{"_et_pb_use_builder":"on","_et_pb_old_content":"","_et_gb_content_width":"","footnotes":""},"project_category":[43],"project_tag":[],"class_list":["post-17930","project","type-project","status-publish","has-post-thumbnail","hentry","project_category-hiver"],"yoast_head":"<!-- This site is optimized with the Yoast SEO plugin v27.5 - https:\/\/yoast.com\/product\/yoast-seo-wordpress\/ -->\n<title>Semaine d&#039;activit\u00e9 et de plaisir \u00e0 l&#039;h\u00f4tel Kristall-Saphir - 24 - 30 mai 2026 - H\u00f4tel Kristall-Saphir Saas-Fee\/Vall\u00e9e de Saas<\/title>\n<meta name=\"description\" content=\"Que vous restiez deux jours ou toute la semaine, nous vous ferons d\u00e9couvrir les plus beaux aspects de la vall\u00e9e de Saas et de la r\u00e9gion. Avec des randonn\u00e9es, des excursions \u00e0 Zermatt et \u00e0 Lo\u00e8che, des repas raffin\u00e9s et des histoires passionnantes.\" \/>\n<meta name=\"robots\" content=\"index, follow, max-snippet:-1, max-image-preview:large, max-video-preview:-1\" \/>\n<link rel=\"canonical\" href=\"https:\/\/kristall.ch\/fr\/project\/semaine-dactivite-et-de-plaisir-a-lhotel-kristall-saphir-24-30-mai-2026\/\" \/>\n<meta property=\"og:locale\" content=\"fr_FR\" \/>\n<meta property=\"og:type\" content=\"article\" \/>\n<meta property=\"og:title\" content=\"Semaine d&#039;activit\u00e9 et de plaisir \u00e0 l&#039;h\u00f4tel Kristall-Saphir - 24 - 30 mai 2026 - H\u00f4tel Kristall-Saphir Saas-Fee\/Vall\u00e9e de Saas\" \/>\n<meta property=\"og:description\" content=\"Que vous restiez deux jours ou toute la semaine, nous vous ferons d\u00e9couvrir les plus beaux aspects de la vall\u00e9e de Saas et de la r\u00e9gion. Avec des randonn\u00e9es, des excursions \u00e0 Zermatt et \u00e0 Lo\u00e8che, des repas raffin\u00e9s et des histoires passionnantes.\" \/>\n<meta property=\"og:url\" content=\"https:\/\/kristall.ch\/fr\/project\/semaine-dactivite-et-de-plaisir-a-lhotel-kristall-saphir-24-30-mai-2026\/\" \/>\n<meta property=\"og:site_name\" content=\"Kristall-Saphir\" \/>\n<meta property=\"article:modified_time\" content=\"2025-10-27T15:04:53+00:00\" \/>\n<meta property=\"og:image\" content=\"https:\/\/kristall.ch\/wp-content\/uploads\/2025\/10\/Saas-Fee-Allalin-Hotel-Kristall-Saphir-Saas-Almagell.jpg\" \/>\n\t<meta property=\"og:image:width\" content=\"1920\" \/>\n\t<meta property=\"og:image:height\" content=\"1280\" \/>\n\t<meta property=\"og:image:type\" content=\"image\/jpeg\" \/>\n<meta name=\"twitter:card\" content=\"summary_large_image\" \/>\n<meta name=\"twitter:label1\" content=\"Dur\u00e9e de lecture estim\u00e9e\" \/>\n\t<meta name=\"twitter:data1\" content=\"13 minutes\" \/>\n<script type=\"application\/ld+json\" class=\"yoast-schema-graph\">{\"@context\":\"https:\\\/\\\/schema.org\",\"@graph\":[{\"@type\":\"WebPage\",\"@id\":\"https:\\\/\\\/kristall.ch\\\/fr\\\/project\\\/semaine-dactivite-et-de-plaisir-a-lhotel-kristall-saphir-24-30-mai-2026\\\/\",\"url\":\"https:\\\/\\\/kristall.ch\\\/fr\\\/project\\\/semaine-dactivite-et-de-plaisir-a-lhotel-kristall-saphir-24-30-mai-2026\\\/\",\"name\":\"Semaine d'activit\u00e9 et de plaisir \u00e0 l'h\u00f4tel Kristall-Saphir - 24 - 30 mai 2026 - H\u00f4tel Kristall-Saphir Saas-Fee\\\/Vall\u00e9e de Saas\",\"isPartOf\":{\"@id\":\"https:\\\/\\\/kristall.ch\\\/#website\"},\"primaryImageOfPage\":{\"@id\":\"https:\\\/\\\/kristall.ch\\\/fr\\\/project\\\/semaine-dactivite-et-de-plaisir-a-lhotel-kristall-saphir-24-30-mai-2026\\\/#primaryimage\"},\"image\":{\"@id\":\"https:\\\/\\\/kristall.ch\\\/fr\\\/project\\\/semaine-dactivite-et-de-plaisir-a-lhotel-kristall-saphir-24-30-mai-2026\\\/#primaryimage\"},\"thumbnailUrl\":\"https:\\\/\\\/kristall.ch\\\/wp-content\\\/uploads\\\/2025\\\/10\\\/Saas-Fee-Allalin-Hotel-Kristall-Saphir-Saas-Almagell.avif\",\"datePublished\":\"2025-10-27T14:24:41+00:00\",\"dateModified\":\"2025-10-27T15:04:53+00:00\",\"description\":\"Que vous restiez deux jours ou toute la semaine, nous vous ferons d\u00e9couvrir les plus beaux aspects de la vall\u00e9e de Saas et de la r\u00e9gion. Avec des randonn\u00e9es, des excursions \u00e0 Zermatt et \u00e0 Lo\u00e8che, des repas raffin\u00e9s et des histoires passionnantes.\",\"breadcrumb\":{\"@id\":\"https:\\\/\\\/kristall.ch\\\/fr\\\/project\\\/semaine-dactivite-et-de-plaisir-a-lhotel-kristall-saphir-24-30-mai-2026\\\/#breadcrumb\"},\"inLanguage\":\"fr-FR\",\"potentialAction\":[{\"@type\":\"ReadAction\",\"target\":[\"https:\\\/\\\/kristall.ch\\\/fr\\\/project\\\/semaine-dactivite-et-de-plaisir-a-lhotel-kristall-saphir-24-30-mai-2026\\\/\"]}]},{\"@type\":\"ImageObject\",\"inLanguage\":\"fr-FR\",\"@id\":\"https:\\\/\\\/kristall.ch\\\/fr\\\/project\\\/semaine-dactivite-et-de-plaisir-a-lhotel-kristall-saphir-24-30-mai-2026\\\/#primaryimage\",\"url\":\"https:\\\/\\\/kristall.ch\\\/wp-content\\\/uploads\\\/2025\\\/10\\\/Saas-Fee-Allalin-Hotel-Kristall-Saphir-Saas-Almagell.avif\",\"contentUrl\":\"https:\\\/\\\/kristall.ch\\\/wp-content\\\/uploads\\\/2025\\\/10\\\/Saas-Fee-Allalin-Hotel-Kristall-Saphir-Saas-Almagell.avif\",\"width\":1920,\"height\":1280},{\"@type\":\"BreadcrumbList\",\"@id\":\"https:\\\/\\\/kristall.ch\\\/fr\\\/project\\\/semaine-dactivite-et-de-plaisir-a-lhotel-kristall-saphir-24-30-mai-2026\\\/#breadcrumb\",\"itemListElement\":[{\"@type\":\"ListItem\",\"position\":1,\"name\":\"Home\",\"item\":\"https:\\\/\\\/kristall.ch\\\/\"},{\"@type\":\"ListItem\",\"position\":2,\"name\":\"Projekte\",\"item\":\"https:\\\/\\\/kristall.ch\\\/project\\\/\"},{\"@type\":\"ListItem\",\"position\":3,\"name\":\"Semaine d&rsquo;activit\u00e9 et de plaisir \u00e0 l&rsquo;h\u00f4tel Kristall-Saphir &#8211; 24 &#8211; 30 mai 2026\"}]},{\"@type\":\"WebSite\",\"@id\":\"https:\\\/\\\/kristall.ch\\\/#website\",\"url\":\"https:\\\/\\\/kristall.ch\\\/\",\"name\":\"Kristall-Saphir\",\"description\":\"Das Hotel in Saas-Almagell\",\"potentialAction\":[{\"@type\":\"SearchAction\",\"target\":{\"@type\":\"EntryPoint\",\"urlTemplate\":\"https:\\\/\\\/kristall.ch\\\/?s={search_term_string}\"},\"query-input\":{\"@type\":\"PropertyValueSpecification\",\"valueRequired\":true,\"valueName\":\"search_term_string\"}}],\"inLanguage\":\"fr-FR\"}]}<\/script>\n<!-- \/ Yoast SEO plugin. -->","yoast_head_json":{"title":"Semaine d'activit\u00e9 et de plaisir \u00e0 l'h\u00f4tel Kristall-Saphir - 24 - 30 mai 2026 - H\u00f4tel Kristall-Saphir Saas-Fee\/Vall\u00e9e de Saas","description":"Que vous restiez deux jours ou toute la semaine, nous vous ferons d\u00e9couvrir les plus beaux aspects de la vall\u00e9e de Saas et de la r\u00e9gion. Avec des randonn\u00e9es, des excursions \u00e0 Zermatt et \u00e0 Lo\u00e8che, des repas raffin\u00e9s et des histoires passionnantes.","robots":{"index":"index","follow":"follow","max-snippet":"max-snippet:-1","max-image-preview":"max-image-preview:large","max-video-preview":"max-video-preview:-1"},"canonical":"https:\/\/kristall.ch\/fr\/project\/semaine-dactivite-et-de-plaisir-a-lhotel-kristall-saphir-24-30-mai-2026\/","og_locale":"fr_FR","og_type":"article","og_title":"Semaine d'activit\u00e9 et de plaisir \u00e0 l'h\u00f4tel Kristall-Saphir - 24 - 30 mai 2026 - H\u00f4tel Kristall-Saphir Saas-Fee\/Vall\u00e9e de Saas","og_description":"Que vous restiez deux jours ou toute la semaine, nous vous ferons d\u00e9couvrir les plus beaux aspects de la vall\u00e9e de Saas et de la r\u00e9gion. Avec des randonn\u00e9es, des excursions \u00e0 Zermatt et \u00e0 Lo\u00e8che, des repas raffin\u00e9s et des histoires passionnantes.","og_url":"https:\/\/kristall.ch\/fr\/project\/semaine-dactivite-et-de-plaisir-a-lhotel-kristall-saphir-24-30-mai-2026\/","og_site_name":"Kristall-Saphir","article_modified_time":"2025-10-27T15:04:53+00:00","og_image":[{"width":1920,"height":1280,"url":"https:\/\/kristall.ch\/wp-content\/uploads\/2025\/10\/Saas-Fee-Allalin-Hotel-Kristall-Saphir-Saas-Almagell.jpg","type":"image\/jpeg"}],"twitter_card":"summary_large_image","twitter_misc":{"Dur\u00e9e de lecture estim\u00e9e":"13 minutes"},"schema":{"@context":"https:\/\/schema.org","@graph":[{"@type":"WebPage","@id":"https:\/\/kristall.ch\/fr\/project\/semaine-dactivite-et-de-plaisir-a-lhotel-kristall-saphir-24-30-mai-2026\/","url":"https:\/\/kristall.ch\/fr\/project\/semaine-dactivite-et-de-plaisir-a-lhotel-kristall-saphir-24-30-mai-2026\/","name":"Semaine d'activit\u00e9 et de plaisir \u00e0 l'h\u00f4tel Kristall-Saphir - 24 - 30 mai 2026 - H\u00f4tel Kristall-Saphir Saas-Fee\/Vall\u00e9e de Saas","isPartOf":{"@id":"https:\/\/kristall.ch\/#website"},"primaryImageOfPage":{"@id":"https:\/\/kristall.ch\/fr\/project\/semaine-dactivite-et-de-plaisir-a-lhotel-kristall-saphir-24-30-mai-2026\/#primaryimage"},"image":{"@id":"https:\/\/kristall.ch\/fr\/project\/semaine-dactivite-et-de-plaisir-a-lhotel-kristall-saphir-24-30-mai-2026\/#primaryimage"},"thumbnailUrl":"https:\/\/kristall.ch\/wp-content\/uploads\/2025\/10\/Saas-Fee-Allalin-Hotel-Kristall-Saphir-Saas-Almagell.avif","datePublished":"2025-10-27T14:24:41+00:00","dateModified":"2025-10-27T15:04:53+00:00","description":"Que vous restiez deux jours ou toute la semaine, nous vous ferons d\u00e9couvrir les plus beaux aspects de la vall\u00e9e de Saas et de la r\u00e9gion. Avec des randonn\u00e9es, des excursions \u00e0 Zermatt et \u00e0 Lo\u00e8che, des repas raffin\u00e9s et des histoires passionnantes.","breadcrumb":{"@id":"https:\/\/kristall.ch\/fr\/project\/semaine-dactivite-et-de-plaisir-a-lhotel-kristall-saphir-24-30-mai-2026\/#breadcrumb"},"inLanguage":"fr-FR","potentialAction":[{"@type":"ReadAction","target":["https:\/\/kristall.ch\/fr\/project\/semaine-dactivite-et-de-plaisir-a-lhotel-kristall-saphir-24-30-mai-2026\/"]}]},{"@type":"ImageObject","inLanguage":"fr-FR","@id":"https:\/\/kristall.ch\/fr\/project\/semaine-dactivite-et-de-plaisir-a-lhotel-kristall-saphir-24-30-mai-2026\/#primaryimage","url":"https:\/\/kristall.ch\/wp-content\/uploads\/2025\/10\/Saas-Fee-Allalin-Hotel-Kristall-Saphir-Saas-Almagell.avif","contentUrl":"https:\/\/kristall.ch\/wp-content\/uploads\/2025\/10\/Saas-Fee-Allalin-Hotel-Kristall-Saphir-Saas-Almagell.avif","width":1920,"height":1280},{"@type":"BreadcrumbList","@id":"https:\/\/kristall.ch\/fr\/project\/semaine-dactivite-et-de-plaisir-a-lhotel-kristall-saphir-24-30-mai-2026\/#breadcrumb","itemListElement":[{"@type":"ListItem","position":1,"name":"Home","item":"https:\/\/kristall.ch\/"},{"@type":"ListItem","position":2,"name":"Projekte","item":"https:\/\/kristall.ch\/project\/"},{"@type":"ListItem","position":3,"name":"Semaine d&rsquo;activit\u00e9 et de plaisir \u00e0 l&rsquo;h\u00f4tel Kristall-Saphir &#8211; 24 &#8211; 30 mai 2026"}]},{"@type":"WebSite","@id":"https:\/\/kristall.ch\/#website","url":"https:\/\/kristall.ch\/","name":"Kristall-Saphir","description":"Das Hotel in Saas-Almagell","potentialAction":[{"@type":"SearchAction","target":{"@type":"EntryPoint","urlTemplate":"https:\/\/kristall.ch\/?s={search_term_string}"},"query-input":{"@type":"PropertyValueSpecification","valueRequired":true,"valueName":"search_term_string"}}],"inLanguage":"fr-FR"}]}},"_links":{"self":[{"href":"https:\/\/kristall.ch\/fr\/wp-json\/wp\/v2\/project\/17930","targetHints":{"allow":["GET"]}}],"collection":[{"href":"https:\/\/kristall.ch\/fr\/wp-json\/wp\/v2\/project"}],"about":[{"href":"https:\/\/kristall.ch\/fr\/wp-json\/wp\/v2\/types\/project"}],"author":[{"embeddable":true,"href":"https:\/\/kristall.ch\/fr\/wp-json\/wp\/v2\/users\/4"}],"version-history":[{"count":0,"href":"https:\/\/kristall.ch\/fr\/wp-json\/wp\/v2\/project\/17930\/revisions"}],"wp:featuredmedia":[{"embeddable":true,"href":"https:\/\/kristall.ch\/fr\/wp-json\/wp\/v2\/media\/17931"}],"wp:attachment":[{"href":"https:\/\/kristall.ch\/fr\/wp-json\/wp\/v2\/media?parent=17930"}],"wp:term":[{"taxonomy":"project_category","embeddable":true,"href":"https:\/\/kristall.ch\/fr\/wp-json\/wp\/v2\/project_category?post=17930"},{"taxonomy":"project_tag","embeddable":true,"href":"https:\/\/kristall.ch\/fr\/wp-json\/wp\/v2\/project_tag?post=17930"}],"curies":[{"name":"wp","href":"https:\/\/api.w.org\/{rel}","templated":true}]}}