{"id":17239,"date":"2025-09-23T09:28:58","date_gmt":"2025-09-23T09:28:58","guid":{"rendered":"https:\/\/kristall.ch\/?post_type=project&#038;p=17239"},"modified":"2026-03-23T09:31:53","modified_gmt":"2026-03-23T09:31:53","slug":"offre-speciale-ete-avec-arrivee-et-depart-gratuits","status":"publish","type":"project","link":"https:\/\/kristall.ch\/fr\/project\/offre-speciale-ete-avec-arrivee-et-depart-gratuits\/","title":{"rendered":"Offre sp\u00e9ciale \u00e9t\u00e9 avec arriv\u00e9e et d\u00e9part gratuits : Mobility Ticket"},"content":{"rendered":"<p>[et_pb_section fb_built=\u00a0\u00bb1&Prime; admin_label=\u00a0\u00bbsection\u00a0\u00bb _builder_version=\u00a0\u00bb4.16&Prime; custom_margin=\u00a0\u00bb|-57px||-57px|false|false\u00a0\u00bb custom_padding=\u00a0\u00bb|||0px|false|false\u00a0\u00bb global_colors_info=\u00a0\u00bb{}\u00a0\u00bb theme_builder_area=\u00a0\u00bbpost_content\u00a0\u00bb][et_pb_row _builder_version=\u00a0\u00bb4.27.4&Prime; _module_preset=\u00a0\u00bbdefault\u00a0\u00bb custom_padding=\u00a0\u00bb1px|||||\u00a0\u00bb global_colors_info=\u00a0\u00bb{}\u00a0\u00bb theme_builder_area=\u00a0\u00bbpost_content\u00a0\u00bb][et_pb_column type=\u00a0\u00bb4_4&Prime; _builder_version=\u00a0\u00bb4.27.4&Prime; _module_preset=\u00a0\u00bbdefault\u00a0\u00bb global_colors_info=\u00a0\u00bb{}\u00a0\u00bb theme_builder_area=\u00a0\u00bbpost_content\u00a0\u00bb][et_pb_text _builder_version=\u00a0\u00bb4.27.4&Prime; text_font=\u00a0\u00bbOpen Sans||||||||\u00a0\u00bb text_text_color=\u00a0\u00bb#000000&Prime; text_line_height=\u00a0\u00bb1.8em\u00a0\u00bb header_font=\u00a0\u00bbPoppins|600|||||||\u00a0\u00bb header_font_size=\u00a0\u00bb57px\u00a0\u00bb header_2_font=\u00a0\u00bbPoppins|600|||||||\u00a0\u00bb header_2_text_color=\u00a0\u00bb#FF5E14&Prime; header_2_font_size=\u00a0\u00bb49px\u00a0\u00bb custom_margin=\u00a0\u00bb0px||0px|0px|true|false\u00a0\u00bb custom_padding=\u00a0\u00bb0px|0px|45px|0px|false|false\u00a0\u00bb global_colors_info=\u00a0\u00bb{}\u00a0\u00bb theme_builder_area=\u00a0\u00bbpost_content\u00a0\u00bb]<\/p>\n<p>R\u00e9servez \u00e0 partir de 2 nuits \u00e0 l&rsquo;h\u00f4tel Kristall-Saphir et voyagez en toute d\u00e9contraction et gratuitement avec les transports publics \u00e0 l&rsquo;arriv\u00e9e et au d\u00e9part (Mobility Ticket).<\/p>\n<p>[\/et_pb_text][et_pb_cta title=\u00a0\u00bbVos avantages en un coup d&apos;\u0153il :\u00a0\u00bb button_url=\u00a0\u00bbhttps:\/\/kristall.officialbookings.com\u00a0\u00bb url_new_window=\u00a0\u00bbon\u00a0\u00bb button_text=\u00a0\u00bbR\u00e9server\u00a0\u00bb button_text_last_edited=\u00a0\u00bboff|desktop\u00a0\u00bb _builder_version=\u00a0\u00bb4.27.4&Prime; header_font=\u00a0\u00bbOpen Sans|700|||||||\u00a0\u00bb header_text_color=\u00a0\u00bb#ffffff\u00a0\u00bb header_font_size=\u00a0\u00bb40px\u00a0\u00bb header_line_height=\u00a0\u00bb1.4em\u00a0\u00bb body_font=\u00a0\u00bbOpen Sans|500|||||||\u00a0\u00bb body_text_color=\u00a0\u00bbrgba(255,255,255,0.81)\u00a0\u00bb body_font_size=\u00a0\u00bb16px\u00a0\u00bb body_line_height=\u00a0\u00bb1.9em\u00a0\u00bb background_color=\u00a0\u00bb#3a596b\u00a0\u00bb custom_button=\u00a0\u00bbon\u00a0\u00bb button_text_size=\u00a0\u00bb15px\u00a0\u00bb button_text_color=\u00a0\u00bb#000000&Prime; button_bg_color=\u00a0\u00bb#ffffff\u00a0\u00bb button_border_width=\u00a0\u00bb14px\u00a0\u00bb button_border_color=\u00a0\u00bb#ffffff\u00a0\u00bb button_border_radius=\u00a0\u00bb0px\u00a0\u00bb button_letter_spacing=\u00a0\u00bb1px\u00a0\u00bb button_font=\u00a0\u00bbOpen Sans||||||||\u00a0\u00bb text_orientation=\u00a0\u00bbleft\u00a0\u00bb max_width_last_edited=\u00a0\u00bboff|desktop\u00a0\u00bb module_alignment=\u00a0\u00bbright\u00a0\u00bb custom_padding=\u00a0\u00bb100px|70px|100px|70px\u00a0\u00bb custom_padding_tablet=\u00a0\u00bb\u00a0\u00bb custom_padding_phone=\u00a0\u00bb30px|18px|30px|18px\u00a0\u00bb custom_padding_last_edited=\u00a0\u00bbon|phone\u00a0\u00bb animation_style=\u00a0\u00bbslide\u00a0\u00bb animation_direction=\u00a0\u00bbleft\u00a0\u00bb animation_delay=\u00a0\u00bb400ms\u00a0\u00bb header_font_size_tablet=\u00a0\u00bb\u00a0\u00bb header_font_size_phone=\u00a0\u00bb25px\u00a0\u00bb header_font_size_last_edited=\u00a0\u00bbon|phone\u00a0\u00bb button_text_color_hover=\u00a0\u00bb#ffffff\u00a0\u00bb button_border_color_hover=\u00a0\u00bb#3FA2F7 \u00a0\u00bb button_border_radius_hover=\u00a0\u00bb5px\u00a0\u00bb button_letter_spacing_hover=\u00a0\u00bb4px\u00a0\u00bb button_bg_color_hover=\u00a0\u00bb#3FA2F7 \u00a0\u00bb global_colors_info=\u00a0\u00bb{}\u00a0\u00bb button_text_size__hover_enabled=\u00a0\u00bboff\u00a0\u00bb button_one_text_size__hover_enabled=\u00a0\u00bboff\u00a0\u00bb button_two_text_size__hover_enabled=\u00a0\u00bboff\u00a0\u00bb button_text_color__hover_enabled=\u00a0\u00bbon|hover\u00a0\u00bb button_text_color__hover=\u00a0\u00bb#ffffff\u00a0\u00bb button_one_text_color__hover_enabled=\u00a0\u00bboff\u00a0\u00bb button_two_text_color__hover_enabled=\u00a0\u00bboff\u00a0\u00bb button_border_width__hover_enabled=\u00a0\u00bboff\u00a0\u00bb button_one_border_width__hover_enabled=\u00a0\u00bboff\u00a0\u00bb button_two_border_width__hover_enabled=\u00a0\u00bboff\u00a0\u00bb button_border_color__hover_enabled=\u00a0\u00bbon\u00a0\u00bb button_border_color__hover=\u00a0\u00bb#739fb6&Prime; button_one_border_color__hover_enabled=\u00a0\u00bboff\u00a0\u00bb button_two_border_color__hover_enabled=\u00a0\u00bboff\u00a0\u00bb button_border_radius__hover_enabled=\u00a0\u00bboff\u00a0\u00bb button_border_radius__hover=\u00a0\u00bb5px\u00a0\u00bb button_one_border_radius__hover_enabled=\u00a0\u00bboff\u00a0\u00bb button_two_border_radius__hover_enabled=\u00a0\u00bboff\u00a0\u00bb button_letter_spacing__hover_enabled=\u00a0\u00bbon\u00a0\u00bb button_letter_spacing__hover=\u00a0\u00bb2px\u00a0\u00bb button_one_letter_spacing__hover_enabled=\u00a0\u00bboff\u00a0\u00bb button_two_letter_spacing__hover_enabled=\u00a0\u00bboff\u00a0\u00bb button_bg_color__hover_enabled=\u00a0\u00bbon\u00a0\u00bb button_bg_color__hover=\u00a0\u00bb#739fb6&Prime; button_one_bg_color__hover_enabled=\u00a0\u00bboff\u00a0\u00bb button_two_bg_color__hover_enabled=\u00a0\u00bboff\u00a0\u00bb button_bg_enable_color__hover=\u00a0\u00bbon\u00a0\u00bb theme_builder_area=\u00a0\u00bbpost_content\u00a0\u00bb]<\/p>\n<p>\ud83d\ude86 <strong data-start=\"922\" data-end=\"946\">Arriv\u00e9e &amp; d\u00e9part gratuits<\/strong> &#8211; valables pour les h\u00f4tes r\u00e9sidant en Suisse (\u00e0 partir de 2 nuit\u00e9es en \u00e9t\u00e9 2026).<br \/><span style=\"font-size: 16px;\">\ud83c\udf3f <\/span><strong style=\"font-size: 16px;\" data-start=\"1024\" data-end=\"1051\">Durable &amp; sans stress<\/strong><span style=\"font-size: 16px;\"> &#8211; pas de voiture, pas de parking, pas d&#8217;embouteillages.<br \/><\/span><span style=\"font-size: 16px;\">\ud83c\udfd4\ufe0f <\/span><strong style=\"font-size: 16px;\" data-start=\"1100\" data-end=\"1126\">Directement dans le monde de la montagne<\/strong><span style=\"font-size: 16px;\"> &#8211; pour les \u00e9picuriens et les vacanciers actifs.<\/span><\/p>\n<h2 class=\"et_pb_module_header et-fb-editable-element et-fb-editable-element__editing\" contenteditable=\"true\" data-shortcode-id=\"0.0.0.0-1758611113109\" data-quickaccess-id=\"header\">C&rsquo;est ainsi que cela fonctionne :<\/h2>\n<p><span style=\"font-size: 16px;\">\ud83d\udecf\ufe0f \u00c9tape 1 : r\u00e9server le s\u00e9jour (min. 2 nuits, uniquement pour les r\u00e9servations directes).<br \/><\/span>\ud83d\udce7 \u00c9tape 2 : recevoir les documents de voyage par e-mail <strong data-start=\"1349\" data-end=\"1371\">5 jours avant l&rsquo;arriv\u00e9e<\/strong>.<br \/><span style=\"font-size: 16px;\">\ud83c\udfd4\ufe0f \u00c9tape 3 : voyager et profiter de la vall\u00e9e de Saas en toute d\u00e9contraction.<\/span><\/p>\n<p class=\"cvGsUA direction-ltr align-justify para-style-body\">\n<p>[\/et_pb_cta][et_pb_text _builder_version=\u00a0\u00bb4.27.4&Prime; text_font=\u00a0\u00bbOpen Sans|700|||||||\u00a0\u00bb text_text_color=\u00a0\u00bb#3a596b\u00a0\u00bb text_font_size=\u00a0\u00bb40px\u00a0\u00bb text_line_height=\u00a0\u00bb1.4em\u00a0\u00bb header_font=\u00a0\u00bbPoppins|600|||||||\u00a0\u00bb header_font_size=\u00a0\u00bb57px\u00a0\u00bb header_2_font=\u00a0\u00bbPoppins|600|||||||\u00a0\u00bb header_2_text_color=\u00a0\u00bb#FF5E14&Prime; header_2_font_size=\u00a0\u00bb49px\u00a0\u00bb custom_margin=\u00a0\u00bb0px||0px||true|false\u00a0\u00bb custom_padding=\u00a0\u00bb0px|0px|0px|0px|true|false\u00a0\u00bb global_colors_info=\u00a0\u00bb{}\u00a0\u00bb theme_builder_area=\u00a0\u00bbpost_content\u00a0\u00bb]<\/p>\n<p>Plaisir &#8211; Actif<\/p>\n<p>[\/et_pb_text][et_pb_text _builder_version=\u00a0\u00bb4.27.4&Prime; text_font=\u00a0\u00bbOpen Sans||||||||\u00a0\u00bb text_text_color=\u00a0\u00bb#000000&Prime; text_line_height=\u00a0\u00bb1.8em\u00a0\u00bb header_font=\u00a0\u00bbPoppins|600|||||||\u00a0\u00bb header_font_size=\u00a0\u00bb57px\u00a0\u00bb header_2_font=\u00a0\u00bbPoppins|600|||||||\u00a0\u00bb header_2_text_color=\u00a0\u00bb#FF5E14&Prime; header_2_font_size=\u00a0\u00bb49px\u00a0\u00bb custom_margin=\u00a0\u00bb0px||0px|0px|true|false\u00a0\u00bb custom_padding=\u00a0\u00bb0px|0px|0px|0px|true|false\u00a0\u00bb global_colors_info=\u00a0\u00bb{}\u00a0\u00bb theme_builder_area=\u00a0\u00bbpost_content\u00a0\u00bb]<\/p>\n<p>Qu&rsquo;il s&rsquo;agisse d&rsquo;exp\u00e9riences culinaires dans notre restaurant, d&rsquo;heures de d\u00e9tente dans la zone de repos ou de journ\u00e9es actives dans les montagnes valaisannes, chez nous, vous alliez parfaitement d\u00e9tente et activit\u00e9 physique.<\/p>\n<p>[\/et_pb_text][\/et_pb_column][\/et_pb_row][et_pb_row column_structure=\u00a0\u00bb1_3,1_3,1_3&Prime; _builder_version=\u00a0\u00bb4.27.4&Prime; _module_preset=\u00a0\u00bbdefault\u00a0\u00bb custom_margin=\u00a0\u00bb1px|auto||auto||\u00a0\u00bb custom_padding=\u00a0\u00bb2px||0px|||\u00a0\u00bb global_colors_info=\u00a0\u00bb{}\u00a0\u00bb theme_builder_area=\u00a0\u00bbpost_content\u00a0\u00bb][et_pb_column type=\u00a0\u00bb1_3&Prime; _builder_version=\u00a0\u00bb4.27.4&Prime; _module_preset=\u00a0\u00bbdefault\u00a0\u00bb global_colors_info=\u00a0\u00bb{}\u00a0\u00bb theme_builder_area=\u00a0\u00bbpost_content\u00a0\u00bb][et_pb_image src=\u00a0\u00bbhttps:\/\/bunny-wp-pullzone-hbbchuml4b.b-cdn.net\/wp-content\/uploads\/2024\/11\/Restaurant-1659-Saas-Almagell-Hotel-Kristall-Saphir-Saas-Fee-Saastal-14-1024&#215;683.avif\u00a0\u00bb title_text=\u00a0\u00bbRestaurant 1659 Saas-Almagell H\u00f4tel Kristall-Saphir Saas-Fee Vall\u00e9e de Saas 14&Prime; align=\u00a0\u00bbcenter\u00a0\u00bb align_tablet=\u00a0\u00bbcenter\u00a0\u00bb align_phone=\u00a0\u00bb\u00a0\u00bb align_last_edited=\u00a0\u00bbon|desktop\u00a0\u00bb _builder_version=\u00a0\u00bb4.27.4&Prime; max_height=\u00a0\u00bb250px\u00a0\u00bb custom_margin=\u00a0\u00bb||||false|false\u00a0\u00bb animation_style=\u00a0\u00bbslide\u00a0\u00bb animation_direction=\u00a0\u00bbright\u00a0\u00bb animation_delay=\u00a0\u00bb400ms\u00a0\u00bb box_shadow_style=\u00a0\u00bbpreset1&Prime; box_shadow_blur=\u00a0\u00bb80px\u00a0\u00bb box_shadow_spread=\u00a0\u00bb42px\u00a0\u00bb box_shadow_color=\u00a0\u00bbrgba(0,0,0,0.08)\u00a0\u00bb global_colors_info=\u00a0\u00bb{}\u00a0\u00bb theme_builder_area=\u00a0\u00bbpost_content\u00a0\u00bb][\/et_pb_image][\/et_pb_column][et_pb_column type=\u00a0\u00bb1_3&Prime; _builder_version=\u00a0\u00bb4.27.4&Prime; _module_preset=\u00a0\u00bbdefault\u00a0\u00bb global_colors_info=\u00a0\u00bb{}\u00a0\u00bb theme_builder_area=\u00a0\u00bbpost_content\u00a0\u00bb][et_pb_text _builder_version=\u00a0\u00bb4.27.4&Prime; text_font=\u00a0\u00bbOpen Sans||||||||\u00a0\u00bb text_text_color=\u00a0\u00bb#000000&Prime; text_line_height=\u00a0\u00bb1.8em\u00a0\u00bb header_font=\u00a0\u00bbPoppins|600|||||||\u00a0\u00bb header_font_size=\u00a0\u00bb57px\u00a0\u00bb header_2_font=\u00a0\u00bbPoppins|600|||||||\u00a0\u00bb header_2_text_color=\u00a0\u00bb#FF5E14&Prime; header_2_font_size=\u00a0\u00bb49px\u00a0\u00bb custom_margin=\u00a0\u00bb0px||0px|0px|true|false\u00a0\u00bb custom_padding=\u00a0\u00bb0px|0px|0px|0px|true|false\u00a0\u00bb global_colors_info=\u00a0\u00bb{}\u00a0\u00bb theme_builder_area=\u00a0\u00bbpost_content\u00a0\u00bb]<\/p>\n<p><strong data-start=\"1763\" data-end=\"1778\">Savoureux :<\/strong> cuisine r\u00e9gionale, ambiance chaleureuse, hospitalit\u00e9 familiale.<\/p>\n<p>&nbsp;<\/p>\n<p><strong data-start=\"1851\" data-end=\"1861\">Actif :<\/strong> randonn\u00e9es, v\u00e9lo, lacs de montagne et aventures alpines directement devant la porte.<\/p>\n<p>[\/et_pb_text][\/et_pb_column][et_pb_column type=\u00a0\u00bb1_3&Prime; _builder_version=\u00a0\u00bb4.27.4&Prime; _module_preset=\u00a0\u00bbdefault\u00a0\u00bb global_colors_info=\u00a0\u00bb{}\u00a0\u00bb theme_builder_area=\u00a0\u00bbpost_content\u00a0\u00bb][et_pb_image src=\u00a0\u00bbhttps:\/\/bunny-wp-pullzone-hbbchuml4b.b-cdn.net\/wp-content\/uploads\/2025\/04\/Wander-Hotel-Kristall-Saphir-Saas-Almagell-Saas-Fee-Saastal-Saas-Fee-1024&#215;683.avif\u00a0\u00bb title_text=\u00a0\u00bbWander Hotel Kristall-Saphir Saas-Almagell Saas-Fee Vall\u00e9e de Saas Saas-Fee\u00a0\u00bb align=\u00a0\u00bbcenter\u00a0\u00bb align_tablet=\u00a0\u00bbcenter\u00a0\u00bb align_phone=\u00a0\u00bb\u00a0\u00bb align_last_edited=\u00a0\u00bbon|desktop\u00a0\u00bb _builder_version=\u00a0\u00bb4.27.4&Prime; max_height=\u00a0\u00bb250px\u00a0\u00bb custom_margin=\u00a0\u00bb||||false|false\u00a0\u00bb animation_style=\u00a0\u00bbslide\u00a0\u00bb animation_direction=\u00a0\u00bbright\u00a0\u00bb animation_delay=\u00a0\u00bb400ms\u00a0\u00bb box_shadow_style=\u00a0\u00bbpreset1&Prime; box_shadow_blur=\u00a0\u00bb80px\u00a0\u00bb box_shadow_spread=\u00a0\u00bb42px\u00a0\u00bb box_shadow_color=\u00a0\u00bbrgba(0,0,0,0.08)\u00a0\u00bb global_colors_info=\u00a0\u00bb{}\u00a0\u00bb theme_builder_area=\u00a0\u00bbpost_content\u00a0\u00bb][\/et_pb_image][\/et_pb_column][\/et_pb_row][et_pb_row _builder_version=\u00a0\u00bb4.27.4&Prime; _module_preset=\u00a0\u00bbdefault\u00a0\u00bb global_colors_info=\u00a0\u00bb{}\u00a0\u00bb theme_builder_area=\u00a0\u00bbpost_content\u00a0\u00bb][et_pb_column type=\u00a0\u00bb4_4&Prime; _builder_version=\u00a0\u00bb4.27.4&Prime; _module_preset=\u00a0\u00bbdefault\u00a0\u00bb global_colors_info=\u00a0\u00bb{}\u00a0\u00bb theme_builder_area=\u00a0\u00bbpost_content\u00a0\u00bb][et_pb_accordion _builder_version=\u00a0\u00bb4.27.6&Prime; _module_preset=\u00a0\u00bbdefault\u00a0\u00bb custom_margin=\u00a0\u00bb||-29px|||\u00a0\u00bb hover_enabled=\u00a0\u00bb0&Prime; global_colors_info=\u00a0\u00bb{}\u00a0\u00bb theme_builder_area=\u00a0\u00bbpost_content\u00a0\u00bb sticky_enabled=\u00a0\u00bb0&Prime;][et_pb_accordion_item title=\u00a0\u00bbQuand l&apos;action est-elle valable ?\u00a0\u00bb open=\u00a0\u00bbon\u00a0\u00bb open_toggle_text_color=\u00a0\u00bb#FFFFFF\u00a0\u00bb _builder_version=\u00a0\u00bb4.27.4&Prime; _module_preset=\u00a0\u00bbdefault\u00a0\u00bb body_font=\u00a0\u00bbOpen Sans||||||||\u00a0\u00bb body_text_color=\u00a0\u00bbrgba(255,255,255,0.81)\u00a0\u00bb body_font_size=\u00a0\u00bb16px\u00a0\u00bb body_line_height=\u00a0\u00bb1.9em\u00a0\u00bb background_color=\u00a0\u00bb#3a596b\u00a0\u00bb background_enable_color=\u00a0\u00bbon\u00a0\u00bb link_option_url_new_window=\u00a0\u00bbon\u00a0\u00bb global_colors_info=\u00a0\u00bb{}\u00a0\u00bb toggle_text_color=\u00a0\u00bb#FFFFFF\u00a0\u00bb toggle_font=\u00a0\u00bbOpen Sans|700|||||||\u00a0\u00bb theme_builder_area=\u00a0\u00bbpost_content\u00a0\u00bb]<\/p>\n<p>Du 1er mai au 31 octobre 2026.<\/p>\n<p>[\/et_pb_accordion_item][et_pb_accordion_item title=\u00a0\u00bbQui peut b\u00e9n\u00e9ficier de l&apos;offre ?\u00a0\u00bb open_toggle_text_color=\u00a0\u00bb#FFFFFF\u00a0\u00bb _builder_version=\u00a0\u00bb4.27.4&Prime; _module_preset=\u00a0\u00bbdefault\u00a0\u00bb body_font=\u00a0\u00bbOpen Sans||||||||\u00a0\u00bb body_text_color=\u00a0\u00bbrgba(255,255,255,0.81)\u00a0\u00bb body_font_size=\u00a0\u00bb16px\u00a0\u00bb body_line_height=\u00a0\u00bb1.9em\u00a0\u00bb background_color=\u00a0\u00bb#3a596b\u00a0\u00bb background_enable_color=\u00a0\u00bbon\u00a0\u00bb link_option_url_new_window=\u00a0\u00bbon\u00a0\u00bb global_colors_info=\u00a0\u00bb{}\u00a0\u00bb toggle_text_color=\u00a0\u00bb#FFFFFF\u00a0\u00bb toggle_font=\u00a0\u00bbOpen Sans|700|||||||\u00a0\u00bb theme_builder_area=\u00a0\u00bbpost_content\u00a0\u00bb open=\u00a0\u00bboff\u00a0\u00bb]<\/p>\n<p>H\u00f4tes r\u00e9sidant en Suisse.<\/p>\n<p>[\/et_pb_accordion_item][et_pb_accordion_item title=\u00a0\u00bbS\u00e9jour minimum ?\u00a0\u00bb open_toggle_text_color=\u00a0\u00bb#FFFFFF\u00a0\u00bb _builder_version=\u00a0\u00bb4.27.4&Prime; _module_preset=\u00a0\u00bbdefault\u00a0\u00bb body_font=\u00a0\u00bbOpen Sans||||||||\u00a0\u00bb body_text_color=\u00a0\u00bbrgba(255,255,255,0.81)\u00a0\u00bb body_font_size=\u00a0\u00bb16px\u00a0\u00bb body_line_height=\u00a0\u00bb1.9em\u00a0\u00bb background_color=\u00a0\u00bb#3a596b\u00a0\u00bb background_enable_color=\u00a0\u00bbon\u00a0\u00bb link_option_url_new_window=\u00a0\u00bbon\u00a0\u00bb global_colors_info=\u00a0\u00bb{}\u00a0\u00bb toggle_text_color=\u00a0\u00bb#FFFFFF\u00a0\u00bb toggle_font=\u00a0\u00bbOpen Sans|700|||||||\u00a0\u00bb theme_builder_area=\u00a0\u00bbpost_content\u00a0\u00bb open=\u00a0\u00bboff\u00a0\u00bb]<\/p>\n<p>A partir de 2 nuits.<\/p>\n<p>[\/et_pb_accordion_item][et_pb_accordion_item title=\u00a0\u00bbComment obtenir les documents de voyage ?\u00a0\u00bb open_toggle_text_color=\u00a0\u00bb#FFFFFF\u00a0\u00bb _builder_version=\u00a0\u00bb4.27.4&Prime; _module_preset=\u00a0\u00bbdefault\u00a0\u00bb body_font=\u00a0\u00bbOpen Sans||||||||\u00a0\u00bb body_text_color=\u00a0\u00bbrgba(255,255,255,0.81)\u00a0\u00bb body_font_size=\u00a0\u00bb16px\u00a0\u00bb body_line_height=\u00a0\u00bb1.9em\u00a0\u00bb background_color=\u00a0\u00bb#3a596b\u00a0\u00bb background_enable_color=\u00a0\u00bbon\u00a0\u00bb link_option_url_new_window=\u00a0\u00bbon\u00a0\u00bb global_colors_info=\u00a0\u00bb{}\u00a0\u00bb toggle_text_color=\u00a0\u00bb#FFFFFF\u00a0\u00bb toggle_font=\u00a0\u00bbOpen Sans|700|||||||\u00a0\u00bb theme_builder_area=\u00a0\u00bbpost_content\u00a0\u00bb open=\u00a0\u00bboff\u00a0\u00bb]<\/p>\n<p>5 jours avant l&rsquo;arriv\u00e9e par e-mail.<\/p>\n<p>[\/et_pb_accordion_item][et_pb_accordion_item title=\u00a0\u00bbComment r\u00e9server l&apos;offre ?\u00a0\u00bb open_toggle_text_color=\u00a0\u00bb#FFFFFF\u00a0\u00bb _builder_version=\u00a0\u00bb4.27.4&Prime; _module_preset=\u00a0\u00bbdefault\u00a0\u00bb body_font=\u00a0\u00bbOpen Sans||||||||\u00a0\u00bb body_text_color=\u00a0\u00bbrgba(255,255,255,0.81)\u00a0\u00bb body_font_size=\u00a0\u00bb16px\u00a0\u00bb body_line_height=\u00a0\u00bb1.9em\u00a0\u00bb background_color=\u00a0\u00bb#3a596b\u00a0\u00bb background_enable_color=\u00a0\u00bbon\u00a0\u00bb link_option_url_new_window=\u00a0\u00bbon\u00a0\u00bb global_colors_info=\u00a0\u00bb{}\u00a0\u00bb toggle_text_color=\u00a0\u00bb#FFFFFF\u00a0\u00bb toggle_font=\u00a0\u00bbOpen Sans|700|||||||\u00a0\u00bb theme_builder_area=\u00a0\u00bbpost_content\u00a0\u00bb open=\u00a0\u00bboff\u00a0\u00bb]<\/p>\n<p>Simplement et confortablement via notre site Internet, par t\u00e9l\u00e9phone ou par e-mail.<\/p>\n<p>[\/et_pb_accordion_item][et_pb_accordion_item title=\u00a0\u00bbL&apos;offre s&apos;applique-t-elle aussi aux r\u00e9servations de groupe ?\u00a0\u00bb open_toggle_text_color=\u00a0\u00bb#FFFFFF\u00a0\u00bb _builder_version=\u00a0\u00bb4.27.4&Prime; _module_preset=\u00a0\u00bbdefault\u00a0\u00bb body_font=\u00a0\u00bbOpen Sans||||||||\u00a0\u00bb body_text_color=\u00a0\u00bbrgba(255,255,255,0.81)\u00a0\u00bb body_font_size=\u00a0\u00bb16px\u00a0\u00bb body_line_height=\u00a0\u00bb1.9em\u00a0\u00bb background_color=\u00a0\u00bb#3a596b\u00a0\u00bb background_enable_color=\u00a0\u00bbon\u00a0\u00bb link_option_url_new_window=\u00a0\u00bbon\u00a0\u00bb global_colors_info=\u00a0\u00bb{}\u00a0\u00bb toggle_text_color=\u00a0\u00bb#FFFFFF\u00a0\u00bb toggle_font=\u00a0\u00bbOpen Sans|700|||||||\u00a0\u00bb theme_builder_area=\u00a0\u00bbpost_content\u00a0\u00bb open=\u00a0\u00bboff\u00a0\u00bb]<\/p>\n<p>Oui, l&rsquo;offre est \u00e9galement valable pour toutes les r\u00e9servations de groupe.<\/p>\n<p>[\/et_pb_accordion_item][et_pb_accordion_item title=\u00a0\u00bbPuis-je aussi voyager en 1\u00e8re classe avec le Mobility Ticket ?\u00a0\u00bb open_toggle_text_color=\u00a0\u00bb#FFFFFF\u00a0\u00bb _builder_version=\u00a0\u00bb4.27.6&Prime; _module_preset=\u00a0\u00bbdefault\u00a0\u00bb body_font=\u00a0\u00bbOpen Sans||||||||\u00a0\u00bb body_text_color=\u00a0\u00bbrgba(255,255,255,0.81)\u00a0\u00bb body_font_size=\u00a0\u00bb16px\u00a0\u00bb body_line_height=\u00a0\u00bb1.9em\u00a0\u00bb background_color=\u00a0\u00bb#3a596b\u00a0\u00bb background_enable_color=\u00a0\u00bbon\u00a0\u00bb link_option_url_new_window=\u00a0\u00bbon\u00a0\u00bb hover_enabled=\u00a0\u00bb0&Prime; global_colors_info=\u00a0\u00bb{}\u00a0\u00bb toggle_text_color=\u00a0\u00bb#FFFFFF\u00a0\u00bb toggle_font=\u00a0\u00bbOpen Sans|700|||||||\u00a0\u00bb theme_builder_area=\u00a0\u00bbpost_content\u00a0\u00bb open=\u00a0\u00bboff\u00a0\u00bb sticky_enabled=\u00a0\u00bb0&Prime;]<\/p>\n<p>Oui, le billet est \u00e9galement valable pour la 1re classe. Vous devez toutefois payer le changement de classe. <\/p>\n<p>[\/et_pb_accordion_item][\/et_pb_accordion][\/et_pb_column][\/et_pb_row][et_pb_row _builder_version=\u00a0\u00bb4.27.4&Prime; _module_preset=\u00a0\u00bbdefault\u00a0\u00bb global_colors_info=\u00a0\u00bb{}\u00a0\u00bb theme_builder_area=\u00a0\u00bbpost_content\u00a0\u00bb][et_pb_column type=\u00a0\u00bb4_4&Prime; _builder_version=\u00a0\u00bb4.27.4&Prime; _module_preset=\u00a0\u00bbdefault\u00a0\u00bb global_colors_info=\u00a0\u00bb{}\u00a0\u00bb theme_builder_area=\u00a0\u00bbpost_content\u00a0\u00bb][et_pb_image src=\u00a0\u00bbhttps:\/\/bunny-wp-pullzone-hbbchuml4b.b-cdn.net\/wp-content\/uploads\/2026\/03\/Mobility-Ticket-Hotel-Kristall-Saphir-quer.avif\u00a0\u00bb title_text=\u00a0\u00bbMobility Ticket H\u00f4tel Kristall-Saphir transversal\u00a0\u00bb _builder_version=\u00a0\u00bb4.27.5&Prime; _module_preset=\u00a0\u00bbdefault\u00a0\u00bb global_colors_info=\u00a0\u00bb{}\u00a0\u00bb theme_builder_area=\u00a0\u00bbpost_content\u00a0\u00bb][\/et_pb_image][et_pb_button button_url=\u00a0\u00bbhttps:\/\/kristall.officialbookings.com\/\u00a0\u00bb url_new_window=\u00a0\u00bbon\u00a0\u00bb button_text=\u00a0\u00bbR\u00e9servez maintenant\u00a0\u00bb _builder_version=\u00a0\u00bb4.27.4&Prime; _module_preset=\u00a0\u00bbdefault\u00a0\u00bb button_text_color=\u00a0\u00bb#FFFFFF\u00a0\u00bb button_bg_color=\u00a0\u00bb#3a596b\u00a0\u00bb button_border_radius=\u00a0\u00bb10px\u00a0\u00bb button_font=\u00a0\u00bbArial|600|||||||\u00a0\u00bb background_layout=\u00a0\u00bbdark\u00a0\u00bb global_colors_info=\u00a0\u00bb{}\u00a0\u00bb button_bg_color__hover_enabled=\u00a0\u00bbon|hover\u00a0\u00bb button_bg_color__hover=\u00a0\u00bb#739fb6&Prime; button_bg_enable_color__hover=\u00a0\u00bbon\u00a0\u00bb theme_builder_area=\u00a0\u00bbpost_content\u00a0\u00bb][\/et_pb_button][\/et_pb_column][\/et_pb_row][et_pb_row _builder_version=\u00a0\u00bb4.16&Prime; _module_preset=\u00a0\u00bbdefault\u00a0\u00bb global_colors_info=\u00a0\u00bb{}\u00a0\u00bb theme_builder_area=\u00a0\u00bbpost_content\u00a0\u00bb][et_pb_column type=\u00a0\u00bb4_4&Prime; _builder_version=\u00a0\u00bb4.16&Prime; _module_preset=\u00a0\u00bbdefault\u00a0\u00bb global_colors_info=\u00a0\u00bb{}\u00a0\u00bb theme_builder_area=\u00a0\u00bbpost_content\u00a0\u00bb][et_pb_text _builder_version=\u00a0\u00bb4.16&Prime; text_font=\u00a0\u00bbOpen Sans|700|||||||\u00a0\u00bb text_text_color=\u00a0\u00bb#3a596b\u00a0\u00bb text_font_size=\u00a0\u00bb40px\u00a0\u00bb text_line_height=\u00a0\u00bb1.4em\u00a0\u00bb header_font=\u00a0\u00bbPoppins|600|||||||\u00a0\u00bb header_font_size=\u00a0\u00bb57px\u00a0\u00bb header_2_font=\u00a0\u00bbPoppins|600|||||||\u00a0\u00bb header_2_text_color=\u00a0\u00bb#FF5E14&Prime; header_2_font_size=\u00a0\u00bb49px\u00a0\u00bb custom_padding=\u00a0\u00bb0px|39px|0px|46px|true|false\u00a0\u00bb global_colors_info=\u00a0\u00bb{}\u00a0\u00bb theme_builder_area=\u00a0\u00bbpost_content\u00a0\u00bb]<\/p>\n<p>Contactez-nous d\u00e8s maintenant !<\/p>\n<p>[\/et_pb_text][et_pb_contact_form _builder_version=\u00a0\u00bb4.16&Prime; _module_preset=\u00a0\u00bbdefault\u00a0\u00bb _unique_id=\u00a0\u00bb2382b51c-8e75-4e49-b971-82f25db2c0cb\u00a0\u00bb global_colors_info=\u00a0\u00bb{}\u00a0\u00bb theme_builder_area=\u00a0\u00bbpost_content\u00a0\u00bb][et_pb_contact_field field_id=\u00a0\u00bbName\u00a0\u00bb field_title=\u00a0\u00bbNom\u00a0\u00bb _builder_version=\u00a0\u00bb4.16&Prime; global_colors_info=\u00a0\u00bb{}\u00a0\u00bb button_text_size__hover_enabled=\u00a0\u00bboff\u00a0\u00bb button_one_text_size__hover_enabled=\u00a0\u00bboff\u00a0\u00bb button_two_text_size__hover_enabled=\u00a0\u00bboff\u00a0\u00bb button_text_color__hover_enabled=\u00a0\u00bboff\u00a0\u00bb button_one_text_color__hover_enabled=\u00a0\u00bboff\u00a0\u00bb button_two_text_color__hover_enabled=\u00a0\u00bboff\u00a0\u00bb button_border_width__hover_enabled=\u00a0\u00bboff\u00a0\u00bb button_one_border_width__hover_enabled=\u00a0\u00bboff\u00a0\u00bb button_two_border_width__hover_enabled=\u00a0\u00bboff\u00a0\u00bb button_border_color__hover_enabled=\u00a0\u00bboff\u00a0\u00bb button_one_border_color__hover_enabled=\u00a0\u00bboff\u00a0\u00bb button_two_border_color__hover_enabled=\u00a0\u00bboff\u00a0\u00bb button_border_radius__hover_enabled=\u00a0\u00bboff\u00a0\u00bb button_one_border_radius__hover_enabled=\u00a0\u00bboff\u00a0\u00bb button_two_border_radius__hover_enabled=\u00a0\u00bboff\u00a0\u00bb button_letter_spacing__hover_enabled=\u00a0\u00bboff\u00a0\u00bb button_one_letter_spacing__hover_enabled=\u00a0\u00bboff\u00a0\u00bb button_two_letter_spacing__hover_enabled=\u00a0\u00bboff\u00a0\u00bb button_bg_color__hover_enabled=\u00a0\u00bboff\u00a0\u00bb button_one_bg_color__hover_enabled=\u00a0\u00bboff\u00a0\u00bb button_two_bg_color__hover_enabled=\u00a0\u00bboff\u00a0\u00bb theme_builder_area=\u00a0\u00bbpost_content\u00a0\u00bb][\/et_pb_contact_field][et_pb_contact_field field_id=\u00a0\u00bbEmail\u00a0\u00bb field_title=\u00a0\u00bbAdresse \u00e9lectronique\u00a0\u00bb field_type=\u00a0\u00bbemail\u00a0\u00bb _builder_version=\u00a0\u00bb4.16&Prime; global_colors_info=\u00a0\u00bb{}\u00a0\u00bb button_text_size__hover_enabled=\u00a0\u00bboff\u00a0\u00bb button_one_text_size__hover_enabled=\u00a0\u00bboff\u00a0\u00bb button_two_text_size__hover_enabled=\u00a0\u00bboff\u00a0\u00bb button_text_color__hover_enabled=\u00a0\u00bboff\u00a0\u00bb button_one_text_color__hover_enabled=\u00a0\u00bboff\u00a0\u00bb button_two_text_color__hover_enabled=\u00a0\u00bboff\u00a0\u00bb button_border_width__hover_enabled=\u00a0\u00bboff\u00a0\u00bb button_one_border_width__hover_enabled=\u00a0\u00bboff\u00a0\u00bb button_two_border_width__hover_enabled=\u00a0\u00bboff\u00a0\u00bb button_border_color__hover_enabled=\u00a0\u00bboff\u00a0\u00bb button_one_border_color__hover_enabled=\u00a0\u00bboff\u00a0\u00bb button_two_border_color__hover_enabled=\u00a0\u00bboff\u00a0\u00bb button_border_radius__hover_enabled=\u00a0\u00bboff\u00a0\u00bb button_one_border_radius__hover_enabled=\u00a0\u00bboff\u00a0\u00bb button_two_border_radius__hover_enabled=\u00a0\u00bboff\u00a0\u00bb button_letter_spacing__hover_enabled=\u00a0\u00bboff\u00a0\u00bb button_one_letter_spacing__hover_enabled=\u00a0\u00bboff\u00a0\u00bb button_two_letter_spacing__hover_enabled=\u00a0\u00bboff\u00a0\u00bb button_bg_color__hover_enabled=\u00a0\u00bboff\u00a0\u00bb button_one_bg_color__hover_enabled=\u00a0\u00bboff\u00a0\u00bb button_two_bg_color__hover_enabled=\u00a0\u00bboff\u00a0\u00bb theme_builder_area=\u00a0\u00bbpost_content\u00a0\u00bb][\/et_pb_contact_field][et_pb_contact_field field_id=\u00a0\u00bbMessage\u00a0\u00bb field_title=\u00a0\u00bbMessage\u00a0\u00bb field_type=\u00a0\u00bbtext\u00a0\u00bb fullwidth_field=\u00a0\u00bbon\u00a0\u00bb _builder_version=\u00a0\u00bb4.16&Prime; global_colors_info=\u00a0\u00bb{}\u00a0\u00bb button_text_size__hover_enabled=\u00a0\u00bboff\u00a0\u00bb button_one_text_size__hover_enabled=\u00a0\u00bboff\u00a0\u00bb button_two_text_size__hover_enabled=\u00a0\u00bboff\u00a0\u00bb button_text_color__hover_enabled=\u00a0\u00bboff\u00a0\u00bb button_one_text_color__hover_enabled=\u00a0\u00bboff\u00a0\u00bb button_two_text_color__hover_enabled=\u00a0\u00bboff\u00a0\u00bb button_border_width__hover_enabled=\u00a0\u00bboff\u00a0\u00bb button_one_border_width__hover_enabled=\u00a0\u00bboff\u00a0\u00bb button_two_border_width__hover_enabled=\u00a0\u00bboff\u00a0\u00bb button_border_color__hover_enabled=\u00a0\u00bboff\u00a0\u00bb button_one_border_color__hover_enabled=\u00a0\u00bboff\u00a0\u00bb button_two_border_color__hover_enabled=\u00a0\u00bboff\u00a0\u00bb button_border_radius__hover_enabled=\u00a0\u00bboff\u00a0\u00bb button_one_border_radius__hover_enabled=\u00a0\u00bboff\u00a0\u00bb button_two_border_radius__hover_enabled=\u00a0\u00bboff\u00a0\u00bb button_letter_spacing__hover_enabled=\u00a0\u00bboff\u00a0\u00bb button_one_letter_spacing__hover_enabled=\u00a0\u00bboff\u00a0\u00bb button_two_letter_spacing__hover_enabled=\u00a0\u00bboff\u00a0\u00bb button_bg_color__hover_enabled=\u00a0\u00bboff\u00a0\u00bb button_one_bg_color__hover_enabled=\u00a0\u00bboff\u00a0\u00bb button_two_bg_color__hover_enabled=\u00a0\u00bboff\u00a0\u00bb theme_builder_area=\u00a0\u00bbpost_content\u00a0\u00bb][\/et_pb_contact_field][\/et_pb_contact_form][\/et_pb_column][\/et_pb_row][\/et_pb_section]<\/p>\n","protected":false},"excerpt":{"rendered":"<p>R\u00e9servez \u00e0 partir de 2 nuits \u00e0 l&rsquo;h\u00f4tel Kristall-Saphir et voyagez en toute d\u00e9contraction et gratuitement avec les transports publics \u00e0 l&rsquo;arriv\u00e9e et au d\u00e9part (Mobility Ticket).\ud83d\ude86 Arriv\u00e9e &amp; d\u00e9part gratuits &#8211; valables pour les h\u00f4tes r\u00e9sidant en Suisse (\u00e0 partir de 2 nuit\u00e9es en \u00e9t\u00e9 2026).\ud83c\udf3f Durable &amp; sans stress &#8211; pas de voiture, [&hellip;]<\/p>\n","protected":false},"author":4,"featured_media":18764,"template":"","meta":{"_et_pb_use_builder":"on","_et_pb_old_content":"","_et_gb_content_width":"","footnotes":""},"project_category":[37],"project_tag":[],"class_list":["post-17239","project","type-project","status-publish","has-post-thumbnail","hentry","project_category-ete"],"yoast_head":"<!-- This site is optimized with the Yoast SEO plugin v27.5 - https:\/\/yoast.com\/product\/yoast-seo-wordpress\/ -->\n<title>Offre sp\u00e9ciale \u00e9t\u00e9 avec arriv\u00e9e et d\u00e9part gratuits : Mobility Ticket - H\u00f4tel Kristall-Saphir Saas-Fee\/Vall\u00e9e de Saas<\/title>\n<meta name=\"description\" content=\"R\u00e9servez \u00e0 partir de 2 nuits \u00e0 l&#039;h\u00f4tel Kristall-Saphir et voyagez en toute d\u00e9contraction et gratuitement avec les transports publics \u00e0 l&#039;arriv\u00e9e et au d\u00e9part. Billet Mobility\" \/>\n<meta name=\"robots\" content=\"index, follow, max-snippet:-1, max-image-preview:large, max-video-preview:-1\" \/>\n<link rel=\"canonical\" href=\"https:\/\/kristall.ch\/fr\/project\/offre-speciale-ete-avec-arrivee-et-depart-gratuits\/\" \/>\n<meta property=\"og:locale\" content=\"fr_FR\" \/>\n<meta property=\"og:type\" content=\"article\" \/>\n<meta property=\"og:title\" content=\"Offre sp\u00e9ciale \u00e9t\u00e9 avec arriv\u00e9e et d\u00e9part gratuits : Mobility Ticket - H\u00f4tel Kristall-Saphir Saas-Fee\/Vall\u00e9e de Saas\" \/>\n<meta property=\"og:description\" content=\"R\u00e9servez \u00e0 partir de 2 nuits \u00e0 l&#039;h\u00f4tel Kristall-Saphir et voyagez en toute d\u00e9contraction et gratuitement avec les transports publics \u00e0 l&#039;arriv\u00e9e et au d\u00e9part. Billet Mobility\" \/>\n<meta property=\"og:url\" content=\"https:\/\/kristall.ch\/fr\/project\/offre-speciale-ete-avec-arrivee-et-depart-gratuits\/\" \/>\n<meta property=\"og:site_name\" content=\"Kristall-Saphir\" \/>\n<meta property=\"article:modified_time\" content=\"2026-03-23T09:31:53+00:00\" \/>\n<meta property=\"og:image\" content=\"https:\/\/kristall.ch\/wp-content\/uploads\/2025\/09\/Mobility-Ticket-Hotel-kristall-Saphir-Saas-Almagell-Saastal-Saas-Fee-.jpg\" \/>\n\t<meta property=\"og:image:width\" content=\"2500\" \/>\n\t<meta property=\"og:image:height\" content=\"1406\" \/>\n\t<meta property=\"og:image:type\" content=\"image\/jpeg\" \/>\n<meta name=\"twitter:card\" content=\"summary_large_image\" \/>\n<meta name=\"twitter:label1\" content=\"Dur\u00e9e de lecture estim\u00e9e\" \/>\n\t<meta name=\"twitter:data1\" content=\"13 minutes\" \/>\n<script type=\"application\/ld+json\" class=\"yoast-schema-graph\">{\"@context\":\"https:\\\/\\\/schema.org\",\"@graph\":[{\"@type\":\"WebPage\",\"@id\":\"https:\\\/\\\/kristall.ch\\\/fr\\\/project\\\/offre-speciale-ete-avec-arrivee-et-depart-gratuits\\\/\",\"url\":\"https:\\\/\\\/kristall.ch\\\/fr\\\/project\\\/offre-speciale-ete-avec-arrivee-et-depart-gratuits\\\/\",\"name\":\"Offre sp\u00e9ciale \u00e9t\u00e9 avec arriv\u00e9e et d\u00e9part gratuits : Mobility Ticket - H\u00f4tel Kristall-Saphir Saas-Fee\\\/Vall\u00e9e de Saas\",\"isPartOf\":{\"@id\":\"https:\\\/\\\/kristall.ch\\\/#website\"},\"primaryImageOfPage\":{\"@id\":\"https:\\\/\\\/kristall.ch\\\/fr\\\/project\\\/offre-speciale-ete-avec-arrivee-et-depart-gratuits\\\/#primaryimage\"},\"image\":{\"@id\":\"https:\\\/\\\/kristall.ch\\\/fr\\\/project\\\/offre-speciale-ete-avec-arrivee-et-depart-gratuits\\\/#primaryimage\"},\"thumbnailUrl\":\"https:\\\/\\\/kristall.ch\\\/wp-content\\\/uploads\\\/2025\\\/09\\\/Mobility-Ticket-Hotel-kristall-Saphir-Saas-Almagell-Saastal-Saas-Fee-.avif\",\"datePublished\":\"2025-09-23T09:28:58+00:00\",\"dateModified\":\"2026-03-23T09:31:53+00:00\",\"description\":\"R\u00e9servez \u00e0 partir de 2 nuits \u00e0 l'h\u00f4tel Kristall-Saphir et voyagez en toute d\u00e9contraction et gratuitement avec les transports publics \u00e0 l'arriv\u00e9e et au d\u00e9part. Billet Mobility\",\"breadcrumb\":{\"@id\":\"https:\\\/\\\/kristall.ch\\\/fr\\\/project\\\/offre-speciale-ete-avec-arrivee-et-depart-gratuits\\\/#breadcrumb\"},\"inLanguage\":\"fr-FR\",\"potentialAction\":[{\"@type\":\"ReadAction\",\"target\":[\"https:\\\/\\\/kristall.ch\\\/fr\\\/project\\\/offre-speciale-ete-avec-arrivee-et-depart-gratuits\\\/\"]}]},{\"@type\":\"ImageObject\",\"inLanguage\":\"fr-FR\",\"@id\":\"https:\\\/\\\/kristall.ch\\\/fr\\\/project\\\/offre-speciale-ete-avec-arrivee-et-depart-gratuits\\\/#primaryimage\",\"url\":\"https:\\\/\\\/kristall.ch\\\/wp-content\\\/uploads\\\/2025\\\/09\\\/Mobility-Ticket-Hotel-kristall-Saphir-Saas-Almagell-Saastal-Saas-Fee-.avif\",\"contentUrl\":\"https:\\\/\\\/kristall.ch\\\/wp-content\\\/uploads\\\/2025\\\/09\\\/Mobility-Ticket-Hotel-kristall-Saphir-Saas-Almagell-Saastal-Saas-Fee-.avif\",\"width\":2500,\"height\":1406},{\"@type\":\"BreadcrumbList\",\"@id\":\"https:\\\/\\\/kristall.ch\\\/fr\\\/project\\\/offre-speciale-ete-avec-arrivee-et-depart-gratuits\\\/#breadcrumb\",\"itemListElement\":[{\"@type\":\"ListItem\",\"position\":1,\"name\":\"Home\",\"item\":\"https:\\\/\\\/kristall.ch\\\/\"},{\"@type\":\"ListItem\",\"position\":2,\"name\":\"Projekte\",\"item\":\"https:\\\/\\\/kristall.ch\\\/project\\\/\"},{\"@type\":\"ListItem\",\"position\":3,\"name\":\"Offre sp\u00e9ciale \u00e9t\u00e9 avec arriv\u00e9e et d\u00e9part gratuits : Mobility Ticket\"}]},{\"@type\":\"WebSite\",\"@id\":\"https:\\\/\\\/kristall.ch\\\/#website\",\"url\":\"https:\\\/\\\/kristall.ch\\\/\",\"name\":\"Kristall-Saphir\",\"description\":\"Das Hotel in Saas-Almagell\",\"potentialAction\":[{\"@type\":\"SearchAction\",\"target\":{\"@type\":\"EntryPoint\",\"urlTemplate\":\"https:\\\/\\\/kristall.ch\\\/?s={search_term_string}\"},\"query-input\":{\"@type\":\"PropertyValueSpecification\",\"valueRequired\":true,\"valueName\":\"search_term_string\"}}],\"inLanguage\":\"fr-FR\"}]}<\/script>\n<!-- \/ Yoast SEO plugin. -->","yoast_head_json":{"title":"Offre sp\u00e9ciale \u00e9t\u00e9 avec arriv\u00e9e et d\u00e9part gratuits : Mobility Ticket - H\u00f4tel Kristall-Saphir Saas-Fee\/Vall\u00e9e de Saas","description":"R\u00e9servez \u00e0 partir de 2 nuits \u00e0 l'h\u00f4tel Kristall-Saphir et voyagez en toute d\u00e9contraction et gratuitement avec les transports publics \u00e0 l'arriv\u00e9e et au d\u00e9part. Billet Mobility","robots":{"index":"index","follow":"follow","max-snippet":"max-snippet:-1","max-image-preview":"max-image-preview:large","max-video-preview":"max-video-preview:-1"},"canonical":"https:\/\/kristall.ch\/fr\/project\/offre-speciale-ete-avec-arrivee-et-depart-gratuits\/","og_locale":"fr_FR","og_type":"article","og_title":"Offre sp\u00e9ciale \u00e9t\u00e9 avec arriv\u00e9e et d\u00e9part gratuits : Mobility Ticket - H\u00f4tel Kristall-Saphir Saas-Fee\/Vall\u00e9e de Saas","og_description":"R\u00e9servez \u00e0 partir de 2 nuits \u00e0 l'h\u00f4tel Kristall-Saphir et voyagez en toute d\u00e9contraction et gratuitement avec les transports publics \u00e0 l'arriv\u00e9e et au d\u00e9part. Billet Mobility","og_url":"https:\/\/kristall.ch\/fr\/project\/offre-speciale-ete-avec-arrivee-et-depart-gratuits\/","og_site_name":"Kristall-Saphir","article_modified_time":"2026-03-23T09:31:53+00:00","og_image":[{"width":2500,"height":1406,"url":"https:\/\/kristall.ch\/wp-content\/uploads\/2025\/09\/Mobility-Ticket-Hotel-kristall-Saphir-Saas-Almagell-Saastal-Saas-Fee-.jpg","type":"image\/jpeg"}],"twitter_card":"summary_large_image","twitter_misc":{"Dur\u00e9e de lecture estim\u00e9e":"13 minutes"},"schema":{"@context":"https:\/\/schema.org","@graph":[{"@type":"WebPage","@id":"https:\/\/kristall.ch\/fr\/project\/offre-speciale-ete-avec-arrivee-et-depart-gratuits\/","url":"https:\/\/kristall.ch\/fr\/project\/offre-speciale-ete-avec-arrivee-et-depart-gratuits\/","name":"Offre sp\u00e9ciale \u00e9t\u00e9 avec arriv\u00e9e et d\u00e9part gratuits : Mobility Ticket - H\u00f4tel Kristall-Saphir Saas-Fee\/Vall\u00e9e de Saas","isPartOf":{"@id":"https:\/\/kristall.ch\/#website"},"primaryImageOfPage":{"@id":"https:\/\/kristall.ch\/fr\/project\/offre-speciale-ete-avec-arrivee-et-depart-gratuits\/#primaryimage"},"image":{"@id":"https:\/\/kristall.ch\/fr\/project\/offre-speciale-ete-avec-arrivee-et-depart-gratuits\/#primaryimage"},"thumbnailUrl":"https:\/\/kristall.ch\/wp-content\/uploads\/2025\/09\/Mobility-Ticket-Hotel-kristall-Saphir-Saas-Almagell-Saastal-Saas-Fee-.avif","datePublished":"2025-09-23T09:28:58+00:00","dateModified":"2026-03-23T09:31:53+00:00","description":"R\u00e9servez \u00e0 partir de 2 nuits \u00e0 l'h\u00f4tel Kristall-Saphir et voyagez en toute d\u00e9contraction et gratuitement avec les transports publics \u00e0 l'arriv\u00e9e et au d\u00e9part. Billet Mobility","breadcrumb":{"@id":"https:\/\/kristall.ch\/fr\/project\/offre-speciale-ete-avec-arrivee-et-depart-gratuits\/#breadcrumb"},"inLanguage":"fr-FR","potentialAction":[{"@type":"ReadAction","target":["https:\/\/kristall.ch\/fr\/project\/offre-speciale-ete-avec-arrivee-et-depart-gratuits\/"]}]},{"@type":"ImageObject","inLanguage":"fr-FR","@id":"https:\/\/kristall.ch\/fr\/project\/offre-speciale-ete-avec-arrivee-et-depart-gratuits\/#primaryimage","url":"https:\/\/kristall.ch\/wp-content\/uploads\/2025\/09\/Mobility-Ticket-Hotel-kristall-Saphir-Saas-Almagell-Saastal-Saas-Fee-.avif","contentUrl":"https:\/\/kristall.ch\/wp-content\/uploads\/2025\/09\/Mobility-Ticket-Hotel-kristall-Saphir-Saas-Almagell-Saastal-Saas-Fee-.avif","width":2500,"height":1406},{"@type":"BreadcrumbList","@id":"https:\/\/kristall.ch\/fr\/project\/offre-speciale-ete-avec-arrivee-et-depart-gratuits\/#breadcrumb","itemListElement":[{"@type":"ListItem","position":1,"name":"Home","item":"https:\/\/kristall.ch\/"},{"@type":"ListItem","position":2,"name":"Projekte","item":"https:\/\/kristall.ch\/project\/"},{"@type":"ListItem","position":3,"name":"Offre sp\u00e9ciale \u00e9t\u00e9 avec arriv\u00e9e et d\u00e9part gratuits : Mobility Ticket"}]},{"@type":"WebSite","@id":"https:\/\/kristall.ch\/#website","url":"https:\/\/kristall.ch\/","name":"Kristall-Saphir","description":"Das Hotel in Saas-Almagell","potentialAction":[{"@type":"SearchAction","target":{"@type":"EntryPoint","urlTemplate":"https:\/\/kristall.ch\/?s={search_term_string}"},"query-input":{"@type":"PropertyValueSpecification","valueRequired":true,"valueName":"search_term_string"}}],"inLanguage":"fr-FR"}]}},"_links":{"self":[{"href":"https:\/\/kristall.ch\/fr\/wp-json\/wp\/v2\/project\/17239","targetHints":{"allow":["GET"]}}],"collection":[{"href":"https:\/\/kristall.ch\/fr\/wp-json\/wp\/v2\/project"}],"about":[{"href":"https:\/\/kristall.ch\/fr\/wp-json\/wp\/v2\/types\/project"}],"author":[{"embeddable":true,"href":"https:\/\/kristall.ch\/fr\/wp-json\/wp\/v2\/users\/4"}],"version-history":[{"count":0,"href":"https:\/\/kristall.ch\/fr\/wp-json\/wp\/v2\/project\/17239\/revisions"}],"wp:featuredmedia":[{"embeddable":true,"href":"https:\/\/kristall.ch\/fr\/wp-json\/wp\/v2\/media\/18764"}],"wp:attachment":[{"href":"https:\/\/kristall.ch\/fr\/wp-json\/wp\/v2\/media?parent=17239"}],"wp:term":[{"taxonomy":"project_category","embeddable":true,"href":"https:\/\/kristall.ch\/fr\/wp-json\/wp\/v2\/project_category?post=17239"},{"taxonomy":"project_tag","embeddable":true,"href":"https:\/\/kristall.ch\/fr\/wp-json\/wp\/v2\/project_tag?post=17239"}],"curies":[{"name":"wp","href":"https:\/\/api.w.org\/{rel}","templated":true}]}}