{"id":2678,"date":"2022-01-31T14:19:26","date_gmt":"2022-01-31T14:19:26","guid":{"rendered":"https:\/\/kristall.ch\/appartements-de-vacances\/"},"modified":"2022-12-19T12:52:15","modified_gmt":"2022-12-19T12:52:15","slug":"appartements-de-vacances","status":"publish","type":"page","link":"https:\/\/kristall.ch\/fr\/appartements-de-vacances\/","title":{"rendered":"Appartements"},"content":{"rendered":"<p>[et_pb_section fb_built=\u00a0\u00bb1&Prime; _builder_version=\u00a0\u00bb4.16&Prime; _module_preset=\u00a0\u00bbdefault\u00a0\u00bb custom_margin=\u00a0\u00bb0px||||false|false\u00a0\u00bb custom_padding=\u00a0\u00bb0px|||||\u00a0\u00bb global_colors_info=\u00a0\u00bb{}\u00a0\u00bb][et_pb_row _builder_version=\u00a0\u00bb4.16&Prime; _module_preset=\u00a0\u00bbdefault\u00a0\u00bb width=\u00a0\u00bb100%\u00a0\u00bb max_width=\u00a0\u00bbnone\u00a0\u00bb custom_padding=\u00a0\u00bb0px|||||\u00a0\u00bb background_last_edited=\u00a0\u00bboff|desktop\u00a0\u00bb global_colors_info=\u00a0\u00bb{}\u00a0\u00bb][et_pb_column type=\u00a0\u00bb4_4&Prime; _builder_version=\u00a0\u00bb4.16&Prime; _module_preset=\u00a0\u00bbdefault\u00a0\u00bb global_colors_info=\u00a0\u00bb{}\u00a0\u00bb][et_pb_slider use_bg_overlay=\u00a0\u00bboff\u00a0\u00bb _builder_version=\u00a0\u00bb4.17.0&Prime; _module_preset=\u00a0\u00bbdefault\u00a0\u00bb header_level=\u00a0\u00bbh1&Prime; header_font=\u00a0\u00bbDancing Script|600|||||||\u00a0\u00bb header_font_size=\u00a0\u00bb50px\u00a0\u00bb body_font=\u00a0\u00bbOpen Sans||||||||\u00a0\u00bb body_font_size=\u00a0\u00bb30px\u00a0\u00bb use_background_color_gradient=\u00a0\u00bbon\u00a0\u00bb background_color_gradient_stops=\u00a0\u00bbrgba(216,216,216,0) 56%|rgba(61,61,61,0.99) 97%\u00a0\u00bb background_color_gradient_overlays_image=\u00a0\u00bbon\u00a0\u00bb background_color_gradient_start=\u00a0\u00bbrgba(216,216,216,0)\u00a0\u00bb background_color_gradient_start_position=\u00a0\u00bb56%\u00a0\u00bb background_color_gradient_end=\u00a0\u00bbrgba(61,61,61,0.99)\u00a0\u00bb background_color_gradient_end_position=\u00a0\u00bb97%\u00a0\u00bb background_image=\u00a0\u00bbhttps:\/\/kristall.ch\/wp-content\/uploads\/2022\/04\/Fewo.avif\u00a0\u00bb custom_button=\u00a0\u00bbon\u00a0\u00bb button_text_size=\u00a0\u00bb15px\u00a0\u00bb button_text_color=\u00a0\u00bb#ffffff\u00a0\u00bb button_bg_color=\u00a0\u00bbrgba(63,162,247,0)\u00a0\u00bb button_border_width=\u00a0\u00bb1px\u00a0\u00bb button_border_color=\u00a0\u00bb#ffffff\u00a0\u00bb button_border_radius=\u00a0\u00bb0px\u00a0\u00bb button_letter_spacing=\u00a0\u00bb1px\u00a0\u00bb button_font=\u00a0\u00bbPlayfair Display||||||||\u00a0\u00bb button_use_icon=\u00a0\u00bboff\u00a0\u00bb custom_margin=\u00a0\u00bb||-275px||false|false\u00a0\u00bb custom_padding=\u00a0\u00bb468px||100px||false|false\u00a0\u00bb global_colors_info=\u00a0\u00bb{}\u00a0\u00bb button_text_color__hover=\u00a0\u00bbrgba(255,255,255,0.98)\u00a0\u00bb button_text_color__hover_enabled=\u00a0\u00bbon\u00a0\u00bb button_bg_color__hover=\u00a0\u00bbrgba(255,255,255,0)\u00a0\u00bb button_bg_color__hover_enabled=\u00a0\u00bbon\u00a0\u00bb button_border_color__hover=\u00a0\u00bbrgba(255,255,255,0.99)\u00a0\u00bb button_border_color__hover_enabled=\u00a0\u00bbon\u00a0\u00bb button_letter_spacing__hover=\u00a0\u00bb2px\u00a0\u00bb button_letter_spacing__hover_enabled=\u00a0\u00bbon\u00a0\u00bb][et_pb_slide heading=\u00a0\u00bbAppartements\u00a0\u00bb _builder_version=\u00a0\u00bb4.17.0&Prime; _module_preset=\u00a0\u00bbdefault\u00a0\u00bb header_level=\u00a0\u00bbh1&Prime; header_font=\u00a0\u00bbOpen Sans|700|||||||\u00a0\u00bb header_text_color=\u00a0\u00bb#FFFFFF\u00a0\u00bb header_font_size=\u00a0\u00bb40px\u00a0\u00bb header_line_height=\u00a0\u00bb1.4em\u00a0\u00bb body_font=\u00a0\u00bbDancing Script|600|||||||\u00a0\u00bb body_text_color=\u00a0\u00bb#FFFFFF\u00a0\u00bb body_font_size=\u00a0\u00bb50px\u00a0\u00bb body_line_height=\u00a0\u00bb1.4em\u00a0\u00bb background_enable_color=\u00a0\u00bboff\u00a0\u00bb background_image=\u00a0\u00bbhttps:\/\/kristall.ch\/wp-content\/uploads\/2022\/04\/Fewo.avif\u00a0\u00bb background_enable_image=\u00a0\u00bbon\u00a0\u00bb global_colors_info=\u00a0\u00bb{}\u00a0\u00bb sticky_transition=\u00a0\u00bbon\u00a0\u00bb]Pour toute la famille !<br \/>\n[\/et_pb_slide][\/et_pb_slider][\/et_pb_column][\/et_pb_row][et_pb_row _builder_version=\u00a0\u00bb4.16&Prime; _module_preset=\u00a0\u00bbdefault\u00a0\u00bb max_width=\u00a0\u00bb1500px\u00a0\u00bb global_colors_info=\u00a0\u00bb{}\u00a0\u00bb][et_pb_column type=\u00a0\u00bb4_4&Prime; _builder_version=\u00a0\u00bb4.16&Prime; _module_preset=\u00a0\u00bbdefault\u00a0\u00bb global_colors_info=\u00a0\u00bb{}\u00a0\u00bb][et_pb_text _builder_version=\u00a0\u00bb4.16&Prime; _module_preset=\u00a0\u00bbdefault\u00a0\u00bb custom_padding=\u00a0\u00bb||60px||false|false\u00a0\u00bb global_colors_info=\u00a0\u00bb{}\u00a0\u00bb][\/et_pb_text][\/et_pb_column][\/et_pb_row][\/et_pb_section][et_pb_section fb_built=\u00a0\u00bb1&Prime; _builder_version=\u00a0\u00bb4.16&Prime; _module_preset=\u00a0\u00bbdefault\u00a0\u00bb global_colors_info=\u00a0\u00bb{}\u00a0\u00bb][et_pb_row _builder_version=\u00a0\u00bb4.19.2&Prime; _module_preset=\u00a0\u00bbdefault\u00a0\u00bb global_colors_info=\u00a0\u00bb{}\u00a0\u00bb][et_pb_column type=\u00a0\u00bb4_4&Prime; _builder_version=\u00a0\u00bb4.19.2&Prime; _module_preset=\u00a0\u00bbdefault\u00a0\u00bb global_colors_info=\u00a0\u00bb{}\u00a0\u00bb][et_pb_text _builder_version=\u00a0\u00bb4.19.2&Prime; text_font=\u00a0\u00bbOpen Sans|700|||||||\u00a0\u00bb text_text_color=\u00a0\u00bb#3a596b\u00a0\u00bb text_font_size=\u00a0\u00bb40px\u00a0\u00bb text_line_height=\u00a0\u00bb1.4em\u00a0\u00bb header_font=\u00a0\u00bbPoppins|600|||||||\u00a0\u00bb header_font_size=\u00a0\u00bb57px\u00a0\u00bb header_2_font=\u00a0\u00bbPoppins|600|||||||\u00a0\u00bb header_2_text_color=\u00a0\u00bb#FF5E14&Prime; header_2_font_size=\u00a0\u00bb49px\u00a0\u00bb custom_padding=\u00a0\u00bb0px|39px|0px|46px|true|false\u00a0\u00bb global_colors_info=\u00a0\u00bb{}\u00a0\u00bb]<\/p>\n<p>D\u00e9couvrez nos appartements de vacances !<\/p>\n<p>[\/et_pb_text][et_pb_text _builder_version=\u00a0\u00bb4.19.2&Prime; text_font=\u00a0\u00bbOpen Sans||||||||\u00a0\u00bb text_text_color=\u00a0\u00bb#000000&Prime; text_line_height=\u00a0\u00bb1.8em\u00a0\u00bb header_font=\u00a0\u00bbPoppins|600|||||||\u00a0\u00bb header_font_size=\u00a0\u00bb57px\u00a0\u00bb header_2_font=\u00a0\u00bbPoppins|600|||||||\u00a0\u00bb header_2_text_color=\u00a0\u00bb#FF5E14&Prime; header_2_font_size=\u00a0\u00bb49px\u00a0\u00bb custom_margin=\u00a0\u00bb-40px||-40px|0px|true|false\u00a0\u00bb custom_padding=\u00a0\u00bb42px|8px|42px|8px|true|false\u00a0\u00bb global_colors_info=\u00a0\u00bb{}\u00a0\u00bb]<\/p>\n<p>Vous pouvez r\u00e9server nos deux appartements de vacances Gabbro et Serpentin en cliquant sur le bouton suivant :<\/p>\n<p>[\/et_pb_text][et_pb_button button_url=\u00a0\u00bbhttps:\/\/kristall.officialbookings.com\/\u00a0\u00bb url_new_window=\u00a0\u00bbon\u00a0\u00bb button_text=\u00a0\u00bbSerpentine et gabbro\u00a0\u00bb _builder_version=\u00a0\u00bb4.19.2&Prime; _module_preset=\u00a0\u00bbdefault\u00a0\u00bb button_text_color=\u00a0\u00bb#FFFFFF\u00a0\u00bb button_bg_color=\u00a0\u00bb#3a596b\u00a0\u00bb button_border_radius=\u00a0\u00bb10px\u00a0\u00bb button_font=\u00a0\u00bbArial|600|||||||\u00a0\u00bb background_layout=\u00a0\u00bbdark\u00a0\u00bb global_colors_info=\u00a0\u00bb{}\u00a0\u00bb button_bg_color__hover_enabled=\u00a0\u00bbon|hover\u00a0\u00bb button_bg_color__hover=\u00a0\u00bb#739fb6&Prime; button_bg_enable_color__hover=\u00a0\u00bbon\u00a0\u00bb][\/et_pb_button][\/et_pb_column][\/et_pb_row][et_pb_row _builder_version=\u00a0\u00bb4.18.1&Prime; _module_preset=\u00a0\u00bbdefault\u00a0\u00bb width=\u00a0\u00bb100%\u00a0\u00bb max_width_tablet=\u00a0\u00bb\u00a0\u00bb max_width_phone=\u00a0\u00bb300px\u00a0\u00bb max_width_last_edited=\u00a0\u00bbon|phone\u00a0\u00bb global_colors_info=\u00a0\u00bb{}\u00a0\u00bb][et_pb_column type=\u00a0\u00bb4_4&Prime; _builder_version=\u00a0\u00bb4.16&Prime; _module_preset=\u00a0\u00bbdefault\u00a0\u00bb global_colors_info=\u00a0\u00bb{}\u00a0\u00bb][et_pb_code module_class=\u00a0\u00bbferienwohnung\u00a0\u00bb _builder_version=\u00a0\u00bb4.19.2&Prime; _module_preset=\u00a0\u00bbdefault\u00a0\u00bb global_colors_info=\u00a0\u00bb{}\u00a0\u00bb][\/et_pb_code][et_pb_code module_class=\u00a0\u00bbferienwohnung\u00a0\u00bb _builder_version=\u00a0\u00bb4.19.2&Prime; _module_preset=\u00a0\u00bbdefault\u00a0\u00bb hover_enabled=\u00a0\u00bb0&Prime; global_colors_info=\u00a0\u00bb{}\u00a0\u00bb sticky_enabled=\u00a0\u00bb0&Prime;]<\/p>\n<div id=\"ebSmallSearch\"><\/div>\n<p><!-- [et_pb_line_break_holder] --><script type=\"text\/javascript\" src=\"\/\/www.easy-booking.at\/ebPlugins\/smallSearch\/js\/jquery.easybooking.smallsearch.v2.js\"><\/script><!-- [et_pb_line_break_holder] --><script type=\"text\/javascript\"><!-- [et_pb_line_break_holder] -->function ebSmallSearchLoadedCheck() {<!-- [et_pb_line_break_holder] -->    if(typeof jQuery != \"undefined\") {<!-- [et_pb_line_break_holder] -->        if(jQuery.fn.ebSmallSearch) {<!-- [et_pb_line_break_holder] -->            jQuery(\"#ebSmallSearch\").ebSmallSearch({<!-- [et_pb_line_break_holder] -->                customerId: 2694,<!-- [et_pb_line_break_holder] -->                serialNo: \"7897-6989-1257\",<!-- [et_pb_line_break_holder] -->                localeId: 5,<!-- [et_pb_line_break_holder] -->                resultPage: \"popup\",<!-- [et_pb_line_break_holder] -->                maxRooms:3,<!-- [et_pb_line_break_holder] -->                loadCSS: true,<!-- [et_pb_line_break_holder] -->                labels: {<!-- [et_pb_line_break_holder] -->                    \"continue\" : \"weiter\"<!-- [et_pb_line_break_holder] -->                },<!-- [et_pb_line_break_holder] -->                bookingEngine: 2<!-- [et_pb_line_break_holder] -->            });<!-- [et_pb_line_break_holder] -->        } else { setTimeout(ebSmallSearchLoadedCheck,200);}<!-- [et_pb_line_break_holder] -->    } else {setTimeout(ebSmallSearchLoadedCheck,200);}<!-- [et_pb_line_break_holder] -->}<!-- [et_pb_line_break_holder] -->ebSmallSearchLoadedCheck();<!-- [et_pb_line_break_holder] --><\/script><!-- [et_pb_line_break_holder] -->[\/et_pb_code][et_pb_code module_class=\u00a0\u00bbferienwohnung\u00a0\u00bb _builder_version=\u00a0\u00bb4.19.2&Prime; _module_preset=\u00a0\u00bbdefault\u00a0\u00bb hover_enabled=\u00a0\u00bb0&Prime; global_colors_info=\u00a0\u00bb{}\u00a0\u00bb sticky_enabled=\u00a0\u00bb0&Prime;]<\/p>\n<div id=\"ebCategories\"><\/div>\n<p><!-- [et_pb_line_break_holder] --><script type=\"text\/javascript\" src=\"\/\/www.easy-booking.at\/ebPlugins\/categories\/jquery.easybooking.categories.v2.js\"><\/script><!-- [et_pb_line_break_holder] --><script type=\"text\/javascript\"><!-- [et_pb_line_break_holder] -->function ebCategoriesLoadedCheck() {<!-- [et_pb_line_break_holder] -->    if(typeof jQuery != \"undefined\") {<!-- [et_pb_line_break_holder] -->        if(jQuery.fn.ebCategories) {<!-- [et_pb_line_break_holder] -->            jQuery(\"#ebCategories\").ebCategories({<!-- [et_pb_line_break_holder] -->                customerId: 2694,<!-- [et_pb_line_break_holder] -->                serialNo: \"7897-6989-1257\",<!-- [et_pb_line_break_holder] -->                localeId: 5,<!-- [et_pb_line_break_holder] -->                loadCSS : true,<!-- [et_pb_line_break_holder] -->                maxImgWidth : 960,<!-- [et_pb_line_break_holder] -->                maxImgHeight : 960,<!-- [et_pb_line_break_holder] -->                bookingPage : \"popup\",<!-- [et_pb_line_break_holder] -->                enquiryPage : \"popup\",<!-- [et_pb_line_break_holder] -->                showAvailability : true,<!-- [et_pb_line_break_holder] -->                showPrices : true,<!-- [et_pb_line_break_holder] -->                showDetails : true,<!-- [et_pb_line_break_holder] -->                category : \"all\",<!-- [et_pb_line_break_holder] -->                roomLevel: false,<!-- [et_pb_line_break_holder] -->                room: \"all\",<!-- [et_pb_line_break_holder] -->                categoryDescription: true,<!-- [et_pb_line_break_holder] -->                roomSorting: \"random\",<!-- [et_pb_line_break_holder] -->                bookingEngine: 2<!-- [et_pb_line_break_holder] -->            });<!-- [et_pb_line_break_holder] -->        } else {<!-- [et_pb_line_break_holder] -->            setTimeout(ebCategoriesLoadedCheck,200);<!-- [et_pb_line_break_holder] -->        }<!-- [et_pb_line_break_holder] -->    } else{<!-- [et_pb_line_break_holder] -->        setTimeout(ebCategoriesLoadedCheck,200);<!-- [et_pb_line_break_holder] -->    }<!-- [et_pb_line_break_holder] -->}<!-- [et_pb_line_break_holder] -->ebCategoriesLoadedCheck();<!-- [et_pb_line_break_holder] --><\/script><!-- [et_pb_line_break_holder] -->[\/et_pb_code][\/et_pb_column][\/et_pb_row][\/et_pb_section]<\/p>\n","protected":false},"excerpt":{"rendered":"<p>Pour toute la famille ! D\u00e9couvrez nos appartements de vacances !Vous pouvez r\u00e9server nos deux appartements de vacances Gabbro et Serpentin en cliquant sur le bouton suivant :<\/p>\n","protected":false},"author":1,"featured_media":0,"parent":0,"menu_order":13,"comment_status":"closed","ping_status":"closed","template":"","meta":{"_et_pb_use_builder":"on","_et_pb_old_content":"","_et_gb_content_width":"","footnotes":""},"class_list":["post-2678","page","type-page","status-publish","hentry"],"yoast_head":"<!-- This site is optimized with the Yoast SEO plugin v27.5 - https:\/\/yoast.com\/product\/yoast-seo-wordpress\/ -->\n<title>Appartements - H\u00f4tel Kristall-Saphir Superior \u00e0 Saas-Almagell<\/title>\n<meta name=\"description\" content=\"L&#039;h\u00f4tel Kirstall-Saphir vous propose une vari\u00e9t\u00e9 de luxueux appartements et chalets de vacances. Vous trouverez ici l&#039;ensemble de notre gamme.\" \/>\n<meta name=\"robots\" content=\"index, follow, max-snippet:-1, max-image-preview:large, max-video-preview:-1\" \/>\n<link rel=\"canonical\" href=\"https:\/\/kristall.ch\/fr\/appartements-de-vacances\/\" \/>\n<meta property=\"og:locale\" content=\"fr_FR\" \/>\n<meta property=\"og:type\" content=\"article\" \/>\n<meta property=\"og:title\" content=\"Appartements - H\u00f4tel Kristall-Saphir Superior \u00e0 Saas-Almagell\" \/>\n<meta property=\"og:description\" content=\"L&#039;h\u00f4tel Kirstall-Saphir vous propose une vari\u00e9t\u00e9 de luxueux appartements et chalets de vacances. Vous trouverez ici l&#039;ensemble de notre gamme.\" \/>\n<meta property=\"og:url\" content=\"https:\/\/kristall.ch\/fr\/appartements-de-vacances\/\" \/>\n<meta property=\"og:site_name\" content=\"Kristall-Saphir\" \/>\n<meta property=\"article:modified_time\" content=\"2022-12-19T12:52:15+00:00\" \/>\n<meta name=\"twitter:card\" content=\"summary_large_image\" \/>\n<meta name=\"twitter:label1\" content=\"Dur\u00e9e de lecture estim\u00e9e\" \/>\n\t<meta name=\"twitter:data1\" content=\"2 minutes\" \/>\n<script type=\"application\/ld+json\" class=\"yoast-schema-graph\">{\"@context\":\"https:\\\/\\\/schema.org\",\"@graph\":[{\"@type\":\"WebPage\",\"@id\":\"https:\\\/\\\/kristall.ch\\\/fr\\\/appartements-de-vacances\\\/\",\"url\":\"https:\\\/\\\/kristall.ch\\\/fr\\\/appartements-de-vacances\\\/\",\"name\":\"Appartements - H\u00f4tel Kristall-Saphir Superior \u00e0 Saas-Almagell\",\"isPartOf\":{\"@id\":\"https:\\\/\\\/kristall.ch\\\/#website\"},\"datePublished\":\"2022-01-31T14:19:26+00:00\",\"dateModified\":\"2022-12-19T12:52:15+00:00\",\"description\":\"L'h\u00f4tel Kirstall-Saphir vous propose une vari\u00e9t\u00e9 de luxueux appartements et chalets de vacances. Vous trouverez ici l'ensemble de notre gamme.\",\"breadcrumb\":{\"@id\":\"https:\\\/\\\/kristall.ch\\\/fr\\\/appartements-de-vacances\\\/#breadcrumb\"},\"inLanguage\":\"fr-FR\",\"potentialAction\":[{\"@type\":\"ReadAction\",\"target\":[\"https:\\\/\\\/kristall.ch\\\/fr\\\/appartements-de-vacances\\\/\"]}]},{\"@type\":\"BreadcrumbList\",\"@id\":\"https:\\\/\\\/kristall.ch\\\/fr\\\/appartements-de-vacances\\\/#breadcrumb\",\"itemListElement\":[{\"@type\":\"ListItem\",\"position\":1,\"name\":\"Home\",\"item\":\"https:\\\/\\\/kristall.ch\\\/\"},{\"@type\":\"ListItem\",\"position\":2,\"name\":\"Appartements\"}]},{\"@type\":\"WebSite\",\"@id\":\"https:\\\/\\\/kristall.ch\\\/#website\",\"url\":\"https:\\\/\\\/kristall.ch\\\/\",\"name\":\"Kristall-Saphir\",\"description\":\"Das Hotel in Saas-Almagell\",\"potentialAction\":[{\"@type\":\"SearchAction\",\"target\":{\"@type\":\"EntryPoint\",\"urlTemplate\":\"https:\\\/\\\/kristall.ch\\\/?s={search_term_string}\"},\"query-input\":{\"@type\":\"PropertyValueSpecification\",\"valueRequired\":true,\"valueName\":\"search_term_string\"}}],\"inLanguage\":\"fr-FR\"}]}<\/script>\n<!-- \/ Yoast SEO plugin. -->","yoast_head_json":{"title":"Appartements - H\u00f4tel Kristall-Saphir Superior \u00e0 Saas-Almagell","description":"L'h\u00f4tel Kirstall-Saphir vous propose une vari\u00e9t\u00e9 de luxueux appartements et chalets de vacances. Vous trouverez ici l'ensemble de notre gamme.","robots":{"index":"index","follow":"follow","max-snippet":"max-snippet:-1","max-image-preview":"max-image-preview:large","max-video-preview":"max-video-preview:-1"},"canonical":"https:\/\/kristall.ch\/fr\/appartements-de-vacances\/","og_locale":"fr_FR","og_type":"article","og_title":"Appartements - H\u00f4tel Kristall-Saphir Superior \u00e0 Saas-Almagell","og_description":"L'h\u00f4tel Kirstall-Saphir vous propose une vari\u00e9t\u00e9 de luxueux appartements et chalets de vacances. Vous trouverez ici l'ensemble de notre gamme.","og_url":"https:\/\/kristall.ch\/fr\/appartements-de-vacances\/","og_site_name":"Kristall-Saphir","article_modified_time":"2022-12-19T12:52:15+00:00","twitter_card":"summary_large_image","twitter_misc":{"Dur\u00e9e de lecture estim\u00e9e":"2 minutes"},"schema":{"@context":"https:\/\/schema.org","@graph":[{"@type":"WebPage","@id":"https:\/\/kristall.ch\/fr\/appartements-de-vacances\/","url":"https:\/\/kristall.ch\/fr\/appartements-de-vacances\/","name":"Appartements - H\u00f4tel Kristall-Saphir Superior \u00e0 Saas-Almagell","isPartOf":{"@id":"https:\/\/kristall.ch\/#website"},"datePublished":"2022-01-31T14:19:26+00:00","dateModified":"2022-12-19T12:52:15+00:00","description":"L'h\u00f4tel Kirstall-Saphir vous propose une vari\u00e9t\u00e9 de luxueux appartements et chalets de vacances. Vous trouverez ici l'ensemble de notre gamme.","breadcrumb":{"@id":"https:\/\/kristall.ch\/fr\/appartements-de-vacances\/#breadcrumb"},"inLanguage":"fr-FR","potentialAction":[{"@type":"ReadAction","target":["https:\/\/kristall.ch\/fr\/appartements-de-vacances\/"]}]},{"@type":"BreadcrumbList","@id":"https:\/\/kristall.ch\/fr\/appartements-de-vacances\/#breadcrumb","itemListElement":[{"@type":"ListItem","position":1,"name":"Home","item":"https:\/\/kristall.ch\/"},{"@type":"ListItem","position":2,"name":"Appartements"}]},{"@type":"WebSite","@id":"https:\/\/kristall.ch\/#website","url":"https:\/\/kristall.ch\/","name":"Kristall-Saphir","description":"Das Hotel in Saas-Almagell","potentialAction":[{"@type":"SearchAction","target":{"@type":"EntryPoint","urlTemplate":"https:\/\/kristall.ch\/?s={search_term_string}"},"query-input":{"@type":"PropertyValueSpecification","valueRequired":true,"valueName":"search_term_string"}}],"inLanguage":"fr-FR"}]}},"_links":{"self":[{"href":"https:\/\/kristall.ch\/fr\/wp-json\/wp\/v2\/pages\/2678","targetHints":{"allow":["GET"]}}],"collection":[{"href":"https:\/\/kristall.ch\/fr\/wp-json\/wp\/v2\/pages"}],"about":[{"href":"https:\/\/kristall.ch\/fr\/wp-json\/wp\/v2\/types\/page"}],"author":[{"embeddable":true,"href":"https:\/\/kristall.ch\/fr\/wp-json\/wp\/v2\/users\/1"}],"replies":[{"embeddable":true,"href":"https:\/\/kristall.ch\/fr\/wp-json\/wp\/v2\/comments?post=2678"}],"version-history":[{"count":0,"href":"https:\/\/kristall.ch\/fr\/wp-json\/wp\/v2\/pages\/2678\/revisions"}],"wp:attachment":[{"href":"https:\/\/kristall.ch\/fr\/wp-json\/wp\/v2\/media?parent=2678"}],"curies":[{"name":"wp","href":"https:\/\/api.w.org\/{rel}","templated":true}]}}