{"id":2665,"date":"2022-01-31T14:19:23","date_gmt":"2022-01-31T14:19:23","guid":{"rendered":"https:\/\/kristall.ch\/experiences\/"},"modified":"2026-04-10T13:34:10","modified_gmt":"2026-04-10T13:34:10","slug":"experiences","status":"publish","type":"page","link":"https:\/\/kristall.ch\/fr\/experiences\/","title":{"rendered":"Exp\u00e9riences"},"content":{"rendered":"<p>[et_pb_section fb_built=\u00a0\u00bb1&Prime; _builder_version=\u00a0\u00bb4.16&Prime; _module_preset=\u00a0\u00bbdefault\u00a0\u00bb custom_margin=\u00a0\u00bb0px||||false|false\u00a0\u00bb custom_padding=\u00a0\u00bb0px|||||\u00a0\u00bb global_colors_info=\u00a0\u00bb{}\u00a0\u00bb][et_pb_row _builder_version=\u00a0\u00bb4.16&Prime; _module_preset=\u00a0\u00bbdefault\u00a0\u00bb width=\u00a0\u00bb100%\u00a0\u00bb max_width=\u00a0\u00bbnone\u00a0\u00bb custom_padding=\u00a0\u00bb0px|||||\u00a0\u00bb background_last_edited=\u00a0\u00bboff|desktop\u00a0\u00bb global_colors_info=\u00a0\u00bb{}\u00a0\u00bb][et_pb_column type=\u00a0\u00bb4_4&Prime; _builder_version=\u00a0\u00bb4.16&Prime; _module_preset=\u00a0\u00bbdefault\u00a0\u00bb global_colors_info=\u00a0\u00bb{}\u00a0\u00bb][et_pb_slider use_bg_overlay=\u00a0\u00bboff\u00a0\u00bb _builder_version=\u00a0\u00bb4.27.6&Prime; _module_preset=\u00a0\u00bbdefault\u00a0\u00bb header_level=\u00a0\u00bbh1&Prime; header_font=\u00a0\u00bbDancing Script|600|||||||\u00a0\u00bb header_font_size=\u00a0\u00bb50px\u00a0\u00bb body_font=\u00a0\u00bbDancing Script||||||||\u00a0\u00bb body_text_color=\u00a0\u00bb#FFFFFF\u00a0\u00bb body_font_size=\u00a0\u00bb50px\u00a0\u00bb body_line_height=\u00a0\u00bb1.4em\u00a0\u00bb use_background_color_gradient=\u00a0\u00bbon\u00a0\u00bb background_color_gradient_stops=\u00a0\u00bbrgba(216,216,216,0) 56%|rgba(61,61,61,0.99) 97%\u00a0\u00bb background_color_gradient_overlays_image=\u00a0\u00bbon\u00a0\u00bb background_color_gradient_start=\u00a0\u00bbrgba(216,216,216,0)\u00a0\u00bb background_color_gradient_start_position=\u00a0\u00bb56%\u00a0\u00bb background_color_gradient_end=\u00a0\u00bbrgba(61,61,61,0.99)\u00a0\u00bb background_color_gradient_end_position=\u00a0\u00bb97%\u00a0\u00bb background_image=\u00a0\u00bbhttps:\/\/kristall.ch\/wp-content\/uploads\/2022\/04\/Titel01.avif\u00a0\u00bb custom_button=\u00a0\u00bbon\u00a0\u00bb button_text_size=\u00a0\u00bb15px\u00a0\u00bb button_text_color=\u00a0\u00bb#ffffff\u00a0\u00bb button_bg_color=\u00a0\u00bbrgba(63,162,247,0)\u00a0\u00bb button_border_width=\u00a0\u00bb1px\u00a0\u00bb button_border_color=\u00a0\u00bb#ffffff\u00a0\u00bb button_border_radius=\u00a0\u00bb0px\u00a0\u00bb button_letter_spacing=\u00a0\u00bb1px\u00a0\u00bb button_font=\u00a0\u00bbPlayfair Display||||||||\u00a0\u00bb button_use_icon=\u00a0\u00bboff\u00a0\u00bb custom_margin=\u00a0\u00bb||-275px||false|false\u00a0\u00bb custom_padding=\u00a0\u00bb468px||135px||false|false\u00a0\u00bb hover_enabled=\u00a0\u00bb0&Prime; global_colors_info=\u00a0\u00bb{}\u00a0\u00bb button_text_color__hover=\u00a0\u00bbrgba(255,255,255,0.98)\u00a0\u00bb button_text_color__hover_enabled=\u00a0\u00bbon\u00a0\u00bb button_bg_color__hover=\u00a0\u00bbrgba(255,255,255,0)\u00a0\u00bb button_bg_color__hover_enabled=\u00a0\u00bbon\u00a0\u00bb button_border_color__hover=\u00a0\u00bbrgba(255,255,255,0.99)\u00a0\u00bb button_border_color__hover_enabled=\u00a0\u00bbon\u00a0\u00bb button_letter_spacing__hover=\u00a0\u00bb2px\u00a0\u00bb button_letter_spacing__hover_enabled=\u00a0\u00bbon\u00a0\u00bb sticky_enabled=\u00a0\u00bb0&Prime;][et_pb_slide heading=\u00a0\u00bbExp\u00e9riences\u00a0\u00bb _builder_version=\u00a0\u00bb4.27.6&Prime; _module_preset=\u00a0\u00bbdefault\u00a0\u00bb header_level=\u00a0\u00bbh1&Prime; header_font=\u00a0\u00bbOpen Sans|700|||||||\u00a0\u00bb header_text_color=\u00a0\u00bb#FFFFFF\u00a0\u00bb header_font_size=\u00a0\u00bb40px\u00a0\u00bb header_line_height=\u00a0\u00bb1.4em\u00a0\u00bb body_font=\u00a0\u00bbDancing Script|600|||||||\u00a0\u00bb body_text_color=\u00a0\u00bb#FFFFFF\u00a0\u00bb body_font_size=\u00a0\u00bb50px\u00a0\u00bb body_line_height=\u00a0\u00bb1.4em\u00a0\u00bb background_enable_color=\u00a0\u00bboff\u00a0\u00bb background_image=\u00a0\u00bbhttps:\/\/kristall.ch\/wp-content\/uploads\/2026\/04\/Murmelifuettern-Sommer-2022-Hotel-Kristall-Saphir-Saas-Almagell-Saas-Fee.avif\u00a0\u00bb background_enable_image=\u00a0\u00bbon\u00a0\u00bb hover_enabled=\u00a0\u00bb0&Prime; global_colors_info=\u00a0\u00bb{}\u00a0\u00bb button_text__hover_enabled=\u00a0\u00bbon|desktop\u00a0\u00bb sticky_transition=\u00a0\u00bbon\u00a0\u00bb title_text=\u00a0\u00bbMurmelif\u00fcttern-Sommer-2022 (18)\u00a0\u00bb sticky_enabled=\u00a0\u00bb0&Prime;]<\/p>\n<p>Profiter tout simplement.<\/p>\n<p>[\/et_pb_slide][\/et_pb_slider][\/et_pb_column][\/et_pb_row][\/et_pb_section][et_pb_section fb_built=\u00a0\u00bb1&Prime; _builder_version=\u00a0\u00bb4.20.4&Prime; _module_preset=\u00a0\u00bbdefault\u00a0\u00bb background_color=\u00a0\u00bb#ffffff\u00a0\u00bb custom_padding=\u00a0\u00bb0px||0px||true|\u00a0\u00bb global_colors_info=\u00a0\u00bb{}\u00a0\u00bb][et_pb_row _builder_version=\u00a0\u00bb4.16&Prime; _module_preset=\u00a0\u00bbdefault\u00a0\u00bb min_height=\u00a0\u00bb97px\u00a0\u00bb custom_padding=\u00a0\u00bb0px|||||\u00a0\u00bb global_colors_info=\u00a0\u00bb{}\u00a0\u00bb][et_pb_column type=\u00a0\u00bb4_4&Prime; _builder_version=\u00a0\u00bb4.16&Prime; _module_preset=\u00a0\u00bbdefault\u00a0\u00bb global_colors_info=\u00a0\u00bb{}\u00a0\u00bb][et_pb_divider show_divider=\u00a0\u00bboff\u00a0\u00bb _builder_version=\u00a0\u00bb4.16.0&Prime; _module_preset=\u00a0\u00bbdefault\u00a0\u00bb custom_padding=\u00a0\u00bb100px||100px||true|false\u00a0\u00bb global_colors_info=\u00a0\u00bb{}\u00a0\u00bb][\/et_pb_divider][et_pb_code _builder_version=\u00a0\u00bb4.16&Prime; _module_preset=\u00a0\u00bbdefault\u00a0\u00bb global_colors_info=\u00a0\u00bb{}\u00a0\u00bb][\/et_pb_code][et_pb_code _builder_version=\u00a0\u00bb4.16&Prime; _module_preset=\u00a0\u00bbdefault\u00a0\u00bb text_orientation=\u00a0\u00bbleft\u00a0\u00bb custom_padding=\u00a0\u00bb0px||0px|||\u00a0\u00bb global_colors_info=\u00a0\u00bb{}\u00a0\u00bb]<\/p>\n<div class=\"season-toggle-container\"><!-- [et_pb_line_break_holder] -->  <pee>Hiver<\/pee><!-- [et_pb_line_break_holder] -->  <\/p>\n<div style=\"height: 90px\"><!-- [et_pb_line_break_holder] -->    <input type=\"checkbox\" id=\"switch\"><!-- [et_pb_line_break_holder] -->    <label for=\"switch\">Saison<\/label><!-- [et_pb_line_break_holder] -->  <\/div>\n<p><!-- [et_pb_line_break_holder] -->   <pee>\u00c9t\u00e9<\/pee>  <!-- [et_pb_line_break_holder] --><\/div>\n<p><!-- [et_pb_line_break_holder] --><!-- [et_pb_line_break_holder] --><script><!-- [et_pb_line_break_holder] -->    $(\"#switch\").change(function(){<!-- [et_pb_line_break_holder] -->        if ($(\"#switch\").val()){<!-- [et_pb_line_break_holder] -->            $(\".activities-summer\").show();<!-- [et_pb_line_break_holder] -->            $(\".activities-winter\").hide();<!-- [et_pb_line_break_holder] -->        }else{<!-- [et_pb_line_break_holder] -->            $(\".activities-summer\").hide();<!-- [et_pb_line_break_holder] -->            $(\".activities-winter\").show();<!-- [et_pb_line_break_holder] -->        }<!-- [et_pb_line_break_holder] -->    });<!-- [et_pb_line_break_holder] --><\/script><!-- [et_pb_line_break_holder] --><!-- [et_pb_line_break_holder] --><!-- [et_pb_line_break_holder] --><\/p>\n<style><!-- [et_pb_line_break_holder] -->  .season-toggle-container{<!-- [et_pb_line_break_holder] -->    display: flex;<!-- [et_pb_line_break_holder] -->    justify-content: center;<!-- [et_pb_line_break_holder] -->    align-items: center;<!-- [et_pb_line_break_holder] -->  }<!-- [et_pb_line_break_holder] -->  <!-- [et_pb_line_break_holder] -->  .season-toggle-container p{<!-- [et_pb_line_break_holder] -->    font-family: 'Open Sans',Helvetica,Arial,Lucida,sans-serif;<!-- [et_pb_line_break_holder] -->    font-weight: 700;<!-- [et_pb_line_break_holder] -->    margin: 0;<!-- [et_pb_line_break_holder] -->    padding: 0 20px;<!-- [et_pb_line_break_holder] -->    font-size: 20px;<!-- [et_pb_line_break_holder] -->  }<!-- [et_pb_line_break_holder] -->  <!-- [et_pb_line_break_holder] -->input[type=checkbox]{<!-- [et_pb_line_break_holder] -->\theight: 0;<!-- [et_pb_line_break_holder] -->\twidth: 0;<!-- [et_pb_line_break_holder] -->\tvisibility: hidden;<!-- [et_pb_line_break_holder] -->}<!-- [et_pb_line_break_holder] --><!-- [et_pb_line_break_holder] -->label {<!-- [et_pb_line_break_holder] -->\tcursor: pointer;<!-- [et_pb_line_break_holder] -->\ttext-indent: -9999px;<!-- [et_pb_line_break_holder] -->\twidth: 80px;<!-- [et_pb_line_break_holder] -->\theight: 40px;<!-- [et_pb_line_break_holder] -->\tbackground: #518FDB;<!-- [et_pb_line_break_holder] -->\tdisplay: block;<!-- [et_pb_line_break_holder] -->\tborder-radius: 100px;<!-- [et_pb_line_break_holder] -->\tposition: relative;<!-- [et_pb_line_break_holder] -->}<!-- [et_pb_line_break_holder] --><!-- [et_pb_line_break_holder] -->label:after {<!-- [et_pb_line_break_holder] -->\tcontent: '';<!-- [et_pb_line_break_holder] -->\tposition: absolute;<!-- [et_pb_line_break_holder] -->\ttop: 5px;<!-- [et_pb_line_break_holder] -->\tleft: 5px;<!-- [et_pb_line_break_holder] -->\twidth: 30px;<!-- [et_pb_line_break_holder] -->\theight: 30px;<!-- [et_pb_line_break_holder] -->\tbackground: #fff;<!-- [et_pb_line_break_holder] -->\tborder-radius: 40px;<!-- [et_pb_line_break_holder] -->\ttransition: 0.3s;<!-- [et_pb_line_break_holder] -->}<!-- [et_pb_line_break_holder] --><!-- [et_pb_line_break_holder] -->input:checked + label {<!-- [et_pb_line_break_holder] -->\tbackground: #F5B749;<!-- [et_pb_line_break_holder] -->}<!-- [et_pb_line_break_holder] --><!-- [et_pb_line_break_holder] -->input:checked + label:after {<!-- [et_pb_line_break_holder] -->\tleft: calc(100% - 5px);<!-- [et_pb_line_break_holder] -->\ttransform: translateX(-100%);<!-- [et_pb_line_break_holder] -->}<!-- [et_pb_line_break_holder] --><!-- [et_pb_line_break_holder] -->label:active:after {<!-- [et_pb_line_break_holder] -->\twidth: 40px;<!-- [et_pb_line_break_holder] -->}<!-- [et_pb_line_break_holder] --><!-- [et_pb_line_break_holder] -->.activities-summer{<!-- [et_pb_line_break_holder] -->\tdisplay: none;<!-- [et_pb_line_break_holder] -->}<!-- [et_pb_line_break_holder] -->  <!-- [et_pb_line_break_holder] -->.et-bfb-distraction-free-mode .activities-summer{<!-- [et_pb_line_break_holder] -->\tdisplay: block;<!-- [et_pb_line_break_holder] -->}<!-- [et_pb_line_break_holder] --><!-- [et_pb_line_break_holder] --><\/style>\n<p>[\/et_pb_code][\/et_pb_column][\/et_pb_row][\/et_pb_section][et_pb_section fb_built=\u00a0\u00bb1&Prime; module_class=\u00a0\u00bbactivities-winter\u00a0\u00bb _builder_version=\u00a0\u00bb4.16&Prime; _module_preset=\u00a0\u00bbdefault\u00a0\u00bb global_colors_info=\u00a0\u00bb{}\u00a0\u00bb][et_pb_row column_structure=\u00a0\u00bb1_2,1_2&Prime; make_equal=\u00a0\u00bbon\u00a0\u00bb _builder_version=\u00a0\u00bb4.16&Prime; _module_preset=\u00a0\u00bbdefault\u00a0\u00bb global_colors_info=\u00a0\u00bb{}\u00a0\u00bb][et_pb_column type=\u00a0\u00bb1_2&Prime; _builder_version=\u00a0\u00bb4.16&Prime; _module_preset=\u00a0\u00bbdefault\u00a0\u00bb global_colors_info=\u00a0\u00bb{}\u00a0\u00bb][et_pb_blurb title=\u00a0\u00bbSki et snowboard\u00a0\u00bb image=\u00a0\u00bbhttps:\/\/kristall.ch\/wp-content\/uploads\/2024\/10\/Skifahren-1024&#215;683.jpg\u00a0\u00bb module_class=\u00a0\u00bbcard\u00a0\u00bb _builder_version=\u00a0\u00bb4.27.0&Prime; _module_preset=\u00a0\u00bbdefault\u00a0\u00bb header_font=\u00a0\u00bbOpen Sans|700|||||||\u00a0\u00bb header_text_color=\u00a0\u00bb#565656&Prime; header_font_size=\u00a0\u00bb30px\u00a0\u00bb body_font_size=\u00a0\u00bb16px\u00a0\u00bb body_link_text_color=\u00a0\u00bb#3a596b\u00a0\u00bb background_color=\u00a0\u00bbrgba(0,0,0,0)\u00a0\u00bb height=\u00a0\u00bb100%\u00a0\u00bb animation=\u00a0\u00bboff\u00a0\u00bb custom_css_main_element=\u00a0\u00bbposition: relative;\u00a0\u00bb custom_css_after=\u00a0\u00bbposition: absolute;||display: none;||content: %22%22;||width: 100%;||height: 100px;||background-color: #3a596b;||top: 0;||z-index: -1;;\u00a0\u00bb custom_css_blurb_image=\u00a0\u00bbmargin-left: -40px;||\u00a0\u00bb custom_css_blurb_title=\u00a0\u00bbmargin-top: -50px;||  text-shadow: ||    -3px 0px 3px rgb(255,255,255),||     3px 0px 3px rgb(255,255,255),||     10px 0px 12px rgba(255,255,255,0.81),||    -10px 0px 12px rgba(255,255,255,0.44);\u00a0\u00bb global_colors_info=\u00a0\u00bb{}\u00a0\u00bb]<\/p>\n<p>150 km de pistes de r\u00eave &#8211; Les 3 domaines skiables \u00e0 l&rsquo;enneigement garanti de la r\u00e9gion de vacances Saas-Fee\/Saastal s&rsquo;\u00e9tendent de plus de 3&rsquo;500 \u00e0 1&rsquo;500 m d&rsquo;altitude. Entour\u00e9es de 18 sommets de plus de 4000 m\u00e8tres, les pistes offrent au d\u00e9butant comme au professionnel une exp\u00e9rience unique de ski alpin.<\/p>\n<p style=\"text-align: right;\"><a class=\"more\" href=\"https:\/\/www.saas-fee.ch\/de\/winteraktivitaeten\/ski-snowboard\" target=\"_blank\" rel=\"noopener noreferrer\"> informations compl\u00e9mentaires<\/a><\/p>\n<p>[\/et_pb_blurb][\/et_pb_column][et_pb_column type=\u00a0\u00bb1_2&Prime; _builder_version=\u00a0\u00bb4.16&Prime; _module_preset=\u00a0\u00bbdefault\u00a0\u00bb global_colors_info=\u00a0\u00bb{}\u00a0\u00bb][et_pb_blurb title=\u00a0\u00bbSki de fond\u00a0\u00bb image=\u00a0\u00bbhttps:\/\/kristall.ch\/wp-content\/uploads\/2024\/11\/Langlauf-Hotel-Kristall-Saphir-Saas-Almagell-Saastal-1024&#215;683.jpg\u00a0\u00bb _builder_version=\u00a0\u00bb4.27.0&Prime; _module_preset=\u00a0\u00bbdefault\u00a0\u00bb header_font=\u00a0\u00bbOpen Sans|700|||||||\u00a0\u00bb header_text_color=\u00a0\u00bb#565656&Prime; header_font_size=\u00a0\u00bb30px\u00a0\u00bb body_font_size=\u00a0\u00bb16px\u00a0\u00bb body_link_text_color=\u00a0\u00bb#3a596b\u00a0\u00bb animation=\u00a0\u00bboff\u00a0\u00bb custom_css_main_element=\u00a0\u00bbposition: relative;\u00a0\u00bb custom_css_after=\u00a0\u00bbposition: absolute;||display: none;||content: %22%22;||width: 100%;||height: 100px;||background-color: #3a596b;||top: 0;||z-index: -1;;\u00a0\u00bb custom_css_blurb_image=\u00a0\u00bbmargin-left: -40px;||\u00a0\u00bb custom_css_blurb_title=\u00a0\u00bbmargin-top: -50px;||  text-shadow: ||    -3px 0px 3px rgb(255,255,255),||     3px 0px 3px rgb(255,255,255),||     10px 0px 12px rgba(255,255,255,0.81),||    -10px 0px 12px rgba(255,255,255,0.44);\u00a0\u00bb global_colors_info=\u00a0\u00bb{}\u00a0\u00bb]<\/p>\n<p>Le c\u0153ur des skieurs de fond s&rsquo;y endort plus vite : 32 kilom\u00e8tres de piste de ski de fond \u00e0 travers les for\u00eats de m\u00e9l\u00e8zes enneig\u00e9es, le long de la Vispa fig\u00e9e en glace et toujours entour\u00e9e de la couronne des fiers sommets de 4000 m\u00e8tres.<\/p>\n<p style=\"text-align: right;\"><a class=\"more\" href=\"https:\/\/www.saas-fee.ch\/de\/winteraktivitaeten\/langlaufen\" target=\"_blank\" rel=\"noopener noreferrer\">informations compl\u00e9mentaires<\/a><\/p>\n<p>[\/et_pb_blurb][\/et_pb_column][\/et_pb_row][et_pb_row column_structure=\u00a0\u00bb1_3,1_3,1_3&Prime; make_equal=\u00a0\u00bbon\u00a0\u00bb _builder_version=\u00a0\u00bb4.16&Prime; _module_preset=\u00a0\u00bbdefault\u00a0\u00bb custom_margin=\u00a0\u00bb60px|auto||auto||\u00a0\u00bb global_colors_info=\u00a0\u00bb{}\u00a0\u00bb][et_pb_column type=\u00a0\u00bb1_3&Prime; _builder_version=\u00a0\u00bb4.16&Prime; _module_preset=\u00a0\u00bbdefault\u00a0\u00bb global_colors_info=\u00a0\u00bb{}\u00a0\u00bb][et_pb_blurb title=\u00a0\u00bbFaire de la luge (de nuit)\u00a0\u00bb image=\u00a0\u00bbhttps:\/\/kristall.ch\/wp-content\/uploads\/2024\/11\/Nachtschlitteln-Hotel-Kristall-Saphir-Saas-Almagell-Saastal-Saas-Fee-1024&#215;683.jpg\u00a0\u00bb module_class=\u00a0\u00bbcard\u00a0\u00bb _builder_version=\u00a0\u00bb4.27.0&Prime; _module_preset=\u00a0\u00bbdefault\u00a0\u00bb header_font=\u00a0\u00bbOpen Sans|700|||||||\u00a0\u00bb header_text_color=\u00a0\u00bb#565656&Prime; header_font_size=\u00a0\u00bb30px\u00a0\u00bb body_font_size=\u00a0\u00bb16px\u00a0\u00bb body_link_text_color=\u00a0\u00bb#3a596b\u00a0\u00bb background_color=\u00a0\u00bbrgba(0,0,0,0)\u00a0\u00bb height=\u00a0\u00bb100%\u00a0\u00bb animation=\u00a0\u00bboff\u00a0\u00bb custom_css_main_element=\u00a0\u00bbposition: relative;\u00a0\u00bb custom_css_after=\u00a0\u00bbposition: absolute;||display: none;||content: %22%22;||width: 100%;||height: 100px;||background-color: #3a596b;||top: 0;||z-index: -1;;\u00a0\u00bb custom_css_blurb_image=\u00a0\u00bbmargin-left: -40px;||\u00a0\u00bb custom_css_blurb_title=\u00a0\u00bbmargin-top: -50px;||  text-shadow: ||    -3px 0px 3px rgb(255,255,255),||     3px 0px 3px rgb(255,255,255),||     10px 0px 12px rgba(255,255,255,0.81),||    -10px 0px 12px rgba(255,255,255,0.44);\u00a0\u00bb global_colors_info=\u00a0\u00bb{}\u00a0\u00bb]<\/p>\n<p>Saas-Fee\/Saastal offre quelque chose pour tous les amateurs de luge : 11 km de descente en luge \u00e0 Saas-Grund, 6 km sur le Sonnenberg Hannig \u00e0 Saas Fee ou 3 km \u00e0 Furggstalden \u00e0 Saas-Almagell. Vous pouvez m\u00eame profiter des descentes la nuit !<\/p>\n<p style=\"text-align: right;\"><a class=\"more\" href=\"https:\/\/www.saas-fee.ch\/de\/winteraktivitaeten\/schlitteln\" target=\"_blank\" rel=\"noopener noreferrer\">informations compl\u00e9mentaires<\/a><\/p>\n<p>[\/et_pb_blurb][\/et_pb_column][et_pb_column type=\u00a0\u00bb1_3&Prime; _builder_version=\u00a0\u00bb4.16&Prime; _module_preset=\u00a0\u00bbdefault\u00a0\u00bb global_colors_info=\u00a0\u00bb{}\u00a0\u00bb][et_pb_blurb title=\u00a0\u00bbRaquettes \u00e0 neige\u00a0\u00bb image=\u00a0\u00bbhttps:\/\/kristall.ch\/wp-content\/uploads\/2022\/09\/Brend_Kristall-Schneeschuh-XVII-Jan-20-klein-1024&#215;714.jpg\u00a0\u00bb _builder_version=\u00a0\u00bb4.27.0&Prime; _module_preset=\u00a0\u00bbdefault\u00a0\u00bb header_font=\u00a0\u00bbOpen Sans|700|||||||\u00a0\u00bb header_text_color=\u00a0\u00bb#565656&Prime; header_font_size=\u00a0\u00bb30px\u00a0\u00bb body_font_size=\u00a0\u00bb16px\u00a0\u00bb body_link_text_color=\u00a0\u00bb#3a596b\u00a0\u00bb animation=\u00a0\u00bboff\u00a0\u00bb custom_css_main_element=\u00a0\u00bbposition: relative;\u00a0\u00bb custom_css_after=\u00a0\u00bbposition: absolute;||display: none;||content: %22%22;||width: 100%;||height: 100px;||background-color: #3a596b;||top: 0;||z-index: -1;;\u00a0\u00bb custom_css_blurb_image=\u00a0\u00bbmargin-left: -40px;||\u00a0\u00bb custom_css_blurb_title=\u00a0\u00bbmargin-top: -50px;||  text-shadow: ||    -3px 0px 3px rgb(255,255,255),||     3px 0px 3px rgb(255,255,255),||     10px 0px 12px rgba(255,255,255,0.81),||    -10px 0px 12px rgba(255,255,255,0.44);\u00a0\u00bb global_colors_info=\u00a0\u00bb{}\u00a0\u00bb]<\/p>\n<div class=\"__col col-12 col-md-8 col-lg-6 \">\n<div class=\"row\">\n<div id=\"c10258\" class=\"frame frame-default frame-type-text frame-layout-0 frame-background-none frame-no-backgroundimage frame-space-before-none frame-space-after-none\">\n<div class=\"frame-container\">\n<div class=\"frame-inner\">\n<div class=\"bodytext\">\n<p>Randonnez en raquettes \u00e0 travers les paysages blancs de la r\u00e9gion de vacances Saas-Fee\/Saastal . Le silence absolu qui r\u00e8gne dans les for\u00eats, entour\u00e9es des plus hautes montagnes de Suisse, est \u00e0 couper le souffle.<\/p>\n<\/div>\n<\/div>\n<\/div>\n<\/div>\n<\/div>\n<\/div>\n<p style=\"text-align: right;\"><a class=\"more\" href=\"https:\/\/www.saas-fee.ch\/de\/winteraktivitaeten\/schneeschuhwandern\" target=\"_blank\" rel=\"noopener noreferrer\">informations compl\u00e9mentaires<\/a><\/p>\n<p>[\/et_pb_blurb][\/et_pb_column][et_pb_column type=\u00a0\u00bb1_3&Prime; _builder_version=\u00a0\u00bb4.16&Prime; _module_preset=\u00a0\u00bbdefault\u00a0\u00bb global_colors_info=\u00a0\u00bb{}\u00a0\u00bb][et_pb_blurb title=\u00a0\u00bbRandonn\u00e9e hivernale\u00a0\u00bb image=\u00a0\u00bbhttps:\/\/kristall.ch\/wp-content\/uploads\/2024\/11\/Saas-Almagell-Schneeshuh-Saastal-Saas-Fee-Hotel-Kristall-Saphir-1024&#215;683.jpg\u00a0\u00bb _builder_version=\u00a0\u00bb4.27.0&Prime; _module_preset=\u00a0\u00bbdefault\u00a0\u00bb header_font=\u00a0\u00bbOpen Sans|700|||||||\u00a0\u00bb header_text_color=\u00a0\u00bb#565656&Prime; header_font_size=\u00a0\u00bb30px\u00a0\u00bb body_font_size=\u00a0\u00bb16px\u00a0\u00bb body_link_text_color=\u00a0\u00bb#3a596b\u00a0\u00bb animation=\u00a0\u00bboff\u00a0\u00bb custom_css_main_element=\u00a0\u00bbposition: relative;\u00a0\u00bb custom_css_after=\u00a0\u00bbposition: absolute;||display: none;||content: %22%22;||width: 100%;||height: 100px;||background-color: #3a596b;||top: 0;||z-index: -1;;\u00a0\u00bb custom_css_blurb_image=\u00a0\u00bbmargin-left: -40px;||\u00a0\u00bb custom_css_blurb_title=\u00a0\u00bbmargin-top: -50px;||  text-shadow: ||    -3px 0px 3px rgb(255,255,255),||     3px 0px 3px rgb(255,255,255),||     10px 0px 12px rgba(255,255,255,0.81),||    -10px 0px 12px rgba(255,255,255,0.44);\u00a0\u00bb global_colors_info=\u00a0\u00bb{}\u00a0\u00bb]<\/p>\n<p>D\u00e9couvrez 60 km de sentiers de randonn\u00e9e hivernale dans la r\u00e9gion de vacances de Saas-Fee\/Saastal. Promenez-vous le long des ruisseaux, des for\u00eats ou m\u00eame des glaciers et vivez la nature de pr\u00e8s. \u00c9poustouflant !<\/p>\n<p style=\"text-align: right;\"><a class=\"more\" href=\"https:\/\/www.saas-fee.ch\/de\/winteraktivitaeten\/winterwandern\" target=\"_blank\" rel=\"noopener noreferrer\">informations compl\u00e9mentaires<\/a><\/p>\n<p>[\/et_pb_blurb][\/et_pb_column][\/et_pb_row][et_pb_row column_structure=\u00a0\u00bb1_3,1_3,1_3&Prime; make_equal=\u00a0\u00bbon\u00a0\u00bb _builder_version=\u00a0\u00bb4.16&Prime; _module_preset=\u00a0\u00bbdefault\u00a0\u00bb custom_margin=\u00a0\u00bb60px|auto||auto||\u00a0\u00bb global_colors_info=\u00a0\u00bb{}\u00a0\u00bb][et_pb_column type=\u00a0\u00bb1_3&Prime; _builder_version=\u00a0\u00bb4.16&Prime; _module_preset=\u00a0\u00bbdefault\u00a0\u00bb global_colors_info=\u00a0\u00bb{}\u00a0\u00bb][et_pb_blurb title=\u00a0\u00bbExcursions sur le glacier\u00a0\u00bb image=\u00a0\u00bbhttps:\/\/kristall.ch\/wp-content\/uploads\/2024\/11\/Saas-Almagell-Hotel-Kristall-Saphir-Gletscher-1024&#215;767.jpg\u00a0\u00bb module_class=\u00a0\u00bbcard\u00a0\u00bb _builder_version=\u00a0\u00bb4.27.0&Prime; _module_preset=\u00a0\u00bbdefault\u00a0\u00bb header_font=\u00a0\u00bbOpen Sans|700|||||||\u00a0\u00bb header_text_color=\u00a0\u00bb#565656&Prime; header_font_size=\u00a0\u00bb30px\u00a0\u00bb body_font_size=\u00a0\u00bb16px\u00a0\u00bb body_link_text_color=\u00a0\u00bb#3a596b\u00a0\u00bb background_color=\u00a0\u00bbrgba(0,0,0,0)\u00a0\u00bb height=\u00a0\u00bb100%\u00a0\u00bb animation=\u00a0\u00bboff\u00a0\u00bb custom_css_main_element=\u00a0\u00bbposition: relative;\u00a0\u00bb custom_css_after=\u00a0\u00bbposition: absolute;||display: none;||content: %22%22;||width: 100%;||height: 100px;||background-color: #3a596b;||top: 0;||z-index: -1;;\u00a0\u00bb custom_css_blurb_image=\u00a0\u00bbmargin-left: -40px;||\u00a0\u00bb custom_css_blurb_title=\u00a0\u00bbmargin-top: -50px;||  text-shadow: ||    -3px 0px 3px rgb(255,255,255),||     3px 0px 3px rgb(255,255,255),||     10px 0px 12px rgba(255,255,255,0.81),||    -10px 0px 12px rgba(255,255,255,0.44);\u00a0\u00bb global_colors_info=\u00a0\u00bb{}\u00a0\u00bb]<\/p>\n<p>Saas-Fee\/Saastal, avec sa nature alpine de haute altitude, offre une exp\u00e9rience glaciaire unique. Laissez-vous guider par des guides de montagne professionnels \u00e0 travers les crevasses et les glaces \u00e9ternelles.<\/p>\n<p style=\"text-align: right;\"><a class=\"more\" href=\"https:\/\/www.saas-fee.ch\/de\/winteraktivitaeten\/gletschertour-winter\" target=\"_blank\" rel=\"noopener noreferrer\">informations compl\u00e9mentaires<\/a><\/p>\n<p>[\/et_pb_blurb][\/et_pb_column][et_pb_column type=\u00a0\u00bb1_3&Prime; _builder_version=\u00a0\u00bb4.16&Prime; _module_preset=\u00a0\u00bbdefault\u00a0\u00bb global_colors_info=\u00a0\u00bb{}\u00a0\u00bb][et_pb_blurb title=\u00a0\u00bbGorge Alpine \/ Alpine Canyon\u00a0\u00bb image=\u00a0\u00bbhttps:\/\/kristall.ch\/wp-content\/uploads\/2022\/02\/Gorge-Alpine-Winter-\u00a9SaastalTourismusAG-PuzzleMedia-scaled.avif\u00a0\u00bb _builder_version=\u00a0\u00bb4.27.0&Prime; _module_preset=\u00a0\u00bbdefault\u00a0\u00bb header_font=\u00a0\u00bbOpen Sans|700|||||||\u00a0\u00bb header_text_color=\u00a0\u00bb#565656&Prime; header_font_size=\u00a0\u00bb30px\u00a0\u00bb body_font_size=\u00a0\u00bb16px\u00a0\u00bb body_link_text_color=\u00a0\u00bb#3a596b\u00a0\u00bb animation=\u00a0\u00bboff\u00a0\u00bb custom_css_main_element=\u00a0\u00bbposition: relative;\u00a0\u00bb custom_css_after=\u00a0\u00bbposition: absolute;||display: none;||content: %22%22;||width: 100%;||height: 100px;||background-color: #3a596b;||top: 0;||z-index: -1;;\u00a0\u00bb custom_css_blurb_image=\u00a0\u00bbmargin-left: -40px;||\u00a0\u00bb custom_css_blurb_title=\u00a0\u00bbmargin-top: -50px;||  text-shadow: ||    -3px 0px 3px rgb(255,255,255),||     3px 0px 3px rgb(255,255,255),||     10px 0px 12px rgba(255,255,255,0.81),||    -10px 0px 12px rgba(255,255,255,0.44);\u00a0\u00bb global_colors_info=\u00a0\u00bb{}\u00a0\u00bb]<\/p>\n<p>Traverser les gorges de Fee de Saas-Fee \u00e0 Saas-Grund \u00e0 l&rsquo;aide de ponts suspendus, d&rsquo;\u00e9chelles et de c\u00e2bles en acier. Admirez les magnifiques chutes d&rsquo;eau gel\u00e9es. Un guide de montagne veille \u00e0 votre s\u00e9curit\u00e9.<\/p>\n<p style=\"text-align: right;\"><a class=\"more\" href=\"https:\/\/www.saas-fee.ch\/de\/winteraktivitaeten\/gorge-alpine-alpine-canyon\" target=\"_blank\" rel=\"noopener noreferrer\">informations compl\u00e9mentaires<\/a><\/p>\n<p>[\/et_pb_blurb][\/et_pb_column][et_pb_column type=\u00a0\u00bb1_3&Prime; _builder_version=\u00a0\u00bb4.16&Prime; _module_preset=\u00a0\u00bbdefault\u00a0\u00bb global_colors_info=\u00a0\u00bb{}\u00a0\u00bb][et_pb_blurb title=\u00a0\u00bbActivit\u00e9s familiales\u00a0\u00bb image=\u00a0\u00bbhttps:\/\/kristall.ch\/wp-content\/uploads\/2022\/02\/Drachen1.avif\u00a0\u00bb _builder_version=\u00a0\u00bb4.27.0&Prime; _module_preset=\u00a0\u00bbdefault\u00a0\u00bb header_font=\u00a0\u00bbOpen Sans|700|||||||\u00a0\u00bb header_text_color=\u00a0\u00bb#565656&Prime; header_font_size=\u00a0\u00bb30px\u00a0\u00bb body_font_size=\u00a0\u00bb16px\u00a0\u00bb body_link_text_color=\u00a0\u00bb#3a596b\u00a0\u00bb animation=\u00a0\u00bboff\u00a0\u00bb custom_css_main_element=\u00a0\u00bbposition: relative;\u00a0\u00bb custom_css_after=\u00a0\u00bbposition: absolute;||display: none;||content: %22%22;||width: 100%;||height: 100px;||background-color: #3a596b;||top: 0;||z-index: -1;;\u00a0\u00bb custom_css_blurb_image=\u00a0\u00bbmargin-left: -40px;||\u00a0\u00bb custom_css_blurb_title=\u00a0\u00bbmargin-top: -50px;||  text-shadow: ||    -3px 0px 3px rgb(255,255,255),||     3px 0px 3px rgb(255,255,255),||     10px 0px 12px rgba(255,255,255,0.81),||    -10px 0px 12px rgba(255,255,255,0.44);\u00a0\u00bb global_colors_info=\u00a0\u00bb{}\u00a0\u00bb]<\/p>\n<p>Le terrain d&rsquo;aventure de Kian, le Foxtrail ou les descentes en luge &#8211; Saas-Fee\/Saastal propose aux familles une multitude d&rsquo;activit\u00e9s, programme en cas de mauvais temps inclus !<\/p>\n<p style=\"text-align: right;\"><a class=\"more\" href=\"https:\/\/www.saas-fee.ch\/de\/familie\/winter-fuer-familien\/familienaktivitaeten-im-winter\" target=\"_blank\" rel=\"noopener noreferrer\">informations compl\u00e9mentaires<\/a><\/p>\n<p>[\/et_pb_blurb][\/et_pb_column][\/et_pb_row][et_pb_row column_structure=\u00a0\u00bb1_3,1_3,1_3&Prime; make_equal=\u00a0\u00bbon\u00a0\u00bb _builder_version=\u00a0\u00bb4.16&Prime; _module_preset=\u00a0\u00bbdefault\u00a0\u00bb custom_margin=\u00a0\u00bb60px|auto||auto||\u00a0\u00bb global_colors_info=\u00a0\u00bb{}\u00a0\u00bb][et_pb_column type=\u00a0\u00bb1_3&Prime; _builder_version=\u00a0\u00bb4.16&Prime; _module_preset=\u00a0\u00bbdefault\u00a0\u00bb global_colors_info=\u00a0\u00bb{}\u00a0\u00bb][et_pb_blurb title=\u00a0\u00bbRandonn\u00e9e aux flambeaux\u00a0\u00bb image=\u00a0\u00bbhttps:\/\/kristall.ch\/wp-content\/uploads\/2022\/02\/fire-2293607_1280.avif\u00a0\u00bb module_class=\u00a0\u00bbcard\u00a0\u00bb _builder_version=\u00a0\u00bb4.27.0&Prime; _module_preset=\u00a0\u00bbdefault\u00a0\u00bb header_font=\u00a0\u00bbOpen Sans|700|||||||\u00a0\u00bb header_text_color=\u00a0\u00bb#565656&Prime; header_font_size=\u00a0\u00bb30px\u00a0\u00bb body_font_size=\u00a0\u00bb16px\u00a0\u00bb body_link_text_color=\u00a0\u00bb#3a596b\u00a0\u00bb background_color=\u00a0\u00bbrgba(0,0,0,0)\u00a0\u00bb height=\u00a0\u00bb100%\u00a0\u00bb animation=\u00a0\u00bboff\u00a0\u00bb custom_css_main_element=\u00a0\u00bbposition: relative;\u00a0\u00bb custom_css_after=\u00a0\u00bbposition: absolute;||display: none;||content: %22%22;||width: 100%;||height: 100px;||background-color: #3a596b;||top: 0;||z-index: -1;;\u00a0\u00bb custom_css_blurb_image=\u00a0\u00bbmargin-left: -40px;||\u00a0\u00bb custom_css_blurb_title=\u00a0\u00bbmargin-top: -50px;||  text-shadow: ||    -3px 0px 3px rgb(255,255,255),||     3px 0px 3px rgb(255,255,255),||     10px 0px 12px rgba(255,255,255,0.81),||    -10px 0px 12px rgba(255,255,255,0.44);\u00a0\u00bb global_colors_info=\u00a0\u00bb{}\u00a0\u00bb]<\/p>\n<p>Vous \u00eates un oiseau de nuit ou vous souhaitez d\u00e9couvrir l&rsquo;obscurit\u00e9 mystique de la vall\u00e9e de Saas ? Une randonn\u00e9e aux flambeaux vous permet de d\u00e9couvrir la r\u00e9gion de vacances de Saas-Fee\/Saastal de nuit.<\/p>\n<p style=\"text-align: right;\"><a class=\"more\" href=\"https:\/\/www.saas-fee.ch\/de\/winteraktivitaeten\/fackelwanderung\" target=\"_blank\" rel=\"noopener noreferrer\">informations compl\u00e9mentaires<\/a><\/p>\n<p>[\/et_pb_blurb][\/et_pb_column][et_pb_column type=\u00a0\u00bb1_3&Prime; _builder_version=\u00a0\u00bb4.16&Prime; _module_preset=\u00a0\u00bbdefault\u00a0\u00bb global_colors_info=\u00a0\u00bb{}\u00a0\u00bb][et_pb_blurb title=\u00a0\u00bbet bien plus encore&#8230;\u00a0\u00bb image=\u00a0\u00bbhttps:\/\/kristall.ch\/wp-content\/uploads\/2021\/12\/Kreuzboden.avif\u00a0\u00bb _builder_version=\u00a0\u00bb4.27.0&Prime; _module_preset=\u00a0\u00bbdefault\u00a0\u00bb header_font=\u00a0\u00bbOpen Sans|700|||||||\u00a0\u00bb header_text_color=\u00a0\u00bb#565656&Prime; header_font_size=\u00a0\u00bb30px\u00a0\u00bb body_font_size=\u00a0\u00bb16px\u00a0\u00bb body_link_text_color=\u00a0\u00bb#3a596b\u00a0\u00bb animation=\u00a0\u00bboff\u00a0\u00bb custom_css_main_element=\u00a0\u00bbposition: relative;\u00a0\u00bb custom_css_after=\u00a0\u00bbposition: absolute;||display: none;||content: %22%22;||width: 100%;||height: 100px;||background-color: #3a596b;||top: 0;||z-index: -1;;\u00a0\u00bb custom_css_blurb_image=\u00a0\u00bbmargin-left: -40px;||\u00a0\u00bb custom_css_blurb_title=\u00a0\u00bbmargin-top: -50px;||  text-shadow: ||    -3px 0px 3px rgb(255,255,255),||     3px 0px 3px rgb(255,255,255),||     10px 0px 12px rgba(255,255,255,0.81),||    -10px 0px 12px rgba(255,255,255,0.44);\u00a0\u00bb global_colors_info=\u00a0\u00bb{}\u00a0\u00bb]<\/p>\n<p>La r\u00e9gion de vacances Saas-Fee\/Saastal vous propose d&rsquo;innombrables activit\u00e9s et exp\u00e9riences.<\/p>\n<p style=\"text-align: right;\"><a class=\"more\" href=\"https:\/\/www.saas-fee.ch\/de\/winteraktivitaeten\" target=\"_blank\" rel=\"noopener noreferrer\">informations compl\u00e9mentaires<\/a><\/p>\n<p>[\/et_pb_blurb][\/et_pb_column][et_pb_column type=\u00a0\u00bb1_3&Prime; _builder_version=\u00a0\u00bb4.16&Prime; _module_preset=\u00a0\u00bbdefault\u00a0\u00bb global_colors_info=\u00a0\u00bb{}\u00a0\u00bb][\/et_pb_column][\/et_pb_row][\/et_pb_section][et_pb_section fb_built=\u00a0\u00bb1&Prime; disabled_on=\u00a0\u00bboff|off|off\u00a0\u00bb module_class=\u00a0\u00bbactivities-summer\u00a0\u00bb _builder_version=\u00a0\u00bb4.27.0&Prime; _module_preset=\u00a0\u00bbdefault\u00a0\u00bb custom_margin=\u00a0\u00bb||||false|false\u00a0\u00bb custom_padding=\u00a0\u00bb||||false|false\u00a0\u00bb global_colors_info=\u00a0\u00bb{}\u00a0\u00bb][et_pb_row column_structure=\u00a0\u00bb1_2,1_2&Prime; make_equal=\u00a0\u00bbon\u00a0\u00bb _builder_version=\u00a0\u00bb4.16&Prime; _module_preset=\u00a0\u00bbdefault\u00a0\u00bb global_colors_info=\u00a0\u00bb{}\u00a0\u00bb][et_pb_column type=\u00a0\u00bb1_2&Prime; _builder_version=\u00a0\u00bb4.16&Prime; _module_preset=\u00a0\u00bbdefault\u00a0\u00bb global_colors_info=\u00a0\u00bb{}\u00a0\u00bb][et_pb_blurb title=\u00a0\u00bbDestination des aventures\u00a0\u00bb image=\u00a0\u00bbhttps:\/\/kristall.ch\/wp-content\/uploads\/2022\/04\/Action-1024&#215;768.jpg\u00a0\u00bb module_class=\u00a0\u00bbcard\u00a0\u00bb _builder_version=\u00a0\u00bb4.27.0&Prime; _module_preset=\u00a0\u00bbdefault\u00a0\u00bb header_font=\u00a0\u00bbOpen Sans|700|||||||\u00a0\u00bb header_text_color=\u00a0\u00bb#565656&Prime; header_font_size=\u00a0\u00bb30px\u00a0\u00bb body_font_size=\u00a0\u00bb16px\u00a0\u00bb background_color=\u00a0\u00bbrgba(0,0,0,0)\u00a0\u00bb height=\u00a0\u00bb100%\u00a0\u00bb animation=\u00a0\u00bboff\u00a0\u00bb custom_css_main_element=\u00a0\u00bbposition: relative;\u00a0\u00bb custom_css_after=\u00a0\u00bbposition: absolute;||display: none;||content: %22%22;||width: 100%;||height: 100px;||background-color: #741821;||top: 0;||z-index: -1;;\u00a0\u00bb custom_css_blurb_image=\u00a0\u00bbmargin-left: -40px;||\u00a0\u00bb custom_css_blurb_title=\u00a0\u00bbmargin-top: -50px;||  text-shadow: ||    -3px 0px 3px rgb(255,255,255),||     3px 0px 3px rgb(255,255,255),||     10px 0px 12px rgba(255,255,255,0.81),||    -10px 0px 12px rgba(255,255,255,0.44);\u00a0\u00bb global_colors_info=\u00a0\u00bb{}\u00a0\u00bb]<\/p>\n<p>Pour chaque passion, pour chaque exigence, pour chaque d\u00e9fi : Saas-Fee\/Vall\u00e9e de Saas est ton univers d&rsquo;aventure en haute montagne.<\/p>\n<p style=\"text-align: right;\"><a class=\"more\" href=\"https:\/\/www.saas-fee.ch\/de\/sommeraktivitaeten\" target=\"_blank\" rel=\"noopener noreferrer\">informations compl\u00e9mentaires<\/a><\/p>\n<p>[\/et_pb_blurb][\/et_pb_column][et_pb_column type=\u00a0\u00bb1_2&Prime; _builder_version=\u00a0\u00bb4.16&Prime; _module_preset=\u00a0\u00bbdefault\u00a0\u00bb global_colors_info=\u00a0\u00bb{}\u00a0\u00bb][et_pb_blurb title=\u00a0\u00bbRandonn\u00e9e p\u00e9destre\u00a0\u00bb image=\u00a0\u00bbhttps:\/\/kristall.ch\/wp-content\/uploads\/2024\/11\/Saas-Almagell-Hotel-Kristall-Saphir-Wandern-Saastal-Saas-Fee-1024&#215;683.jpg\u00a0\u00bb module_class=\u00a0\u00bbcard\u00a0\u00bb _builder_version=\u00a0\u00bb4.27.0&Prime; _module_preset=\u00a0\u00bbdefault\u00a0\u00bb header_font=\u00a0\u00bbOpen Sans|700|||||||\u00a0\u00bb header_text_color=\u00a0\u00bb#565656&Prime; header_font_size=\u00a0\u00bb30px\u00a0\u00bb body_font_size=\u00a0\u00bb16px\u00a0\u00bb background_color=\u00a0\u00bbrgba(0,0,0,0)\u00a0\u00bb height=\u00a0\u00bb100%\u00a0\u00bb animation=\u00a0\u00bboff\u00a0\u00bb custom_css_main_element=\u00a0\u00bbposition: relative;\u00a0\u00bb custom_css_after=\u00a0\u00bbposition: absolute;||display: none;||content: %22%22;||width: 100%;||height: 100px;||background-color: #741821;||top: 0;||z-index: -1;;\u00a0\u00bb custom_css_blurb_image=\u00a0\u00bbmargin-left: -40px;||\u00a0\u00bb custom_css_blurb_title=\u00a0\u00bbmargin-top: -50px;||  text-shadow: ||    -3px 0px 3px rgb(255,255,255),||     3px 0px 3px rgb(255,255,255),||     10px 0px 12px rgba(255,255,255,0.81),||    -10px 0px 12px rgba(255,255,255,0.44);\u00a0\u00bb global_colors_info=\u00a0\u00bb{}\u00a0\u00bb]<\/p>\n<p>Avec 350 km de sentiers de randonn\u00e9e, Saas-Fee\/Vall\u00e9e de Saas offre un paradis unique pour les activit\u00e9s de plein air. Un climat doux et m\u00e9ridional, des paysages de r\u00eave et une nature riche en esp\u00e8ces promettent les meilleures exp\u00e9riences de randonn\u00e9e.<\/p>\n<p style=\"text-align: right;\"><a class=\"more\" href=\"https:\/\/www.saas-fee.ch\/de\/sommeraktivitaeten\/wandern\" target=\"_blank\" rel=\"noopener noreferrer\">informations compl\u00e9mentaires<\/a><\/p>\n<p>[\/et_pb_blurb][\/et_pb_column][\/et_pb_row][et_pb_row column_structure=\u00a0\u00bb1_3,1_3,1_3&Prime; make_equal=\u00a0\u00bbon\u00a0\u00bb _builder_version=\u00a0\u00bb4.16&Prime; _module_preset=\u00a0\u00bbdefault\u00a0\u00bb global_colors_info=\u00a0\u00bb{}\u00a0\u00bb][et_pb_column type=\u00a0\u00bb1_3&Prime; _builder_version=\u00a0\u00bb4.16&Prime; _module_preset=\u00a0\u00bbdefault\u00a0\u00bb global_colors_info=\u00a0\u00bb{}\u00a0\u00bb][et_pb_blurb title=\u00a0\u00bbPoints forts pour les familles\u00a0\u00bb image=\u00a0\u00bbhttps:\/\/kristall.ch\/wp-content\/uploads\/2024\/11\/Saas-Almagell-Hotel-Kristall-Saphir-Familie-Saastal-Saas-Fee-1024&#215;683.jpg\u00a0\u00bb _builder_version=\u00a0\u00bb4.27.0&Prime; _module_preset=\u00a0\u00bbdefault\u00a0\u00bb header_font=\u00a0\u00bbOpen Sans|700|||||||\u00a0\u00bb header_text_color=\u00a0\u00bb#565656&Prime; header_font_size=\u00a0\u00bb30px\u00a0\u00bb body_font_size=\u00a0\u00bb16px\u00a0\u00bb body_link_text_color=\u00a0\u00bb#3a596b\u00a0\u00bb animation=\u00a0\u00bboff\u00a0\u00bb custom_css_main_element=\u00a0\u00bbposition: relative;\u00a0\u00bb custom_css_after=\u00a0\u00bbposition: absolute;||display: none;||content: %22%22;||width: 100%;||height: 100px;||background-color: #3a596b;||top: 0;||z-index: -1;;\u00a0\u00bb custom_css_blurb_image=\u00a0\u00bbmargin-left: -40px;||\u00a0\u00bb custom_css_blurb_title=\u00a0\u00bbmargin-top: -50px;||  text-shadow: ||    -3px 0px 3px rgb(255,255,255),||     3px 0px 3px rgb(255,255,255),||     10px 0px 12px rgba(255,255,255,0.81),||    -10px 0px 12px rgba(255,255,255,0.44);\u00a0\u00bb global_colors_info=\u00a0\u00bb{}\u00a0\u00bb]<\/p>\n<div class=\"group\/conversation-turn relative flex w-full min-w-0 flex-col agent-turn\">\n<div class=\"flex-col gap-1 md:gap-3\">\n<div class=\"flex max-w-full flex-col flex-grow\">\n<div class=\"min-h-8 text-message flex w-full flex-col items-end gap-2 whitespace-normal break-words [.text-message+&amp;]:mt-5\" dir=\"auto\" data-message-author-role=\"assistant\" data-message-id=\"5b975186-d274-4a9b-800d-32bd966bd694\" data-message-model-slug=\"gpt-4o\">\n<div class=\"flex w-full flex-col gap-1 empty:hidden first:pt-[3px]\">\n<div class=\"markdown prose w-full break-words dark:prose-invert light\">\n<p>La r\u00e9gion de vacances de Saas-Fee\/Vall\u00e9e de Saas est un v\u00e9ritable paradis pour les enfants et les invite \u00e0 jouer et \u00e0 d\u00e9couvrir en toute libert\u00e9. Amusez-vous bien ! <\/p>\n<\/div>\n<\/div>\n<\/div>\n<\/div>\n<\/div>\n<\/div>\n<p style=\"text-align: right;\"><a class=\"more\" href=\"https:\/\/www.saas-fee.ch\/de\/familie\/sommer\/familienaktivitaeten-im-sommer\" target=\"_blank\" rel=\"noopener noreferrer\">informations compl\u00e9mentaires<\/a><\/p>\n<p>[\/et_pb_blurb][\/et_pb_column][et_pb_column type=\u00a0\u00bb1_3&Prime; _builder_version=\u00a0\u00bb4.16&Prime; _module_preset=\u00a0\u00bbdefault\u00a0\u00bb global_colors_info=\u00a0\u00bb{}\u00a0\u00bb][et_pb_blurb title=\u00a0\u00bbFurggstalden &amp; Heidbodme\u00a0\u00bb image=\u00a0\u00bbhttps:\/\/kristall.ch\/wp-content\/uploads\/2024\/11\/Furggstalden-Saas-Almagell-Hotel-Kristall-Saphir-Saas-Fee-Saastal.avif\u00a0\u00bb _builder_version=\u00a0\u00bb4.27.0&Prime; _module_preset=\u00a0\u00bbdefault\u00a0\u00bb header_font=\u00a0\u00bbOpen Sans|700|||||||\u00a0\u00bb header_text_color=\u00a0\u00bb#565656&Prime; header_font_size=\u00a0\u00bb30px\u00a0\u00bb body_font_size=\u00a0\u00bb16px\u00a0\u00bb body_link_text_color=\u00a0\u00bb#3a596b\u00a0\u00bb animation=\u00a0\u00bboff\u00a0\u00bb custom_css_main_element=\u00a0\u00bbposition: relative;\u00a0\u00bb custom_css_after=\u00a0\u00bbposition: absolute;||display: none;||content: %22%22;||width: 100%;||height: 100px;||background-color: #3a596b;||top: 0;||z-index: -1;;\u00a0\u00bb custom_css_blurb_image=\u00a0\u00bbmargin-left: -40px;||\u00a0\u00bb custom_css_blurb_title=\u00a0\u00bbmargin-top: -50px;||  text-shadow: ||    -3px 0px 3px rgb(255,255,255),||     3px 0px 3px rgb(255,255,255),||     10px 0px 12px rgba(255,255,255,0.81),||    -10px 0px 12px rgba(255,255,255,0.44);\u00a0\u00bb global_colors_info=\u00a0\u00bb{}\u00a0\u00bb]<\/p>\n<div class=\"group\/conversation-turn relative flex w-full min-w-0 flex-col agent-turn\">\n<div class=\"flex-col gap-1 md:gap-3\">\n<div class=\"flex max-w-full flex-col flex-grow\">\n<div class=\"min-h-8 text-message flex w-full flex-col items-end gap-2 whitespace-normal break-words [.text-message+&amp;]:mt-5\" dir=\"auto\" data-message-author-role=\"assistant\" data-message-id=\"5b975186-d274-4a9b-800d-32bd966bd694\" data-message-model-slug=\"gpt-4o\">\n<div class=\"flex w-full flex-col gap-1 empty:hidden first:pt-[3px]\">\n<div class=\"markdown prose w-full break-words dark:prose-invert light\">\n<p>Le pittoresque hameau de Furggstalden, au-dessus de Saas-Almagell, est facilement accessible en t\u00e9l\u00e9si\u00e8ge et id\u00e9al pour retrouver le calme et se d\u00e9tendre.<\/p>\n<\/div>\n<\/div>\n<\/div>\n<\/div>\n<\/div>\n<\/div>\n<p style=\"text-align: right;\"><a class=\"more\" href=\"https:\/\/www.saas-fee.ch\/de\/erlebniswelten\/furggstalden-heidbodmen-sommer\" target=\"_blank\" rel=\"noopener noreferrer\">informations compl\u00e9mentaires<\/a><\/p>\n<p>[\/et_pb_blurb][\/et_pb_column][et_pb_column type=\u00a0\u00bb1_3&Prime; _builder_version=\u00a0\u00bb4.16&Prime; _module_preset=\u00a0\u00bbdefault\u00a0\u00bb global_colors_info=\u00a0\u00bb{}\u00a0\u00bb][et_pb_blurb title=\u00a0\u00bbExp\u00e9rience du barrage de Mattmark\u00a0\u00bb image=\u00a0\u00bbhttps:\/\/kristall.ch\/wp-content\/uploads\/2024\/06\/Mattmark-Hotel-Kristall-Saphir-Saas-Almagell-1024&#215;737.avif\u00a0\u00bb _builder_version=\u00a0\u00bb4.27.0&Prime; _module_preset=\u00a0\u00bbdefault\u00a0\u00bb header_font=\u00a0\u00bbOpen Sans|700|||||||\u00a0\u00bb header_text_color=\u00a0\u00bb#565656&Prime; header_font_size=\u00a0\u00bb30px\u00a0\u00bb body_font_size=\u00a0\u00bb16px\u00a0\u00bb body_link_text_color=\u00a0\u00bb#3a596b\u00a0\u00bb animation=\u00a0\u00bboff\u00a0\u00bb custom_css_main_element=\u00a0\u00bbposition: relative;\u00a0\u00bb custom_css_after=\u00a0\u00bbposition: absolute;||display: none;||content: %22%22;||width: 100%;||height: 100px;||background-color: #3a596b;||top: 0;||z-index: -1;;\u00a0\u00bb custom_css_blurb_image=\u00a0\u00bbmargin-left: -40px;||\u00a0\u00bb custom_css_blurb_title=\u00a0\u00bbmargin-top: -50px;||  text-shadow: ||    -3px 0px 3px rgb(255,255,255),||     3px 0px 3px rgb(255,255,255),||     10px 0px 12px rgba(255,255,255,0.81),||    -10px 0px 12px rgba(255,255,255,0.44);\u00a0\u00bb global_colors_info=\u00a0\u00bb{}\u00a0\u00bb]<\/p>\n<div class=\"group\/conversation-turn relative flex w-full min-w-0 flex-col agent-turn\">\n<div class=\"flex-col gap-1 md:gap-3\">\n<div class=\"flex max-w-full flex-col flex-grow\">\n<div class=\"min-h-8 text-message flex w-full flex-col items-end gap-2 whitespace-normal break-words [.text-message+&amp;]:mt-5\" dir=\"auto\" data-message-author-role=\"assistant\" data-message-id=\"5b975186-d274-4a9b-800d-32bd966bd694\" data-message-model-slug=\"gpt-4o\">\n<div class=\"flex w-full flex-col gap-1 empty:hidden first:pt-[3px]\">\n<div class=\"markdown prose w-full break-words dark:prose-invert light\">\n<p>Dans la partie sud de la vall\u00e9e de Saas se trouve le barrage de Mattmark, le plus grand barrage en terre d&rsquo;Europe. Ce barrage, qui sert \u00e0 produire de l&rsquo;\u00e9lectricit\u00e9, est un lieu impressionnant, non seulement par sa technologie, mais aussi par son environnement pr\u00e9serv\u00e9 et romantique. <\/p>\n<\/div>\n<\/div>\n<\/div>\n<\/div>\n<\/div>\n<\/div>\n<p style=\"text-align: right;\"><a class=\"more\" href=\"https:\/\/www.saas-fee.ch\/de\/erlebniswelten\/mattmark-staudamm-sommer\" target=\"_blank\" rel=\"noopener noreferrer\">informations compl\u00e9mentaires<\/a><\/p>\n<p>[\/et_pb_blurb][\/et_pb_column][\/et_pb_row][et_pb_row column_structure=\u00a0\u00bb1_3,1_3,1_3&Prime; make_equal=\u00a0\u00bbon\u00a0\u00bb _builder_version=\u00a0\u00bb4.16&Prime; _module_preset=\u00a0\u00bbdefault\u00a0\u00bb custom_margin=\u00a0\u00bb60px|auto||auto||\u00a0\u00bb global_colors_info=\u00a0\u00bb{}\u00a0\u00bb][et_pb_column type=\u00a0\u00bb1_3&Prime; _builder_version=\u00a0\u00bb4.16&Prime; _module_preset=\u00a0\u00bbdefault\u00a0\u00bb global_colors_info=\u00a0\u00bb{}\u00a0\u00bb][et_pb_blurb title=\u00a0\u00bbEn v\u00e9lo\u00a0\u00bb image=\u00a0\u00bbhttps:\/\/kristall.ch\/wp-content\/uploads\/2024\/11\/Saas-Almagell-Hotel-Kristall-Saphir-Bike-Saastal-Saas-Fee-1024&#215;683.jpg\u00a0\u00bb _builder_version=\u00a0\u00bb4.27.0&Prime; _module_preset=\u00a0\u00bbdefault\u00a0\u00bb header_font=\u00a0\u00bbOpen Sans|700|||||||\u00a0\u00bb header_text_color=\u00a0\u00bb#565656&Prime; header_font_size=\u00a0\u00bb30px\u00a0\u00bb body_font_size=\u00a0\u00bb16px\u00a0\u00bb animation=\u00a0\u00bboff\u00a0\u00bb custom_css_main_element=\u00a0\u00bbposition: relative;\u00a0\u00bb custom_css_after=\u00a0\u00bbposition: absolute;||display: none;||content: %22%22;||width: 100%;||height: 100px;||background-color: #741821;||top: 0;||z-index: -1;;\u00a0\u00bb custom_css_blurb_image=\u00a0\u00bbmargin-left: -40px;||\u00a0\u00bb custom_css_blurb_title=\u00a0\u00bbmargin-top: -50px;||  text-shadow: ||    -3px 0px 3px rgb(255,255,255),||     3px 0px 3px rgb(255,255,255),||     10px 0px 12px rgba(255,255,255,0.81),||    -10px 0px 12px rgba(255,255,255,0.44);\u00a0\u00bb global_colors_info=\u00a0\u00bb{}\u00a0\u00bb]<\/p>\n<p>Du plus simple au plus exigeant : avec ses 80 km de pistes cyclables, Saas-Fee\/Vall\u00e9e de Saas offre quelque chose \u00e0 chacun. Il est tr\u00e8s facile de louer des VTT et des v\u00e9los \u00e9lectriques (directement \u00e0 l&rsquo;h\u00f4tel).<\/p>\n<p style=\"text-align: right;\"><a class=\"more\" href=\"https:\/\/www.saas-fee.ch\/de\/sommeraktivitaeten\/biken\" target=\"_blank\" rel=\"noopener noreferrer\">informations compl\u00e9mentaires<\/a><\/p>\n<p>[\/et_pb_blurb][\/et_pb_column][et_pb_column type=\u00a0\u00bb1_3&Prime; _builder_version=\u00a0\u00bb4.16&Prime; _module_preset=\u00a0\u00bbdefault\u00a0\u00bb global_colors_info=\u00a0\u00bb{}\u00a0\u00bb][et_pb_blurb title=\u00a0\u00bbEscalade et alpinisme\u00a0\u00bb image=\u00a0\u00bbhttps:\/\/kristall.ch\/wp-content\/uploads\/2024\/11\/Saas-Almagell-Hotel-Kristall-Saphir-Klettern-Saastal-Saas-Fee-1024&#215;682.jpg\u00a0\u00bb _builder_version=\u00a0\u00bb4.27.0&Prime; _module_preset=\u00a0\u00bbdefault\u00a0\u00bb header_font=\u00a0\u00bbOpen Sans|700|||||||\u00a0\u00bb header_text_color=\u00a0\u00bb#565656&Prime; header_font_size=\u00a0\u00bb30px\u00a0\u00bb body_font_size=\u00a0\u00bb16px\u00a0\u00bb body_link_text_color=\u00a0\u00bb#3a596b\u00a0\u00bb animation=\u00a0\u00bboff\u00a0\u00bb custom_css_main_element=\u00a0\u00bbposition: relative;\u00a0\u00bb custom_css_after=\u00a0\u00bbposition: absolute;||display: none;||content: %22%22;||width: 100%;||height: 100px;||background-color: #3a596b;||top: 0;||z-index: -1;;\u00a0\u00bb custom_css_blurb_image=\u00a0\u00bbmargin-left: -40px;||\u00a0\u00bb custom_css_blurb_title=\u00a0\u00bbmargin-top: -50px;||  text-shadow: ||    -3px 0px 3px rgb(255,255,255),||     3px 0px 3px rgb(255,255,255),||     10px 0px 12px rgba(255,255,255,0.81),||    -10px 0px 12px rgba(255,255,255,0.44);\u00a0\u00bb global_colors_info=\u00a0\u00bb{}\u00a0\u00bb]<\/p>\n<div class=\"group\/conversation-turn relative flex w-full min-w-0 flex-col agent-turn\">\n<div class=\"flex-col gap-1 md:gap-3\">\n<div class=\"flex max-w-full flex-col flex-grow\">\n<div class=\"min-h-8 text-message flex w-full flex-col items-end gap-2 whitespace-normal break-words [.text-message+&amp;]:mt-5\" dir=\"auto\" data-message-author-role=\"assistant\" data-message-id=\"5b975186-d274-4a9b-800d-32bd966bd694\" data-message-model-slug=\"gpt-4o\">\n<div class=\"flex w-full flex-col gap-1 empty:hidden first:pt-[3px]\">\n<div class=\"markdown prose w-full break-words dark:prose-invert light\">\n<p>De l&rsquo;escalade de bloc dans la vall\u00e9e \u00e0 l&rsquo;ascension du plus haut sommet suisse, le Dom (4545 m d&rsquo;altitude), tout est possible ici. Les plus aventureux trouveront \u00e9galement des voies d&rsquo;escalade passionnantes et sept via ferrata \u00e0 explorer. <\/p>\n<\/div>\n<\/div>\n<\/div>\n<\/div>\n<\/div>\n<\/div>\n<p style=\"text-align: right;\"><a class=\"more\" href=\"https:\/\/www.saas-fee.ch\/de\/sommeraktivitaeten\/klettern-bergsteigen\" target=\"_blank\" rel=\"noopener noreferrer\">informations compl\u00e9mentaires<\/a><\/p>\n<p>[\/et_pb_blurb][\/et_pb_column][et_pb_column type=\u00a0\u00bb1_3&Prime; _builder_version=\u00a0\u00bb4.16&Prime; _module_preset=\u00a0\u00bbdefault\u00a0\u00bb global_colors_info=\u00a0\u00bb{}\u00a0\u00bb][et_pb_blurb title=\u00a0\u00bbTrailrunning\u00a0\u00bb image=\u00a0\u00bbhttps:\/\/kristall.ch\/wp-content\/uploads\/2024\/11\/Saas-Almagell-Hotel-Kristall-Saphir-Trailrunning-Saastal-Saas-Fee-1024&#215;682.jpg\u00a0\u00bb _builder_version=\u00a0\u00bb4.27.0&Prime; _module_preset=\u00a0\u00bbdefault\u00a0\u00bb header_font=\u00a0\u00bbOpen Sans|700|||||||\u00a0\u00bb header_text_color=\u00a0\u00bb#565656&Prime; header_font_size=\u00a0\u00bb30px\u00a0\u00bb body_font_size=\u00a0\u00bb16px\u00a0\u00bb body_link_text_color=\u00a0\u00bb#3a596b\u00a0\u00bb animation=\u00a0\u00bboff\u00a0\u00bb custom_css_main_element=\u00a0\u00bbposition: relative;\u00a0\u00bb custom_css_after=\u00a0\u00bbposition: absolute;||display: none;||content: %22%22;||width: 100%;||height: 100px;||background-color: #3a596b;||top: 0;||z-index: -1;;\u00a0\u00bb custom_css_blurb_image=\u00a0\u00bbmargin-left: -40px;||\u00a0\u00bb custom_css_blurb_title=\u00a0\u00bbmargin-top: -50px;||  text-shadow: ||    -3px 0px 3px rgb(255,255,255),||     3px 0px 3px rgb(255,255,255),||     10px 0px 12px rgba(255,255,255,0.81),||    -10px 0px 12px rgba(255,255,255,0.44);\u00a0\u00bb global_colors_info=\u00a0\u00bb{}\u00a0\u00bb]<\/p>\n<p>La r\u00e9gion de vacances de Saas-Fee\/Vall\u00e9e de Saas se pr\u00eate parfaitement \u00e0 la pratique de ce sport. D\u00e9couvrez la nature \u00e0 couper le souffle sur l&rsquo;un de nos innombrables trails !<\/p>\n<p style=\"text-align: right;\"><a class=\"more\" href=\"https:\/\/www.saas-fee.ch\/de\/sommeraktivitaeten\/trailrunning\" target=\"_blank\" rel=\"noopener noreferrer\">informations compl\u00e9mentaires<\/a><\/p>\n<p>[\/et_pb_blurb][\/et_pb_column][\/et_pb_row][\/et_pb_section]<\/p>\n","protected":false},"excerpt":{"rendered":"<p>Profiter tout simplement.150 km de pistes de r\u00eave &#8211; Les 3 domaines skiables \u00e0 l&rsquo;enneigement garanti de la r\u00e9gion de vacances Saas-Fee\/Saastal s&rsquo;\u00e9tendent de plus de 3&rsquo;500 \u00e0 1&rsquo;500 m d&rsquo;altitude. Entour\u00e9es de 18 sommets de plus de 4000 m\u00e8tres, les pistes offrent au d\u00e9butant comme au professionnel une exp\u00e9rience unique de ski alpin. informations [&hellip;]<\/p>\n","protected":false},"author":1,"featured_media":0,"parent":0,"menu_order":15,"comment_status":"closed","ping_status":"closed","template":"","meta":{"_et_pb_use_builder":"on","_et_pb_old_content":"","_et_gb_content_width":"","footnotes":""},"class_list":["post-2665","page","type-page","status-publish","hentry"],"yoast_head":"<!-- This site is optimized with the Yoast SEO plugin v27.5 - https:\/\/yoast.com\/product\/yoast-seo-wordpress\/ -->\n<title>Exp\u00e9riences in der Ferienregion Saas-Fee\/Saastal- Hotel Kristall-Saphir<\/title>\n<meta name=\"description\" content=\"Ski et snowboard, ski de fond, luge, raquettes en hiver, v\u00e9lo en \u00e9t\u00e9 et randonn\u00e9e en toute saison.\" \/>\n<meta name=\"robots\" content=\"index, follow, max-snippet:-1, max-image-preview:large, max-video-preview:-1\" \/>\n<link rel=\"canonical\" href=\"https:\/\/kristall.ch\/fr\/experiences\/\" \/>\n<meta property=\"og:locale\" content=\"fr_FR\" \/>\n<meta property=\"og:type\" content=\"article\" \/>\n<meta property=\"og:title\" content=\"Exp\u00e9riences in der Ferienregion Saas-Fee\/Saastal- Hotel Kristall-Saphir\" \/>\n<meta property=\"og:description\" content=\"Ski et snowboard, ski de fond, luge, raquettes en hiver, v\u00e9lo en \u00e9t\u00e9 et randonn\u00e9e en toute saison.\" \/>\n<meta property=\"og:url\" content=\"https:\/\/kristall.ch\/fr\/experiences\/\" \/>\n<meta property=\"og:site_name\" content=\"Kristall-Saphir\" \/>\n<meta property=\"article:modified_time\" content=\"2026-04-10T13:34:10+00:00\" \/>\n<meta name=\"twitter:card\" content=\"summary_large_image\" \/>\n<meta name=\"twitter:label1\" content=\"Dur\u00e9e de lecture estim\u00e9e\" \/>\n\t<meta name=\"twitter:data1\" content=\"8 minutes\" \/>\n<script type=\"application\/ld+json\" class=\"yoast-schema-graph\">{\"@context\":\"https:\\\/\\\/schema.org\",\"@graph\":[{\"@type\":\"WebPage\",\"@id\":\"https:\\\/\\\/kristall.ch\\\/fr\\\/experiences\\\/\",\"url\":\"https:\\\/\\\/kristall.ch\\\/fr\\\/experiences\\\/\",\"name\":\"Exp\u00e9riences in der Ferienregion Saas-Fee\\\/Saastal- Hotel Kristall-Saphir\",\"isPartOf\":{\"@id\":\"https:\\\/\\\/kristall.ch\\\/#website\"},\"datePublished\":\"2022-01-31T14:19:23+00:00\",\"dateModified\":\"2026-04-10T13:34:10+00:00\",\"description\":\"Ski et snowboard, ski de fond, luge, raquettes en hiver, v\u00e9lo en \u00e9t\u00e9 et randonn\u00e9e en toute saison.\",\"breadcrumb\":{\"@id\":\"https:\\\/\\\/kristall.ch\\\/fr\\\/experiences\\\/#breadcrumb\"},\"inLanguage\":\"fr-FR\",\"potentialAction\":[{\"@type\":\"ReadAction\",\"target\":[\"https:\\\/\\\/kristall.ch\\\/fr\\\/experiences\\\/\"]}]},{\"@type\":\"BreadcrumbList\",\"@id\":\"https:\\\/\\\/kristall.ch\\\/fr\\\/experiences\\\/#breadcrumb\",\"itemListElement\":[{\"@type\":\"ListItem\",\"position\":1,\"name\":\"Home\",\"item\":\"https:\\\/\\\/kristall.ch\\\/\"},{\"@type\":\"ListItem\",\"position\":2,\"name\":\"Exp\u00e9riences\"}]},{\"@type\":\"WebSite\",\"@id\":\"https:\\\/\\\/kristall.ch\\\/#website\",\"url\":\"https:\\\/\\\/kristall.ch\\\/\",\"name\":\"Kristall-Saphir\",\"description\":\"Das Hotel in Saas-Almagell\",\"potentialAction\":[{\"@type\":\"SearchAction\",\"target\":{\"@type\":\"EntryPoint\",\"urlTemplate\":\"https:\\\/\\\/kristall.ch\\\/?s={search_term_string}\"},\"query-input\":{\"@type\":\"PropertyValueSpecification\",\"valueRequired\":true,\"valueName\":\"search_term_string\"}}],\"inLanguage\":\"fr-FR\"}]}<\/script>\n<!-- \/ Yoast SEO plugin. -->","yoast_head_json":{"title":"Exp\u00e9riences in der Ferienregion Saas-Fee\/Saastal- Hotel Kristall-Saphir","description":"Ski et snowboard, ski de fond, luge, raquettes en hiver, v\u00e9lo en \u00e9t\u00e9 et randonn\u00e9e en toute saison.","robots":{"index":"index","follow":"follow","max-snippet":"max-snippet:-1","max-image-preview":"max-image-preview:large","max-video-preview":"max-video-preview:-1"},"canonical":"https:\/\/kristall.ch\/fr\/experiences\/","og_locale":"fr_FR","og_type":"article","og_title":"Exp\u00e9riences in der Ferienregion Saas-Fee\/Saastal- Hotel Kristall-Saphir","og_description":"Ski et snowboard, ski de fond, luge, raquettes en hiver, v\u00e9lo en \u00e9t\u00e9 et randonn\u00e9e en toute saison.","og_url":"https:\/\/kristall.ch\/fr\/experiences\/","og_site_name":"Kristall-Saphir","article_modified_time":"2026-04-10T13:34:10+00:00","twitter_card":"summary_large_image","twitter_misc":{"Dur\u00e9e de lecture estim\u00e9e":"8 minutes"},"schema":{"@context":"https:\/\/schema.org","@graph":[{"@type":"WebPage","@id":"https:\/\/kristall.ch\/fr\/experiences\/","url":"https:\/\/kristall.ch\/fr\/experiences\/","name":"Exp\u00e9riences in der Ferienregion Saas-Fee\/Saastal- Hotel Kristall-Saphir","isPartOf":{"@id":"https:\/\/kristall.ch\/#website"},"datePublished":"2022-01-31T14:19:23+00:00","dateModified":"2026-04-10T13:34:10+00:00","description":"Ski et snowboard, ski de fond, luge, raquettes en hiver, v\u00e9lo en \u00e9t\u00e9 et randonn\u00e9e en toute saison.","breadcrumb":{"@id":"https:\/\/kristall.ch\/fr\/experiences\/#breadcrumb"},"inLanguage":"fr-FR","potentialAction":[{"@type":"ReadAction","target":["https:\/\/kristall.ch\/fr\/experiences\/"]}]},{"@type":"BreadcrumbList","@id":"https:\/\/kristall.ch\/fr\/experiences\/#breadcrumb","itemListElement":[{"@type":"ListItem","position":1,"name":"Home","item":"https:\/\/kristall.ch\/"},{"@type":"ListItem","position":2,"name":"Exp\u00e9riences"}]},{"@type":"WebSite","@id":"https:\/\/kristall.ch\/#website","url":"https:\/\/kristall.ch\/","name":"Kristall-Saphir","description":"Das Hotel in Saas-Almagell","potentialAction":[{"@type":"SearchAction","target":{"@type":"EntryPoint","urlTemplate":"https:\/\/kristall.ch\/?s={search_term_string}"},"query-input":{"@type":"PropertyValueSpecification","valueRequired":true,"valueName":"search_term_string"}}],"inLanguage":"fr-FR"}]}},"_links":{"self":[{"href":"https:\/\/kristall.ch\/fr\/wp-json\/wp\/v2\/pages\/2665","targetHints":{"allow":["GET"]}}],"collection":[{"href":"https:\/\/kristall.ch\/fr\/wp-json\/wp\/v2\/pages"}],"about":[{"href":"https:\/\/kristall.ch\/fr\/wp-json\/wp\/v2\/types\/page"}],"author":[{"embeddable":true,"href":"https:\/\/kristall.ch\/fr\/wp-json\/wp\/v2\/users\/1"}],"replies":[{"embeddable":true,"href":"https:\/\/kristall.ch\/fr\/wp-json\/wp\/v2\/comments?post=2665"}],"version-history":[{"count":0,"href":"https:\/\/kristall.ch\/fr\/wp-json\/wp\/v2\/pages\/2665\/revisions"}],"wp:attachment":[{"href":"https:\/\/kristall.ch\/fr\/wp-json\/wp\/v2\/media?parent=2665"}],"curies":[{"name":"wp","href":"https:\/\/api.w.org\/{rel}","templated":true}]}}