{"id":2647,"date":"2022-01-31T14:18:44","date_gmt":"2022-01-31T14:18:44","guid":{"rendered":"https:\/\/kristall.ch\/groupes-et-seminaires\/"},"modified":"2025-10-28T16:07:54","modified_gmt":"2025-10-28T16:07:54","slug":"groupes-et-seminaires","status":"publish","type":"page","link":"https:\/\/kristall.ch\/fr\/groupes-et-seminaires\/","title":{"rendered":"Groupes et s\u00e9minaires"},"content":{"rendered":"<p>[et_pb_section fb_built=\u00a0\u00bb1&Prime; _builder_version=\u00a0\u00bb4.16&Prime; _module_preset=\u00a0\u00bbdefault\u00a0\u00bb custom_margin=\u00a0\u00bb0px||||false|false\u00a0\u00bb custom_padding=\u00a0\u00bb0px|||||\u00a0\u00bb background_last_edited=\u00a0\u00bboff|desktop\u00a0\u00bb global_colors_info=\u00a0\u00bb{}\u00a0\u00bb][et_pb_row _builder_version=\u00a0\u00bb4.16&Prime; _module_preset=\u00a0\u00bbdefault\u00a0\u00bb width=\u00a0\u00bb100%\u00a0\u00bb max_width=\u00a0\u00bbnone\u00a0\u00bb custom_padding=\u00a0\u00bb0px|||||\u00a0\u00bb background_last_edited=\u00a0\u00bboff|desktop\u00a0\u00bb global_colors_info=\u00a0\u00bb{}\u00a0\u00bb][et_pb_column type=\u00a0\u00bb4_4&Prime; _builder_version=\u00a0\u00bb4.16&Prime; _module_preset=\u00a0\u00bbdefault\u00a0\u00bb global_colors_info=\u00a0\u00bb{}\u00a0\u00bb][et_pb_slider use_bg_overlay=\u00a0\u00bboff\u00a0\u00bb _builder_version=\u00a0\u00bb4.27.4&Prime; _module_preset=\u00a0\u00bbdefault\u00a0\u00bb header_level=\u00a0\u00bbh1&Prime; header_font=\u00a0\u00bbDancing Script|600|||||||\u00a0\u00bb header_font_size=\u00a0\u00bb50px\u00a0\u00bb body_font=\u00a0\u00bbOpen Sans||||||||\u00a0\u00bb body_font_size=\u00a0\u00bb30px\u00a0\u00bb use_background_color_gradient=\u00a0\u00bbon\u00a0\u00bb background_color_gradient_stops=\u00a0\u00bbrgba(216,216,216,0) 56%|rgba(61,61,61,0.99) 97%\u00a0\u00bb background_color_gradient_overlays_image=\u00a0\u00bbon\u00a0\u00bb background_color_gradient_start=\u00a0\u00bbrgba(216,216,216,0)\u00a0\u00bb background_color_gradient_start_position=\u00a0\u00bb56%\u00a0\u00bb background_color_gradient_end=\u00a0\u00bbrgba(61,61,61,0.99)\u00a0\u00bb background_color_gradient_end_position=\u00a0\u00bb97%\u00a0\u00bb background_enable_image=\u00a0\u00bboff\u00a0\u00bb custom_button=\u00a0\u00bbon\u00a0\u00bb button_text_size=\u00a0\u00bb15px\u00a0\u00bb button_text_color=\u00a0\u00bb#ffffff\u00a0\u00bb button_bg_color=\u00a0\u00bbrgba(63,162,247,0)\u00a0\u00bb button_border_width=\u00a0\u00bb1px\u00a0\u00bb button_border_color=\u00a0\u00bb#ffffff\u00a0\u00bb button_border_radius=\u00a0\u00bb0px\u00a0\u00bb button_letter_spacing=\u00a0\u00bb1px\u00a0\u00bb button_font=\u00a0\u00bbPlayfair Display||||||||\u00a0\u00bb button_use_icon=\u00a0\u00bboff\u00a0\u00bb custom_margin=\u00a0\u00bb||-275px||false|false\u00a0\u00bb custom_padding=\u00a0\u00bb467px||100px||false|false\u00a0\u00bb global_colors_info=\u00a0\u00bb{}\u00a0\u00bb button_text_color__hover=\u00a0\u00bbrgba(255,255,255,0.98)\u00a0\u00bb button_text_color__hover_enabled=\u00a0\u00bbon\u00a0\u00bb button_bg_color__hover=\u00a0\u00bbrgba(255,255,255,0)\u00a0\u00bb button_bg_color__hover_enabled=\u00a0\u00bbon\u00a0\u00bb button_border_color__hover=\u00a0\u00bbrgba(255,255,255,0.99)\u00a0\u00bb button_border_color__hover_enabled=\u00a0\u00bbon\u00a0\u00bb button_letter_spacing__hover=\u00a0\u00bb2px\u00a0\u00bb button_letter_spacing__hover_enabled=\u00a0\u00bbon\u00a0\u00bb][et_pb_slide heading=\u00a0\u00bbH\u00f4tel pour groupes et s\u00e9minaires \u00e0 Saas-Almagell\u00a0\u00bb _builder_version=\u00a0\u00bb4.27.4&Prime; _module_preset=\u00a0\u00bbdefault\u00a0\u00bb header_level=\u00a0\u00bbh1&Prime; header_font=\u00a0\u00bbOpen Sans|700|||||||\u00a0\u00bb header_text_color=\u00a0\u00bb#FFFFFF\u00a0\u00bb header_font_size=\u00a0\u00bb40px\u00a0\u00bb header_line_height=\u00a0\u00bb1.4em\u00a0\u00bb body_font=\u00a0\u00bbDancing Script|600|||||||\u00a0\u00bb body_text_color=\u00a0\u00bb#FFFFFF\u00a0\u00bb body_font_size=\u00a0\u00bb50px\u00a0\u00bb body_line_height=\u00a0\u00bb1.4em\u00a0\u00bb background_enable_color=\u00a0\u00bboff\u00a0\u00bb background_image=\u00a0\u00bbhttps:\/\/kristall.ch\/wp-content\/uploads\/2023\/02\/179_Hotel-Kristall_Jan-2023_puzzlemedia.ch_-scaled.avif\u00a0\u00bb background_enable_image=\u00a0\u00bbon\u00a0\u00bb global_colors_info=\u00a0\u00bb{}\u00a0\u00bb sticky_transition=\u00a0\u00bbon\u00a0\u00bb]<\/p>\n<p><strong>Destination id\u00e9ale pour votre voyage &#8211; avec de l&rsquo;exp\u00e9rience, des services et des avantages exclusifs !<\/strong><\/p>\n<p>[\/et_pb_slide][\/et_pb_slider][\/et_pb_column][\/et_pb_row][\/et_pb_section][et_pb_section fb_built=\u00a0\u00bb1&Prime; _builder_version=\u00a0\u00bb4.16&Prime; _module_preset=\u00a0\u00bbdefault\u00a0\u00bb global_colors_info=\u00a0\u00bb{}\u00a0\u00bb][et_pb_row column_structure=\u00a0\u00bb2_5,3_5&Prime; _builder_version=\u00a0\u00bb4.16&Prime; _module_preset=\u00a0\u00bbdefault\u00a0\u00bb custom_margin=\u00a0\u00bb|auto|-1px|auto||\u00a0\u00bb global_colors_info=\u00a0\u00bb{}\u00a0\u00bb][et_pb_column type=\u00a0\u00bb2_5&Prime; _builder_version=\u00a0\u00bb4.16&Prime; _module_preset=\u00a0\u00bbdefault\u00a0\u00bb sticky_position=\u00a0\u00bbtop\u00a0\u00bb sticky_offset_top=\u00a0\u00bb42px\u00a0\u00bb sticky_limit_bottom=\u00a0\u00bbrow\u00a0\u00bb sticky_offset_surrounding=\u00a0\u00bboff\u00a0\u00bb sticky_transition=\u00a0\u00bboff\u00a0\u00bb sticky_position_tablet=\u00a0\u00bbnone\u00a0\u00bb sticky_position_phone=\u00a0\u00bb\u00a0\u00bb sticky_position_last_edited=\u00a0\u00bbon|phone\u00a0\u00bb global_colors_info=\u00a0\u00bb{}\u00a0\u00bb][\/et_pb_column][et_pb_column type=\u00a0\u00bb3_5&Prime; _builder_version=\u00a0\u00bb4.16&Prime; _module_preset=\u00a0\u00bbdefault\u00a0\u00bb global_colors_info=\u00a0\u00bb{}\u00a0\u00bb][\/et_pb_column][\/et_pb_row][\/et_pb_section][et_pb_section fb_built=\u00a0\u00bb1&Prime; _builder_version=\u00a0\u00bb4.16&Prime; _module_preset=\u00a0\u00bbdefault\u00a0\u00bb global_colors_info=\u00a0\u00bb{}\u00a0\u00bb][et_pb_row column_structure=\u00a0\u00bb2_5,3_5&Prime; _builder_version=\u00a0\u00bb4.17.0&Prime; _module_preset=\u00a0\u00bbdefault\u00a0\u00bb custom_margin=\u00a0\u00bb78px|auto|-1px|auto||\u00a0\u00bb custom_padding=\u00a0\u00bb||1px|||\u00a0\u00bb global_colors_info=\u00a0\u00bb{}\u00a0\u00bb][et_pb_column type=\u00a0\u00bb2_5&Prime; _builder_version=\u00a0\u00bb4.17.0&Prime; _module_preset=\u00a0\u00bbdefault\u00a0\u00bb sticky_limit_bottom=\u00a0\u00bbrow\u00a0\u00bb sticky_position_tablet=\u00a0\u00bbnone\u00a0\u00bb sticky_position_phone=\u00a0\u00bb\u00a0\u00bb sticky_position_last_edited=\u00a0\u00bbon|phone\u00a0\u00bb global_colors_info=\u00a0\u00bb{}\u00a0\u00bb][et_pb_text _builder_version=\u00a0\u00bb4.17.0&Prime; header_font=\u00a0\u00bbOpen Sans|700|||||||\u00a0\u00bb header_text_color=\u00a0\u00bb#5a0619&Prime; header_font_size=\u00a0\u00bb40px\u00a0\u00bb header_2_font=\u00a0\u00bbDancing Script|600|||||||\u00a0\u00bb header_2_text_color=\u00a0\u00bb#5a0619&Prime; header_3_font=\u00a0\u00bbOpen Sans|700|||||||\u00a0\u00bb header_3_text_color=\u00a0\u00bb#3a596b\u00a0\u00bb header_3_font_size=\u00a0\u00bb27px\u00a0\u00bb text_orientation=\u00a0\u00bbleft\u00a0\u00bb custom_margin=\u00a0\u00bb||||false|false\u00a0\u00bb global_colors_info=\u00a0\u00bb{}\u00a0\u00bb]<\/p>\n<h3>Votre groupe entre de bonnes mains<\/h3>\n<p>[\/et_pb_text][et_pb_text _builder_version=\u00a0\u00bb4.17.0&Prime; text_font=\u00a0\u00bbOpen Sans||||||||\u00a0\u00bb text_text_color=\u00a0\u00bb#000000&Prime; text_line_height=\u00a0\u00bb1.8em\u00a0\u00bb link_font=\u00a0\u00bb|700|||||||\u00a0\u00bb link_text_color=\u00a0\u00bb#741821&Prime; header_font=\u00a0\u00bbPoppins|600|||||||\u00a0\u00bb header_font_size=\u00a0\u00bb57px\u00a0\u00bb header_2_font=\u00a0\u00bbPoppins|600|||||||\u00a0\u00bb header_2_text_color=\u00a0\u00bb#FF5E14&Prime; header_2_font_size=\u00a0\u00bb49px\u00a0\u00bb header_3_font=\u00a0\u00bbOpen Sans|700|||||||\u00a0\u00bb header_3_text_color=\u00a0\u00bb#3a596b\u00a0\u00bb header_3_font_size=\u00a0\u00bb27px\u00a0\u00bb text_orientation=\u00a0\u00bbleft\u00a0\u00bb custom_margin=\u00a0\u00bb0px||40px||false|false\u00a0\u00bb custom_padding=\u00a0\u00bb0px|0px|0px||true|false\u00a0\u00bb global_colors_info=\u00a0\u00bb{}\u00a0\u00bb]<\/p>\n<p>Vous pr\u00e9voyez un <strong data-start=\"642\" data-end=\"669\">voyage de groupe en Valais<\/strong>, un <strong data-start=\"675\" data-end=\"700\">s\u00e9minaire \u00e0 la montagne<\/strong> ou une <strong data-start=\"712\" data-end=\"745\">excursion d&rsquo;association en Suisse<\/strong>?<br data-start=\"746\" data-end=\"749\">Alors vous \u00eates \u00e0 la bonne adresse \u00e0 l&rsquo;<strong data-start=\"766\" data-end=\"808\">h\u00f4tel Kristall-Saphir de Saas-Almagell<\/strong>. Notre <strong data-start=\"830\" data-end=\"857\">h\u00f4tel de groupe dans la vall\u00e9e de Saas<\/strong> offre la combinaison parfaite entre confort, organisation et exp\u00e9rience alpine &#8211; id\u00e9al pour les groupes de 10 \u00e0 80 personnes.<\/p>\n<p><strong style=\"color: #3a596b; font-size: 27px;\">Nos points forts en un coup d&rsquo;\u0153il :<\/strong> <\/p>\n<p data-start=\"1220\" data-end=\"1359\">\ud83d\udecf\ufe0f <strong data-start=\"1608\" data-end=\"1642\">H\u00e9bergement confortable pour les groupes :<\/strong><br data-start=\"1642\" data-end=\"1645\">53 chambres agr\u00e9ables (7 chambres individuelles, 46 chambres doubles) &#8211; id\u00e9al pour <strong data-start=\"1707\" data-end=\"1761\">les groupes de voyageurs, les associations, les entreprises ou les groupes de seniors<\/strong>.<\/p>\n<p data-start=\"1361\" data-end=\"1602\">\ud83c\udf7d\ufe0f <strong data-start=\"1365\" data-end=\"1402\">Culinaire de qualit\u00e9 suisse :<\/strong><br data-start=\"1402\" data-end=\"1405\">D\u00e9jeuner et d\u00eener avec une <strong data-start=\"1441\" data-end=\"1478\">cuisine suisse et fran\u00e7aise<\/strong> raffin\u00e9e, pauses caf\u00e9 et ap\u00e9ritifs sur demande. Notre cuisine g\u00e2te votre groupe avec des sp\u00e9cialit\u00e9s r\u00e9gionales et des ingr\u00e9dients frais.<\/p>\n<p data-start=\"1361\" data-end=\"1602\">\ud83c\udf04 <strong data-start=\"1911\" data-end=\"1950\">Exp\u00e9riences uniques dans la vall\u00e9e de Saas et la r\u00e9gion :<\/strong><br data-start=\"1950\" data-end=\"1953\">Qu&rsquo;il s&rsquo;agisse d&rsquo;une agr\u00e9able randonn\u00e9e, d&rsquo;une excursion culturelle ou d&rsquo;une aventure sportive, nous organisons pour votre groupe un programme-cadre vari\u00e9 directement \u00e0 partir de l&rsquo;h\u00f4tel.<\/p>\n<p data-start=\"1604\" data-end=\"1764\">\ud83c\udfd4\ufe0f <strong data-start=\"1028\" data-end=\"1069\">Salles de s\u00e9minaire &amp; de groupe avec vue :<\/strong><br data-start=\"1069\" data-end=\"1072\">Deux salles de s\u00e9minaire lumineuses (90-110 m\u00b2) pour 25-80 personnes &#8211; id\u00e9ales pour <strong data-start=\"1139\" data-end=\"1205\">des ateliers, des \u00e9v\u00e9nements associatifs, des s\u00e9minaires et des manifestations de groupe<\/strong> en Valais.<\/p>\n<p data-start=\"1604\" data-end=\"1764\">\ud83c\udfa5 <strong data-start=\"1223\" data-end=\"1247\">\u00c9quipement moderne :<\/strong><br data-start=\"1247\" data-end=\"1250\">\u00e9cran, vid\u00e9oprojecteur, syst\u00e8me de sonorisation, valise pour animateur et WLAN &#8211; tout est disponible pour que votre \u00e9v\u00e9nement soit une r\u00e9ussite.<\/p>\n<p data-start=\"1766\" data-end=\"1906\">\ud83d\udc86 <strong data-start=\"1769\" data-end=\"1802\">Bien-\u00eatre et d\u00e9tente \u00e0 l&rsquo;h\u00f4tel :<\/strong><br data-start=\"1802\" data-end=\"1805\">Zone de d\u00e9tente et salle de fitness pour des heures de d\u00e9tente apr\u00e8s une journ\u00e9e active dans les montagnes valaisannes.<\/p>\n<p><strong style=\"font-size: 16px;\"><\/strong><\/p>\n<p>[\/et_pb_text][\/et_pb_column][et_pb_column type=\u00a0\u00bb3_5&Prime; _builder_version=\u00a0\u00bb4.16&Prime; _module_preset=\u00a0\u00bbdefault\u00a0\u00bb global_colors_info=\u00a0\u00bb{}\u00a0\u00bb][et_pb_image src=\u00a0\u00bbhttps:\/\/kristall.ch\/wp-content\/uploads\/2025\/09\/Hotel-Kristall-Saphir-Superior-Sued-1-scaled.avif\u00a0\u00bb alt=\u00a0\u00bbSalle de s\u00e9minaire avec un bon \u00e9quipement\u00a0\u00bb title_text=\u00a0\u00bbH\u00f4tel Kristall Saphir Superior Sud\u00a0\u00bb _builder_version=\u00a0\u00bb4.27.4&Prime; _module_preset=\u00a0\u00bbdefault\u00a0\u00bb global_colors_info=\u00a0\u00bb{}\u00a0\u00bb][\/et_pb_image][et_pb_image src=\u00a0\u00bbhttps:\/\/kristall.ch\/wp-content\/uploads\/2025\/10\/Restaurant-Hotel-Kristall-Saphir-Saas-Almagell-Kopie-1024&#215;683.avif\u00a0\u00bb alt=\u00a0\u00bbSalle de s\u00e9minaire avec un bon \u00e9quipement\u00a0\u00bb title_text=\u00a0\u00bbH\u00f4tel Kristall\u00a0\u00bb _builder_version=\u00a0\u00bb4.27.4&Prime; _module_preset=\u00a0\u00bbdefault\u00a0\u00bb global_colors_info=\u00a0\u00bb{}\u00a0\u00bb][\/et_pb_image][et_pb_image src=\u00a0\u00bbhttps:\/\/kristall.ch\/wp-content\/uploads\/2022\/04\/Galmen-Mattmark.avif\u00a0\u00bb alt=\u00a0\u00bbSalle de s\u00e9minaire avec un bon \u00e9quipement\u00a0\u00bb title_text=\u00a0\u00bbGalmen Mattmark\u00a0\u00bb _builder_version=\u00a0\u00bb4.27.4&Prime; _module_preset=\u00a0\u00bbdefault\u00a0\u00bb global_colors_info=\u00a0\u00bb{}\u00a0\u00bb][\/et_pb_image][et_pb_image src=\u00a0\u00bbhttps:\/\/kristall.ch\/wp-content\/uploads\/2023\/02\/180_Hotel-Kristall_Jan-2023_puzzlemedia.ch_-scaled.avif\u00a0\u00bb alt=\u00a0\u00bbmise en place flexible\u00a0\u00bb title_text=\u00a0\u00bbH\u00f4tel Kristall\u00a0\u00bb _builder_version=\u00a0\u00bb4.19.2&Prime; _module_preset=\u00a0\u00bbdefault\u00a0\u00bb global_colors_info=\u00a0\u00bb{}\u00a0\u00bb][\/et_pb_image][\/et_pb_column][\/et_pb_row][et_pb_row _builder_version=\u00a0\u00bb4.17.3&Prime; _module_preset=\u00a0\u00bbdefault\u00a0\u00bb custom_padding=\u00a0\u00bb||11px|||\u00a0\u00bb global_colors_info=\u00a0\u00bb{}\u00a0\u00bb][et_pb_column type=\u00a0\u00bb4_4&Prime; _builder_version=\u00a0\u00bb4.17.3&Prime; _module_preset=\u00a0\u00bbdefault\u00a0\u00bb global_colors_info=\u00a0\u00bb{}\u00a0\u00bb][et_pb_text _builder_version=\u00a0\u00bb4.27.4&Prime; text_font=\u00a0\u00bbOpen Sans|700|||||||\u00a0\u00bb text_text_color=\u00a0\u00bb#3a596b\u00a0\u00bb text_font_size=\u00a0\u00bb27px\u00a0\u00bb text_line_height=\u00a0\u00bb1.4em\u00a0\u00bb header_font=\u00a0\u00bbPoppins|600|||||||\u00a0\u00bb header_font_size=\u00a0\u00bb57px\u00a0\u00bb header_2_font=\u00a0\u00bbPoppins|600|||||||\u00a0\u00bb header_2_text_color=\u00a0\u00bb#FF5E14&Prime; header_2_font_size=\u00a0\u00bb49px\u00a0\u00bb custom_padding=\u00a0\u00bb0px|39px|0px|46px|true|false\u00a0\u00bb global_colors_info=\u00a0\u00bb{}\u00a0\u00bb]<\/p>\n<p style=\"text-align: left;\">R\u00e9f\u00e9rences<\/p>\n<p>[\/et_pb_text][et_pb_testimonial author=\u00a0\u00bbPeter Gauch\u00a0\u00bb _builder_version=\u00a0\u00bb4.17.3&Prime; _module_preset=\u00a0\u00bbdefault\u00a0\u00bb global_colors_info=\u00a0\u00bb{}\u00a0\u00bb]<\/p>\n<blockquote>\n<p>Ch\u00e8re famille Breuer.<\/p>\n<p>Je vous f\u00e9licite pour la r\u00e9cente r\u00e9novation de votre h\u00f4tel et pour votre nouveau site web. Je me r\u00e9jouis de ces deux aspects, ayant d\u00e9j\u00e0 organis\u00e9 et dirig\u00e9 neuf s\u00e9minaires professionnels d&rsquo;une semaine avec un maximum de 30 personnes chacun dans votre h\u00f4tel Kristall-Saphir au cours des dix derni\u00e8res ann\u00e9es. Certes, votre h\u00f4tel n&rsquo;est pas un h\u00f4tel de s\u00e9minaire standard, mais c&rsquo;est justement pour cela qu&rsquo;il est agr\u00e9able et attrayant pour l&rsquo;organisation de s\u00e9minaires.<\/p>\n<p>Avec les participants et les intervenants, je me suis senti bien accueilli chez vous, notamment gr\u00e2ce \u00e0 l&rsquo;amabilit\u00e9 et \u00e0 la serviabilit\u00e9 de vos collaborateurs.<\/p>\n<\/blockquote>\n<p>Fribourg, mai 2022 \/ <a href=\"https:\/\/www.petergauch.ch\/\">www.petergauch.ch<\/a><\/p>\n<p>[\/et_pb_testimonial][\/et_pb_column][\/et_pb_row][et_pb_row _builder_version=\u00a0\u00bb4.27.4&Prime; _module_preset=\u00a0\u00bbdefault\u00a0\u00bb global_colors_info=\u00a0\u00bb{}\u00a0\u00bb][et_pb_column type=\u00a0\u00bb4_4&Prime; _builder_version=\u00a0\u00bb4.27.4&Prime; _module_preset=\u00a0\u00bbdefault\u00a0\u00bb global_colors_info=\u00a0\u00bb{}\u00a0\u00bb][et_pb_text _builder_version=\u00a0\u00bb4.27.4&Prime; _module_preset=\u00a0\u00bbdefault\u00a0\u00bb text_font=\u00a0\u00bbOpen Sans||||||||\u00a0\u00bb text_text_color=\u00a0\u00bb#000000&Prime; header_3_font=\u00a0\u00bbOpen Sans|700|||||||\u00a0\u00bb header_3_text_color=\u00a0\u00bb#3a596b\u00a0\u00bb header_3_font_size=\u00a0\u00bb27px\u00a0\u00bb hover_enabled=\u00a0\u00bb0&Prime; global_colors_info=\u00a0\u00bb{}\u00a0\u00bb sticky_enabled=\u00a0\u00bb0&Prime;]<\/p>\n<h3 style=\"text-align: left;\"><strong data-start=\"2128\" data-end=\"2207\">Vos avantages chez nous<\/strong><\/h3>\n<p>&nbsp;<\/p>\n<p style=\"text-align: left;\" data-start=\"2208\" data-end=\"2504\">\u2705 Longue exp\u00e9rience en tant qu&rsquo;<strong data-start=\"1694\" data-end=\"1735\">h\u00f4tel pour groupes &amp; s\u00e9minaires en Valais<\/strong><br data-start=\"1735\" data-end=\"1738\">\u2705 Assistance personnelle &amp; planification flexible<br data-start=\"1780\" data-end=\"1783\">\u2705 Conditions \u00e9quitables &amp; offres attractives pour les groupes<br data-start=\"1831\" data-end=\"1834\">\u2705 Assistance pour les excursions, randonn\u00e9es et activit\u00e9s<br \/>\u2705 SaastalCard : utilisation gratuite du bus postal dans la vall\u00e9e de Saas. En \u00e9t\u00e9, les remont\u00e9es m\u00e9caniques sont \u00e9galement incluses !<br data-start=\"1892\" data-end=\"1895\">\u2705 Mobilit\u00e9 incluse : \u00e9t\u00e9 2026 <strong data-start=\"1930\" data-end=\"1993\">arriv\u00e9e et d\u00e9part gratuits pour les h\u00f4tes suisses \u00e0 partir de 2 nuits<\/strong><a href=\"https:\/\/kristall.ch\/fr\/project\/offre-speciale-ete-avec-arrivee-et-depart-gratuits\/\">(Mobility Ticket<\/a>) <\/p>\n<p>[\/et_pb_text][et_pb_text _builder_version=\u00a0\u00bb4.27.4&Prime; text_font=\u00a0\u00bbOpen Sans|700|||||||\u00a0\u00bb text_text_color=\u00a0\u00bb#3a596b\u00a0\u00bb text_font_size=\u00a0\u00bb27px\u00a0\u00bb text_line_height=\u00a0\u00bb1.4em\u00a0\u00bb header_font=\u00a0\u00bbPoppins|600|||||||\u00a0\u00bb header_font_size=\u00a0\u00bb57px\u00a0\u00bb header_2_font=\u00a0\u00bbPoppins|600|||||||\u00a0\u00bb header_2_text_color=\u00a0\u00bb#FF5E14&Prime; header_2_font_size=\u00a0\u00bb49px\u00a0\u00bb custom_padding=\u00a0\u00bb0px|39px|0px|46px|true|false\u00a0\u00bb global_colors_info=\u00a0\u00bb{}\u00a0\u00bb]<\/p>\n<p style=\"text-align: center;\">Demandez maintenant une offre de groupe et assurez-vous un rendez-vous !<\/p>\n<p>[\/et_pb_text][et_pb_contact_form use_spam_service=\u00a0\u00bbon\u00a0\u00bb recaptcha_list=\u00a0\u00bbkristall|kristall-0&Prime; email=\u00a0\u00bbkristall@kristall.ch\u00a0\u00bb custom_message=\u00a0\u00bbName: %%Name%%||et_pb_line_break_holder||||et_pb_line_break_holder||E-Mail: %%Email%%||et_pb_line_break_holder||||et_pb_line_break_holder||Message:||et_pb_line_break_holder||||et_pb_line_break_holder||%%Message%%||et_pb_line_break_holder||\u00a0\u00bb success_message=\u00a0\u00bbMerci pour votre message. Nous vous r\u00e9pondrons dans les plus brefs d\u00e9lais.\u00a0\u00bb _builder_version=\u00a0\u00bb4.17.4&Prime; _module_preset=\u00a0\u00bbdefault\u00a0\u00bb _unique_id=\u00a0\u00bbc7c70988-b02a-44a0-ac94-bead5caaa6c0&Prime; custom_button=\u00a0\u00bbon\u00a0\u00bb button_text_color=\u00a0\u00bb#ffffff\u00a0\u00bb button_bg_color=\u00a0\u00bb#3a596b\u00a0\u00bb button_border_radius=\u00a0\u00bb6px\u00a0\u00bb global_colors_info=\u00a0\u00bb{}\u00a0\u00bb][et_pb_contact_field field_id=\u00a0\u00bbName\u00a0\u00bb field_title=\u00a0\u00bbNom\u00a0\u00bb _builder_version=\u00a0\u00bb4.16&Prime; global_colors_info=\u00a0\u00bb{}\u00a0\u00bb button_text_size__hover_enabled=\u00a0\u00bboff\u00a0\u00bb button_one_text_size__hover_enabled=\u00a0\u00bboff\u00a0\u00bb button_two_text_size__hover_enabled=\u00a0\u00bboff\u00a0\u00bb button_text_color__hover_enabled=\u00a0\u00bboff\u00a0\u00bb button_one_text_color__hover_enabled=\u00a0\u00bboff\u00a0\u00bb button_two_text_color__hover_enabled=\u00a0\u00bboff\u00a0\u00bb button_border_width__hover_enabled=\u00a0\u00bboff\u00a0\u00bb button_one_border_width__hover_enabled=\u00a0\u00bboff\u00a0\u00bb button_two_border_width__hover_enabled=\u00a0\u00bboff\u00a0\u00bb button_border_color__hover_enabled=\u00a0\u00bboff\u00a0\u00bb button_one_border_color__hover_enabled=\u00a0\u00bboff\u00a0\u00bb button_two_border_color__hover_enabled=\u00a0\u00bboff\u00a0\u00bb button_border_radius__hover_enabled=\u00a0\u00bboff\u00a0\u00bb button_one_border_radius__hover_enabled=\u00a0\u00bboff\u00a0\u00bb button_two_border_radius__hover_enabled=\u00a0\u00bboff\u00a0\u00bb button_letter_spacing__hover_enabled=\u00a0\u00bboff\u00a0\u00bb button_one_letter_spacing__hover_enabled=\u00a0\u00bboff\u00a0\u00bb button_two_letter_spacing__hover_enabled=\u00a0\u00bboff\u00a0\u00bb button_bg_color__hover_enabled=\u00a0\u00bboff\u00a0\u00bb button_one_bg_color__hover_enabled=\u00a0\u00bboff\u00a0\u00bb button_two_bg_color__hover_enabled=\u00a0\u00bboff\u00a0\u00bb][\/et_pb_contact_field][et_pb_contact_field field_id=\u00a0\u00bbEmail\u00a0\u00bb field_title=\u00a0\u00bbAdresse \u00e9lectronique\u00a0\u00bb field_type=\u00a0\u00bbemail\u00a0\u00bb _builder_version=\u00a0\u00bb4.16&Prime; global_colors_info=\u00a0\u00bb{}\u00a0\u00bb button_text_size__hover_enabled=\u00a0\u00bboff\u00a0\u00bb button_one_text_size__hover_enabled=\u00a0\u00bboff\u00a0\u00bb button_two_text_size__hover_enabled=\u00a0\u00bboff\u00a0\u00bb button_text_color__hover_enabled=\u00a0\u00bboff\u00a0\u00bb button_one_text_color__hover_enabled=\u00a0\u00bboff\u00a0\u00bb button_two_text_color__hover_enabled=\u00a0\u00bboff\u00a0\u00bb button_border_width__hover_enabled=\u00a0\u00bboff\u00a0\u00bb button_one_border_width__hover_enabled=\u00a0\u00bboff\u00a0\u00bb button_two_border_width__hover_enabled=\u00a0\u00bboff\u00a0\u00bb button_border_color__hover_enabled=\u00a0\u00bboff\u00a0\u00bb button_one_border_color__hover_enabled=\u00a0\u00bboff\u00a0\u00bb button_two_border_color__hover_enabled=\u00a0\u00bboff\u00a0\u00bb button_border_radius__hover_enabled=\u00a0\u00bboff\u00a0\u00bb button_one_border_radius__hover_enabled=\u00a0\u00bboff\u00a0\u00bb button_two_border_radius__hover_enabled=\u00a0\u00bboff\u00a0\u00bb button_letter_spacing__hover_enabled=\u00a0\u00bboff\u00a0\u00bb button_one_letter_spacing__hover_enabled=\u00a0\u00bboff\u00a0\u00bb button_two_letter_spacing__hover_enabled=\u00a0\u00bboff\u00a0\u00bb button_bg_color__hover_enabled=\u00a0\u00bboff\u00a0\u00bb button_one_bg_color__hover_enabled=\u00a0\u00bboff\u00a0\u00bb button_two_bg_color__hover_enabled=\u00a0\u00bboff\u00a0\u00bb][\/et_pb_contact_field][et_pb_contact_field field_id=\u00a0\u00bbMessage\u00a0\u00bb field_title=\u00a0\u00bbMessage\u00a0\u00bb field_type=\u00a0\u00bbtext\u00a0\u00bb fullwidth_field=\u00a0\u00bbon\u00a0\u00bb _builder_version=\u00a0\u00bb4.16&Prime; global_colors_info=\u00a0\u00bb{}\u00a0\u00bb button_text_size__hover_enabled=\u00a0\u00bboff\u00a0\u00bb button_one_text_size__hover_enabled=\u00a0\u00bboff\u00a0\u00bb button_two_text_size__hover_enabled=\u00a0\u00bboff\u00a0\u00bb button_text_color__hover_enabled=\u00a0\u00bboff\u00a0\u00bb button_one_text_color__hover_enabled=\u00a0\u00bboff\u00a0\u00bb button_two_text_color__hover_enabled=\u00a0\u00bboff\u00a0\u00bb button_border_width__hover_enabled=\u00a0\u00bboff\u00a0\u00bb button_one_border_width__hover_enabled=\u00a0\u00bboff\u00a0\u00bb button_two_border_width__hover_enabled=\u00a0\u00bboff\u00a0\u00bb button_border_color__hover_enabled=\u00a0\u00bboff\u00a0\u00bb button_one_border_color__hover_enabled=\u00a0\u00bboff\u00a0\u00bb button_two_border_color__hover_enabled=\u00a0\u00bboff\u00a0\u00bb button_border_radius__hover_enabled=\u00a0\u00bboff\u00a0\u00bb button_one_border_radius__hover_enabled=\u00a0\u00bboff\u00a0\u00bb button_two_border_radius__hover_enabled=\u00a0\u00bboff\u00a0\u00bb button_letter_spacing__hover_enabled=\u00a0\u00bboff\u00a0\u00bb button_one_letter_spacing__hover_enabled=\u00a0\u00bboff\u00a0\u00bb button_two_letter_spacing__hover_enabled=\u00a0\u00bboff\u00a0\u00bb button_bg_color__hover_enabled=\u00a0\u00bboff\u00a0\u00bb button_one_bg_color__hover_enabled=\u00a0\u00bboff\u00a0\u00bb button_two_bg_color__hover_enabled=\u00a0\u00bboff\u00a0\u00bb][\/et_pb_contact_field][\/et_pb_contact_form][\/et_pb_column][\/et_pb_row][et_pb_row column_structure=\u00a0\u00bb2_5,3_5&Prime; _builder_version=\u00a0\u00bb4.17.0&Prime; _module_preset=\u00a0\u00bbdefault\u00a0\u00bb custom_margin=\u00a0\u00bb-2px|auto||auto||\u00a0\u00bb custom_padding=\u00a0\u00bb||14px|||\u00a0\u00bb global_colors_info=\u00a0\u00bb{}\u00a0\u00bb][et_pb_column type=\u00a0\u00bb2_5&Prime; _builder_version=\u00a0\u00bb4.17.0&Prime; _module_preset=\u00a0\u00bbdefault\u00a0\u00bb sticky_limit_bottom=\u00a0\u00bbrow\u00a0\u00bb sticky_position_tablet=\u00a0\u00bbnone\u00a0\u00bb sticky_position_phone=\u00a0\u00bb\u00a0\u00bb sticky_position_last_edited=\u00a0\u00bbon|phone\u00a0\u00bb global_colors_info=\u00a0\u00bb{}\u00a0\u00bb][et_pb_text _builder_version=\u00a0\u00bb4.17.0&Prime; header_font=\u00a0\u00bbOpen Sans|700|||||||\u00a0\u00bb header_text_color=\u00a0\u00bb#5a0619&Prime; header_font_size=\u00a0\u00bb40px\u00a0\u00bb header_2_font=\u00a0\u00bbDancing Script|600|||||||\u00a0\u00bb header_2_text_color=\u00a0\u00bb#5a0619&Prime; header_3_font=\u00a0\u00bbOpen Sans|700|||||||\u00a0\u00bb header_3_text_color=\u00a0\u00bb#3a596b\u00a0\u00bb header_3_font_size=\u00a0\u00bb27px\u00a0\u00bb text_orientation=\u00a0\u00bbleft\u00a0\u00bb custom_margin=\u00a0\u00bb||||false|false\u00a0\u00bb global_colors_info=\u00a0\u00bb{}\u00a0\u00bb]<\/p>\n<h3>S\u00e9minaires<\/h3>\n<p>[\/et_pb_text][et_pb_text _builder_version=\u00a0\u00bb4.17.3&Prime; text_font=\u00a0\u00bbOpen Sans||||||||\u00a0\u00bb text_text_color=\u00a0\u00bb#000000&Prime; text_line_height=\u00a0\u00bb1.8em\u00a0\u00bb link_font=\u00a0\u00bb|700|||||||\u00a0\u00bb link_text_color=\u00a0\u00bb#741821&Prime; header_font=\u00a0\u00bbPoppins|600|||||||\u00a0\u00bb header_font_size=\u00a0\u00bb57px\u00a0\u00bb header_2_font=\u00a0\u00bbPoppins|600|||||||\u00a0\u00bb header_2_text_color=\u00a0\u00bb#FF5E14&Prime; header_2_font_size=\u00a0\u00bb49px\u00a0\u00bb text_orientation=\u00a0\u00bbleft\u00a0\u00bb custom_margin=\u00a0\u00bb0px||40px||false|false\u00a0\u00bb custom_padding=\u00a0\u00bb0px|0px|0px||true|false\u00a0\u00bb global_colors_info=\u00a0\u00bb{}\u00a0\u00bb]<\/p>\n<p><span style=\"color: #000000;\">Vous organisez un s\u00e9minaire, un atelier ou un \u00e9v\u00e9nement de renforcement de l&rsquo;esprit d&rsquo;\u00e9quipe ?<\/span><\/p>\n<p><span style=\"color: #000000;\">Dans un environnement unique, avec une situation non b\u00e2tie et une vue d\u00e9gag\u00e9e sur les montagnes de Saas, un grand terrain et une proximit\u00e9 avec la nature, l&rsquo;infrastructure n&rsquo;est en aucun cas n\u00e9glig\u00e9e chez nous : arr\u00eat de bus et places de parking directement devant l&rsquo;h\u00f4tel, jardin avec lounge bien-\u00eatre et \u00e9tang \u00e0 truites, ainsi que bus navette pour les remont\u00e9es m\u00e9caniques (hiver).<\/span><\/p>\n<p><span style=\"color: #000000;\"><strong>L&rsquo;\u00e9quipement suivant est disponible :<\/strong><\/span><\/p>\n<ul>\n<li><span style=\"color: #000000;\">Vid\u00e9oprojecteur (qualit\u00e9 Full HD)<\/span><\/li>\n<li><span style=\"color: #000000;\">Tableau d&rsquo;affichage<\/span><\/li>\n<li><span style=\"color: #000000;\">Tableau \u00e0 feuilles mobiles<\/span><\/li>\n<li><span style=\"color: #000000;\">Toile<\/span><\/li>\n<li>Syst\u00e8me de sonorisation<\/li>\n<li>Micro-casque<\/li>\n<li>Mallette de l&rsquo;animateur<\/li>\n<li><span style=\"color: #000000;\">WLAN et acc\u00e8s Internet haut d\u00e9bit gratuits<\/span><\/li>\n<li>Variantes de disposition des chaises<\/li>\n<\/ul>\n<p>[\/et_pb_text][\/et_pb_column][et_pb_column type=\u00a0\u00bb3_5&Prime; _builder_version=\u00a0\u00bb4.16&Prime; _module_preset=\u00a0\u00bbdefault\u00a0\u00bb global_colors_info=\u00a0\u00bb{}\u00a0\u00bb][et_pb_image src=\u00a0\u00bbhttps:\/\/kristall.ch\/wp-content\/uploads\/2022\/04\/praesentation.avif\u00a0\u00bb alt=\u00a0\u00bbSalle multifonctionnelle avec piste de danse\u00a0\u00bb title_text=\u00a0\u00bbpr\u00e9sentation\u00a0\u00bb _builder_version=\u00a0\u00bb4.17.0&Prime; _module_preset=\u00a0\u00bbdefault\u00a0\u00bb global_colors_info=\u00a0\u00bb{}\u00a0\u00bb][\/et_pb_image][et_pb_image src=\u00a0\u00bbhttps:\/\/kristall.ch\/wp-content\/uploads\/2022\/05\/Seminarraum.avif\u00a0\u00bb alt=\u00a0\u00bbTravailler dans la salle de s\u00e9minaire\u00a0\u00bb title_text=\u00a0\u00bbSalle de s\u00e9minaire\u00a0\u00bb _builder_version=\u00a0\u00bb4.17.3&Prime; _module_preset=\u00a0\u00bbdefault\u00a0\u00bb global_colors_info=\u00a0\u00bb{}\u00a0\u00bb][\/et_pb_image][\/et_pb_column][\/et_pb_row][et_pb_row _builder_version=\u00a0\u00bb4.16.0&Prime; _module_preset=\u00a0\u00bbdefault\u00a0\u00bb custom_padding=\u00a0\u00bb0px|||||\u00a0\u00bb global_colors_info=\u00a0\u00bb{}\u00a0\u00bb][et_pb_column type=\u00a0\u00bb4_4&Prime; _builder_version=\u00a0\u00bb4.16.0&Prime; _module_preset=\u00a0\u00bbdefault\u00a0\u00bb global_colors_info=\u00a0\u00bb{}\u00a0\u00bb][et_pb_text _builder_version=\u00a0\u00bb4.16.0&Prime; _module_preset=\u00a0\u00bbdefault\u00a0\u00bb text_font=\u00a0\u00bbOpen Sans||||||||\u00a0\u00bb text_text_color=\u00a0\u00bb#000000&Prime; header_3_font=\u00a0\u00bbOpen Sans|700|||||||\u00a0\u00bb header_3_text_color=\u00a0\u00bb#3a596b\u00a0\u00bb header_3_font_size=\u00a0\u00bb27px\u00a0\u00bb global_colors_info=\u00a0\u00bb{}\u00a0\u00bb]<\/p>\n<h3 style=\"text-align: left;\">Laissez-vous inspirer ! Voici quelques offres de s\u00e9minaires<\/h3>\n<p>[\/et_pb_text][dsm_card_carousel slider_effect=\u00a0\u00bbflip\u00a0\u00bb autoplay_speed=\u00a0\u00bb8000&Prime; _builder_version=\u00a0\u00bb4.17.0&Prime; _module_preset=\u00a0\u00bbdefault\u00a0\u00bb header_level=\u00a0\u00bbh1&Prime; header_font=\u00a0\u00bbOpen Sans|600|||||||\u00a0\u00bb header_text_color=\u00a0\u00bb#739fb6&Prime; header_font_size=\u00a0\u00bb50px\u00a0\u00bb header_line_height=\u00a0\u00bb1.4em\u00a0\u00bb body_font=\u00a0\u00bbOpen Sans||||||||\u00a0\u00bb body_text_color=\u00a0\u00bb#FFFFFF\u00a0\u00bb body_font_size=\u00a0\u00bb16px\u00a0\u00bb subhead_font=\u00a0\u00bbOpen Sans|600|||||||\u00a0\u00bb subhead_text_color=\u00a0\u00bb#D6D6D6&Prime; subhead_font_size=\u00a0\u00bb30px\u00a0\u00bb hover_transition_duration=\u00a0\u00bb0ms\u00a0\u00bb global_colors_info=\u00a0\u00bb{}\u00a0\u00bb][dsm_card_carousel_child title=\u00a0\u00bbSeminar Basic\u00a0\u00bb subtitle=\u00a0\u00bbTagespauschale\u00a0\u00bb button_url_new_window=\u00a0\u00bb1&Prime; _builder_version=\u00a0\u00bb4.17.0&Prime; _module_preset=\u00a0\u00bbdefault\u00a0\u00bb background_image=\u00a0\u00bbhttps:\/\/kristall.ch\/wp-content\/uploads\/2022\/04\/button_gruppe.avif\u00a0\u00bb background_enable_image=\u00a0\u00bbon\u00a0\u00bb global_colors_info=\u00a0\u00bb{}\u00a0\u00bb]<\/p>\n<p>&nbsp;<\/p>\n<p>&nbsp;<\/p>\n<ul>\n<li>2 Seminarr\u00e4ume f\u00fcr je 25 &#8211; 35 Personen<\/li>\n<li>Beamer, Leinwand, Flipchart, Moderatorenkoffer, Soundsystem, W-Lan<\/li>\n<li>Einrichtung der Tische und St\u00fchle nach Wunsch<\/li>\n<li>Kaffeepausen mit Kaffee, Tee, Wasser, Fr\u00fcchtekorb und Cake<\/li>\n<li>Businesslunch mit 3 G\u00e4ngen<\/li>\n<li>Parkplatz<\/li>\n<li>Service durch das Hotel Personal<\/li>\n<\/ul>\n<p>Ab CHF 65.00 pro Person<\/p>\n<p>[\/dsm_card_carousel_child][dsm_card_carousel_child title=\u00a0\u00bbSeminar Sleep Over\u00a0\u00bb subtitle=\u00a0\u00bbSeminar Basic +\u00a0\u00bb button_url_new_window=\u00a0\u00bb1&Prime; _builder_version=\u00a0\u00bb4.16.0&Prime; _module_preset=\u00a0\u00bbdefault\u00a0\u00bb background_image=\u00a0\u00bbhttps:\/\/kristall.ch\/wp-content\/uploads\/2022\/04\/button_mountain.avif\u00a0\u00bb background_enable_image=\u00a0\u00bbon\u00a0\u00bb global_colors_info=\u00a0\u00bb{}\u00a0\u00bb]<\/p>\n<p>&nbsp;<\/p>\n<p>&nbsp;<\/p>\n<p>Zus\u00e4tzlich:<\/p>\n<ul>\n<li>\u00dcbernachtung mit Vollpension (Fr\u00fchst\u00fccksbuffet, 3-G\u00e4nge-Mittagsmen\u00fc und 4-G\u00e4nge Abendessen mit w\u00e4hlbarem Hauptgang inklusive)<\/li>\n<li>7 Einzelzimmer und 46 Doppelzimmer zur Auswahl, alle mit Dusche\/WC, F\u00f6n, Telefon, SAT-FLAT-TV\/Radio, Safe, W-Lan und Balkon<\/li>\n<li>Kurtaxen inklusive (Postbus im ganzen Jahr zur freien Verf\u00fcgung, Bergbahnen bis 3\u2018100 m.\u00fc.M. im Sommer inklusive, diverse weitere Verg\u00fcnstigungen in Saas-Fee\/Saastal)<\/li>\n<li>Eintritt in die Erholungszone mit Sauna, Dampfbad, Tepidarium (Whirlwanne und Massage exklusive) und in den Fitnessraum<\/li>\n<\/ul>\n<p>&nbsp;<\/p>\n<p>Ab CHF 185.00 pro Person<\/p>\n<p>[\/dsm_card_carousel_child][dsm_card_carousel_child title=\u00a0\u00bbSeminar &#038; Adventure\u00a0\u00bb subtitle=\u00a0\u00bbSeminar Basic + Seminar Sleep Over +\u00a0\u00bb button_url_new_window=\u00a0\u00bb1&Prime; _builder_version=\u00a0\u00bb4.16.0&Prime; _module_preset=\u00a0\u00bbdefault\u00a0\u00bb background_image=\u00a0\u00bbhttps:\/\/kristall.ch\/wp-content\/uploads\/2022\/04\/button_tanz.avif\u00a0\u00bb background_enable_image=\u00a0\u00bbon\u00a0\u00bb global_colors_info=\u00a0\u00bb{}\u00a0\u00bb]<\/p>\n<p>&nbsp;<\/p>\n<p>Zus\u00e4tzlich:<\/p>\n<ul>\n<li>Aktivit\u00e4tenprogramm nach Wahl oder Freizeit<\/li>\n<li>Organisation durch das Hotel<\/li>\n<li>Nachmittagsaktivit\u00e4ten:\n<ul>\n<li>Im Sommer: Gef\u00fchrte Wanderungen, Mountain-Biken (Bike-Miete direkt beim Hotel), Trotti-Plausch, Seilpark oder Gorge Alpin, Yoga und Meditation<\/li>\n<li>Im Winter: Gef\u00fchrte Winterwanderungen oder Schneeschuhtouren, Schlittelplausch, Yoga und Meditation, Skifahren<\/li>\n<\/ul>\n<\/li>\n<li>Abendaktivit\u00e4ten:\n<ul>\n<li>Im Sommer: Linedance-Workshops, Nachtwanderungen, Grillplausch in der Natur<\/li>\n<li>Im Winter: Linedance-Workshops, Fackelwanderungen mit Fondue-Plausch, Walliser-Abend mit Raclette<\/li>\n<\/ul>\n<\/li>\n<\/ul>\n<p>Ab CHF 185.00 pro Person + Aktivit\u00e4ten ab CHF 15.00 pro Person<\/p>\n<p>[\/dsm_card_carousel_child][\/dsm_card_carousel][\/et_pb_column][\/et_pb_row][\/et_pb_section]<\/p>\n","protected":false},"excerpt":{"rendered":"<p>Destination id\u00e9ale pour votre voyage &#8211; avec de l&rsquo;exp\u00e9rience, des services et des avantages exclusifs !Votre groupe entre de bonnes mainsVous pr\u00e9voyez un voyage de groupe en Valais, un s\u00e9minaire \u00e0 la montagne ou une excursion d&rsquo;association en Suisse?Alors vous \u00eates \u00e0 la bonne adresse \u00e0 l&rsquo;h\u00f4tel Kristall-Saphir de Saas-Almagell. Notre h\u00f4tel de groupe dans [&hellip;]<\/p>\n","protected":false},"author":1,"featured_media":0,"parent":0,"menu_order":8,"comment_status":"closed","ping_status":"closed","template":"","meta":{"_et_pb_use_builder":"on","_et_pb_old_content":"","_et_gb_content_width":"","footnotes":""},"class_list":["post-2647","page","type-page","status-publish","hentry"],"yoast_head":"<!-- This site is optimized with the Yoast SEO plugin v27.5 - https:\/\/yoast.com\/product\/yoast-seo-wordpress\/ -->\n<title>H\u00f4tel pour groupes Saas-Almagell - H\u00f4tel pour s\u00e9minaires &amp; voyages de groupes Valais - H\u00f4tel Kristall-Saphir<\/title>\n<meta name=\"description\" content=\"Vous pr\u00e9voyez un voyage de groupe, une excursion d&#039;association ou un s\u00e9minaire dans les montagnes valaisannes ? L&#039;h\u00f4tel Kristall-Saphir \u00e0 Saas-Almagell propose des chambres confortables, des salles de s\u00e9minaire modernes et des activit\u00e9s vari\u00e9es pour les groupes.\" \/>\n<meta name=\"robots\" content=\"index, follow, max-snippet:-1, max-image-preview:large, max-video-preview:-1\" \/>\n<link rel=\"canonical\" href=\"https:\/\/kristall.ch\/fr\/groupes-et-seminaires\/\" \/>\n<meta property=\"og:locale\" content=\"fr_FR\" \/>\n<meta property=\"og:type\" content=\"article\" \/>\n<meta property=\"og:title\" content=\"H\u00f4tel pour groupes Saas-Almagell - H\u00f4tel pour s\u00e9minaires &amp; voyages de groupes Valais - H\u00f4tel Kristall-Saphir\" \/>\n<meta property=\"og:description\" content=\"Vous pr\u00e9voyez un voyage de groupe, une excursion d&#039;association ou un s\u00e9minaire dans les montagnes valaisannes ? L&#039;h\u00f4tel Kristall-Saphir \u00e0 Saas-Almagell propose des chambres confortables, des salles de s\u00e9minaire modernes et des activit\u00e9s vari\u00e9es pour les groupes.\" \/>\n<meta property=\"og:url\" content=\"https:\/\/kristall.ch\/fr\/groupes-et-seminaires\/\" \/>\n<meta property=\"og:site_name\" content=\"Kristall-Saphir\" \/>\n<meta property=\"article:modified_time\" content=\"2025-10-28T16:07:54+00:00\" \/>\n<meta name=\"twitter:card\" content=\"summary_large_image\" \/>\n<meta name=\"twitter:label1\" content=\"Dur\u00e9e de lecture estim\u00e9e\" \/>\n\t<meta name=\"twitter:data1\" content=\"15 minutes\" \/>\n<script type=\"application\/ld+json\" class=\"yoast-schema-graph\">{\"@context\":\"https:\\\/\\\/schema.org\",\"@graph\":[{\"@type\":\"WebPage\",\"@id\":\"https:\\\/\\\/kristall.ch\\\/fr\\\/groupes-et-seminaires\\\/\",\"url\":\"https:\\\/\\\/kristall.ch\\\/fr\\\/groupes-et-seminaires\\\/\",\"name\":\"H\u00f4tel pour groupes Saas-Almagell - H\u00f4tel pour s\u00e9minaires & voyages de groupes Valais - H\u00f4tel Kristall-Saphir\",\"isPartOf\":{\"@id\":\"https:\\\/\\\/kristall.ch\\\/#website\"},\"datePublished\":\"2022-01-31T14:18:44+00:00\",\"dateModified\":\"2025-10-28T16:07:54+00:00\",\"description\":\"Vous pr\u00e9voyez un voyage de groupe, une excursion d'association ou un s\u00e9minaire dans les montagnes valaisannes ? L'h\u00f4tel Kristall-Saphir \u00e0 Saas-Almagell propose des chambres confortables, des salles de s\u00e9minaire modernes et des activit\u00e9s vari\u00e9es pour les groupes.\",\"breadcrumb\":{\"@id\":\"https:\\\/\\\/kristall.ch\\\/fr\\\/groupes-et-seminaires\\\/#breadcrumb\"},\"inLanguage\":\"fr-FR\",\"potentialAction\":[{\"@type\":\"ReadAction\",\"target\":[\"https:\\\/\\\/kristall.ch\\\/fr\\\/groupes-et-seminaires\\\/\"]}]},{\"@type\":\"BreadcrumbList\",\"@id\":\"https:\\\/\\\/kristall.ch\\\/fr\\\/groupes-et-seminaires\\\/#breadcrumb\",\"itemListElement\":[{\"@type\":\"ListItem\",\"position\":1,\"name\":\"Home\",\"item\":\"https:\\\/\\\/kristall.ch\\\/\"},{\"@type\":\"ListItem\",\"position\":2,\"name\":\"Groupes et s\u00e9minaires\"}]},{\"@type\":\"WebSite\",\"@id\":\"https:\\\/\\\/kristall.ch\\\/#website\",\"url\":\"https:\\\/\\\/kristall.ch\\\/\",\"name\":\"Kristall-Saphir\",\"description\":\"Das Hotel in Saas-Almagell\",\"potentialAction\":[{\"@type\":\"SearchAction\",\"target\":{\"@type\":\"EntryPoint\",\"urlTemplate\":\"https:\\\/\\\/kristall.ch\\\/?s={search_term_string}\"},\"query-input\":{\"@type\":\"PropertyValueSpecification\",\"valueRequired\":true,\"valueName\":\"search_term_string\"}}],\"inLanguage\":\"fr-FR\"}]}<\/script>\n<!-- \/ Yoast SEO plugin. -->","yoast_head_json":{"title":"H\u00f4tel pour groupes Saas-Almagell - H\u00f4tel pour s\u00e9minaires & voyages de groupes Valais - H\u00f4tel Kristall-Saphir","description":"Vous pr\u00e9voyez un voyage de groupe, une excursion d'association ou un s\u00e9minaire dans les montagnes valaisannes ? L'h\u00f4tel Kristall-Saphir \u00e0 Saas-Almagell propose des chambres confortables, des salles de s\u00e9minaire modernes et des activit\u00e9s vari\u00e9es pour les groupes.","robots":{"index":"index","follow":"follow","max-snippet":"max-snippet:-1","max-image-preview":"max-image-preview:large","max-video-preview":"max-video-preview:-1"},"canonical":"https:\/\/kristall.ch\/fr\/groupes-et-seminaires\/","og_locale":"fr_FR","og_type":"article","og_title":"H\u00f4tel pour groupes Saas-Almagell - H\u00f4tel pour s\u00e9minaires & voyages de groupes Valais - H\u00f4tel Kristall-Saphir","og_description":"Vous pr\u00e9voyez un voyage de groupe, une excursion d'association ou un s\u00e9minaire dans les montagnes valaisannes ? L'h\u00f4tel Kristall-Saphir \u00e0 Saas-Almagell propose des chambres confortables, des salles de s\u00e9minaire modernes et des activit\u00e9s vari\u00e9es pour les groupes.","og_url":"https:\/\/kristall.ch\/fr\/groupes-et-seminaires\/","og_site_name":"Kristall-Saphir","article_modified_time":"2025-10-28T16:07:54+00:00","twitter_card":"summary_large_image","twitter_misc":{"Dur\u00e9e de lecture estim\u00e9e":"15 minutes"},"schema":{"@context":"https:\/\/schema.org","@graph":[{"@type":"WebPage","@id":"https:\/\/kristall.ch\/fr\/groupes-et-seminaires\/","url":"https:\/\/kristall.ch\/fr\/groupes-et-seminaires\/","name":"H\u00f4tel pour groupes Saas-Almagell - H\u00f4tel pour s\u00e9minaires & voyages de groupes Valais - H\u00f4tel Kristall-Saphir","isPartOf":{"@id":"https:\/\/kristall.ch\/#website"},"datePublished":"2022-01-31T14:18:44+00:00","dateModified":"2025-10-28T16:07:54+00:00","description":"Vous pr\u00e9voyez un voyage de groupe, une excursion d'association ou un s\u00e9minaire dans les montagnes valaisannes ? L'h\u00f4tel Kristall-Saphir \u00e0 Saas-Almagell propose des chambres confortables, des salles de s\u00e9minaire modernes et des activit\u00e9s vari\u00e9es pour les groupes.","breadcrumb":{"@id":"https:\/\/kristall.ch\/fr\/groupes-et-seminaires\/#breadcrumb"},"inLanguage":"fr-FR","potentialAction":[{"@type":"ReadAction","target":["https:\/\/kristall.ch\/fr\/groupes-et-seminaires\/"]}]},{"@type":"BreadcrumbList","@id":"https:\/\/kristall.ch\/fr\/groupes-et-seminaires\/#breadcrumb","itemListElement":[{"@type":"ListItem","position":1,"name":"Home","item":"https:\/\/kristall.ch\/"},{"@type":"ListItem","position":2,"name":"Groupes et s\u00e9minaires"}]},{"@type":"WebSite","@id":"https:\/\/kristall.ch\/#website","url":"https:\/\/kristall.ch\/","name":"Kristall-Saphir","description":"Das Hotel in Saas-Almagell","potentialAction":[{"@type":"SearchAction","target":{"@type":"EntryPoint","urlTemplate":"https:\/\/kristall.ch\/?s={search_term_string}"},"query-input":{"@type":"PropertyValueSpecification","valueRequired":true,"valueName":"search_term_string"}}],"inLanguage":"fr-FR"}]}},"_links":{"self":[{"href":"https:\/\/kristall.ch\/fr\/wp-json\/wp\/v2\/pages\/2647","targetHints":{"allow":["GET"]}}],"collection":[{"href":"https:\/\/kristall.ch\/fr\/wp-json\/wp\/v2\/pages"}],"about":[{"href":"https:\/\/kristall.ch\/fr\/wp-json\/wp\/v2\/types\/page"}],"author":[{"embeddable":true,"href":"https:\/\/kristall.ch\/fr\/wp-json\/wp\/v2\/users\/1"}],"replies":[{"embeddable":true,"href":"https:\/\/kristall.ch\/fr\/wp-json\/wp\/v2\/comments?post=2647"}],"version-history":[{"count":0,"href":"https:\/\/kristall.ch\/fr\/wp-json\/wp\/v2\/pages\/2647\/revisions"}],"wp:attachment":[{"href":"https:\/\/kristall.ch\/fr\/wp-json\/wp\/v2\/media?parent=2647"}],"curies":[{"name":"wp","href":"https:\/\/api.w.org\/{rel}","templated":true}]}}