{"version":"1.0","provider_name":"Kristall-Saphir","provider_url":"https:\/\/kristall.ch\/fr\/","author_name":"christian.an","author_url":"https:\/\/kristall.ch\/fr\/author\/christian-an\/","title":"Nuit suisse de la randonn\u00e9e 27. - 28. juin 2026","type":"rich","width":600,"height":338,"html":"<blockquote class=\"wp-embedded-content\" data-secret=\"f8DNVY6MNI\"><a href=\"https:\/\/kristall.ch\/fr\/project\/nuit-suisse-de-la-randonnee\/\">Nuit suisse de la randonn\u00e9e 27. &#8211; 28. juin 2026<\/a><\/blockquote><iframe sandbox=\"allow-scripts\" security=\"restricted\" src=\"https:\/\/kristall.ch\/fr\/project\/nuit-suisse-de-la-randonnee\/embed\/#?secret=f8DNVY6MNI\" width=\"600\" height=\"338\" title=\"\u00ab\u00a0Nuit suisse de la randonn\u00e9e 27. &#8211; 28. juin 2026\u00a0\u00bb &#8212; Kristall-Saphir\" data-secret=\"f8DNVY6MNI\" frameborder=\"0\" marginwidth=\"0\" marginheight=\"0\" scrolling=\"no\" class=\"wp-embedded-content\"><\/iframe><script type=\"text\/javascript\">\n\/* <![CDATA[ *\/\n\/*! This file is auto-generated *\/\n!function(d,l){\"use strict\";l.querySelector&&d.addEventListener&&\"undefined\"!=typeof URL&&(d.wp=d.wp||{},d.wp.receiveEmbedMessage||(d.wp.receiveEmbedMessage=function(e){var t=e.data;if((t||t.secret||t.message||t.value)&&!\/[^a-zA-Z0-9]\/.test(t.secret)){for(var s,r,n,a=l.querySelectorAll('iframe[data-secret=\"'+t.secret+'\"]'),o=l.querySelectorAll('blockquote[data-secret=\"'+t.secret+'\"]'),c=new RegExp(\"^https?:$\",\"i\"),i=0;i<o.length;i++)o[i].style.display=\"none\";for(i=0;i<a.length;i++)s=a[i],e.source===s.contentWindow&&(s.removeAttribute(\"style\"),\"height\"===t.message?(1e3<(r=parseInt(t.value,10))?r=1e3:~~r<200&&(r=200),s.height=r):\"link\"===t.message&&(r=new URL(s.getAttribute(\"src\")),n=new URL(t.value),c.test(n.protocol))&&n.host===r.host&&l.activeElement===s&&(d.top.location.href=t.value))}},d.addEventListener(\"message\",d.wp.receiveEmbedMessage,!1),l.addEventListener(\"DOMContentLoaded\",function(){for(var e,t,s=l.querySelectorAll(\"iframe.wp-embedded-content\"),r=0;r<s.length;r++)(t=(e=s[r]).getAttribute(\"data-secret\"))||(t=Math.random().toString(36).substring(2,12),e.src+=\"#?secret=\"+t,e.setAttribute(\"data-secret\",t)),e.contentWindow.postMessage({message:\"ready\",secret:t},\"*\")},!1)))}(window,document);\n\/\/# sourceURL=https:\/\/kristall.ch\/wp-includes\/js\/wp-embed.min.js\n\/* ]]> *\/\n<\/script>\n","thumbnail_url":"https:\/\/kristall.ch\/wp-content\/uploads\/2023\/04\/Hoch-im-Saastal-768x537.avif","thumbnail_width":600,"thumbnail_height":420,"description":"D\u00e9couvre la magie de la montagne de nuit : \u00c0 la lumi\u00e8re de la pleine lune, ce circuit impressionnant vous emm\u00e8ne \u00e0 travers des hautes vall\u00e9es sauvages, par des cols historiques et vers un point culminant spectaculaire - le lever du soleil dans la Jazzil\u00fccke avec une vue d\u00e9gag\u00e9e vers l'est."}